{"id":618,"date":"2020-08-14T14:57:17","date_gmt":"2020-08-14T12:57:17","guid":{"rendered":"https:\/\/agora.xtec.cat\/escola-josep-orriols-i-roca\/?page_id=618"},"modified":"2026-01-12T19:57:51","modified_gmt":"2026-01-12T18:57:51","slug":"material-escolar","status":"publish","type":"page","link":"https:\/\/agora.xtec.cat\/escola-josep-orriols-i-roca\/butlleti-informatiu\/material-escolar\/","title":{"rendered":"Calendari pagaments i material 2026\/27"},"content":{"rendered":"<div><\/div>\n<p><span style=\"font-weight: 400;\">Us informem de com es gestionar\u00e0 l\u2019aportaci\u00f3 per material pel curs 2026-2027. Aquest curs hi ha algunes novetats importants que us detallem a continuaci\u00f3:<\/span><\/p>\n<h5><span style=\"color: #ff0000;\"><b>Gratu\u00eftat: Innovamat (I3-6\u00e8 prim\u00e0ria)<\/b><\/span><\/h5>\n<p><span style=\"font-weight: 400;\">Aquest curs, gr\u00e0cies a la subvenci\u00f3 del programa PMOE-PROA+, el material d\u2019Innovamat per tot l\u2019alumnat (I3- 6\u00e8 prim\u00e0ria) i quaderns de catal\u00e0 i castell\u00e0 de prim\u00e0ria seran gratu\u00efts per les fam\u00edlies i no caldr\u00e0 fer cap aportaci\u00f3 per aquest concepte.<\/span><\/p>\n<h5><span style=\"color: #ff0000;\"><b>Aportaci\u00f3 per material escolar<\/b><\/span><\/h5>\n<p><span style=\"font-weight: 400;\">Es demanar\u00e0 una aportaci\u00f3 \u00fanica per cobrir el material escolar b\u00e0sic (llapis, colors, llibretes, tisores, material tallers, etc.).\u00a0<\/span><\/p>\n<ul>\n<li aria-level=\"1\"><b>Aportaci\u00f3 material escolar: 70 \u20ac <\/b>(pagament durant el mes de juny i fins el 6 de juliol de 2026)<\/li>\n<\/ul>\n<p><b>En el cas de l\u2019alumnat que el curs vinent estar\u00e0 a I3, I4, I5 o 1r de prim\u00e0ria i que ja disposa de motxilla del centre, NO ha de realitzar cap pagament d\u2019aportaci\u00f3 econ\u00f2mica ni donar cap dels dos vals al centre. Tot el material els ser\u00e0 proporcionat de forma gratu\u00efta<\/b><\/p>\n<h5><span style=\"color: #ff0000;\"><b>Quota digital i socialitzaci\u00f3 de llibres<\/b><\/span><\/h5>\n<p><span style=\"font-weight: 400;\">La quota per al projecte de reutilitzaci\u00f3 de llibres i l\u2019\u00fas de dispositius digitals (tauletes a infantil i Chromebooks de 1r a 4t) es gestionar\u00e0 amb un ingr\u00e9s separat del de material escolar.<\/span><\/p>\n<div>\n<ul>\n<li>Quota digital i de socialitzaci\u00f3 de llibres:\n<ul>\n<li>I3- 4t de prim\u00e0ria: 15\u20ac (lloguer chromebooks\/tauletes i socialitzaci\u00f3 llibres)<\/li>\n<li>5\u00e8 i 6\u00e8 de prim\u00e0ria: 5\u20ac (socialitzaci\u00f3 de llibres)<\/li>\n<\/ul>\n<\/li>\n<\/ul>\n<\/div>\n<div>\n<ul>\n<li style=\"font-weight: 400;\" aria-level=\"1\"><span style=\"font-weight: 400;\">Pagament al mes d&#8217;octubre<\/span><\/li>\n<\/ul>\n<h4><span style=\"color: #ff0000;\"><b>CALENDARI PAGAMENTS CURS 2026\/27<\/b><\/span><\/h4>\n<h6>JUNY-6 JULIOL 2026<\/h6>\n<ul>\n<li>Pagament aportaci\u00f3 econ\u00f2mica (<strong>70\u20ac\/alumne<\/strong>)<\/li>\n<\/ul>\n<h6><b>finals SETEMBRE-1\u00aa quinzena OCTUBRE 2025<\/b><\/h6>\n<ul>\n<li style=\"font-weight: 400;\" aria-level=\"1\"><span style=\"font-weight: 400;\">Pagament sortides de tot el curs<\/span><\/li>\n<\/ul>\n<h6><b>2\u00aa quinzena OCTUBRE- 1\u00aa quinzena NOVEMBRE 2025<\/b><\/h6>\n<ul>\n<li style=\"font-weight: 400;\" aria-level=\"1\"><span style=\"font-weight: 400;\">Pagament socialitzaci\u00f3 llibres-quota digital<\/span>\n<ul>\n<li aria-level=\"1\"><strong>15\u20ac<\/strong>: I3-4t prim\u00e0ria<\/li>\n<li aria-level=\"1\"><strong>5\u20ac<\/strong>: 5\u00e8-6\u00e8 prim\u00e0ria<\/li>\n<\/ul>\n<\/li>\n<\/ul>\n<h6><b>2\u00aa quinzena NOVEMBRE-1\u00aa quinzena DESEMBRE<\/b><\/h6>\n<ul>\n<li style=\"font-weight: 400;\" aria-level=\"1\"><span style=\"font-weight: 400;\">Pagament col\u00f2nies o 50% col\u00f2nies (p<\/span><span style=\"font-weight: 400;\">er les fam\u00edlies que hagin decidit fraccionar les col\u00f2nies en dos pagaments)<\/span><\/li>\n<\/ul>\n<h6><b>2\u00aa quinzena GENER-1\u00aa quinzena FEBRER<\/b><\/h6>\n<ul>\n<li style=\"font-weight: 400;\" aria-level=\"1\"><span style=\"font-weight: 400;\">2n Pagament col\u00f2nies (p<\/span><span style=\"font-weight: 400;\">er les fam\u00edlies que hagin decidit fraccionar les col\u00f2nies en dos pagaments)<\/span><\/li>\n<\/ul>\n<\/div>\n","protected":false},"excerpt":{"rendered":"<p>Us informem de com es gestionar\u00e0 l\u2019aportaci\u00f3 per material pel curs 2026-2027. Aquest curs hi ha algunes novetats importants que us detallem a continuaci\u00f3:<br \/>\nGratu\u00eftat: Innovamat (I3-6\u00e8 prim\u00e0ria)<br \/>\nAquest curs, gr\u00e0cies a la subvenci\u00f3 del programa PMOE-PROA+, el material d\u2019Innovamat per tot l\u2019alumnat (I3- 6\u00e8 prim\u00e0ria) i&hellip;  <a href=\"https:\/\/agora.xtec.cat\/escola-josep-orriols-i-roca\/butlleti-informatiu\/material-escolar\/\" title=\"Read Calendari pagaments i material 2026\/27\">Llegeix m\u00e9s\u00bb<\/a><\/p>\n","protected":false},"author":4,"featured_media":0,"parent":616,"menu_order":0,"comment_status":"closed","ping_status":"closed","template":"","meta":{"_bbp_topic_count":0,"_bbp_reply_count":0,"_bbp_total_topic_count":0,"_bbp_total_reply_count":0,"_bbp_voice_count":0,"_bbp_anonymous_reply_count":0,"_bbp_topic_count_hidden":0,"_bbp_reply_count_hidden":0,"_bbp_forum_subforum_count":0,"footnotes":""},"class_list":["post-618","page","type-page","status-publish","hentry"],"post_mailing_queue_ids":[],"_links":{"self":[{"href":"https:\/\/agora.xtec.cat\/escola-josep-orriols-i-roca\/wp-json\/wp\/v2\/pages\/618","targetHints":{"allow":["GET"]}}],"collection":[{"href":"https:\/\/agora.xtec.cat\/escola-josep-orriols-i-roca\/wp-json\/wp\/v2\/pages"}],"about":[{"href":"https:\/\/agora.xtec.cat\/escola-josep-orriols-i-roca\/wp-json\/wp\/v2\/types\/page"}],"author":[{"embeddable":true,"href":"https:\/\/agora.xtec.cat\/escola-josep-orriols-i-roca\/wp-json\/wp\/v2\/users\/4"}],"replies":[{"embeddable":true,"href":"https:\/\/agora.xtec.cat\/escola-josep-orriols-i-roca\/wp-json\/wp\/v2\/comments?post=618"}],"version-history":[{"count":6,"href":"https:\/\/agora.xtec.cat\/escola-josep-orriols-i-roca\/wp-json\/wp\/v2\/pages\/618\/revisions"}],"predecessor-version":[{"id":8550,"href":"https:\/\/agora.xtec.cat\/escola-josep-orriols-i-roca\/wp-json\/wp\/v2\/pages\/618\/revisions\/8550"}],"up":[{"embeddable":true,"href":"https:\/\/agora.xtec.cat\/escola-josep-orriols-i-roca\/wp-json\/wp\/v2\/pages\/616"}],"wp:attachment":[{"href":"https:\/\/agora.xtec.cat\/escola-josep-orriols-i-roca\/wp-json\/wp\/v2\/media?parent=618"}],"curies":[{"name":"wp","href":"https:\/\/api.w.org\/{rel}","templated":true}]}}