{"id":26,"date":"2014-09-18T12:24:32","date_gmt":"2014-09-18T11:24:32","guid":{"rendered":"http:\/\/agora.xtec.cat\/escola-espiga-lleida\/\/?page_id=26"},"modified":"2026-07-26T18:36:24","modified_gmt":"2026-07-26T16:36:24","slug":"historia","status":"publish","type":"page","link":"https:\/\/agora.xtec.cat\/escola-espiga-lleida\/lescola\/historia\/","title":{"rendered":"Hist\u00f2ria"},"content":{"rendered":"\n<figure class=\"wp-block-image aligncenter is-resized\"><img decoding=\"async\" src=\"http:\/\/agora.xtec.cat\/escola-espiga-lleida\/wp-content\/uploads\/usu273\/2014\/09\/hist\u00f2ria-150x150.jpg\" alt=\"hist\u00f2ria\" class=\"wp-image-351\" style=\"width:200px\"\/><\/figure>\n\n\n\n<p>L&#8217;any 1965, un grup de persones de Lleida, preocupades per la situaci\u00f3 sociocultural i l&#8217;estat de l&#8217;ensenyament a la ciutat, promouen la creaci\u00f3 de l&#8217;Escola Espiga, amb la intenci\u00f3 de recuperar la tasca educativa feta abans per la Mancomunitat i Generalitat de Catalunya, amb un marcat caire de servei a la societat. Aquestes persones varen ser: Jaume Barrull, Jaume Magre i Maria R\u00fabies; que juntament amb Llu\u00eds Dom\u00e8nech, Carme Girbau, Josep Segarra, Josep Solans, Rosa Papiol, Antoni Sas, Josep Ball i J\u00falia Grau formaren inicialment l&#8217;entitat Garba Espiga S.A.<\/p>\n\n\n\n<figure class=\"wp-block-image alignright\"><a href=\"http:\/\/agora.xtec.cat\/escola-espiga-lleida\/wp-content\/uploads\/usu273\/2014\/09\/Garba-1.jpg\"><img loading=\"lazy\" decoding=\"async\" width=\"300\" height=\"200\" src=\"http:\/\/agora.xtec.cat\/escola-espiga-lleida\/wp-content\/uploads\/usu273\/2014\/09\/Garba-1-300x200.jpg\" alt=\"Garba-1\" class=\"wp-image-264\" srcset=\"https:\/\/agora.xtec.cat\/escola-espiga-lleida\/wp-content\/uploads\/usu273\/2014\/09\/Garba-1-300x200.jpg 300w, https:\/\/agora.xtec.cat\/escola-espiga-lleida\/wp-content\/uploads\/usu273\/2014\/09\/Garba-1-1024x683.jpg 1024w\" sizes=\"auto, (max-width: 300px) 100vw, 300px\" \/><\/a><\/figure>\n\n\n\n<p>En la l\u00ednia de les escoles actives i catalanes del grup de Coordinaci\u00f3 Escolar de Rosa Sensat de Barcelona es cre\u00e0 l&#8217;Escola Espiga l&#8217;any 1967 als baixos de l&#8217;immoble n\u00fam. 26, del carrer Ciutat de Fraga de Lleida.<\/p>\n\n\n\n<p>Els seus \u201cprincipis b\u00e0sics\u201d, es poden resumir en: escola catalana, de pedagogia activa, de treball en equip, amb participaci\u00f3 de les fam\u00edlies, democr\u00e0tica i amb car\u00e0cter p\u00fablic: sense discriminaci\u00f3 de l&#8217;alumnat per raons de sexe, econ\u00f2miques, religioses, pol\u00edtiques, ling\u00fc\u00edstiques o intel\u00b7lectuals.<\/p>\n\n\n\n<p>Es cre\u00e0 tamb\u00e9 una Associaci\u00f3 de Pares i Amics de l&#8217;Escola Espiga.<\/p>\n\n\n\n<p>El creixement de l&#8217;Escola dugu\u00e9 a adquirir (amb aportacions volunt\u00e0ries de fam\u00edlies, mestres, simpatitzants i col\u00b7laboracions diverses) un terreny al cam\u00ed de Montcada i que la Caixa de Catalunya hi constru\u00eds una escola nova.<\/p>\n\n\n\n<p>El projecte de la nova escola el dugueren a terme els arquitectes: Enric Mias, Antoni Sas i Josep Segarra, seguint els conceptes de pedagogia activa en espais oberts.<\/p>\n\n\n\n<p>L&#8217;Escola Espiga s&#8217;inaugur\u00e0 l&#8217;any 1973.<\/p>\n\n\n\n<p>Integrada al <strong>Col\u00b7lectiu d&#8217;Escoles per l&#8217;Ensenyament P\u00fablic Catal\u00e0 (CEPEPC) <\/strong>des de feia uns quants anys, quan s&#8217;aprov\u00e0 la Llei que contemplava la integraci\u00f3 d&#8217;aquestes escoles dins la Xarxa P\u00fablica Catalana, l&#8217;Escola Espiga, pass\u00e0 a formar part de la Xarxa d&#8217;Escoles P\u00fabliques de la Generalitat de Catalunya l&#8217;any 1983.<\/p>\n\n\n\n<h2 class=\"wp-block-heading entry-title\">Articles<\/h2>\n\n\n\n<ul class=\"wp-block-list\">\n<li><a href=\"https:\/\/drive.google.com\/file\/d\/1AkCMgkH7aiK3CVFzoxpML0AMublN9S49\/view?usp=sharing\" target=\"_blank\" rel=\"noopener\"><strong>GARBA-ESPIGA: RECORDANT L&#8217;ESPIGA.<\/strong><\/a><\/li>\n\n\n\n<li><a href=\"https:\/\/www.ccma.cat\/324\/es-feia-tot-el-que-estava-prohibit-la-historia-poc-coneguda-de-les-escoles-del-cepepc\/noticia\/3297508\/\" target=\"_blank\" rel=\"noopener\"><strong>\u201cES FEIA TOT EL QUE ESTAVA PROHIBIT\u201d: LA HIST\u00d2RIA POC CONEGUDA DE LES ESCOLES DEL CEPEPC.<\/strong><\/a><\/li>\n<\/ul>\n\n\n\n<h2 class=\"wp-block-heading\">Llibres<\/h2>\n\n\n\n<figure class=\"wp-block-gallery has-nested-images columns-default is-cropped wp-block-gallery-1 is-layout-flex wp-block-gallery-is-layout-flex\">\n<figure class=\"wp-block-image size-full\"><a href=\"https:\/\/www.calameo.com\/read\/006539032687b93316680\" target=\"_blank\" rel=\" noreferrer noopener\"><img loading=\"lazy\" decoding=\"async\" width=\"1024\" height=\"1024\" data-id=\"5440\" src=\"https:\/\/agora.xtec.cat\/escola-espiga-lleida\/wp-content\/uploads\/usu273\/2026\/07\/Llibre50A.Esc_.Espiga-Tapa-1024x1024-1.jpg\" alt=\"\" class=\"wp-image-5440\" srcset=\"https:\/\/agora.xtec.cat\/escola-espiga-lleida\/wp-content\/uploads\/usu273\/2026\/07\/Llibre50A.Esc_.Espiga-Tapa-1024x1024-1.jpg 1024w, https:\/\/agora.xtec.cat\/escola-espiga-lleida\/wp-content\/uploads\/usu273\/2026\/07\/Llibre50A.Esc_.Espiga-Tapa-1024x1024-1-300x300.jpg 300w, https:\/\/agora.xtec.cat\/escola-espiga-lleida\/wp-content\/uploads\/usu273\/2026\/07\/Llibre50A.Esc_.Espiga-Tapa-1024x1024-1-150x150.jpg 150w, https:\/\/agora.xtec.cat\/escola-espiga-lleida\/wp-content\/uploads\/usu273\/2026\/07\/Llibre50A.Esc_.Espiga-Tapa-1024x1024-1-768x768.jpg 768w\" sizes=\"auto, (max-width: 1024px) 100vw, 1024px\" \/><\/a><\/figure>\n\n\n\n<figure class=\"wp-block-image size-full\"><a href=\"https:\/\/www.calameo.com\/read\/0065390324815774952fc\" target=\"_blank\" rel=\" noreferrer noopener\"><img loading=\"lazy\" decoding=\"async\" width=\"704\" height=\"1024\" data-id=\"5439\" src=\"https:\/\/agora.xtec.cat\/escola-espiga-lleida\/wp-content\/uploads\/usu273\/2026\/07\/Llibre-25-anys-704x1024-1.jpg\" alt=\"\" class=\"wp-image-5439\" srcset=\"https:\/\/agora.xtec.cat\/escola-espiga-lleida\/wp-content\/uploads\/usu273\/2026\/07\/Llibre-25-anys-704x1024-1.jpg 704w, https:\/\/agora.xtec.cat\/escola-espiga-lleida\/wp-content\/uploads\/usu273\/2026\/07\/Llibre-25-anys-704x1024-1-206x300.jpg 206w\" sizes=\"auto, (max-width: 704px) 100vw, 704px\" \/><\/a><\/figure>\n<\/figure>\n\n\n\n<h2 class=\"wp-block-heading entry-title\">Homenatge a GARBA ESPIGA<\/h2>\n\n\n\n<p>Aquest curs 2017-2018 s\u2019ha homenatjat a l\u2019entitat Garba Espiga amb la\u00a0Placa de la Paeria a persones i entitats que han excel\u00b7lit en la seva tasca per a Lleida.<\/p>\n\n\n\n<figure class=\"wp-block-embed aligncenter is-type-video is-provider-youtube wp-block-embed-youtube wp-embed-aspect-16-9 wp-has-aspect-ratio\"><div class=\"wp-block-embed__wrapper\">\n<div class=\"ast-oembed-container \" style=\"height: 100%;\"><iframe loading=\"lazy\" title=\"V\u00eddeos d\u2019homenatges per a l\u2019acte de Sant Jordi del Consell Escolar Municipal 2015\" width=\"500\" height=\"281\" src=\"https:\/\/www.youtube.com\/embed\/xBXGzXOJvgg?start=1&#038;feature=oembed\" frameborder=\"0\" allow=\"accelerometer; autoplay; clipboard-write; encrypted-media; gyroscope; picture-in-picture; web-share\" referrerpolicy=\"strict-origin-when-cross-origin\" allowfullscreen><\/iframe><\/div>\n<\/div><\/figure>\n\n\n\n<p>La Placa vol recon\u00e8ixer la seva traject\u00f2ria pedag\u00f2gica i educativa i l\u2019empenta dels lleidatans que la varen impulsar des de Garba Espiga. Jaume Barrull, Jaume Magre i Maria R\u00fabies; juntament amb Llu\u00eds Dom\u00e8nech, Carme Girbau, Josep Segarra, Josep Solans, Rosa Papiol, Antoni Sas, Josep Ball i J\u00falia Grau.<br>Aquest reconeixement s\u2019ha realitzat:<\/p>\n\n\n\n<ul class=\"wp-block-list\">\n<li>en <strong>l\u2019acte de Sant Jordi del Consell Escolar Municipal <\/strong>del dilluns 27 d\u2019abril, que s\u2019organitza des de la regidoria d\u2019Educaci\u00f3 i Inf\u00e0ncia.<\/li>\n<\/ul>\n\n\n\n<figure class=\"wp-block-image aligncenter\"><a href=\"http:\/\/blocs.xtec.cat\/escolaespigadireccio\/files\/2015\/07\/Garba-Consell.jpg\"><img decoding=\"async\" src=\"http:\/\/blocs.xtec.cat\/escolaespigadireccio\/files\/2015\/07\/Garba-Consell-300x184.jpg\" alt=\"Garba Consell\" class=\"wp-image-755\"\/><\/a><\/figure>\n\n\n\n<ul class=\"wp-block-list\">\n<li>en<strong> l\u2019acte solemne del preg\u00f3 de les Festes de maig<\/strong>&nbsp;del divendres 8 de maig, al Sal\u00f3 de Sessions del Palau de la Paeria.<\/li>\n<\/ul>\n\n\n\n<figure class=\"wp-block-image aligncenter\"><a href=\"http:\/\/blocs.xtec.cat\/escolaespigadireccio\/files\/2015\/07\/Garba-Ajuntament.jpg\"><img decoding=\"async\" src=\"http:\/\/blocs.xtec.cat\/escolaespigadireccio\/files\/2015\/07\/Garba-Ajuntament-300x199.jpg\" alt=\"Garba Ajuntament\" class=\"wp-image-756\"\/><\/a><\/figure>\n\n\n\n<ul class=\"wp-block-list\">\n<li>en <strong>l\u2019acte de lliurament a l\u2019Escola Espiga de la Placa de la Paeria<\/strong> per part de Garba Espiga, del dilluns 29 de juny.<\/li>\n<\/ul>\n\n\n\n<figure class=\"wp-block-image aligncenter\"><a href=\"http:\/\/blocs.xtec.cat\/escolaespigadireccio\/files\/2015\/07\/Garba-Escola.jpg\"><img decoding=\"async\" src=\"http:\/\/blocs.xtec.cat\/escolaespigadireccio\/files\/2015\/07\/Garba-Escola-300x199.jpg\" alt=\"Garba Escola\" class=\"wp-image-757\"\/><\/a><\/figure>\n\n\n\n<p><strong>Moltes FELICITATS !!!<\/strong><\/p>\n\n\n\n<h2 class=\"wp-block-heading\">Records de l&#8217;ESPIGA<\/h2>\n\n\n\n<figure class=\"wp-block-gallery has-nested-images columns-2 is-cropped wp-block-gallery-2 is-layout-flex wp-block-gallery-is-layout-flex\">\n<figure class=\"wp-block-image size-large\"><a href=\"https:\/\/drive.google.com\/file\/d\/1x9DkG_HC9bgkjIhYtGGzFAapJ8QH6xP4\/view?usp=sharing\" target=\"_blank\" rel=\" noreferrer noopener\"><img loading=\"lazy\" decoding=\"async\" width=\"1024\" height=\"538\" data-id=\"5505\" src=\"https:\/\/agora.xtec.cat\/escola-espiga-lleida\/wp-content\/uploads\/usu273\/2026\/07\/50-anys-dEspiga-1024x538-1.jpg\" alt=\"\" class=\"wp-image-5505\" srcset=\"https:\/\/agora.xtec.cat\/escola-espiga-lleida\/wp-content\/uploads\/usu273\/2026\/07\/50-anys-dEspiga-1024x538-1.jpg 1024w, https:\/\/agora.xtec.cat\/escola-espiga-lleida\/wp-content\/uploads\/usu273\/2026\/07\/50-anys-dEspiga-1024x538-1-300x158.jpg 300w, https:\/\/agora.xtec.cat\/escola-espiga-lleida\/wp-content\/uploads\/usu273\/2026\/07\/50-anys-dEspiga-1024x538-1-768x404.jpg 768w\" sizes=\"auto, (max-width: 1024px) 100vw, 1024px\" \/><\/a><\/figure>\n\n\n\n<figure class=\"wp-block-image size-large\"><a href=\"https:\/\/drive.google.com\/file\/d\/1S3zInIXluNt_Euh1SdbP8JXok4ks3zDA\/view?usp=sharing\" target=\"_blank\" rel=\" noreferrer noopener\"><img loading=\"lazy\" decoding=\"async\" width=\"1024\" height=\"519\" data-id=\"5504\" src=\"https:\/\/agora.xtec.cat\/escola-espiga-lleida\/wp-content\/uploads\/usu273\/2026\/07\/Anecdotari-ESPIGA-50-anys-1024x519-1.jpg\" alt=\"\" class=\"wp-image-5504\" srcset=\"https:\/\/agora.xtec.cat\/escola-espiga-lleida\/wp-content\/uploads\/usu273\/2026\/07\/Anecdotari-ESPIGA-50-anys-1024x519-1.jpg 1024w, https:\/\/agora.xtec.cat\/escola-espiga-lleida\/wp-content\/uploads\/usu273\/2026\/07\/Anecdotari-ESPIGA-50-anys-1024x519-1-300x152.jpg 300w, https:\/\/agora.xtec.cat\/escola-espiga-lleida\/wp-content\/uploads\/usu273\/2026\/07\/Anecdotari-ESPIGA-50-anys-1024x519-1-768x389.jpg 768w\" sizes=\"auto, (max-width: 1024px) 100vw, 1024px\" \/><\/a><\/figure>\n\n\n\n<figure class=\"wp-block-image size-large\"><a href=\"https:\/\/drive.google.com\/file\/d\/1VUAw55sFWaOmMXZjwZtKQ_OOa9k9AjFe\/view?usp=sharing\" target=\"_blank\" rel=\" noreferrer noopener\"><img loading=\"lazy\" decoding=\"async\" width=\"1024\" height=\"576\" data-id=\"5506\" src=\"https:\/\/agora.xtec.cat\/escola-espiga-lleida\/wp-content\/uploads\/usu273\/2026\/07\/Escola-ESPIGA-CEM-1024x576-1.jpg\" alt=\"\" class=\"wp-image-5506\" srcset=\"https:\/\/agora.xtec.cat\/escola-espiga-lleida\/wp-content\/uploads\/usu273\/2026\/07\/Escola-ESPIGA-CEM-1024x576-1.jpg 1024w, https:\/\/agora.xtec.cat\/escola-espiga-lleida\/wp-content\/uploads\/usu273\/2026\/07\/Escola-ESPIGA-CEM-1024x576-1-300x169.jpg 300w, https:\/\/agora.xtec.cat\/escola-espiga-lleida\/wp-content\/uploads\/usu273\/2026\/07\/Escola-ESPIGA-CEM-1024x576-1-768x432.jpg 768w\" sizes=\"auto, (max-width: 1024px) 100vw, 1024px\" \/><\/a><\/figure>\n\n\n\n<figure class=\"wp-block-image size-large\"><a href=\"https:\/\/drive.google.com\/file\/d\/1E-IUjecpeZxwTAQAlqAY_BDSbSX-hcaG\/view?usp=sharing\" target=\"_blank\" rel=\" noreferrer noopener\"><img loading=\"lazy\" decoding=\"async\" width=\"1024\" height=\"596\" data-id=\"5507\" src=\"https:\/\/agora.xtec.cat\/escola-espiga-lleida\/wp-content\/uploads\/usu273\/2026\/07\/Sant-Jordi-2018-1024x596-1.jpg\" alt=\"\" class=\"wp-image-5507\" srcset=\"https:\/\/agora.xtec.cat\/escola-espiga-lleida\/wp-content\/uploads\/usu273\/2026\/07\/Sant-Jordi-2018-1024x596-1.jpg 1024w, https:\/\/agora.xtec.cat\/escola-espiga-lleida\/wp-content\/uploads\/usu273\/2026\/07\/Sant-Jordi-2018-1024x596-1-300x175.jpg 300w, https:\/\/agora.xtec.cat\/escola-espiga-lleida\/wp-content\/uploads\/usu273\/2026\/07\/Sant-Jordi-2018-1024x596-1-768x447.jpg 768w\" sizes=\"auto, (max-width: 1024px) 100vw, 1024px\" \/><\/a><\/figure>\n<\/figure>\n","protected":false},"excerpt":{"rendered":"<p>L&#8217;any 1965, un grup de persones de Lleida, preocupades per la situaci\u00f3 sociocultural i l&#8217;estat de l&#8217;ensenyament a la ciutat, promouen la creaci\u00f3 de l&#8217;Escola Espiga, amb la intenci\u00f3 de recuperar la tasca educativa feta abans per la Mancomunitat i Generalitat de Catalunya, amb un marcat caire de servei a la societat. Aquestes persones varen [&hellip;]<\/p>\n","protected":false},"author":2,"featured_media":0,"parent":22,"menu_order":20,"comment_status":"closed","ping_status":"closed","template":"","meta":{"_bbp_topic_count":0,"_bbp_reply_count":0,"_bbp_total_topic_count":0,"_bbp_total_reply_count":0,"_bbp_voice_count":0,"_bbp_anonymous_reply_count":0,"_bbp_topic_count_hidden":0,"_bbp_reply_count_hidden":0,"_bbp_forum_subforum_count":0,"site-sidebar-layout":"default","site-content-layout":"","ast-site-content-layout":"default","site-content-style":"default","site-sidebar-style":"default","ast-global-header-display":"","ast-banner-title-visibility":"","ast-main-header-display":"","ast-hfb-above-header-display":"","ast-hfb-below-header-display":"","ast-hfb-mobile-header-display":"","site-post-title":"","ast-breadcrumbs-content":"","ast-featured-img":"","footer-sml-layout":"","theme-transparent-header-meta":"","adv-header-id-meta":"","stick-header-meta":"","header-above-stick-meta":"","header-main-stick-meta":"","header-below-stick-meta":"","astra-migrate-meta-layouts":"set","ast-page-background-enabled":"default","ast-page-background-meta":{"desktop":{"background-color":"var(--ast-global-color-4)","background-image":"","background-repeat":"repeat","background-position":"center center","background-size":"auto","background-attachment":"scroll","background-type":"","background-media":"","overlay-type":"","overlay-color":"","overlay-opacity":"","overlay-gradient":""},"tablet":{"background-color":"","background-image":"","background-repeat":"repeat","background-position":"center center","background-size":"auto","background-attachment":"scroll","background-type":"","background-media":"","overlay-type":"","overlay-color":"","overlay-opacity":"","overlay-gradient":""},"mobile":{"background-color":"","background-image":"","background-repeat":"repeat","background-position":"center center","background-size":"auto","background-attachment":"scroll","background-type":"","background-media":"","overlay-type":"","overlay-color":"","overlay-opacity":"","overlay-gradient":""}},"ast-content-background-meta":{"desktop":{"background-color":"var(--ast-global-color-5)","background-image":"","background-repeat":"repeat","background-position":"center center","background-size":"auto","background-attachment":"scroll","background-type":"","background-media":"","overlay-type":"","overlay-color":"","overlay-opacity":"","overlay-gradient":""},"tablet":{"background-color":"var(--ast-global-color-5)","background-image":"","background-repeat":"repeat","background-position":"center center","background-size":"auto","background-attachment":"scroll","background-type":"","background-media":"","overlay-type":"","overlay-color":"","overlay-opacity":"","overlay-gradient":""},"mobile":{"background-color":"var(--ast-global-color-5)","background-image":"","background-repeat":"repeat","background-position":"center center","background-size":"auto","background-attachment":"scroll","background-type":"","background-media":"","overlay-type":"","overlay-color":"","overlay-opacity":"","overlay-gradient":""}},"footnotes":""},"class_list":["post-26","page","type-page","status-publish","hentry"],"post_mailing_queue_ids":[],"_links":{"self":[{"href":"https:\/\/agora.xtec.cat\/escola-espiga-lleida\/wp-json\/wp\/v2\/pages\/26","targetHints":{"allow":["GET"]}}],"collection":[{"href":"https:\/\/agora.xtec.cat\/escola-espiga-lleida\/wp-json\/wp\/v2\/pages"}],"about":[{"href":"https:\/\/agora.xtec.cat\/escola-espiga-lleida\/wp-json\/wp\/v2\/types\/page"}],"author":[{"embeddable":true,"href":"https:\/\/agora.xtec.cat\/escola-espiga-lleida\/wp-json\/wp\/v2\/users\/2"}],"replies":[{"embeddable":true,"href":"https:\/\/agora.xtec.cat\/escola-espiga-lleida\/wp-json\/wp\/v2\/comments?post=26"}],"version-history":[{"count":6,"href":"https:\/\/agora.xtec.cat\/escola-espiga-lleida\/wp-json\/wp\/v2\/pages\/26\/revisions"}],"predecessor-version":[{"id":5511,"href":"https:\/\/agora.xtec.cat\/escola-espiga-lleida\/wp-json\/wp\/v2\/pages\/26\/revisions\/5511"}],"up":[{"embeddable":true,"href":"https:\/\/agora.xtec.cat\/escola-espiga-lleida\/wp-json\/wp\/v2\/pages\/22"}],"wp:attachment":[{"href":"https:\/\/agora.xtec.cat\/escola-espiga-lleida\/wp-json\/wp\/v2\/media?parent=26"}],"curies":[{"name":"wp","href":"https:\/\/api.w.org\/{rel}","templated":true}]}}