{"id":9,"date":"2014-09-17T15:08:18","date_gmt":"2014-09-17T15:08:18","guid":{"rendered":"http:\/\/agora.xtec.cat\/escola-elsestanys\/?page_id=9"},"modified":"2026-04-23T10:06:32","modified_gmt":"2026-04-23T08:06:32","slug":"pagina-dinici-buida","status":"publish","type":"page","link":"https:\/\/agora.xtec.cat\/escola-elsestanys\/","title":{"rendered":""},"content":{"rendered":"<p><a href=\"https:\/\/agora.xtec.cat\/escola-elsestanys\/wp-content\/uploads\/usu1300\/2022\/10\/Capcalera2022.png\"><img loading=\"lazy\" decoding=\"async\" class=\"alignnone size-full wp-image-23397\" src=\"https:\/\/agora.xtec.cat\/escola-elsestanys\/wp-content\/uploads\/usu1300\/2022\/10\/Capcalera2022.png\" alt=\"\" width=\"1024\" height=\"94\" srcset=\"https:\/\/agora.xtec.cat\/escola-elsestanys\/wp-content\/uploads\/usu1300\/2022\/10\/Capcalera2022.png 1024w, https:\/\/agora.xtec.cat\/escola-elsestanys\/wp-content\/uploads\/usu1300\/2022\/10\/Capcalera2022-300x28.png 300w, https:\/\/agora.xtec.cat\/escola-elsestanys\/wp-content\/uploads\/usu1300\/2022\/10\/Capcalera2022-768x71.png 768w\" sizes=\"auto, (max-width: 1024px) 100vw, 1024px\" \/><\/a><\/p>\n\n\n<div class=\"wp-block-query is-layout-flow wp-block-query-is-layout-flow\"><ul class=\"columns-2 wp-block-post-template is-layout-grid wp-container-core-post-template-is-layout-1 wp-block-post-template-is-layout-grid\"><li class=\"wp-block-post post-27845 post type-post status-publish format-standard has-post-thumbnail hentry category-cs category-general category-portada category-primaria\">\n\n<div class=\"wp-block-group is-layout-flow wp-block-group-is-layout-flow\" style=\"padding-top:0px;padding-right:15px;padding-bottom:0px;padding-left:15px\">\n\n<div class=\"wp-block-group is-vertical is-content-justification-left is-layout-flex wp-container-core-group-is-layout-1 wp-block-group-is-layout-flex\" style=\"gap:5px\">\n  \n<h2 class=\"wp-block-post-title has-medium-font-size\"><a href=\"https:\/\/agora.xtec.cat\/escola-elsestanys\/general\/agermanaments-amb-els-alumnes-daula-dacollida-2\/\" target=\"_self\" >Agermanaments amb els alumnes d&#8217;Aula d&#8217;Acollida<\/a><\/h2>\n  \n<div class=\"wp-block-post-date has-small-font-size\"><time datetime=\"2026-04-29T14:07:02+02:00\">29\/04\/2026<\/time><\/div>\n<\/div>\n\n<figure style=\"width:100%;height:250px;\" class=\"wp-block-post-featured-image\"><a href=\"https:\/\/agora.xtec.cat\/escola-elsestanys\/general\/agermanaments-amb-els-alumnes-daula-dacollida-2\/\" target=\"_self\"  style=\"height:250px\"><img loading=\"lazy\" decoding=\"async\" width=\"1024\" height=\"768\" src=\"https:\/\/agora.xtec.cat\/escola-elsestanys\/wp-content\/uploads\/usu1300\/2026\/04\/IMG_20260424_092130-1024x768.jpg\" class=\"attachment-large size-large wp-post-image\" alt=\"Agermanaments amb els alumnes d&#8217;Aula d&#8217;Acollida\" style=\"height:250px;object-fit:cover;\" srcset=\"https:\/\/agora.xtec.cat\/escola-elsestanys\/wp-content\/uploads\/usu1300\/2026\/04\/IMG_20260424_092130-1024x768.jpg 1024w, https:\/\/agora.xtec.cat\/escola-elsestanys\/wp-content\/uploads\/usu1300\/2026\/04\/IMG_20260424_092130-300x225.jpg 300w, https:\/\/agora.xtec.cat\/escola-elsestanys\/wp-content\/uploads\/usu1300\/2026\/04\/IMG_20260424_092130-768x576.jpg 768w, https:\/\/agora.xtec.cat\/escola-elsestanys\/wp-content\/uploads\/usu1300\/2026\/04\/IMG_20260424_092130.jpg 1292w\" sizes=\"auto, (max-width: 1024px) 100vw, 1024px\" \/><\/a><\/figure>\n<div class=\"wp-block-post-excerpt\"><p class=\"wp-block-post-excerpt__excerpt\">L&#8217; alumnat nouvingut de 6\u00e8 curs de la nostra escola hem rebut una visita dels alumnes d&#8217;Aula d&#8217;Acollida de l&#8217;Escola Fanals d&#8217;Aro. Ha esta una experi\u00e8ncia molt enriquidora per l&#8217;alumnat de les dues escoles, ja que han pogut fer una exposici\u00f3 oral d&#8217;una activitat que havien fet a l&#8217;aula: explicar el seu arbre geneal\u00f2gic. La&hellip; <\/p><\/div>\n\n<\/li><li class=\"wp-block-post post-27838 post type-post status-publish format-standard has-post-thumbnail hentry category-5e category-portada category-primaria\">\n\n<div class=\"wp-block-group is-layout-flow wp-block-group-is-layout-flow\" style=\"padding-top:0px;padding-right:15px;padding-bottom:0px;padding-left:15px\">\n\n<div class=\"wp-block-group is-vertical is-content-justification-left is-layout-flex wp-container-core-group-is-layout-3 wp-block-group-is-layout-flex\" style=\"gap:5px\">\n  \n<h2 class=\"wp-block-post-title has-medium-font-size\"><a href=\"https:\/\/agora.xtec.cat\/escola-elsestanys\/portada\/etwinning-a-5e\/\" target=\"_self\" >eTwinning a 5\u00e8<\/a><\/h2>\n  \n<div class=\"wp-block-post-date has-small-font-size\"><time datetime=\"2026-04-29T09:40:22+02:00\">29\/04\/2026<\/time><\/div>\n<\/div>\n\n<figure style=\"width:100%;height:250px;\" class=\"wp-block-post-featured-image\"><a href=\"https:\/\/agora.xtec.cat\/escola-elsestanys\/portada\/etwinning-a-5e\/\" target=\"_self\"  style=\"height:250px\"><img loading=\"lazy\" decoding=\"async\" width=\"1024\" height=\"768\" src=\"https:\/\/agora.xtec.cat\/escola-elsestanys\/wp-content\/uploads\/usu1300\/2026\/04\/20260306_173720-1024x768.jpg\" class=\"attachment-large size-large wp-post-image\" alt=\"eTwinning a 5\u00e8\" style=\"height:250px;object-fit:cover;\" srcset=\"https:\/\/agora.xtec.cat\/escola-elsestanys\/wp-content\/uploads\/usu1300\/2026\/04\/20260306_173720-1024x768.jpg 1024w, https:\/\/agora.xtec.cat\/escola-elsestanys\/wp-content\/uploads\/usu1300\/2026\/04\/20260306_173720-300x225.jpg 300w, https:\/\/agora.xtec.cat\/escola-elsestanys\/wp-content\/uploads\/usu1300\/2026\/04\/20260306_173720-768x576.jpg 768w, https:\/\/agora.xtec.cat\/escola-elsestanys\/wp-content\/uploads\/usu1300\/2026\/04\/20260306_173720-e1777448087811.jpg 640w\" sizes=\"auto, (max-width: 1024px) 100vw, 1024px\" \/><\/a><\/figure>\n<div class=\"wp-block-post-excerpt\"><p class=\"wp-block-post-excerpt__excerpt\">Durant tot gran part del mes de mar\u00e7 i abril, l\u2019alumnat de 5\u00e8 ha continuat desenvolupant el seu projecte eTwinning, \u201cGet to know you!\u201d. Les activitats realitzades han estat centrades en el seu poble, Platja d\u2019Aro. En primer lloc, varen escriure una carta descrivint els llocs emblem\u00e0tics del municipi, aix\u00ed com tamb\u00e9 all\u00f2 que no&hellip; <\/p><\/div>\n\n<\/li><li class=\"wp-block-post post-27839 post type-post status-publish format-standard hentry category-general category-portada\">\n\n<div class=\"wp-block-group is-layout-flow wp-block-group-is-layout-flow\" style=\"padding-top:0px;padding-right:15px;padding-bottom:0px;padding-left:15px\">\n\n<div class=\"wp-block-group is-vertical is-content-justification-left is-layout-flex wp-container-core-group-is-layout-5 wp-block-group-is-layout-flex\" style=\"gap:5px\">\n  \n<h2 class=\"wp-block-post-title has-medium-font-size\"><a href=\"https:\/\/agora.xtec.cat\/escola-elsestanys\/general\/informe-barem-definitiu\/\" target=\"_self\" >INFORME BAREM DEFINITIU<\/a><\/h2>\n  \n<div class=\"wp-block-post-date has-small-font-size\"><time datetime=\"2026-04-29T09:36:09+02:00\">29\/04\/2026<\/time><\/div>\n<\/div>\n\n\n<div class=\"wp-block-post-excerpt\"><p class=\"wp-block-post-excerpt__excerpt\">Publicaci\u00f3 de la llista de sol\u00b7licituds que han demanat el centre i l&#8217;ensenyament en primerapetici\u00f3 ordenada a 29\/04\/2026 https:\/\/drive.google.com\/drive\/folders\/1NXRU46scV8ZZVsk4ZYQYIpJvEQ4oaI3b <\/p><\/div>\n\n<\/li><li class=\"wp-block-post post-27834 post type-post status-publish format-standard has-post-thumbnail hentry category-1r category-2n category-ci category-general category-portada category-primaria\">\n\n<div class=\"wp-block-group is-layout-flow wp-block-group-is-layout-flow\" style=\"padding-top:0px;padding-right:15px;padding-bottom:0px;padding-left:15px\">\n\n<div class=\"wp-block-group is-vertical is-content-justification-left is-layout-flex wp-container-core-group-is-layout-7 wp-block-group-is-layout-flex\" style=\"gap:5px\">\n  \n<h2 class=\"wp-block-post-title has-medium-font-size\"><a href=\"https:\/\/agora.xtec.cat\/escola-elsestanys\/general\/sortida-a-butterfly-park\/\" target=\"_self\" >Sortida a Butterfly Park<\/a><\/h2>\n  \n<div class=\"wp-block-post-date has-small-font-size\"><time datetime=\"2026-04-28T11:13:16+02:00\">28\/04\/2026<\/time><\/div>\n<\/div>\n\n<figure style=\"width:100%;height:250px;\" class=\"wp-block-post-featured-image\"><a href=\"https:\/\/agora.xtec.cat\/escola-elsestanys\/general\/sortida-a-butterfly-park\/\" target=\"_self\"  style=\"height:250px\"><img loading=\"lazy\" decoding=\"async\" width=\"1024\" height=\"768\" src=\"https:\/\/agora.xtec.cat\/escola-elsestanys\/wp-content\/uploads\/usu1300\/2026\/04\/WhatsApp-Image-2026-04-28-at-11.04.04-2-1-1024x768.jpeg\" class=\"attachment-large size-large wp-post-image\" alt=\"Sortida a Butterfly Park\" style=\"height:250px;object-fit:cover;\" srcset=\"https:\/\/agora.xtec.cat\/escola-elsestanys\/wp-content\/uploads\/usu1300\/2026\/04\/WhatsApp-Image-2026-04-28-at-11.04.04-2-1-1024x768.jpeg 1024w, https:\/\/agora.xtec.cat\/escola-elsestanys\/wp-content\/uploads\/usu1300\/2026\/04\/WhatsApp-Image-2026-04-28-at-11.04.04-2-1-300x225.jpeg 300w, https:\/\/agora.xtec.cat\/escola-elsestanys\/wp-content\/uploads\/usu1300\/2026\/04\/WhatsApp-Image-2026-04-28-at-11.04.04-2-1-768x576.jpeg 768w, https:\/\/agora.xtec.cat\/escola-elsestanys\/wp-content\/uploads\/usu1300\/2026\/04\/WhatsApp-Image-2026-04-28-at-11.04.04-2-1-1536x1152.jpeg 1536w, https:\/\/agora.xtec.cat\/escola-elsestanys\/wp-content\/uploads\/usu1300\/2026\/04\/WhatsApp-Image-2026-04-28-at-11.04.04-2-1-e1777367540547.jpeg 640w\" sizes=\"auto, (max-width: 1024px) 100vw, 1024px\" \/><\/a><\/figure>\n<div class=\"wp-block-post-excerpt\"><p class=\"wp-block-post-excerpt__excerpt\">Ahir, els alumnes de 1r i 2n de Prim\u00e0ria, van fer una sortida al Butterfly Park d\u2019Empuriabrava. Van poder veure moltes papallones de colors i altres animals, i van aprendre coses noves sobre la natura. Tamb\u00e9, van fer el taller &#8220;toca toca&#8221; on s\u2019ho van passar molt b\u00e9 i van gaudir molt de l\u2019experi\u00e8ncia amb&hellip; <\/p><\/div>\n\n<\/li><li class=\"wp-block-post post-27831 post type-post status-publish format-standard has-post-thumbnail hentry category-1r category-2n category-ci category-portada\">\n\n<div class=\"wp-block-group is-layout-flow wp-block-group-is-layout-flow\" style=\"padding-top:0px;padding-right:15px;padding-bottom:0px;padding-left:15px\">\n\n<div class=\"wp-block-group is-vertical is-content-justification-left is-layout-flex wp-container-core-group-is-layout-9 wp-block-group-is-layout-flex\" style=\"gap:5px\">\n  \n<h2 class=\"wp-block-post-title has-medium-font-size\"><a href=\"https:\/\/agora.xtec.cat\/escola-elsestanys\/portada\/dansaro-3\/\" target=\"_self\" >Dans&#8217;Aro<\/a><\/h2>\n  \n<div class=\"wp-block-post-date has-small-font-size\"><time datetime=\"2026-04-27T12:27:26+02:00\">27\/04\/2026<\/time><\/div>\n<\/div>\n\n<figure style=\"width:100%;height:250px;\" class=\"wp-block-post-featured-image\"><a href=\"https:\/\/agora.xtec.cat\/escola-elsestanys\/portada\/dansaro-3\/\" target=\"_self\"  style=\"height:250px\"><img loading=\"lazy\" decoding=\"async\" width=\"1024\" height=\"684\" src=\"https:\/\/agora.xtec.cat\/escola-elsestanys\/wp-content\/uploads\/usu1300\/2026\/04\/PHOTO-2026-04-24-19-03-19-1-1024x684.jpg\" class=\"attachment-large size-large wp-post-image\" alt=\"Dans&#8217;Aro\" style=\"height:250px;object-fit:cover;\" srcset=\"https:\/\/agora.xtec.cat\/escola-elsestanys\/wp-content\/uploads\/usu1300\/2026\/04\/PHOTO-2026-04-24-19-03-19-1-1024x684.jpg 1024w, https:\/\/agora.xtec.cat\/escola-elsestanys\/wp-content\/uploads\/usu1300\/2026\/04\/PHOTO-2026-04-24-19-03-19-1-300x200.jpg 300w, https:\/\/agora.xtec.cat\/escola-elsestanys\/wp-content\/uploads\/usu1300\/2026\/04\/PHOTO-2026-04-24-19-03-19-1-768x513.jpg 768w, https:\/\/agora.xtec.cat\/escola-elsestanys\/wp-content\/uploads\/usu1300\/2026\/04\/PHOTO-2026-04-24-19-03-19-1-e1777285463715.jpg 640w\" sizes=\"auto, (max-width: 1024px) 100vw, 1024px\" \/><\/a><\/figure>\n<div class=\"wp-block-post-excerpt\"><p class=\"wp-block-post-excerpt__excerpt\">Divendres 24 d\u2019abril es va celebrar el tercer Dans\u2019Aro de la Vall d\u2019Aro al camp de futbol municipal de Castell d\u2019Aro, Platja d\u2019Aro i S\u2019Agar\u00f3 emmarcat dins del projecte Vall d\u2019Aro Educa.Va ser una trobada on els nens de 1r i 2n d\u2019educaci\u00f3 prim\u00e0ria de totes les escoles van poder compartir un mat\u00ed de danses&hellip; <\/p><\/div>\n\n<\/li><li class=\"wp-block-post post-27828 post type-post status-publish format-standard has-post-thumbnail hentry category-ei category-general category-portada tag-sant-jordi\">\n\n<div class=\"wp-block-group is-layout-flow wp-block-group-is-layout-flow\" style=\"padding-top:0px;padding-right:15px;padding-bottom:0px;padding-left:15px\">\n\n<div class=\"wp-block-group is-vertical is-content-justification-left is-layout-flex wp-container-core-group-is-layout-11 wp-block-group-is-layout-flex\" style=\"gap:5px\">\n  \n<h2 class=\"wp-block-post-title has-medium-font-size\"><a href=\"https:\/\/agora.xtec.cat\/escola-elsestanys\/general\/teatre-de-sant-jordi-a-infantil\/\" target=\"_self\" >Teatre de Sant Jordi a Infantil<\/a><\/h2>\n  \n<div class=\"wp-block-post-date has-small-font-size\"><time datetime=\"2026-04-24T13:42:28+02:00\">24\/04\/2026<\/time><\/div>\n<\/div>\n\n<figure style=\"width:100%;height:250px;\" class=\"wp-block-post-featured-image\"><a href=\"https:\/\/agora.xtec.cat\/escola-elsestanys\/general\/teatre-de-sant-jordi-a-infantil\/\" target=\"_self\"  style=\"height:250px\"><img loading=\"lazy\" decoding=\"async\" width=\"1024\" height=\"768\" src=\"https:\/\/agora.xtec.cat\/escola-elsestanys\/wp-content\/uploads\/usu1300\/2026\/04\/WhatsApp-Image-2026-04-24-at-13.28.11-4-1024x768.jpeg\" class=\"attachment-large size-large wp-post-image\" alt=\"Teatre de Sant Jordi a Infantil\" style=\"height:250px;object-fit:cover;\" srcset=\"https:\/\/agora.xtec.cat\/escola-elsestanys\/wp-content\/uploads\/usu1300\/2026\/04\/WhatsApp-Image-2026-04-24-at-13.28.11-4-1024x768.jpeg 1024w, https:\/\/agora.xtec.cat\/escola-elsestanys\/wp-content\/uploads\/usu1300\/2026\/04\/WhatsApp-Image-2026-04-24-at-13.28.11-4-300x225.jpeg 300w, https:\/\/agora.xtec.cat\/escola-elsestanys\/wp-content\/uploads\/usu1300\/2026\/04\/WhatsApp-Image-2026-04-24-at-13.28.11-4-768x576.jpeg 768w, https:\/\/agora.xtec.cat\/escola-elsestanys\/wp-content\/uploads\/usu1300\/2026\/04\/WhatsApp-Image-2026-04-24-at-13.28.11-4-1536x1152.jpeg 1536w, https:\/\/agora.xtec.cat\/escola-elsestanys\/wp-content\/uploads\/usu1300\/2026\/04\/WhatsApp-Image-2026-04-24-at-13.28.11-4-e1777030803798.jpeg 640w\" sizes=\"auto, (max-width: 1024px) 100vw, 1024px\" \/><\/a><\/figure>\n<div class=\"wp-block-post-excerpt\"><p class=\"wp-block-post-excerpt__excerpt\">Avui els alumnes d&#8217;infantil han pogut gaudir de l&#8217;obra de teatre de Sant Jordi interpretada per les mestres. Els hi ha agradat molt i han passat una estona divertida amb el drac i Santa Jordina. <\/p><\/div>\n\n<\/li><li class=\"wp-block-post post-27824 post type-post status-publish format-standard has-post-thumbnail hentry category-3r category-cm category-portada category-primaria\">\n\n<div class=\"wp-block-group is-layout-flow wp-block-group-is-layout-flow\" style=\"padding-top:0px;padding-right:15px;padding-bottom:0px;padding-left:15px\">\n\n<div class=\"wp-block-group is-vertical is-content-justification-left is-layout-flex wp-container-core-group-is-layout-13 wp-block-group-is-layout-flex\" style=\"gap:5px\">\n  \n<h2 class=\"wp-block-post-title has-medium-font-size\"><a href=\"https:\/\/agora.xtec.cat\/escola-elsestanys\/portada\/visita-a-la-granja-la-selvatana\/\" target=\"_self\" >Visita a la granja La Selvatana<\/a><\/h2>\n  \n<div class=\"wp-block-post-date has-small-font-size\"><time datetime=\"2026-04-24T11:20:54+02:00\">24\/04\/2026<\/time><\/div>\n<\/div>\n\n<figure style=\"width:100%;height:250px;\" class=\"wp-block-post-featured-image\"><a href=\"https:\/\/agora.xtec.cat\/escola-elsestanys\/portada\/visita-a-la-granja-la-selvatana\/\" target=\"_self\"  style=\"height:250px\"><img loading=\"lazy\" decoding=\"async\" width=\"1024\" height=\"768\" src=\"https:\/\/agora.xtec.cat\/escola-elsestanys\/wp-content\/uploads\/usu1300\/2026\/04\/IMG_2211-1-1024x768.jpg\" class=\"attachment-large size-large wp-post-image\" alt=\"Visita a la granja La Selvatana\" style=\"height:250px;object-fit:cover;\" srcset=\"https:\/\/agora.xtec.cat\/escola-elsestanys\/wp-content\/uploads\/usu1300\/2026\/04\/IMG_2211-1-1024x768.jpg 1024w, https:\/\/agora.xtec.cat\/escola-elsestanys\/wp-content\/uploads\/usu1300\/2026\/04\/IMG_2211-1-300x225.jpg 300w, https:\/\/agora.xtec.cat\/escola-elsestanys\/wp-content\/uploads\/usu1300\/2026\/04\/IMG_2211-1-768x576.jpg 768w, https:\/\/agora.xtec.cat\/escola-elsestanys\/wp-content\/uploads\/usu1300\/2026\/04\/IMG_2211-1.jpg 1260w\" sizes=\"auto, (max-width: 1024px) 100vw, 1024px\" \/><\/a><\/figure>\n<div class=\"wp-block-post-excerpt\"><p class=\"wp-block-post-excerpt__excerpt\">L\u2019alumnat de 3r de Prim\u00e0ria ha gaudit d\u2019una sortida a la Granja La Selvatana, organitzada pel Programa de Fruites, Hortalisses i Llet de la Generalitat. All\u00ed ha pogut con\u00e8ixer de primera m\u00e0 el dia a dia en una explotaci\u00f3 ramadera. Durant la visita, els infants han rebut una explicaci\u00f3 detallada sobre la vida de les&hellip; <\/p><\/div>\n\n<\/li><li class=\"wp-block-post post-27818 post type-post status-publish format-standard has-post-thumbnail hentry category-ci category-general category-portada category-primaria\">\n\n<div class=\"wp-block-group is-layout-flow wp-block-group-is-layout-flow\" style=\"padding-top:0px;padding-right:15px;padding-bottom:0px;padding-left:15px\">\n\n<div class=\"wp-block-group is-vertical is-content-justification-left is-layout-flex wp-container-core-group-is-layout-15 wp-block-group-is-layout-flex\" style=\"gap:5px\">\n  \n<h2 class=\"wp-block-post-title has-medium-font-size\"><a href=\"https:\/\/agora.xtec.cat\/escola-elsestanys\/general\/diada-de-sant-jordi-4\/\" target=\"_self\" >Diada de Sant Jordi<\/a><\/h2>\n  \n<div class=\"wp-block-post-date has-small-font-size\"><time datetime=\"2026-04-24T08:54:56+02:00\">24\/04\/2026<\/time><\/div>\n<\/div>\n\n<figure style=\"width:100%;height:250px;\" class=\"wp-block-post-featured-image\"><a href=\"https:\/\/agora.xtec.cat\/escola-elsestanys\/general\/diada-de-sant-jordi-4\/\" target=\"_self\"  style=\"height:250px\"><img loading=\"lazy\" decoding=\"async\" width=\"1024\" height=\"576\" src=\"https:\/\/agora.xtec.cat\/escola-elsestanys\/wp-content\/uploads\/usu1300\/2026\/04\/gincama-1024x576.jpg\" class=\"attachment-large size-large wp-post-image\" alt=\"Diada de Sant Jordi\" style=\"height:250px;object-fit:cover;\" srcset=\"https:\/\/agora.xtec.cat\/escola-elsestanys\/wp-content\/uploads\/usu1300\/2026\/04\/gincama-1024x576.jpg 1024w, https:\/\/agora.xtec.cat\/escola-elsestanys\/wp-content\/uploads\/usu1300\/2026\/04\/gincama-300x169.jpg 300w, https:\/\/agora.xtec.cat\/escola-elsestanys\/wp-content\/uploads\/usu1300\/2026\/04\/gincama-768x432.jpg 768w, https:\/\/agora.xtec.cat\/escola-elsestanys\/wp-content\/uploads\/usu1300\/2026\/04\/gincama-1536x864.jpg 1536w, https:\/\/agora.xtec.cat\/escola-elsestanys\/wp-content\/uploads\/usu1300\/2026\/04\/gincama-2048x1152.jpg 2048w\" sizes=\"auto, (max-width: 1024px) 100vw, 1024px\" \/><\/a><\/figure>\n<div class=\"wp-block-post-excerpt\"><p class=\"wp-block-post-excerpt__excerpt\">Amb motiu de la diada de Sant Jordi, l\u2019alumnat de primer cicle ha realitzat una sortida a l\u2019espai Masia Bas de Platja d\u2019Aro. Durant la jornada, els infants han participat en una gimcana amb diferents activitats l\u00fadiques i educatives. L\u2019activitat ha perm\u00e8s treballar en equip i gaudir d\u2019un dia especial en un entorn diferent, tot&hellip; <\/p><\/div>\n\n<\/li><li class=\"wp-block-post post-27787 post type-post status-publish format-standard has-post-thumbnail hentry category-general\">\n\n<div class=\"wp-block-group is-layout-flow wp-block-group-is-layout-flow\" style=\"padding-top:0px;padding-right:15px;padding-bottom:0px;padding-left:15px\">\n\n<div class=\"wp-block-group is-vertical is-content-justification-left is-layout-flex wp-container-core-group-is-layout-17 wp-block-group-is-layout-flex\" style=\"gap:5px\">\n  \n<h2 class=\"wp-block-post-title has-medium-font-size\"><a href=\"https:\/\/agora.xtec.cat\/escola-elsestanys\/general\/a-i3-celebrem-sant-jordi-amb-les-famiiies\/\" target=\"_self\" >A I3 celebrem Sant Jordi amb les fam\u00edIies<\/a><\/h2>\n  \n<div class=\"wp-block-post-date has-small-font-size\"><time datetime=\"2026-04-23T14:17:49+02:00\">23\/04\/2026<\/time><\/div>\n<\/div>\n\n<figure style=\"width:100%;height:250px;\" class=\"wp-block-post-featured-image\"><a href=\"https:\/\/agora.xtec.cat\/escola-elsestanys\/general\/a-i3-celebrem-sant-jordi-amb-les-famiiies\/\" target=\"_self\"  style=\"height:250px\"><img loading=\"lazy\" decoding=\"async\" width=\"1024\" height=\"768\" src=\"https:\/\/agora.xtec.cat\/escola-elsestanys\/wp-content\/uploads\/usu1300\/2026\/04\/Rosa-punt-2-1024x768.jpg\" class=\"attachment-large size-large wp-post-image\" alt=\"A I3 celebrem Sant Jordi amb les fam\u00edIies\" style=\"height:250px;object-fit:cover;\" srcset=\"https:\/\/agora.xtec.cat\/escola-elsestanys\/wp-content\/uploads\/usu1300\/2026\/04\/Rosa-punt-2-1024x768.jpg 1024w, https:\/\/agora.xtec.cat\/escola-elsestanys\/wp-content\/uploads\/usu1300\/2026\/04\/Rosa-punt-2-300x225.jpg 300w, https:\/\/agora.xtec.cat\/escola-elsestanys\/wp-content\/uploads\/usu1300\/2026\/04\/Rosa-punt-2-768x576.jpg 768w, https:\/\/agora.xtec.cat\/escola-elsestanys\/wp-content\/uploads\/usu1300\/2026\/04\/Rosa-punt-2-1536x1152.jpg 1536w, https:\/\/agora.xtec.cat\/escola-elsestanys\/wp-content\/uploads\/usu1300\/2026\/04\/Rosa-punt-2-2048x1536.jpg 2048w, https:\/\/agora.xtec.cat\/escola-elsestanys\/wp-content\/uploads\/usu1300\/2026\/04\/Rosa-punt-2-scaled-e1776946363209.jpg 640w\" sizes=\"auto, (max-width: 1024px) 100vw, 1024px\" \/><\/a><\/figure>\n<div class=\"wp-block-post-excerpt\"><p class=\"wp-block-post-excerpt__excerpt\">Amb motiu de la celebraci\u00f3 de la diada de Sant Jordi, els infants d\u2019I3 han viscut un dia molt especial perqu\u00e8 hem comptat amb la participaci\u00f3 de les seves fam\u00edlies, que han vingut a l\u2019escola a compartir una estona amb nosaltres. Junts hem realitzat una manualitat molt adient per a aquesta diada: un original punt&hellip; <\/p><\/div>\n\n<\/li><li class=\"wp-block-post post-27813 post type-post status-publish format-standard has-post-thumbnail hentry category-ei category-general category-i4 category-i5\">\n\n<div class=\"wp-block-group is-layout-flow wp-block-group-is-layout-flow\" style=\"padding-top:0px;padding-right:15px;padding-bottom:0px;padding-left:15px\">\n\n<div class=\"wp-block-group is-vertical is-content-justification-left is-layout-flex wp-container-core-group-is-layout-19 wp-block-group-is-layout-flex\" style=\"gap:5px\">\n  \n<h2 class=\"wp-block-post-title has-medium-font-size\"><a href=\"https:\/\/agora.xtec.cat\/escola-elsestanys\/general\/sortida-sant-jordi-i4-i-i5\/\" target=\"_self\" >Sortida Sant Jordi i4 i i5<\/a><\/h2>\n  \n<div class=\"wp-block-post-date has-small-font-size\"><time datetime=\"2026-04-23T13:43:14+02:00\">23\/04\/2026<\/time><\/div>\n<\/div>\n\n<figure style=\"width:100%;height:250px;\" class=\"wp-block-post-featured-image\"><a href=\"https:\/\/agora.xtec.cat\/escola-elsestanys\/general\/sortida-sant-jordi-i4-i-i5\/\" target=\"_self\"  style=\"height:250px\"><img loading=\"lazy\" decoding=\"async\" width=\"1024\" height=\"768\" src=\"https:\/\/agora.xtec.cat\/escola-elsestanys\/wp-content\/uploads\/usu1300\/2026\/04\/portada-sant-jordi-1-1024x768.jpg\" class=\"attachment-large size-large wp-post-image\" alt=\"Sortida Sant Jordi i4 i i5\" style=\"height:250px;object-fit:cover;\" srcset=\"https:\/\/agora.xtec.cat\/escola-elsestanys\/wp-content\/uploads\/usu1300\/2026\/04\/portada-sant-jordi-1-1024x768.jpg 1024w, https:\/\/agora.xtec.cat\/escola-elsestanys\/wp-content\/uploads\/usu1300\/2026\/04\/portada-sant-jordi-1-300x225.jpg 300w, https:\/\/agora.xtec.cat\/escola-elsestanys\/wp-content\/uploads\/usu1300\/2026\/04\/portada-sant-jordi-1-768x576.jpg 768w, https:\/\/agora.xtec.cat\/escola-elsestanys\/wp-content\/uploads\/usu1300\/2026\/04\/portada-sant-jordi-1-1536x1152.jpg 1536w, https:\/\/agora.xtec.cat\/escola-elsestanys\/wp-content\/uploads\/usu1300\/2026\/04\/portada-sant-jordi-1-2048x1536.jpg 2048w, https:\/\/agora.xtec.cat\/escola-elsestanys\/wp-content\/uploads\/usu1300\/2026\/04\/portada-sant-jordi-1-scaled-e1776944821534.jpg 640w\" sizes=\"auto, (max-width: 1024px) 100vw, 1024px\" \/><\/a><\/figure>\n<div class=\"wp-block-post-excerpt\"><p class=\"wp-block-post-excerpt__excerpt\">Avui els alumnes d&#8217;i4 i i5 hem aprofitat la diada de Sant Jordi per anar a visitar les parades de llibres i roses del nostre poble. Tamb\u00e9 hem gaudit d&#8217;una estona de joc tot fent una gimcana. Bon Sant Jordi a tothom! <\/p><\/div>\n\n<\/li><li class=\"wp-block-post post-27810 post type-post status-publish format-standard has-post-thumbnail hentry category-cs category-general category-portada category-primaria tag-sant-jordi\">\n\n<div class=\"wp-block-group is-layout-flow wp-block-group-is-layout-flow\" style=\"padding-top:0px;padding-right:15px;padding-bottom:0px;padding-left:15px\">\n\n<div class=\"wp-block-group is-vertical is-content-justification-left is-layout-flex wp-container-core-group-is-layout-21 wp-block-group-is-layout-flex\" style=\"gap:5px\">\n  \n<h2 class=\"wp-block-post-title has-medium-font-size\"><a href=\"https:\/\/agora.xtec.cat\/escola-elsestanys\/general\/cs-sant-jordi\/\" target=\"_self\" >CS-Sant Jordi<\/a><\/h2>\n  \n<div class=\"wp-block-post-date has-small-font-size\"><time datetime=\"2026-04-23T12:43:23+02:00\">23\/04\/2026<\/time><\/div>\n<\/div>\n\n<figure style=\"width:100%;height:250px;\" class=\"wp-block-post-featured-image\"><a href=\"https:\/\/agora.xtec.cat\/escola-elsestanys\/general\/cs-sant-jordi\/\" target=\"_self\"  style=\"height:250px\"><img loading=\"lazy\" decoding=\"async\" width=\"1024\" height=\"768\" src=\"https:\/\/agora.xtec.cat\/escola-elsestanys\/wp-content\/uploads\/usu1300\/2026\/04\/portadasjordi-1024x768.jpg\" class=\"attachment-large size-large wp-post-image\" alt=\"CS-Sant Jordi\" style=\"height:250px;object-fit:cover;\" srcset=\"https:\/\/agora.xtec.cat\/escola-elsestanys\/wp-content\/uploads\/usu1300\/2026\/04\/portadasjordi-1024x768.jpg 1024w, https:\/\/agora.xtec.cat\/escola-elsestanys\/wp-content\/uploads\/usu1300\/2026\/04\/portadasjordi-300x225.jpg 300w, https:\/\/agora.xtec.cat\/escola-elsestanys\/wp-content\/uploads\/usu1300\/2026\/04\/portadasjordi-768x576.jpg 768w, https:\/\/agora.xtec.cat\/escola-elsestanys\/wp-content\/uploads\/usu1300\/2026\/04\/portadasjordi-e1776940890707.jpg 640w\" sizes=\"auto, (max-width: 1024px) 100vw, 1024px\" \/><\/a><\/figure>\n<div class=\"wp-block-post-excerpt\"><p class=\"wp-block-post-excerpt__excerpt\">Avui, l&#8217;alumnat de 5\u00e8 i 6\u00e8 ha gaudit d&#8217;una jornada especial dedicada a Sant Jordi. Ha participat en diferents tallers creatius: cal\u00b7ligrames, elaboraci\u00f3 de punts de llibre, creaci\u00f3 de roses i redacci\u00f3 de cartes. Una manera fant\u00e0stica de viure aquesta diada, tan especial i important per a la nostra cultura, que celebrem a Catalunya, tot&hellip; <\/p><\/div>\n\n<\/li><li class=\"wp-block-post post-27796 post type-post status-publish format-standard has-post-thumbnail hentry category-6e category-cs category-portada category-primaria\">\n\n<div class=\"wp-block-group is-layout-flow wp-block-group-is-layout-flow\" style=\"padding-top:0px;padding-right:15px;padding-bottom:0px;padding-left:15px\">\n\n<div class=\"wp-block-group is-vertical is-content-justification-left is-layout-flex wp-container-core-group-is-layout-23 wp-block-group-is-layout-flex\" style=\"gap:5px\">\n  \n<h2 class=\"wp-block-post-title has-medium-font-size\"><a href=\"https:\/\/agora.xtec.cat\/escola-elsestanys\/portada\/6e-visita-a-la-sagrada-familia-i-el-parc-guell\/\" target=\"_self\" >6\u00e8 visita a La Sagrada Fam\u00edlia i el Parc G\u00fcell<\/a><\/h2>\n  \n<div class=\"wp-block-post-date has-small-font-size\"><time datetime=\"2026-04-23T12:03:59+02:00\">23\/04\/2026<\/time><\/div>\n<\/div>\n\n<figure style=\"width:100%;height:250px;\" class=\"wp-block-post-featured-image\"><a href=\"https:\/\/agora.xtec.cat\/escola-elsestanys\/portada\/6e-visita-a-la-sagrada-familia-i-el-parc-guell\/\" target=\"_self\"  style=\"height:250px\"><img loading=\"lazy\" decoding=\"async\" width=\"1024\" height=\"768\" src=\"https:\/\/agora.xtec.cat\/escola-elsestanys\/wp-content\/uploads\/usu1300\/2026\/04\/WhatsApp-Image-2026-04-23-at-10.10.53-1-1024x768.jpeg\" class=\"attachment-large size-large wp-post-image\" alt=\"6\u00e8 visita a La Sagrada Fam\u00edlia i el Parc G\u00fcell\" style=\"height:250px;object-fit:cover;\" srcset=\"https:\/\/agora.xtec.cat\/escola-elsestanys\/wp-content\/uploads\/usu1300\/2026\/04\/WhatsApp-Image-2026-04-23-at-10.10.53-1-1024x768.jpeg 1024w, https:\/\/agora.xtec.cat\/escola-elsestanys\/wp-content\/uploads\/usu1300\/2026\/04\/WhatsApp-Image-2026-04-23-at-10.10.53-1-300x225.jpeg 300w, https:\/\/agora.xtec.cat\/escola-elsestanys\/wp-content\/uploads\/usu1300\/2026\/04\/WhatsApp-Image-2026-04-23-at-10.10.53-1-768x576.jpeg 768w, https:\/\/agora.xtec.cat\/escola-elsestanys\/wp-content\/uploads\/usu1300\/2026\/04\/WhatsApp-Image-2026-04-23-at-10.10.53-1-1536x1152.jpeg 1536w, https:\/\/agora.xtec.cat\/escola-elsestanys\/wp-content\/uploads\/usu1300\/2026\/04\/WhatsApp-Image-2026-04-23-at-10.10.53-1-e1776932273678.jpeg 640w\" sizes=\"auto, (max-width: 1024px) 100vw, 1024px\" \/><\/a><\/figure>\n<div class=\"wp-block-post-excerpt\"><p class=\"wp-block-post-excerpt__excerpt\">Aquest dimarts, l\u2019alumnat de 6\u00e8 va fer una sortida a Barcelona. Primerament, van visitar la Sagrada Fam\u00edlia. Gr\u00e0cies a les explicacions d\u2019una guia, van descobrir com es va construir la bas\u00edlica i van veure de primera m\u00e0 els diferents elements arquitect\u00f2nics que la fan tant singular. Despr\u00e9s d\u2019esmorzar en un parc proper, van visitar el&hellip; <\/p><\/div>\n\n<\/li><li class=\"wp-block-post post-27806 post type-post status-publish format-standard has-post-thumbnail hentry category-4t category-cm category-general category-portada tag-educacio-fisica tag-rodajoc\">\n\n<div class=\"wp-block-group is-layout-flow wp-block-group-is-layout-flow\" style=\"padding-top:0px;padding-right:15px;padding-bottom:0px;padding-left:15px\">\n\n<div class=\"wp-block-group is-vertical is-content-justification-left is-layout-flex wp-container-core-group-is-layout-25 wp-block-group-is-layout-flex\" style=\"gap:5px\">\n  \n<h2 class=\"wp-block-post-title has-medium-font-size\"><a href=\"https:\/\/agora.xtec.cat\/escola-elsestanys\/general\/rodajoc-a-4t\/\" target=\"_self\" >Rodajoc a 4t<\/a><\/h2>\n  \n<div class=\"wp-block-post-date has-small-font-size\"><time datetime=\"2026-04-23T11:48:16+02:00\">23\/04\/2026<\/time><\/div>\n<\/div>\n\n<figure style=\"width:100%;height:250px;\" class=\"wp-block-post-featured-image\"><a href=\"https:\/\/agora.xtec.cat\/escola-elsestanys\/general\/rodajoc-a-4t\/\" target=\"_self\"  style=\"height:250px\"><img loading=\"lazy\" decoding=\"async\" width=\"1024\" height=\"768\" src=\"https:\/\/agora.xtec.cat\/escola-elsestanys\/wp-content\/uploads\/usu1300\/2026\/04\/IMG-20260421-WA0005-1024x768.jpg\" class=\"attachment-large size-large wp-post-image\" alt=\"Rodajoc a 4t\" style=\"height:250px;object-fit:cover;\" srcset=\"https:\/\/agora.xtec.cat\/escola-elsestanys\/wp-content\/uploads\/usu1300\/2026\/04\/IMG-20260421-WA0005-1024x768.jpg 1024w, https:\/\/agora.xtec.cat\/escola-elsestanys\/wp-content\/uploads\/usu1300\/2026\/04\/IMG-20260421-WA0005-300x225.jpg 300w, https:\/\/agora.xtec.cat\/escola-elsestanys\/wp-content\/uploads\/usu1300\/2026\/04\/IMG-20260421-WA0005-768x576.jpg 768w, https:\/\/agora.xtec.cat\/escola-elsestanys\/wp-content\/uploads\/usu1300\/2026\/04\/IMG-20260421-WA0005-e1776937666799.jpg 640w\" sizes=\"auto, (max-width: 1024px) 100vw, 1024px\" \/><\/a><\/figure>\n<div class=\"wp-block-post-excerpt\"><p class=\"wp-block-post-excerpt__excerpt\">El dimarts 21 d&#8217;abril, els i les nenes de 4t de l&#8217;escola van participar al Rodajoc de la Vall d&#8217;Aro juntament amb les escoles de Fanals d&#8217;Aro, Vall d&#8217;Aro i Pedralta. En aquesta setzena edici\u00f3 d&#8217;aquesta activitat ja consolidada a la zona, els infants van gaudir de 10 estacions de jocs tradicionals, d&#8217;arreu del m\u00f3n&hellip; <\/p><\/div>\n\n<\/li><li class=\"wp-block-post post-27802 post type-post status-publish format-standard has-post-thumbnail hentry category-3r category-4t category-cm category-general category-portada tag-sant-jordi\">\n\n<div class=\"wp-block-group is-layout-flow wp-block-group-is-layout-flow\" style=\"padding-top:0px;padding-right:15px;padding-bottom:0px;padding-left:15px\">\n\n<div class=\"wp-block-group is-vertical is-content-justification-left is-layout-flex wp-container-core-group-is-layout-27 wp-block-group-is-layout-flex\" style=\"gap:5px\">\n  \n<h2 class=\"wp-block-post-title has-medium-font-size\"><a href=\"https:\/\/agora.xtec.cat\/escola-elsestanys\/general\/tallers-de-st-jordi-a-3r-i-4t\/\" target=\"_self\" >Tallers de St. Jordi a 3r i 4t<\/a><\/h2>\n  \n<div class=\"wp-block-post-date has-small-font-size\"><time datetime=\"2026-04-23T11:41:18+02:00\">23\/04\/2026<\/time><\/div>\n<\/div>\n\n<figure style=\"width:100%;height:250px;\" class=\"wp-block-post-featured-image\"><a href=\"https:\/\/agora.xtec.cat\/escola-elsestanys\/general\/tallers-de-st-jordi-a-3r-i-4t\/\" target=\"_self\"  style=\"height:250px\"><img loading=\"lazy\" decoding=\"async\" width=\"1024\" height=\"576\" src=\"https:\/\/agora.xtec.cat\/escola-elsestanys\/wp-content\/uploads\/usu1300\/2026\/04\/IMG_20260423_101258-1024x576.jpg\" class=\"attachment-large size-large wp-post-image\" alt=\"Tallers de St. Jordi a 3r i 4t\" style=\"height:250px;object-fit:cover;\" srcset=\"https:\/\/agora.xtec.cat\/escola-elsestanys\/wp-content\/uploads\/usu1300\/2026\/04\/IMG_20260423_101258-1024x576.jpg 1024w, https:\/\/agora.xtec.cat\/escola-elsestanys\/wp-content\/uploads\/usu1300\/2026\/04\/IMG_20260423_101258-300x169.jpg 300w, https:\/\/agora.xtec.cat\/escola-elsestanys\/wp-content\/uploads\/usu1300\/2026\/04\/IMG_20260423_101258-768x432.jpg 768w, https:\/\/agora.xtec.cat\/escola-elsestanys\/wp-content\/uploads\/usu1300\/2026\/04\/IMG_20260423_101258-e1776937250819.jpg 640w\" sizes=\"auto, (max-width: 1024px) 100vw, 1024px\" \/><\/a><\/figure>\n<div class=\"wp-block-post-excerpt\"><p class=\"wp-block-post-excerpt__excerpt\">En motiu de la Diada de St. Jordi, els i les alumnes de 3r i 4t hem realitzat 4 tallers ambientats en aquest dia tant especial. Taller de Cal\u00b7ligrames, d&#8217;una auca, d&#8217;un punt de llibre i d&#8217;una rosa. En podeu veure diverses imatges de cadascun. <\/p><\/div>\n\n<\/li><li class=\"wp-block-post post-27795 post type-post status-publish format-standard has-post-thumbnail hentry category-general category-portada\">\n\n<div class=\"wp-block-group is-layout-flow wp-block-group-is-layout-flow\" style=\"padding-top:0px;padding-right:15px;padding-bottom:0px;padding-left:15px\">\n\n<div class=\"wp-block-group is-vertical is-content-justification-left is-layout-flex wp-container-core-group-is-layout-29 wp-block-group-is-layout-flex\" style=\"gap:5px\">\n  \n<h2 class=\"wp-block-post-title has-medium-font-size\"><a href=\"https:\/\/agora.xtec.cat\/escola-elsestanys\/general\/publicacio-de-la-llista-de-sollicituds-que-han-demanat-el-centre-i-lensenyament-en-primera-peticio-amb-la-puntuacio-resoltes-les-reclamacions-a-23-04-2026\/\" target=\"_self\" >Publicaci\u00f3 de la llista de sol\u00b7licituds que han demanat el centre i l&#8217;ensenyament en primera petici\u00f3 amb la puntuaci\u00f3 resoltes les reclamacions a 23\/04\/2026<\/a><\/h2>\n  \n<div class=\"wp-block-post-date has-small-font-size\"><time datetime=\"2026-04-23T10:04:55+02:00\">23\/04\/2026<\/time><\/div>\n<\/div>\n\n<figure style=\"width:100%;height:250px;\" class=\"wp-block-post-featured-image\"><a href=\"https:\/\/agora.xtec.cat\/escola-elsestanys\/general\/publicacio-de-la-llista-de-sollicituds-que-han-demanat-el-centre-i-lensenyament-en-primera-peticio-amb-la-puntuacio-resoltes-les-reclamacions-a-23-04-2026\/\" target=\"_self\"  style=\"height:250px\"><img loading=\"lazy\" decoding=\"async\" width=\"194\" height=\"259\" src=\"https:\/\/agora.xtec.cat\/escola-elsestanys\/wp-content\/uploads\/usu1300\/2026\/04\/images.jpg\" class=\"attachment-large size-large wp-post-image\" alt=\"Publicaci\u00f3 de la llista de sol\u00b7licituds que han demanat el centre i l&#8217;ensenyament en primera petici\u00f3 amb la puntuaci\u00f3 resoltes les reclamacions a 23\/04\/2026\" style=\"height:250px;object-fit:cover;\" \/><\/a><\/figure>\n<div class=\"wp-block-post-excerpt\"><p class=\"wp-block-post-excerpt__excerpt\">Llista puntuacions <\/p><\/div>\n\n<\/li><li class=\"wp-block-post post-27789 post type-post status-publish format-standard has-post-thumbnail hentry category-general category-portada\">\n\n<div class=\"wp-block-group is-layout-flow wp-block-group-is-layout-flow\" style=\"padding-top:0px;padding-right:15px;padding-bottom:0px;padding-left:15px\">\n\n<div class=\"wp-block-group is-vertical is-content-justification-left is-layout-flex wp-container-core-group-is-layout-31 wp-block-group-is-layout-flex\" style=\"gap:5px\">\n  \n<h2 class=\"wp-block-post-title has-medium-font-size\"><a href=\"https:\/\/agora.xtec.cat\/escola-elsestanys\/general\/vine-a-fer-rapsodia\/\" target=\"_self\" >Vine a fer raps\u00f2dia!<\/a><\/h2>\n  \n<div class=\"wp-block-post-date has-small-font-size\"><time datetime=\"2026-04-22T12:59:40+02:00\">22\/04\/2026<\/time><\/div>\n<\/div>\n\n<figure style=\"width:100%;height:250px;\" class=\"wp-block-post-featured-image\"><a href=\"https:\/\/agora.xtec.cat\/escola-elsestanys\/general\/vine-a-fer-rapsodia\/\" target=\"_self\"  style=\"height:250px\"><img loading=\"lazy\" decoding=\"async\" width=\"641\" height=\"361\" src=\"https:\/\/agora.xtec.cat\/escola-elsestanys\/wp-content\/uploads\/usu1300\/2026\/04\/portada-e1776855492224.jpg\" class=\"attachment-large size-large wp-post-image\" alt=\"Vine a fer raps\u00f2dia!\" style=\"height:250px;object-fit:cover;\" \/><\/a><\/figure>\n<div class=\"wp-block-post-excerpt\"><p class=\"wp-block-post-excerpt__excerpt\">Per celebrar la setmana de Sant Jordi, petits i grans hem sortit al pati de l\u2019escola per recitar poemes i compartir una estona plegats. Durant l\u2019activitat, l\u2019alumnat de tots els cursos ha participat en el recital. Tamb\u00e9 s\u2019han lliurat els premis del concurs de Black Out Poetry (poesia revelada). Enguany, els guanyadors han estat l\u2019Alma,&hellip; <\/p><\/div>\n\n<\/li><li class=\"wp-block-post post-27763 post type-post status-publish format-standard has-post-thumbnail hentry category-2n category-general category-portada tag-educacio-fisica\">\n\n<div class=\"wp-block-group is-layout-flow wp-block-group-is-layout-flow\" style=\"padding-top:0px;padding-right:15px;padding-bottom:0px;padding-left:15px\">\n\n<div class=\"wp-block-group is-vertical is-content-justification-left is-layout-flex wp-container-core-group-is-layout-33 wp-block-group-is-layout-flex\" style=\"gap:5px\">\n  \n<h2 class=\"wp-block-post-title has-medium-font-size\"><a href=\"https:\/\/agora.xtec.cat\/escola-elsestanys\/general\/finalitza-el-curs-de-natacio-a-2n\/\" target=\"_self\" >Finalitza el curs de nataci\u00f3 a 2n<\/a><\/h2>\n  \n<div class=\"wp-block-post-date has-small-font-size\"><time datetime=\"2026-04-22T08:37:01+02:00\">22\/04\/2026<\/time><\/div>\n<\/div>\n\n<figure style=\"width:100%;height:250px;\" class=\"wp-block-post-featured-image\"><a href=\"https:\/\/agora.xtec.cat\/escola-elsestanys\/general\/finalitza-el-curs-de-natacio-a-2n\/\" target=\"_self\"  style=\"height:250px\"><img loading=\"lazy\" decoding=\"async\" width=\"1024\" height=\"768\" src=\"https:\/\/agora.xtec.cat\/escola-elsestanys\/wp-content\/uploads\/usu1300\/2026\/04\/IMG_20260326_120553-1024x768.jpg\" class=\"attachment-large size-large wp-post-image\" alt=\"Finalitza el curs de nataci\u00f3 a 2n\" style=\"height:250px;object-fit:cover;\" srcset=\"https:\/\/agora.xtec.cat\/escola-elsestanys\/wp-content\/uploads\/usu1300\/2026\/04\/IMG_20260326_120553-1024x768.jpg 1024w, https:\/\/agora.xtec.cat\/escola-elsestanys\/wp-content\/uploads\/usu1300\/2026\/04\/IMG_20260326_120553-300x225.jpg 300w, https:\/\/agora.xtec.cat\/escola-elsestanys\/wp-content\/uploads\/usu1300\/2026\/04\/IMG_20260326_120553-768x576.jpg 768w, https:\/\/agora.xtec.cat\/escola-elsestanys\/wp-content\/uploads\/usu1300\/2026\/04\/IMG_20260326_120553-e1776839779513.jpg 640w\" sizes=\"auto, (max-width: 1024px) 100vw, 1024px\" \/><\/a><\/figure>\n<div class=\"wp-block-post-excerpt\"><p class=\"wp-block-post-excerpt__excerpt\">L&#8217;alumnat de segon ha acabat el curs de piscina que van comen\u00e7ar el tercer trimestre de primer.Durant tot aquest temps hem apr\u00e8s i perfeccionat la nataci\u00f3, fent tota mena d&#8217;activitats. De ben segur que ens ser\u00e0 molt \u00fatil. Ens ho hem passat molt b\u00e9.Volem donar les gr\u00e0cies els monitors, Carles, David, Cristina i Ariel i&hellip; <\/p><\/div>\n\n<\/li><li class=\"wp-block-post post-27778 post type-post status-publish format-standard has-post-thumbnail hentry category-3r category-4t category-cm category-general category-portada category-primaria\">\n\n<div class=\"wp-block-group is-layout-flow wp-block-group-is-layout-flow\" style=\"padding-top:0px;padding-right:15px;padding-bottom:0px;padding-left:15px\">\n\n<div class=\"wp-block-group is-vertical is-content-justification-left is-layout-flex wp-container-core-group-is-layout-35 wp-block-group-is-layout-flex\" style=\"gap:5px\">\n  \n<h2 class=\"wp-block-post-title has-medium-font-size\"><a href=\"https:\/\/agora.xtec.cat\/escola-elsestanys\/general\/fem-poesia\/\" target=\"_self\" >Fem poesia<\/a><\/h2>\n  \n<div class=\"wp-block-post-date has-small-font-size\"><time datetime=\"2026-04-21T13:34:30+02:00\">21\/04\/2026<\/time><\/div>\n<\/div>\n\n<figure style=\"width:100%;height:250px;\" class=\"wp-block-post-featured-image\"><a href=\"https:\/\/agora.xtec.cat\/escola-elsestanys\/general\/fem-poesia\/\" target=\"_self\"  style=\"height:250px\"><img loading=\"lazy\" decoding=\"async\" width=\"1024\" height=\"768\" src=\"https:\/\/agora.xtec.cat\/escola-elsestanys\/wp-content\/uploads\/usu1300\/2026\/04\/IMG_2185-1024x768.jpg\" class=\"attachment-large size-large wp-post-image\" alt=\"Fem poesia\" style=\"height:250px;object-fit:cover;\" srcset=\"https:\/\/agora.xtec.cat\/escola-elsestanys\/wp-content\/uploads\/usu1300\/2026\/04\/IMG_2185-1024x768.jpg 1024w, https:\/\/agora.xtec.cat\/escola-elsestanys\/wp-content\/uploads\/usu1300\/2026\/04\/IMG_2185-300x225.jpg 300w, https:\/\/agora.xtec.cat\/escola-elsestanys\/wp-content\/uploads\/usu1300\/2026\/04\/IMG_2185-768x576.jpg 768w, https:\/\/agora.xtec.cat\/escola-elsestanys\/wp-content\/uploads\/usu1300\/2026\/04\/IMG_2185.jpg 1170w\" sizes=\"auto, (max-width: 1024px) 100vw, 1024px\" \/><\/a><\/figure>\n<div class=\"wp-block-post-excerpt\"><p class=\"wp-block-post-excerpt__excerpt\">L\u2019alumnat de Segon Cicle ha visitat la Biblioteca Merc\u00e8 Rodoreda de Platja d\u2019Aro per participar en un taller de poesia condu\u00eft per la poeta Carme Rovira. Durant l\u2019activitat, els alumnes han proposat diverses paraules que han servit d\u2019inspiraci\u00f3 per crear un poema col\u00b7lectiu amb l\u2019ajuda de l\u2019autora. Ha estat una activitat molt enriquidora que ha&hellip; <\/p><\/div>\n\n<\/li><li class=\"wp-block-post post-27775 post type-post status-publish format-standard has-post-thumbnail hentry category-5e category-cs category-portada tag-medi tag-mosquit-tigre\">\n\n<div class=\"wp-block-group is-layout-flow wp-block-group-is-layout-flow\" style=\"padding-top:0px;padding-right:15px;padding-bottom:0px;padding-left:15px\">\n\n<div class=\"wp-block-group is-vertical is-content-justification-left is-layout-flex wp-container-core-group-is-layout-37 wp-block-group-is-layout-flex\" style=\"gap:5px\">\n  \n<h2 class=\"wp-block-post-title has-medium-font-size\"><a href=\"https:\/\/agora.xtec.cat\/escola-elsestanys\/portada\/5e-mosquit-tigre\/\" target=\"_self\" >5\u00e8- Mosquit tigre<\/a><\/h2>\n  \n<div class=\"wp-block-post-date has-small-font-size\"><time datetime=\"2026-04-21T12:08:25+02:00\">21\/04\/2026<\/time><\/div>\n<\/div>\n\n<figure style=\"width:100%;height:250px;\" class=\"wp-block-post-featured-image\"><a href=\"https:\/\/agora.xtec.cat\/escola-elsestanys\/portada\/5e-mosquit-tigre\/\" target=\"_self\"  style=\"height:250px\"><img loading=\"lazy\" decoding=\"async\" width=\"1024\" height=\"768\" src=\"https:\/\/agora.xtec.cat\/escola-elsestanys\/wp-content\/uploads\/usu1300\/2026\/04\/mosquit-1024x768.jpeg\" class=\"attachment-large size-large wp-post-image\" alt=\"5\u00e8- Mosquit tigre\" style=\"height:250px;object-fit:cover;\" srcset=\"https:\/\/agora.xtec.cat\/escola-elsestanys\/wp-content\/uploads\/usu1300\/2026\/04\/mosquit-1024x768.jpeg 1024w, https:\/\/agora.xtec.cat\/escola-elsestanys\/wp-content\/uploads\/usu1300\/2026\/04\/mosquit-300x225.jpeg 300w, https:\/\/agora.xtec.cat\/escola-elsestanys\/wp-content\/uploads\/usu1300\/2026\/04\/mosquit-768x576.jpeg 768w, https:\/\/agora.xtec.cat\/escola-elsestanys\/wp-content\/uploads\/usu1300\/2026\/04\/mosquit-e1776765930663.jpeg 640w\" sizes=\"auto, (max-width: 1024px) 100vw, 1024px\" \/><\/a><\/figure>\n<div class=\"wp-block-post-excerpt\"><p class=\"wp-block-post-excerpt__excerpt\">A 5\u00e8 ens ha visitat un t\u00e8cnic del Programa de Vigil\u00e0ncia del Mosquit Tigre. Ens ha explicat la biologia general dels mosquits, les seves caracter\u00edstiques, els motius pel seu control i les mesures preventives que hem de tenir en compte. Per repassar all\u00f2 apr\u00e8s hem jugat a respondre preguntes d\u2019una manera molt l\u00fadica. Al finalitzar&hellip; <\/p><\/div>\n\n<\/li><li class=\"wp-block-post post-27772 post type-post status-publish format-standard has-post-thumbnail hentry category-1r category-2n category-ci category-general category-portada category-primaria\">\n\n<div class=\"wp-block-group is-layout-flow wp-block-group-is-layout-flow\" style=\"padding-top:0px;padding-right:15px;padding-bottom:0px;padding-left:15px\">\n\n<div class=\"wp-block-group is-vertical is-content-justification-left is-layout-flex wp-container-core-group-is-layout-39 wp-block-group-is-layout-flex\" style=\"gap:5px\">\n  \n<h2 class=\"wp-block-post-title has-medium-font-size\"><a href=\"https:\/\/agora.xtec.cat\/escola-elsestanys\/general\/taller-de-poesia-4\/\" target=\"_self\" >Taller de poesia<\/a><\/h2>\n  \n<div class=\"wp-block-post-date has-small-font-size\"><time datetime=\"2026-04-21T11:23:31+02:00\">21\/04\/2026<\/time><\/div>\n<\/div>\n\n<figure style=\"width:100%;height:250px;\" class=\"wp-block-post-featured-image\"><a href=\"https:\/\/agora.xtec.cat\/escola-elsestanys\/general\/taller-de-poesia-4\/\" target=\"_self\"  style=\"height:250px\"><img loading=\"lazy\" decoding=\"async\" width=\"1024\" height=\"768\" src=\"https:\/\/agora.xtec.cat\/escola-elsestanys\/wp-content\/uploads\/usu1300\/2026\/04\/WhatsApp-Image-2026-04-21-at-11.17.21-2-1024x768.jpeg\" class=\"attachment-large size-large wp-post-image\" alt=\"Taller de poesia\" style=\"height:250px;object-fit:cover;\" srcset=\"https:\/\/agora.xtec.cat\/escola-elsestanys\/wp-content\/uploads\/usu1300\/2026\/04\/WhatsApp-Image-2026-04-21-at-11.17.21-2-1024x768.jpeg 1024w, https:\/\/agora.xtec.cat\/escola-elsestanys\/wp-content\/uploads\/usu1300\/2026\/04\/WhatsApp-Image-2026-04-21-at-11.17.21-2-300x225.jpeg 300w, https:\/\/agora.xtec.cat\/escola-elsestanys\/wp-content\/uploads\/usu1300\/2026\/04\/WhatsApp-Image-2026-04-21-at-11.17.21-2-768x576.jpeg 768w, https:\/\/agora.xtec.cat\/escola-elsestanys\/wp-content\/uploads\/usu1300\/2026\/04\/WhatsApp-Image-2026-04-21-at-11.17.21-2-1536x1152.jpeg 1536w, https:\/\/agora.xtec.cat\/escola-elsestanys\/wp-content\/uploads\/usu1300\/2026\/04\/WhatsApp-Image-2026-04-21-at-11.17.21-2-e1776763325255.jpeg 640w\" sizes=\"auto, (max-width: 1024px) 100vw, 1024px\" \/><\/a><\/figure>\n<div class=\"wp-block-post-excerpt\"><p class=\"wp-block-post-excerpt__excerpt\">Un curs m\u00e9s, els alumnes de primer cicle, hem dut a terme el taller de poesia amb la poetessa Carme Rovira. Aquest any l\u2019hem fet a la biblioteca municipal. Moltes gr\u00e0cies, Carme! <\/p><\/div>\n\n<\/li><\/ul>\n\n<nav class=\"wp-block-query-pagination is-content-justification-center is-layout-flex wp-container-core-query-pagination-is-layout-1 wp-block-query-pagination-is-layout-flex\" aria-label=\"Paginaci\u00f3\">\n\n\n<div class=\"wp-block-query-pagination-numbers\"><span aria-current=\"page\" class=\"page-numbers current\">1<\/span>\n<a class=\"page-numbers\" href=\"?query-21-page=2\">2<\/a>\n<a class=\"page-numbers\" href=\"?query-21-page=3\">3<\/a>\n<span class=\"page-numbers dots\">&hellip;<\/span>\n<a class=\"page-numbers\" href=\"?query-21-page=190\">190<\/a><\/div>\n\n<a href=\"\/escola-elsestanys\/wp-json\/wp\/v2\/pages\/9?query-21-page=2\" class=\"wp-block-query-pagination-next\">Not\u00edcies anteriors \u2192<\/a>\n<\/nav><\/div>\n","protected":false},"excerpt":{"rendered":"","protected":false},"author":2,"featured_media":0,"parent":7,"menu_order":0,"comment_status":"closed","ping_status":"closed","template":"","meta":{"_bbp_topic_count":0,"_bbp_reply_count":0,"_bbp_total_topic_count":0,"_bbp_total_reply_count":0,"_bbp_voice_count":0,"_bbp_anonymous_reply_count":0,"_bbp_topic_count_hidden":0,"_bbp_reply_count_hidden":0,"_bbp_forum_subforum_count":0,"site-sidebar-layout":"default","site-content-layout":"","ast-site-content-layout":"default","site-content-style":"default","site-sidebar-style":"default","ast-global-header-display":"","ast-banner-title-visibility":"","ast-main-header-display":"","ast-hfb-above-header-display":"","ast-hfb-below-header-display":"","ast-hfb-mobile-header-display":"","site-post-title":"","ast-breadcrumbs-content":"","ast-featured-img":"","footer-sml-layout":"","theme-transparent-header-meta":"","adv-header-id-meta":"","stick-header-meta":"","header-above-stick-meta":"","header-main-stick-meta":"","header-below-stick-meta":"","astra-migrate-meta-layouts":"set","ast-page-background-enabled":"default","ast-page-background-meta":{"desktop":{"background-color":"var(--ast-global-color-4)","background-image":"","background-repeat":"repeat","background-position":"center center","background-size":"auto","background-attachment":"scroll","background-type":"","background-media":"","overlay-type":"","overlay-color":"","overlay-opacity":"","overlay-gradient":""},"tablet":{"background-color":"","background-image":"","background-repeat":"repeat","background-position":"center center","background-size":"auto","background-attachment":"scroll","background-type":"","background-media":"","overlay-type":"","overlay-color":"","overlay-opacity":"","overlay-gradient":""},"mobile":{"background-color":"","background-image":"","background-repeat":"repeat","background-position":"center center","background-size":"auto","background-attachment":"scroll","background-type":"","background-media":"","overlay-type":"","overlay-color":"","overlay-opacity":"","overlay-gradient":""}},"ast-content-background-meta":{"desktop":{"background-color":"var(--ast-global-color-5)","background-image":"","background-repeat":"repeat","background-position":"center center","background-size":"auto","background-attachment":"scroll","background-type":"","background-media":"","overlay-type":"","overlay-color":"","overlay-opacity":"","overlay-gradient":""},"tablet":{"background-color":"var(--ast-global-color-5)","background-image":"","background-repeat":"repeat","background-position":"center center","background-size":"auto","background-attachment":"scroll","background-type":"","background-media":"","overlay-type":"","overlay-color":"","overlay-opacity":"","overlay-gradient":""},"mobile":{"background-color":"var(--ast-global-color-5)","background-image":"","background-repeat":"repeat","background-position":"center center","background-size":"auto","background-attachment":"scroll","background-type":"","background-media":"","overlay-type":"","overlay-color":"","overlay-opacity":"","overlay-gradient":""}},"footnotes":""},"class_list":["post-9","page","type-page","status-publish","hentry"],"post_mailing_queue_ids":[],"_links":{"self":[{"href":"https:\/\/agora.xtec.cat\/escola-elsestanys\/wp-json\/wp\/v2\/pages\/9","targetHints":{"allow":["GET"]}}],"collection":[{"href":"https:\/\/agora.xtec.cat\/escola-elsestanys\/wp-json\/wp\/v2\/pages"}],"about":[{"href":"https:\/\/agora.xtec.cat\/escola-elsestanys\/wp-json\/wp\/v2\/types\/page"}],"author":[{"embeddable":true,"href":"https:\/\/agora.xtec.cat\/escola-elsestanys\/wp-json\/wp\/v2\/users\/2"}],"replies":[{"embeddable":true,"href":"https:\/\/agora.xtec.cat\/escola-elsestanys\/wp-json\/wp\/v2\/comments?post=9"}],"version-history":[{"count":6,"href":"https:\/\/agora.xtec.cat\/escola-elsestanys\/wp-json\/wp\/v2\/pages\/9\/revisions"}],"predecessor-version":[{"id":27800,"href":"https:\/\/agora.xtec.cat\/escola-elsestanys\/wp-json\/wp\/v2\/pages\/9\/revisions\/27800"}],"up":[{"embeddable":true,"href":"https:\/\/agora.xtec.cat\/escola-elsestanys\/wp-json\/wp\/v2\/pages\/7"}],"wp:attachment":[{"href":"https:\/\/agora.xtec.cat\/escola-elsestanys\/wp-json\/wp\/v2\/media?parent=9"}],"curies":[{"name":"wp","href":"https:\/\/api.w.org\/{rel}","templated":true}]}}