{"id":64,"date":"2014-09-18T12:39:08","date_gmt":"2014-09-18T12:39:08","guid":{"rendered":"http:\/\/agora.xtec.cat\/escola-bernatmetgeelprat\/?page_id=64"},"modified":"2025-12-01T17:01:51","modified_gmt":"2025-12-01T16:01:51","slug":"projecte-educatiu","status":"publish","type":"page","link":"https:\/\/agora.xtec.cat\/escola-bernatmetgeelprat\/projecte-educatiu\/","title":{"rendered":"Projecte educatiu PEC"},"content":{"rendered":"<p style=\"text-align: justify;\" data-start=\"230\" data-end=\"499\">El Projecte Educatiu de Centre \u00e9s el document que defineix la identitat, els valors i les l\u00ednies estrat\u00e8giques de la nostra escola. Recull la manera com entenem l\u2019educaci\u00f3, com organitzem la nostra tasca pedag\u00f2gica i quins objectius compartim com a comunitat educativa.<\/p>\n<p style=\"text-align: justify;\" data-start=\"501\" data-end=\"886\">El PEC \u00e9s una guia viva que orienta totes les actuacions del centre i que s\u2019elabora de manera participativa, amb l\u2019aportaci\u00f3 del claustre, dels professionals d\u2019atenci\u00f3 educativa, de les fam\u00edlies i del Consell Escolar. \u00c9s un instrument essencial per garantir la coher\u00e8ncia educativa, fomentar la participaci\u00f3 i avan\u00e7ar cap a un model d\u2019escola arrelada, inclusiva i oberta al seu entorn.<\/p>\n<p style=\"text-align: justify;\" data-start=\"888\" data-end=\"1054\">A continuaci\u00f3 podeu consultar el document complet, que concreta els principis, l\u2019organitzaci\u00f3 i els projectes que donen sentit i direcci\u00f3 a la nostra acci\u00f3 educativa.<\/p>\n<p data-start=\"888\" data-end=\"1054\"><a href=\"https:\/\/agora.xtec.cat\/escola-bernatmetgeelprat\/wp-content\/uploads\/usu186\/2025\/12\/PEC-Escola-Bernat-Metge.pdf\">PEC Escola Bernat Metge<\/a><\/p>\n<p><a href=\"https:\/\/agora.xtec.cat\/escola-bernatmetgeelprat\/wp-content\/uploads\/usu186\/2019\/02\/Dibuix-sense-t\u00edtol.jpg\"><img loading=\"lazy\" decoding=\"async\" class=\"aligncenter size-full wp-image-10727\" src=\"https:\/\/agora.xtec.cat\/escola-bernatmetgeelprat\/wp-content\/uploads\/usu186\/2019\/02\/Dibuix-sense-t\u00edtol.jpg\" alt=\"\" width=\"960\" height=\"720\" srcset=\"https:\/\/agora.xtec.cat\/escola-bernatmetgeelprat\/wp-content\/uploads\/usu186\/2019\/02\/Dibuix-sense-t\u00edtol.jpg 960w, https:\/\/agora.xtec.cat\/escola-bernatmetgeelprat\/wp-content\/uploads\/usu186\/2019\/02\/Dibuix-sense-t\u00edtol-300x225.jpg 300w, https:\/\/agora.xtec.cat\/escola-bernatmetgeelprat\/wp-content\/uploads\/usu186\/2019\/02\/Dibuix-sense-t\u00edtol-768x576.jpg 768w, https:\/\/agora.xtec.cat\/escola-bernatmetgeelprat\/wp-content\/uploads\/usu186\/2019\/02\/Dibuix-sense-t\u00edtol-200x150.jpg 200w\" sizes=\"auto, (max-width: 960px) 100vw, 960px\" \/><\/a><\/p>\n<p>&nbsp;<\/p>\n<p>&nbsp;<\/p>\n<p>&nbsp;<\/p>\n<p>&nbsp;<\/p>\n","protected":false},"excerpt":{"rendered":"<p>El Projecte Educatiu de Centre \u00e9s el document que defineix la identitat, els valors i les l\u00ednies estrat\u00e8giques de la nostra escola. Recull la manera com entenem l\u2019educaci\u00f3, com organitzem la nostra tasca pedag\u00f2gica i quins objectius compartim com a comunitat educativa.<br \/>\nEl PEC \u00e9s una&hellip;  <a href=\"https:\/\/agora.xtec.cat\/escola-bernatmetgeelprat\/projecte-educatiu\/\" title=\"Read Projecte educatiu PEC\">Llegeix m\u00e9s\u00bb<\/a><\/p>\n","protected":false},"author":2,"featured_media":0,"parent":0,"menu_order":0,"comment_status":"closed","ping_status":"closed","template":"page-templates\/side-menu.php","meta":{"_bbp_topic_count":0,"_bbp_reply_count":0,"_bbp_total_topic_count":0,"_bbp_total_reply_count":0,"_bbp_voice_count":0,"_bbp_anonymous_reply_count":0,"_bbp_topic_count_hidden":0,"_bbp_reply_count_hidden":0,"_bbp_forum_subforum_count":0,"footnotes":""},"class_list":["post-64","page","type-page","status-publish","hentry"],"post_mailing_queue_ids":[],"_links":{"self":[{"href":"https:\/\/agora.xtec.cat\/escola-bernatmetgeelprat\/wp-json\/wp\/v2\/pages\/64","targetHints":{"allow":["GET"]}}],"collection":[{"href":"https:\/\/agora.xtec.cat\/escola-bernatmetgeelprat\/wp-json\/wp\/v2\/pages"}],"about":[{"href":"https:\/\/agora.xtec.cat\/escola-bernatmetgeelprat\/wp-json\/wp\/v2\/types\/page"}],"author":[{"embeddable":true,"href":"https:\/\/agora.xtec.cat\/escola-bernatmetgeelprat\/wp-json\/wp\/v2\/users\/2"}],"replies":[{"embeddable":true,"href":"https:\/\/agora.xtec.cat\/escola-bernatmetgeelprat\/wp-json\/wp\/v2\/comments?post=64"}],"version-history":[{"count":4,"href":"https:\/\/agora.xtec.cat\/escola-bernatmetgeelprat\/wp-json\/wp\/v2\/pages\/64\/revisions"}],"predecessor-version":[{"id":26300,"href":"https:\/\/agora.xtec.cat\/escola-bernatmetgeelprat\/wp-json\/wp\/v2\/pages\/64\/revisions\/26300"}],"wp:attachment":[{"href":"https:\/\/agora.xtec.cat\/escola-bernatmetgeelprat\/wp-json\/wp\/v2\/media?parent=64"}],"curies":[{"name":"wp","href":"https:\/\/api.w.org\/{rel}","templated":true}]}}