{"id":347,"date":"2016-11-11T16:55:20","date_gmt":"2016-11-11T15:55:20","guid":{"rendered":"http:\/\/agora.xtec.cat\/escola-agora\/?page_id=347"},"modified":"2025-01-12T22:31:58","modified_gmt":"2025-01-12T21:31:58","slug":"metodologia-col%c2%b7laborativa","status":"publish","type":"page","link":"https:\/\/agora.xtec.cat\/escola-agora\/lescola\/com-ho-fem\/metodologia-col%c2%b7laborativa\/","title":{"rendered":"Projectes"},"content":{"rendered":"<p>El <em>treball per projectes<\/em> ajuda els infants a <strong>aprendre a aprendre<\/strong>, els motiva a descobrir i, el m\u00e9s important, afavoreix un<strong>\u00a0aprenentatge significatiu<\/strong>.<\/p>\n<p><em>Segons\u00a0Thomas, J.W.<\/em>\u00a0(2000) el treball per projectes s\u00f3n\u00a0\u00abtasques\u00a0<b>complexes\u00a0<\/b>que deriven de problemes o preguntes\u00a0<b>desafiants<\/b>; que impliquen els alumnes en\u00a0<b>activitats<\/b>\u00a0de disseny, de resoluci\u00f3 de problemes, d\u2019investigaci\u00f3 i de presa de decisions; que donen als alumnes l\u2019oportunitat de treballar d\u2019una manera relativament\u00a0<b>aut\u00f2noma<\/b>\u00a0durant un per\u00edode de\u00a0<b>temps ampli,<\/b>\u00a0i que culminen en una\u00a0<b>presentaci\u00f3 o un producte reals<\/b>\u00bb (Thomas, 2000).<\/p>\n<p>Treballar per projectes e\u0301s una\u00a0<b>filosofia<\/b>, una manera d\u2019entendre l\u2019educacio\u0301 i de concebre l\u2019aprenentatge que implica <b>canvis<\/b>\u00a0<b>significatius<\/b><b>\u00a0a\u00a0<\/b><b>l\u2019aula<\/b><b>:\u00a0<\/b>protagonisme dels infants, la concepcio\u0301 de l\u2019aprenentatge, el rol dels mestres, les metodologies d\u2019ensenyament, la relacio\u0301 amb les fami\u0301lies, el treball en equip entre els docents, les relacions entre els infants, els canvis en l\u2019avaluacio\u0301\u2026 Fem projectes des d&#8217;I3 fins a 6\u00e8 de prim\u00e0ria.<\/p>\n<p>Es treballa en grup de manera col\u00b7laborativa, prenent decisions, formulant hip\u00f2tesis, cercant, seleccionant informaci\u00f3 i elaborant entre tots el resultat de les conclusions, tot exposant-les als altres grups. Demanem la col\u00b7laboraci\u00f3 de les fam\u00edlies en alguns dels projectes, fent aix\u00ed participar des de casa tamb\u00e9 en el que fem a l&#8217;escola.<\/p>\n","protected":false},"excerpt":{"rendered":"<p>El treball per projectes ajuda els infants a aprendre a aprendre, els motiva a descobrir i, el m\u00e9s important, afavoreix un\u00a0aprenentatge significatiu. Segons\u00a0Thomas, J.W.\u00a0(2000) el treball per projectes s\u00f3n\u00a0\u00abtasques\u00a0complexes\u00a0que deriven de problemes o preguntes\u00a0desafiants; que impliquen els alumnes en\u00a0activitats\u00a0de disseny, de resoluci\u00f3 de problemes, d\u2019investigaci\u00f3 i de presa de decisions; que donen als alumnes l\u2019oportunitat [&hellip;]<\/p>\n","protected":false},"author":1,"featured_media":0,"parent":324,"menu_order":0,"comment_status":"closed","ping_status":"closed","template":"page-templates\/side-menu.php","meta":{"_bbp_topic_count":0,"_bbp_reply_count":0,"_bbp_total_topic_count":0,"_bbp_total_reply_count":0,"_bbp_voice_count":0,"_bbp_anonymous_reply_count":0,"_bbp_topic_count_hidden":0,"_bbp_reply_count_hidden":0,"_bbp_forum_subforum_count":0,"site-sidebar-layout":"default","site-content-layout":"","ast-site-content-layout":"","site-content-style":"default","site-sidebar-style":"default","ast-global-header-display":"","ast-banner-title-visibility":"","ast-main-header-display":"","ast-hfb-above-header-display":"","ast-hfb-below-header-display":"","ast-hfb-mobile-header-display":"","site-post-title":"","ast-breadcrumbs-content":"","ast-featured-img":"","footer-sml-layout":"","theme-transparent-header-meta":"","adv-header-id-meta":"","stick-header-meta":"","header-above-stick-meta":"","header-main-stick-meta":"","header-below-stick-meta":"","astra-migrate-meta-layouts":"default","ast-page-background-enabled":"default","ast-page-background-meta":{"desktop":{"background-color":"var(--ast-global-color-4)","background-image":"","background-repeat":"repeat","background-position":"center center","background-size":"auto","background-attachment":"scroll","background-type":"","background-media":"","overlay-type":"","overlay-color":"","overlay-opacity":"","overlay-gradient":""},"tablet":{"background-color":"","background-image":"","background-repeat":"repeat","background-position":"center center","background-size":"auto","background-attachment":"scroll","background-type":"","background-media":"","overlay-type":"","overlay-color":"","overlay-opacity":"","overlay-gradient":""},"mobile":{"background-color":"","background-image":"","background-repeat":"repeat","background-position":"center center","background-size":"auto","background-attachment":"scroll","background-type":"","background-media":"","overlay-type":"","overlay-color":"","overlay-opacity":"","overlay-gradient":""}},"ast-content-background-meta":{"desktop":{"background-color":"var(--ast-global-color-5)","background-image":"","background-repeat":"repeat","background-position":"center center","background-size":"auto","background-attachment":"scroll","background-type":"","background-media":"","overlay-type":"","overlay-color":"","overlay-opacity":"","overlay-gradient":""},"tablet":{"background-color":"var(--ast-global-color-5)","background-image":"","background-repeat":"repeat","background-position":"center center","background-size":"auto","background-attachment":"scroll","background-type":"","background-media":"","overlay-type":"","overlay-color":"","overlay-opacity":"","overlay-gradient":""},"mobile":{"background-color":"var(--ast-global-color-5)","background-image":"","background-repeat":"repeat","background-position":"center center","background-size":"auto","background-attachment":"scroll","background-type":"","background-media":"","overlay-type":"","overlay-color":"","overlay-opacity":"","overlay-gradient":""}},"footnotes":""},"class_list":["post-347","page","type-page","status-publish","hentry"],"post_mailing_queue_ids":[],"_links":{"self":[{"href":"https:\/\/agora.xtec.cat\/escola-agora\/wp-json\/wp\/v2\/pages\/347","targetHints":{"allow":["GET"]}}],"collection":[{"href":"https:\/\/agora.xtec.cat\/escola-agora\/wp-json\/wp\/v2\/pages"}],"about":[{"href":"https:\/\/agora.xtec.cat\/escola-agora\/wp-json\/wp\/v2\/types\/page"}],"author":[{"embeddable":true,"href":"https:\/\/agora.xtec.cat\/escola-agora\/wp-json\/wp\/v2\/users\/1"}],"replies":[{"embeddable":true,"href":"https:\/\/agora.xtec.cat\/escola-agora\/wp-json\/wp\/v2\/comments?post=347"}],"version-history":[{"count":6,"href":"https:\/\/agora.xtec.cat\/escola-agora\/wp-json\/wp\/v2\/pages\/347\/revisions"}],"predecessor-version":[{"id":12416,"href":"https:\/\/agora.xtec.cat\/escola-agora\/wp-json\/wp\/v2\/pages\/347\/revisions\/12416"}],"up":[{"embeddable":true,"href":"https:\/\/agora.xtec.cat\/escola-agora\/wp-json\/wp\/v2\/pages\/324"}],"wp:attachment":[{"href":"https:\/\/agora.xtec.cat\/escola-agora\/wp-json\/wp\/v2\/media?parent=347"}],"curies":[{"name":"wp","href":"https:\/\/api.w.org\/{rel}","templated":true}]}}