{"id":7234,"date":"2025-06-11T10:21:21","date_gmt":"2025-06-11T08:21:21","guid":{"rendered":"https:\/\/agora.xtec.cat\/escmusicavic\/?page_id=7234"},"modified":"2025-07-15T17:01:33","modified_gmt":"2025-07-15T15:01:33","slug":"resultats-tria-dinstrument-1ne-2025-2026","status":"publish","type":"page","link":"https:\/\/agora.xtec.cat\/escmusicavic\/serveis\/confirmacio-de-continuitat-i-prematricula-curs-2025-2026\/resultats-tria-dinstrument-1ne-2025-2026\/","title":{"rendered":"RESULTATS TRIA D\u2019INSTRUMENT 1NE 2025-2026"},"content":{"rendered":"<hr \/>\n<h5><strong>ACTUALITZACI\u00d3 DEL LLISTAT QUE VAN QUEDAR SENSE INSTRUMENT AL SORTEIG (15\/07\/2025)<\/strong><\/h5>\n<p>Accediu al seg\u00fcent enlla\u00e7 per veure el llistat actualitzat de l&#8217;estat de la tria d&#8217;instrument dels alumnes que havien quedat en llista d&#8217;espera despr\u00e9s del sorteig del dia 25 de juny.<\/p>\n<p><a href=\"https:\/\/agora.xtec.cat\/escmusicavic\/wp-content\/uploads\/usu1071\/2025\/07\/PREMATRICULA-2025-2026-TRIA-INSTRUMENT_actualitzacioLLISTA-ESPERA.pdf\">Llistat actualitzat de llista d&#8217;espera i adjudicacions<\/a><\/p>\n<hr \/>\n<h5><strong>RESULTAT SORTEIG DE LA TRIA D\u2019INSTRUMENT (25\/06\/25)<\/strong><\/h5>\n<p>Al seg\u00fcent enlla\u00e7 hi trobareu el resultat del sorteig que hem celebrat avui dia 25 de juny a la web de l\u2019EMVIC.<\/p>\n<p><a href=\"https:\/\/agora.xtec.cat\/escmusicavic\/wp-content\/uploads\/usu1071\/2025\/06\/PREMATRICULA-2025-2026-TRIA-INSTRUMENT_resultat-sorteig.pdf\"><strong>Resultat del sorteig<\/strong><\/a><\/p>\n<p>Els alumnes que\u00a0<b>han obtingut pla\u00e7a d\u2019instrument\u00a0despr\u00e9s del\u00a0sorteig<\/b>\u00a0tenen el seu n\u00famero del\u00a0sorteig\u00a0marcat en f\u00facsia.<\/p>\n<p><b>Atenci\u00f3 a les fam\u00edlies sense pla\u00e7a d\u2019instrument:\u00a0<\/b>Una vegada realitzat el sorteig, hem fet un segon sorteig entre els alumnes que han quedat sense l\u2019opci\u00f3 triada d\u2019instrument, per establir un ordre per atendre\u2019ls personalment i oferir-los les opcions disponibles. A partir d\u2019avui un membre de l\u2019equip directiu contactar\u00e0 amb cada fam\u00edlia per l\u2019ordre establert en el segon sorteig. <strong><a href=\"https:\/\/agora.xtec.cat\/escmusicavic\/wp-content\/uploads\/usu1071\/2025\/06\/PREMATRICULA-2025-2026-TRIA-INSTRUMENT_ordretriainstrument.pdf\">Sorteig ordre de tria<\/a><\/strong><\/p>\n<hr \/>\n<h5><strong>LLISTAT PROVISIONAL ABANS DEL SORTEIG (25\/06\/25)<\/strong><\/h5>\n<p>Al seg\u00fcent enlla\u00e7 hi trobareu el llistat de sol\u00b7licituds de la tria d\u2019instrument dels alumnes de 1r de Nivell Elemental, despr\u00e9s del per\u00edode de canvis voluntaris d\u2019instrument i abans de realitzar el\u00a0<strong>sorteig d\u2019avui 25 de juny a les 17.30 h (presencial a l\u2019EMVIC<\/strong>). Tamb\u00e9 us hi hem afegit el una columna amb\u00a0<strong>el n\u00famero que hem adjudicat a cada sol\u00b7licitud que entra al sorteig<\/strong>\u00a0(sol\u00b7licituds en taronja).<\/p>\n<p><strong>Atenci\u00f3:<\/strong>\u00a0El sorteig \u00e9s p\u00fablic, per\u00f2 si hi voleu assistir us recomanem no venir amb els infants, perqu\u00e8 en cas que no obtingueu la pla\u00e7a desitjada pugueu gestionar millor la situaci\u00f3 posteriorment a casa.<\/p>\n<h6><strong><a href=\"https:\/\/agora.xtec.cat\/escmusicavic\/wp-content\/uploads\/usu1071\/2025\/06\/PREMATRICULA-2025-2026-TRIA-INSTRUMENT_numsorteig_20250625.pdf\">Llistat provisional i n\u00fameros pel sorteig<\/a><\/strong><\/h6>\n<p>Les sol\u00b7licituds que\u00a0<strong>ja han obtingut pla\u00e7a (en color verd)<\/strong>\u00a0no han de fer cap altra gesti\u00f3 fins a la segona setmana de juliol, quan el tutor que se li assigni acordar\u00e0 l\u2019horari de les classes amb cada fam\u00edlia.<\/p>\n<hr \/>\n<header class=\"entry-header\">\n<h5 class=\"entry-title\"><strong><span style=\"font-size: 1em;\">LLISTAT PROVISIONAL DE TRIA D\u2019INSTRUMENT (17\/06\/25)<\/span><\/strong><\/h5>\n<\/header>\n<div class=\"entry-content\">\n<p>El\/la vostre\/a fill\/a est\u00e0 identificat pel codi d\u2019identificaci\u00f3 de l\u2019alumne\/a al Gwido:<\/p>\n<\/div>\n<p><a href=\"https:\/\/agora.xtec.cat\/escmusicavic\/wp-content\/uploads\/usu1071\/2025\/06\/PREMATRICULA-2025_2026-TRIA-INSTRUMENT-20250617.pdf\"><strong>Llistat provisional\u00a0<\/strong><\/a><\/p>\n<div class=\"entry-content\">\n<p><strong>Llistat provisional de tria d\u2019instrument<\/strong><\/p>\n<ul>\n<li>Els\u00a0<strong>alumnes marcats en <span style=\"background-color: #99cc00;\">verd<\/span> <\/strong>han<strong>\u00a0obtingut pla\u00e7a<\/strong>\u00a0de l\u2019instrument triat i per ara no han de fer res m\u00e9s.<strong> A partir del dia 10 de juliol<\/strong>\u00a0el professor es posar\u00e0 en contacte amb vosaltres per determinar l\u2019horari d\u2019instrument.<\/li>\n<li>Els\u00a0<strong>alumnes marcats en\u00a0<span style=\"background-color: #ff9900;\">taronja<\/span> <\/strong>van a\u00a0<strong>sorteig<\/strong>, ja que hi ha m\u00e9s demanda que places disponibles de l\u2019instrument escollit. En aquests casos:\n<ul>\n<li>Si abans de fer el sorteig us interessa\u00a0<strong>canviar a un altre instrument\u00a0<\/strong>que tingui places disponibles\u00a0(places marcades en gris o sense color de fons),\u00a0podeu sol\u00b7licitar-ho al seg\u00fcent\u00a0<strong><a href=\"https:\/\/forms.office.com\/e\/VxmyYcih2v\">formulari<\/a> fins el divendres 20 de juny.<\/strong><\/li>\n<li>El\u00a0<strong>dia 25 de juny <\/strong>penjarem el llistat provisional despr\u00e9s dels canvis d\u2019instrument sol\u00b7licitats i farem el\u00a0<strong>sorteig de les places\u00a0<\/strong>que tenen m\u00e9s demanda que el n\u00famero de places disponibles.<\/li>\n<\/ul>\n<\/li>\n<\/ul>\n<hr \/>\n<h6>CLAUSUS INSTRUMENTS EMVIC<\/h6>\n<p>Al seg\u00fcent document hi trobareu els clausus per instrument i nivell.<\/p>\n<p><strong><a href=\"https:\/\/agora.xtec.cat\/escmusicavic\/wp-content\/uploads\/usu1071\/2025\/06\/Clausus-instrument-2NE.pdf\">claususEMVIC<\/a><\/strong><\/p>\n<hr \/>\n<div class=\"addtoany_share_save_container addtoany_content addtoany_content_bottom\">\n<div class=\"a2a_kit a2a_kit_size_25 addtoany_list\" data-a2a-url=\"https:\/\/agora.xtec.cat\/escmusicavic\/resultats-tria-dinstrument-1ne-2024-2025\/\" data-a2a-title=\"RESULTATS TRIA D\u2019INSTRUMENT 1NE 2024-2025\">\n<h6>CALENDARI DE LA TRIA D&#8217;INSTRUMENT<\/h6>\n<table style=\"width: 46.673549%; height: 364px;\" data-tablestyle=\"MsoTableGrid\" data-tablelook=\"1184\" aria-rowcount=\"11\">\n<tbody>\n<tr style=\"height: 45px;\" aria-rowindex=\"3\">\n<td style=\"height: 265px; width: 7.857912%;\" rowspan=\"6\" data-celllook=\"0\"><b><span data-contrast=\"auto\">JUNY<\/span><\/b><span data-ccp-props=\"{}\">\u00a0<\/span><\/td>\n<td style=\"height: 45px; width: 18.945102%;\" data-celllook=\"0\"><b><span data-contrast=\"auto\">Del 2 al 15 de juny<\/span><\/b><span data-ccp-props=\"{}\">\u00a0<\/span><\/td>\n<td style=\"height: 45px; width: 74.381055%;\" data-celllook=\"0\"><b><span data-contrast=\"auto\">Prematr\u00edcula: tria d\u2019instrument, PRIG o seguir sense instrument, <\/span><\/b><span data-contrast=\"auto\">a trav\u00e9s de Gwido.<\/span><\/td>\n<\/tr>\n<tr style=\"height: 40px;\" aria-rowindex=\"4\">\n<td style=\"height: 40px; width: 18.945102%;\" data-celllook=\"0\"><b><span data-contrast=\"auto\">\u00a017 juny<\/span><\/b><span data-ccp-props=\"{}\">\u00a0<\/span><\/td>\n<td style=\"height: 40px; width: 74.381055%;\" data-celllook=\"0\"><b><span data-contrast=\"auto\">Publicaci\u00f3 llistat provisional de la tria d\u2019instrument<\/span><\/b><strong> de 1NE.<\/strong><\/td>\n<\/tr>\n<tr style=\"height: 65px;\" aria-rowindex=\"5\">\n<td style=\"height: 65px; width: 18.945102%;\" data-celllook=\"0\"><b><span data-contrast=\"auto\">Del 18 al 20 de juny<\/span><\/b><span data-ccp-props=\"{}\">\u00a0<\/span><\/td>\n<td style=\"height: 65px; width: 74.381055%;\" data-celllook=\"0\"><b><\/b><b><span data-contrast=\"auto\">Sol\u00b7licitud per canviar l\u2019especialitat triada inicialment, en cas que hi hagi m\u00e9s demanada que oferta. Atenci\u00f3 a les fam\u00edlies.<\/span><\/b><\/td>\n<\/tr>\n<tr style=\"height: 33px;\" aria-rowindex=\"6\">\n<td style=\"height: 33px; width: 18.945102%;\" data-celllook=\"0\"><b><span data-contrast=\"auto\">25 de juny<\/span><\/b><span data-ccp-props=\"{}\">\u00a0<\/span><\/td>\n<td style=\"height: 33px; width: 74.381055%;\" data-celllook=\"0\"><b><span data-contrast=\"auto\">Llistat definitiu tria instrument<\/span><\/b><span data-ccp-props=\"{}\">\u00a0<strong>de 1NE abans del sorteig.<\/strong><\/span><\/td>\n<\/tr>\n<tr style=\"height: 33px;\" aria-rowindex=\"7\">\n<td style=\"height: 33px; width: 18.945102%;\" data-celllook=\"0\"><b><span data-contrast=\"auto\">25 de juny a les 17.30 h<\/span><\/b><\/td>\n<td style=\"height: 33px; width: 74.381055%;\" data-celllook=\"0\"><b><span data-contrast=\"auto\">Sorteig de places d\u2019instrument, en cas de ser necessari, a l&#8217;EMVIC.<\/span><\/b><\/td>\n<\/tr>\n<tr style=\"height: 49px;\" aria-rowindex=\"8\">\n<td style=\"height: 49px; width: 18.945102%;\" data-celllook=\"0\"><b><span data-contrast=\"auto\">25 de juny al 27 de juny<\/span><\/b><span data-ccp-props=\"{}\">\u00a0<\/span><\/td>\n<td style=\"height: 49px; width: 74.381055%;\" data-celllook=\"0\"><strong><span class=\"TextRun SCXW49099129 BCX4\" lang=\"CA-ES\" xml:lang=\"CA-ES\" data-contrast=\"auto\"><span class=\"NormalTextRun SCXW49099129 BCX4\">Reunions per atendre fam\u00edlies que <\/span><span class=\"NormalTextRun SCXW49099129 BCX4\">no han obtingut pla\u00e7a a l\u2019instrument triat.<\/span><\/span><span class=\"EOP SCXW49099129 BCX4\" data-ccp-props=\"{}\">\u00a0<\/span><\/strong><\/td>\n<\/tr>\n<tr style=\"height: 33px;\" aria-rowindex=\"9\">\n<td style=\"height: 99px; width: 7.857912%;\" rowspan=\"3\" data-celllook=\"0\"><b><span data-contrast=\"auto\">JULIOL<\/span><\/b><span data-ccp-props=\"{}\">\u00a0<\/span><\/td>\n<td style=\"height: 33px; width: 18.945102%;\" data-celllook=\"0\"><b><span data-contrast=\"auto\">4 de juliol<\/span><\/b><span data-ccp-props=\"{&quot;201341983&quot;:0,&quot;335559740&quot;:259}\">\u00a0<\/span><\/td>\n<td style=\"height: 33px; width: 74.381055%;\" data-celllook=\"0\"><b><span data-contrast=\"auto\">Resoluci\u00f3 definitiva de la tria d\u2019instrument<\/span><\/b><span data-contrast=\"auto\">.<\/span><span data-ccp-props=\"{}\">\u00a0<\/span><\/td>\n<\/tr>\n<tr style=\"height: 33px;\" aria-rowindex=\"10\">\n<td style=\"height: 33px; width: 18.945102%;\" data-celllook=\"0\"><b><span data-contrast=\"auto\">10-15 de juliol<\/span><\/b><span data-ccp-props=\"{}\">\u00a0<\/span><\/td>\n<td style=\"height: 33px; width: 74.381055%;\" data-celllook=\"0\"><b><span data-contrast=\"auto\">Confecci\u00f3 d\u2019horaris d\u2019instrument.<\/span><\/b><span data-ccp-props=\"{}\">\u00a0<\/span><\/td>\n<\/tr>\n<tr style=\"height: 33px;\" aria-rowindex=\"11\">\n<td style=\"height: 33px; width: 18.945102%;\" data-celllook=\"0\"><b><span data-contrast=\"auto\">A partir del 15 de juliol<\/span><\/b><span data-ccp-props=\"{}\">\u00a0<\/span><\/td>\n<td style=\"height: 33px; width: 74.381055%;\" data-celllook=\"0\"><b><span data-contrast=\"auto\">Cobrament de matr\u00edcula.<\/span><\/b><span data-ccp-props=\"{}\">\u00a0<\/span><\/td>\n<\/tr>\n<\/tbody>\n<\/table>\n<\/div>\n<\/div>\n<\/div>\n","protected":false},"excerpt":{"rendered":"<p>ACTUALITZACI\u00d3 DEL LLISTAT QUE VAN QUEDAR SENSE INSTRUMENT AL SORTEIG (15\/07\/2025)<br \/>\nAccediu al seg\u00fcent enlla\u00e7 per veure el llistat actualitzat de l&#8217;estat de la tria d&#8217;instrument dels alumnes que havien quedat en llista d&#8217;espera despr\u00e9s del sorteig del dia 25 de juny.<br \/>\n<a href=\"https:\/\/agora.xtec.cat\/escmusicavic\/wp-content\/uploads\/usu1071\/2025\/07\/PREMATRICULA-2025-2026-TRIA-INSTRUMENT_actualitzacioLLISTA-ESPERA.pdf\">Llistat actualitzat de llista&hellip;  <a href=\"https:\/\/agora.xtec.cat\/escmusicavic\/serveis\/confirmacio-de-continuitat-i-prematricula-curs-2025-2026\/resultats-tria-dinstrument-1ne-2025-2026\/\" title=\"Read RESULTATS TRIA D\u2019INSTRUMENT 1NE 2025-2026\">Llegeix m\u00e9s\u00bb<\/a><\/p>\n","protected":false},"author":11,"featured_media":0,"parent":7060,"menu_order":0,"comment_status":"closed","ping_status":"closed","template":"","meta":{"_bbp_topic_count":0,"_bbp_reply_count":0,"_bbp_total_topic_count":0,"_bbp_total_reply_count":0,"_bbp_voice_count":0,"_bbp_anonymous_reply_count":0,"_bbp_topic_count_hidden":0,"_bbp_reply_count_hidden":0,"_bbp_forum_subforum_count":0,"footnotes":""},"class_list":["post-7234","page","type-page","status-publish","hentry"],"post_mailing_queue_ids":[],"_links":{"self":[{"href":"https:\/\/agora.xtec.cat\/escmusicavic\/wp-json\/wp\/v2\/pages\/7234","targetHints":{"allow":["GET"]}}],"collection":[{"href":"https:\/\/agora.xtec.cat\/escmusicavic\/wp-json\/wp\/v2\/pages"}],"about":[{"href":"https:\/\/agora.xtec.cat\/escmusicavic\/wp-json\/wp\/v2\/types\/page"}],"author":[{"embeddable":true,"href":"https:\/\/agora.xtec.cat\/escmusicavic\/wp-json\/wp\/v2\/users\/11"}],"replies":[{"embeddable":true,"href":"https:\/\/agora.xtec.cat\/escmusicavic\/wp-json\/wp\/v2\/comments?post=7234"}],"version-history":[{"count":6,"href":"https:\/\/agora.xtec.cat\/escmusicavic\/wp-json\/wp\/v2\/pages\/7234\/revisions"}],"predecessor-version":[{"id":7371,"href":"https:\/\/agora.xtec.cat\/escmusicavic\/wp-json\/wp\/v2\/pages\/7234\/revisions\/7371"}],"up":[{"embeddable":true,"href":"https:\/\/agora.xtec.cat\/escmusicavic\/wp-json\/wp\/v2\/pages\/7060"}],"wp:attachment":[{"href":"https:\/\/agora.xtec.cat\/escmusicavic\/wp-json\/wp\/v2\/media?parent=7234"}],"curies":[{"name":"wp","href":"https:\/\/api.w.org\/{rel}","templated":true}]}}