{"id":6475,"date":"2024-03-15T18:17:59","date_gmt":"2024-03-15T17:17:59","guid":{"rendered":"https:\/\/agora.xtec.cat\/escmusicavic\/?page_id=6475"},"modified":"2024-06-25T10:13:15","modified_gmt":"2024-06-25T08:13:15","slug":"alumnat-actual-de-nivell-elemental-de-1r-a-6e-nivell-mitja-de-1r-a-6e-i-conservatori","status":"publish","type":"page","link":"https:\/\/agora.xtec.cat\/escmusicavic\/serveis\/confirmacio-de-continuitat-alumnes-actuals-2024-2025\/alumnat-actual-de-nivell-elemental-de-1r-a-6e-nivell-mitja-de-1r-a-6e-i-conservatori\/","title":{"rendered":"Alumnat actual de\u00a0Nivell Elemental (de 1r a 6\u00e8), Nivell Mitj\u00e0 (de 1r a 6\u00e8) i Conservatori"},"content":{"rendered":"<p>Calendari de confirmaci\u00f3 de continu\u00eftat de l&#8217;alumnat actual de Nivell Elemental, Nivell Mitj\u00e0 i Conservatori:<\/p>\n<table style=\"font-weight: 400; border-collapse: collapse;\" data-tablestyle=\"MsoTableGrid\" data-tablelook=\"1184\" aria-rowcount=\"12\">\n<tbody>\n<tr aria-rowindex=\"1\">\n<td data-celllook=\"0\"><b><span data-contrast=\"auto\">MAR\u00c7<\/span><\/b><span data-ccp-props=\"{&quot;201341983&quot;:0,&quot;335559740&quot;:259}\">\u00a0<\/span><\/td>\n<td data-celllook=\"0\"><b><span data-contrast=\"auto\">Del 16 al 31 mar\u00e7<\/span><\/b><span data-ccp-props=\"{&quot;201341983&quot;:0,&quot;335559740&quot;:259}\">\u00a0<\/span><\/td>\n<td data-celllook=\"0\"><b><span data-contrast=\"auto\">Confirmaci\u00f3 de continu\u00eftat pel curs 2024-2025 a trav\u00e9s de <a href=\"https:\/\/emvic.gwido.cat\/inici\">Gwido\u00a0<\/a><\/span><\/b><span data-ccp-props=\"{&quot;201341983&quot;:0,&quot;335559740&quot;:259}\">\u00a0<\/span><\/td>\n<\/tr>\n<tr aria-rowindex=\"2\">\n<td data-celllook=\"0\"><b><span data-contrast=\"auto\">MAIG<\/span><\/b><span data-ccp-props=\"{&quot;201341983&quot;:0,&quot;335559740&quot;:259}\">\u00a0<\/span><\/td>\n<td data-celllook=\"0\"><b><span data-contrast=\"auto\">31 de maig<\/span><\/b><span data-ccp-props=\"{&quot;201341983&quot;:0,&quot;335559740&quot;:259}\">\u00a0<\/span><\/td>\n<td data-celllook=\"0\"><b><span data-contrast=\"auto\">Publicaci\u00f3 de places d&#8217;instrument ofertades a 1r de NE<\/span><\/b><\/td>\n<\/tr>\n<tr aria-rowindex=\"3\">\n<td colspan=\"1\" rowspan=\"6\" data-celllook=\"0\"><b><span data-contrast=\"auto\">JUNY<\/span><\/b><span data-ccp-props=\"{&quot;134233117&quot;:false,&quot;134233118&quot;:false,&quot;201341983&quot;:0,&quot;335551550&quot;:1,&quot;335551620&quot;:1,&quot;335559685&quot;:0,&quot;335559737&quot;:0,&quot;335559738&quot;:0,&quot;335559739&quot;:0,&quot;335559740&quot;:240}\">\u00a0<\/span><\/td>\n<td data-celllook=\"0\"><b><span data-contrast=\"auto\">De l\u20191 al 15 de juny<\/span><\/b><span data-ccp-props=\"{&quot;201341983&quot;:0,&quot;335559740&quot;:259}\">\u00a0<\/span><\/td>\n<td data-celllook=\"0\"><b><span data-contrast=\"auto\">Prematr\u00edcula per alumnes de 1r NE <\/span><\/b><span data-contrast=\"auto\">que trien instrument, a trav\u00e9s de Gwido<\/span><span data-ccp-props=\"{&quot;201341983&quot;:0,&quot;335559740&quot;:259}\">\u00a0<\/span><\/p>\n<p><b><span data-contrast=\"auto\">Prematr\u00edcula per la resta d\u2019alumnes NE, NM, GP (excepte alumnes que han fet prova d\u2019acc\u00e9s GP)\u00a0<\/span><\/b><span data-ccp-props=\"{&quot;201341983&quot;:0,&quot;335559740&quot;:259}\">\u00a0<\/span><\/p>\n<ul>\n<li data-leveltext=\"\uf0b7\" data-font=\"Symbol\" data-listid=\"1\" data-list-defn-props=\"{&quot;335552541&quot;:1,&quot;335559685&quot;:720,&quot;335559991&quot;:360,&quot;469769226&quot;:&quot;Symbol&quot;,&quot;469769242&quot;:[8226],&quot;469777803&quot;:&quot;left&quot;,&quot;469777804&quot;:&quot;\uf0b7&quot;,&quot;469777815&quot;:&quot;hybridMultilevel&quot;}\" aria-setsize=\"-1\" data-aria-posinset=\"1\" data-aria-level=\"1\"><span data-contrast=\"auto\">Sol\u00b7licitud d\u2019optatives i de lliure elecci\u00f3 a trav\u00e9s de Gwido<\/span><span data-ccp-props=\"{&quot;201341983&quot;:0,&quot;335559740&quot;:259}\">\u00a0<\/span><\/li>\n<li data-leveltext=\"\uf0b7\" data-font=\"Symbol\" data-listid=\"1\" data-list-defn-props=\"{&quot;335552541&quot;:1,&quot;335559685&quot;:720,&quot;335559991&quot;:360,&quot;469769226&quot;:&quot;Symbol&quot;,&quot;469769242&quot;:[8226],&quot;469777803&quot;:&quot;left&quot;,&quot;469777804&quot;:&quot;\uf0b7&quot;,&quot;469777815&quot;:&quot;hybridMultilevel&quot;}\" aria-setsize=\"-1\" data-aria-posinset=\"1\" data-aria-level=\"1\"><span data-contrast=\"auto\">Sol\u00b7licitud de canvi d\u2019instrument, de tutor, d\u2019itinerari &#8211; escriure a <\/span><a href=\"mailto:albertbardolet@emvic.cat\"><span data-contrast=\"none\">albertbardolet@emvic.cat<\/span><\/a><\/li>\n<\/ul>\n<\/td>\n<\/tr>\n<tr aria-rowindex=\"4\">\n<td data-celllook=\"0\"><b><span data-contrast=\"auto\"> 18 juny<\/span><\/b><span data-ccp-props=\"{&quot;201341983&quot;:0,&quot;335559740&quot;:259}\">\u00a0<\/span><\/td>\n<td data-celllook=\"0\"><b><span data-contrast=\"auto\">Publicaci\u00f3 llistat provisional de la tria d\u2019instrument<\/span><\/b><span data-ccp-props=\"{&quot;201341983&quot;:0,&quot;335559740&quot;:259}\">\u00a0<\/span><\/td>\n<\/tr>\n<tr aria-rowindex=\"5\">\n<td data-celllook=\"0\"><b><span data-contrast=\"auto\">Del 19 al 21 de juny<\/span><\/b><span data-ccp-props=\"{&quot;201341983&quot;:0,&quot;335559740&quot;:259}\">\u00a0<\/span><\/td>\n<td data-celllook=\"0\"><b><span data-contrast=\"auto\">Mostra d\u2019instruments i atenci\u00f3 a fam\u00edlies.<\/span><\/b><span data-ccp-props=\"{&quot;201341983&quot;:0,&quot;335559740&quot;:259}\">\u00a0<\/span><br \/>\n<b><span data-contrast=\"auto\">Sol\u00b7licitud per canviar l\u2019especialitat triada inicialment**<\/span><\/b><span data-ccp-props=\"{&quot;201341983&quot;:0,&quot;335559740&quot;:259}\">\u00a0<\/span><\/td>\n<\/tr>\n<tr aria-rowindex=\"6\">\n<td data-celllook=\"0\"><b><span data-contrast=\"auto\">25 de juny<\/span><\/b><span data-ccp-props=\"{&quot;201341983&quot;:0,&quot;335559740&quot;:259}\">\u00a0<\/span><\/td>\n<td data-celllook=\"0\"><b><span data-contrast=\"auto\">Llistat definitiu tria instrument<\/span><\/b><span data-ccp-props=\"{&quot;201341983&quot;:0,&quot;335559740&quot;:259}\">\u00a0<\/span><\/td>\n<\/tr>\n<tr aria-rowindex=\"7\">\n<td data-celllook=\"0\"><b><span data-contrast=\"auto\">25 de juny<\/span><\/b><span data-ccp-props=\"{&quot;201341983&quot;:0,&quot;335559740&quot;:259}\">\u00a0<\/span><\/td>\n<td data-celllook=\"0\"><b><span data-contrast=\"auto\">Sorteig de places instrument, en cas de ser necessari<\/span><\/b><span data-ccp-props=\"{&quot;201341983&quot;:0,&quot;335559740&quot;:259}\">\u00a0<\/span><\/td>\n<\/tr>\n<tr aria-rowindex=\"8\">\n<td data-celllook=\"0\"><b><span data-contrast=\"auto\">25 de juny al 28 de juny<\/span><\/b><span data-ccp-props=\"{&quot;201341983&quot;:0,&quot;335559740&quot;:259}\">\u00a0<\/span><\/td>\n<td data-celllook=\"0\"><b><span data-contrast=\"auto\">Reunions per atendre fam\u00edlies que han quedat fora del sorteig<\/span><\/b><span data-ccp-props=\"{&quot;201341983&quot;:0,&quot;335559740&quot;:259}\">\u00a0<\/span><\/td>\n<\/tr>\n<tr aria-rowindex=\"9\">\n<td colspan=\"1\" rowspan=\"4\" data-celllook=\"0\"><b><span data-contrast=\"auto\">JULIOL<\/span><\/b><span data-ccp-props=\"{&quot;201341983&quot;:0,&quot;335559740&quot;:259}\">\u00a0<\/span><\/td>\n<td data-celllook=\"0\"><b><span data-contrast=\"auto\">4 de juliol<\/span><\/b><span data-ccp-props=\"{&quot;134233117&quot;:false,&quot;134233118&quot;:false,&quot;201341983&quot;:0,&quot;335551550&quot;:1,&quot;335551620&quot;:1,&quot;335559685&quot;:0,&quot;335559737&quot;:0,&quot;335559738&quot;:0,&quot;335559739&quot;:0,&quot;335559740&quot;:259}\">\u00a0<\/span><\/td>\n<td data-celllook=\"0\"><b><span data-contrast=\"auto\">Resoluci\u00f3 de la prematr\u00edcula. <\/span><\/b><span data-contrast=\"auto\">Publicaci\u00f3 a la web (optatives i lliure elecci\u00f3).\u00a0<\/span><span data-ccp-props=\"{&quot;201341983&quot;:0,&quot;335559740&quot;:259}\">\u00a0<\/span><\/td>\n<\/tr>\n<tr aria-rowindex=\"10\">\n<td data-celllook=\"0\"><b><span data-contrast=\"auto\">8 de juliol<\/span><\/b><span data-ccp-props=\"{&quot;201341983&quot;:0,&quot;335559740&quot;:259}\">\u00a0<\/span><\/td>\n<td data-celllook=\"0\"><b><span data-contrast=\"auto\">Resoluci\u00f3 de prematr\u00edcula pels que han demanat canvi d&#8217;instrument, de tutor o d&#8217;itinerari<\/span><\/b><span data-ccp-props=\"{&quot;201341983&quot;:0,&quot;335559740&quot;:259}\">\u00a0<\/span><\/td>\n<\/tr>\n<tr aria-rowindex=\"11\">\n<td data-celllook=\"0\"><b><span data-contrast=\"auto\">10-15 de juliol<\/span><\/b><span data-ccp-props=\"{&quot;201341983&quot;:0,&quot;335559740&quot;:259}\">\u00a0<\/span><\/td>\n<td data-celllook=\"0\"><b><span data-contrast=\"auto\">Confecci\u00f3 d\u2019horaris d\u2019instrument<\/span><\/b><span data-ccp-props=\"{&quot;201341983&quot;:0,&quot;335559740&quot;:259}\">\u00a0<\/span><\/td>\n<\/tr>\n<tr aria-rowindex=\"12\">\n<td data-celllook=\"0\"><b><span data-contrast=\"auto\">A partir del 15 de juliol<\/span><\/b><span data-ccp-props=\"{&quot;201341983&quot;:0,&quot;335559740&quot;:259}\">\u00a0<\/span><\/td>\n<td data-celllook=\"0\"><b><span data-contrast=\"auto\">Cobrament de matr\u00edcula<\/span><\/b><span data-ccp-props=\"{&quot;201341983&quot;:0,&quot;335559740&quot;:259}\">\u00a0<\/span><\/td>\n<\/tr>\n<\/tbody>\n<\/table>\n<hr \/>\n<h6>TRIA D&#8217;INSTRUMENT 1NE<\/h6>\n<p>Accediu al seg\u00fcent enlla\u00e7 per veure tota la informaci\u00f3 sobre la tria d&#8217;instrument de l&#8217;alumnat de 1NE.<\/p>\n<p><a href=\"https:\/\/agora.xtec.cat\/escmusicavic\/resultats-tria-dinstrument-1ne-2024-2025\/\">Tria d&#8217;instrument 1NE<\/a><\/p>\n<hr \/>\n<p>&nbsp;<\/p>\n","protected":false},"excerpt":{"rendered":"<p>Calendari de confirmaci\u00f3 de continu\u00eftat de l&#8217;alumnat actual de Nivell Elemental, Nivell Mitj\u00e0 i Conservatori:<\/p>\n<p>MAR\u00c7\u00a0<br \/>\nDel 16 al 31 mar\u00e7\u00a0<br \/>\nConfirmaci\u00f3 de continu\u00eftat pel curs 2024-2025 a trav\u00e9s de <a href=\"https:\/\/emvic.gwido.cat\/inici\">Gwido\u00a0<\/a>\u00a0<\/p>\n<p>MAIG\u00a0<br \/>\n31 de maig\u00a0<br \/>\nPublicaci\u00f3 de places d&#8217;instrument ofertades a 1r de NE<\/p>\n<p>JUNY\u00a0<br \/>\nDe l\u20191 al 15 de juny\u00a0<br \/>\nPrematr\u00edcula per&hellip;  <a href=\"https:\/\/agora.xtec.cat\/escmusicavic\/serveis\/confirmacio-de-continuitat-alumnes-actuals-2024-2025\/alumnat-actual-de-nivell-elemental-de-1r-a-6e-nivell-mitja-de-1r-a-6e-i-conservatori\/\" title=\"Read Alumnat actual de\u00a0Nivell Elemental (de 1r a 6\u00e8), Nivell Mitj\u00e0 (de 1r a 6\u00e8) i Conservatori\">Llegeix m\u00e9s\u00bb<\/a><\/p>\n","protected":false},"author":11,"featured_media":0,"parent":6466,"menu_order":0,"comment_status":"closed","ping_status":"closed","template":"","meta":{"_bbp_topic_count":0,"_bbp_reply_count":0,"_bbp_total_topic_count":0,"_bbp_total_reply_count":0,"_bbp_voice_count":0,"_bbp_anonymous_reply_count":0,"_bbp_topic_count_hidden":0,"_bbp_reply_count_hidden":0,"_bbp_forum_subforum_count":0,"footnotes":""},"class_list":["post-6475","page","type-page","status-publish","hentry"],"post_mailing_queue_ids":[],"_links":{"self":[{"href":"https:\/\/agora.xtec.cat\/escmusicavic\/wp-json\/wp\/v2\/pages\/6475","targetHints":{"allow":["GET"]}}],"collection":[{"href":"https:\/\/agora.xtec.cat\/escmusicavic\/wp-json\/wp\/v2\/pages"}],"about":[{"href":"https:\/\/agora.xtec.cat\/escmusicavic\/wp-json\/wp\/v2\/types\/page"}],"author":[{"embeddable":true,"href":"https:\/\/agora.xtec.cat\/escmusicavic\/wp-json\/wp\/v2\/users\/11"}],"replies":[{"embeddable":true,"href":"https:\/\/agora.xtec.cat\/escmusicavic\/wp-json\/wp\/v2\/comments?post=6475"}],"version-history":[{"count":6,"href":"https:\/\/agora.xtec.cat\/escmusicavic\/wp-json\/wp\/v2\/pages\/6475\/revisions"}],"predecessor-version":[{"id":6708,"href":"https:\/\/agora.xtec.cat\/escmusicavic\/wp-json\/wp\/v2\/pages\/6475\/revisions\/6708"}],"up":[{"embeddable":true,"href":"https:\/\/agora.xtec.cat\/escmusicavic\/wp-json\/wp\/v2\/pages\/6466"}],"wp:attachment":[{"href":"https:\/\/agora.xtec.cat\/escmusicavic\/wp-json\/wp\/v2\/media?parent=6475"}],"curies":[{"name":"wp","href":"https:\/\/api.w.org\/{rel}","templated":true}]}}