{"id":6450,"date":"2024-03-12T14:01:08","date_gmt":"2024-03-12T13:01:08","guid":{"rendered":"https:\/\/agora.xtec.cat\/escmusicavic\/?page_id=6450"},"modified":"2024-07-22T12:58:57","modified_gmt":"2024-07-22T10:58:57","slug":"preinscripcions-a-coneix-la-musica-i-i3","status":"publish","type":"page","link":"https:\/\/agora.xtec.cat\/escmusicavic\/preinscripcions-a-coneix-la-musica-i-i3\/","title":{"rendered":"Preinscripcions a CoNeix la M\u00fasica i i3 Curs 2024-2025"},"content":{"rendered":"<h6><strong>CALENDARI DE PREINSCRIPCI\u00d3 CURS 2024-2025<\/strong><\/h6>\n<p>Aquest calendari de preinscripci\u00f3 per a\u00a0<strong>TOTES les fam\u00edlies*<\/strong>\u00a0que es volen inscriure a\u00a0<strong>CoNeix la M\u00fasica<\/strong>\u00a0(nascuts al 2022, 2023 i 2024) i a I<strong>3<\/strong>\u00a0(nascuts al 2021):<\/p>\n<table data-tablestyle=\"MsoTableGrid\" data-tablelook=\"1696\" aria-rowcount=\"7\">\n<tbody>\n<tr aria-rowindex=\"1\">\n<td rowspan=\"4\" data-celllook=\"0\"><span data-ccp-props=\"{&quot;201341983&quot;:0,&quot;335559740&quot;:259}\">\u00a0<\/span><\/p>\n<p><span data-ccp-props=\"{&quot;201341983&quot;:0,&quot;335559740&quot;:259}\">\u00a0<\/span><\/p>\n<p><span data-ccp-props=\"{&quot;201341983&quot;:0,&quot;335559740&quot;:259}\">\u00a0<\/span><b><span data-contrast=\"auto\">JUNY<\/span><\/b><\/p>\n<p><span data-ccp-props=\"{&quot;201341983&quot;:0,&quot;335559740&quot;:259}\">\u00a0<\/span><\/td>\n<td data-celllook=\"0\"><b><span data-contrast=\"none\">Del 10\u00a0<\/span><\/b><b><span data-contrast=\"auto\">al 19 de juny<\/span><\/b><span data-ccp-props=\"{&quot;201341983&quot;:0,&quot;335559740&quot;:259}\">\u00a0<\/span><\/td>\n<td data-celllook=\"0\"><b><span data-contrast=\"auto\">Preinscripci\u00f3 a Coneix la M\u00fasica i a i3.<\/span><\/b><\/td>\n<\/tr>\n<tr aria-rowindex=\"2\">\n<td data-celllook=\"0\"><b><span data-contrast=\"auto\">Fins el 21 de juny<\/span><\/b><span data-ccp-props=\"{&quot;201341983&quot;:0,&quot;335559740&quot;:259}\">\u00a0<\/span><\/td>\n<td data-celllook=\"0\"><span data-contrast=\"none\">Enviament de la\u00a0<\/span><b><span data-contrast=\"none\">documentaci\u00f3 acreditativa dels criteris d\u2019acc\u00e9s per email a\u00a0<\/span><\/b><a><span data-contrast=\"none\">preinscripcions@emvic.cat<\/span><\/a><b><span data-contrast=\"none\">,\u00a0<\/span><\/b><span data-contrast=\"none\">si no l\u2019heu pogut enviar durant el per\u00edode de preinscripci\u00f3.\u00a0<\/span><b><span data-contrast=\"none\">Consulteu\u00a0<\/span><\/b><a href=\"https:\/\/agora.xtec.cat\/escmusicavic\/ofertaeducativa\/criteriss-dacces\/\"><span data-contrast=\"none\">aqu\u00ed<\/span><\/a><b><span data-contrast=\"none\">\u00a0la informaci\u00f3 dels criteris d\u2019acc\u00e9s.<\/span><\/b><span data-ccp-props=\"{&quot;201341983&quot;:0,&quot;335559740&quot;:259}\">\u00a0<\/span><\/td>\n<\/tr>\n<tr aria-rowindex=\"3\">\n<td data-celllook=\"0\"><b><span data-contrast=\"auto\">27 de juny<\/span><\/b><span data-ccp-props=\"{&quot;201341983&quot;:0,&quot;335559740&quot;:259}\">\u00a0<\/span><\/td>\n<td data-celllook=\"0\"><b><span data-contrast=\"auto\">Publicaci\u00f3 de llistes amb barems provisionals\u00a0<\/span><\/b><span data-contrast=\"auto\">(web\u00a0<\/span><a href=\"http:\/\/www.emvic.cat\/\"><span data-contrast=\"none\">www.emvic.cat<\/span><\/a><span data-contrast=\"auto\">, amb n\u00famero de sol\u00b7licitud)<\/span><span data-ccp-props=\"{&quot;201341983&quot;:0,&quot;335559740&quot;:259}\">\u00a0.<\/span><\/td>\n<\/tr>\n<tr aria-rowindex=\"4\">\n<td data-celllook=\"0\"><b><span data-contrast=\"auto\">Del 28 \u00a0de juny a l\u20191 de juliol<\/span><\/b><\/td>\n<td data-celllook=\"0\"><b><span data-contrast=\"auto\">Presentaci\u00f3 de reclamacions a la preinscripci\u00f3.\u00a0<\/span><\/b><\/td>\n<\/tr>\n<tr>\n<td rowspan=\"3\"><b><span data-contrast=\"auto\">JULIOL<\/span><\/b><span data-ccp-props=\"{&quot;201341983&quot;:0,&quot;335559740&quot;:259}\">\u00a0<\/span><\/td>\n<td><b><span data-contrast=\"auto\">3 de juliol<\/span><\/b><\/td>\n<td><b><span data-contrast=\"auto\">Publicaci\u00f3 de llistes amb barems definitius\u00a0<\/span><\/b>(web\u00a0<a href=\"http:\/\/www.emvic.cat\/\">www.emvic.cat<\/a>, amb n\u00famero de sol\u00b7licitud).<\/td>\n<\/tr>\n<tr>\n<td><b><span data-contrast=\"auto\">4 de juliol a les 12 h<\/span><\/b><\/td>\n<td><b><span data-contrast=\"auto\">Sorteig de desempat de punts en cas de ser necessari**\u00a0<\/span><\/b><\/td>\n<\/tr>\n<tr aria-rowindex=\"7\">\n<td data-celllook=\"0\"><strong>Del 8 al 15 de juliol<\/strong><\/td>\n<td data-celllook=\"0\"><b><span data-contrast=\"auto\">Resoluci\u00f3 de la preinscripci\u00f3<\/span><\/b><span data-contrast=\"auto\">\u00a0(web\u00a0<\/span><a href=\"http:\/\/www.emvic.cat\/\"><span data-contrast=\"none\">www.emvic.cat<\/span><\/a><span data-contrast=\"auto\">, amb n\u00famero de sol\u00b7licitud)<\/span>\u00a0<span data-contrast=\"auto\">i\u00a0<\/span><b><span data-contrast=\"auto\">Matr\u00edcula<\/span><\/b><span data-contrast=\"none\">.<\/span><span data-ccp-props=\"{&quot;201341983&quot;:0,&quot;335559740&quot;:259}\">\u00a0<\/span><\/td>\n<\/tr>\n<\/tbody>\n<\/table>\n<p><span class=\"TextRun SCXW20931944 BCX4\" lang=\"CA-ES\" xml:lang=\"CA-ES\" data-contrast=\"auto\"><span class=\"NormalTextRun SCXW20931944 BCX4\">*<\/span><\/span><span class=\"TextRun SCXW20931944 BCX4\" lang=\"CA-ES\" xml:lang=\"CA-ES\" data-contrast=\"auto\"><span class=\"NormalTextRun SCXW20931944 BCX4\">Tots e<\/span><\/span><span class=\"TextRun SCXW20931944 BCX4\" lang=\"CA-ES\" xml:lang=\"CA-ES\" data-contrast=\"auto\"><span class=\"NormalTextRun SCXW20931944 BCX4\">ls alumnes de\u00a0<\/span><\/span><span class=\"TextRun SCXW20931944 BCX4\" lang=\"CA-ES\" xml:lang=\"CA-ES\" data-contrast=\"auto\"><span class=\"SpellingError SCXW20931944 BCX4\">CoNeix<\/span><\/span><span class=\"TextRun SCXW20931944 BCX4\" lang=\"CA-ES\" xml:lang=\"CA-ES\" data-contrast=\"auto\"><span class=\"NormalTextRun SCXW20931944 BCX4\">\u00a0la M\u00fasica (I0, I1 i I2) han de seguir el proc\u00e9s de preinscripci\u00f3 com a nous alumnes,\u00a0<strong>encara que actualment ja siguin alumnes de\u00a0<\/strong><\/span><\/span><strong><span class=\"TextRun SCXW20931944 BCX4\" lang=\"CA-ES\" xml:lang=\"CA-ES\" data-contrast=\"auto\"><span class=\"SpellingError SCXW20931944 BCX4\">CoNEIX<\/span><\/span><\/strong><span class=\"TextRun SCXW20931944 BCX4\" lang=\"CA-ES\" xml:lang=\"CA-ES\" data-contrast=\"auto\"><span class=\"NormalTextRun SCXW20931944 BCX4\"><strong>\u00a0la M\u00fasica<\/strong>.<\/span><\/span><span class=\"EOP SCXW20931944 BCX4\" data-ccp-props=\"{&quot;201341983&quot;:0,&quot;335559739&quot;:160,&quot;335559740&quot;:259}\">\u00a0<\/span><\/p>\n<p>**<span class=\"NormalTextRun SCXW32729640 BCX4\">El\u00a0<strong>s<\/strong><\/span><span class=\"NormalTextRun SCXW32729640 BCX4\"><strong>orteig<\/strong>\u00a0servei<\/span><span class=\"NormalTextRun SCXW32729640 BCX4\">x<\/span><span class=\"NormalTextRun SCXW32729640 BCX4\">\u00a0per establir un ordre\u00a0<\/span><span class=\"NormalTextRun SCXW32729640 BCX4\">de prioritat\u00a0<\/span><span class=\"NormalTextRun SCXW32729640 BCX4\">dels inscrits que van a la mateixa escola d\u2019educaci\u00f3 infantil i han obtingut la mateixa puntuaci\u00f3 en els barems.\u00a0<\/span><span class=\"NormalTextRun SCXW32729640 BCX4\">Aquest ordre \u00e9s el que seguirem per assignar les places que quedin vacants una vegada cobertes\u00a0<\/span><span class=\"NormalTextRun SCXW32729640 BCX4\">les places ocupades pels nostres alumnes actuals. En el cas de\u00a0<strong>CoNeix la M\u00fasica<\/strong>\u00a0el sorteig es far\u00e0 segons llistat total de sol\u00b7licituds, independentment de l\u2019escola bressol a la que vagin, si hi van.<\/span><\/p>\n<p><span data-contrast=\"none\"><strong>IMPORTANT:<\/strong>\u00a0Els alumnes que aquest curs han estat matriculats a CoNeix la M\u00fasica tamb\u00e9 han d\u2019enviar la documentaci\u00f3 acreditativa per acreditar els barems abans del dia 21 de juny.<\/span><\/p>\n<hr \/>\n<h6>ACTUALITZACI\u00d3 DE LA LLISTA D&#8217;ESPERA DE PREINSCRIPCIONS A CONEIX LA M\u00daSICA FETES FINS 19 DE JULIOL \u00a0(DINS I FORA DE TERMINI &#8211; 22\/07\/2024)<\/h6>\n<p>Accediu al seg\u00fcent enlla\u00e7 per veure el llistat de preinscripcions de CoNeix la M\u00fasica que han obtingut pla\u00e7a:<\/p>\n<p><a href=\"https:\/\/agora.xtec.cat\/escmusicavic\/wp-content\/uploads\/usu1071\/2024\/07\/ACTUALITZACIO-LLISTA-DESPERA-CONEIX_20240722.pdf\"><span style=\"text-decoration: underline;\"><strong>Llista d&#8217;espera CoNeix la M\u00fasica*<\/strong><\/span><\/a><\/p>\n<p>*Tingueu en compte que les <strong>sol\u00b7licituds fetes dins de termini seran les que gestionarem primer<\/strong> en cas que tinguem alguna pla\u00e7a lliure, i per l&#8217;ordre que estan publicades. Les sol\u00b7licituds fetes<strong> fora de termini seran gestionades en funci\u00f3 de la data de sol\u00b7licitud.<\/strong><\/p>\n<hr \/>\n<h6>RESOLUCI\u00d3 DE PREINSCRIPCIOS DE CONEIX LA M\u00daSICA I I3 (8\/07\/2024)<\/h6>\n<p>Accediu al seg\u00fcent enlla\u00e7 per veure el llistat de preinscripcions de CoNeix la M\u00fasica que han obtingut pla\u00e7a:<\/p>\n<p><span style=\"text-decoration: underline;\"><a href=\"https:\/\/agora.xtec.cat\/escmusicavic\/wp-content\/uploads\/usu1071\/2024\/07\/RESOLUCIO-PREINSCRIPCIONS-CONEIX_CURS2024-2025.pdf\"><strong>Adjudicacio de places a Coneix la M\u00fasica\u00a0<\/strong><\/a><\/span><\/p>\n<div class=\"x_elementToProof\">Per veure les sol\u00b7licituds que han <b>obtingut pla\u00e7a<\/b>\u00a0i saber en <b>quin grup<\/b>\u00a0reviseu la <b><u>columna OFERTA<\/u><\/b>:<\/div>\n<ul data-editing-info=\"{&quot;orderedStyleType&quot;:1,&quot;unorderedStyleType&quot;:2}\">\n<li>\n<div class=\"x_elementToProof\">Si la casella est\u00e0 marcada en <span style=\"background-color: #ff99cc;\">ROSA<\/span>\u00a0heu obtingut pla\u00e7a al grup dels dilluns a les 16 h.*<\/div>\n<\/li>\n<li>\n<div class=\"x_elementToProof\">Si la casella est\u00e0 marcada en <span style=\"background-color: #ccffcc;\">VERD<\/span>\u00a0heu obtingut pla\u00e7a al grup dels dilluns a les 17 h.*<\/div>\n<\/li>\n<li>\n<div class=\"x_elementToProof\">Si la casella est\u00e0 marcada en <span style=\"background-color: #ffcc99;\">TARONJA<\/span>\u00a0heu obtingut pla\u00e7a al grup dels dilluns a les 18 h.*<\/div>\n<\/li>\n<li>\n<div class=\"x_elementToProof\">Si la casella segueix de color <span style=\"background-color: #d1d1d1;\">GRIS<\/span>\u00a0o BLANC no heu obtingut pla\u00e7a i quedeu en llista d&#8217;espera. En cas que hi hagi alguna pla\u00e7a disponible m\u00e9s endavant contactarem amb vosaltres.<\/div>\n<\/li>\n<\/ul>\n<p>Accediu al seg\u00fcent enlla\u00e7 per veure el llistat de preinscripcions de i3 que han obtingut pla\u00e7a:<\/p>\n<p><span style=\"text-decoration: underline;\"><a href=\"https:\/\/agora.xtec.cat\/escmusicavic\/wp-content\/uploads\/usu1071\/2024\/07\/RESOLUCIO-PREINSCRIPCIONS-I3_CURS2024-2025.pdf\"><strong>Adjudicaci\u00f3 de places i3<\/strong><\/a><\/span><\/p>\n<p class=\"x_contentpasted1\"><span lang=\"ES\"><strong>ATENCI\u00d3:<\/strong> Per saber si heu obtingut pla\u00e7a\u00a0<strong>observeu el color de la\u00a0<u>casella del vostre CODI ID<\/u><\/strong>:<\/span><\/p>\n<ul type=\"disc\">\n<li class=\"x_MsoNormal\"><span lang=\"ES\">Les sol\u00b7licituds que\u00a0<strong>obtenen pla\u00e7a\u00a0<\/strong>tenen el\u00a0<span class=\"x_contentpasted11\">CODI en <span style=\"background-color: #99cc00;\">verd<\/span><\/span><\/span><\/li>\n<\/ul>\n<p>Les sol\u00b7licituds que heu obtingut pla\u00e7a rebreu un correu en breu per informar-vos dels horaris adjudicats i tota la informaci\u00f3 per a fer la matr\u00edcula.<\/p>\n<hr \/>\n<h6>LLISTAT DE PREINSCRITS A CONEIX LA M\u00daSICA I i3 AMB ORDRE DEFINITIU DESPR\u00c9S DEL SORTEIG (04\/07\/2024)<\/h6>\n<p>Accediu als seg\u00fcents enlla\u00e7os per veure els llistats de preinscrits a Coneix la M\u00fasica i i3 ordenats despr\u00e9s del sorteig:<\/p>\n<p><a href=\"https:\/\/agora.xtec.cat\/escmusicavic\/wp-content\/uploads\/usu1071\/2024\/07\/LLISTAT-DEF.-PREINSCRITS-i3_4JUL_DESP.SORTEIG_CURS24-25_2.pdf\">Llistat amb ordre definitiu i3<\/a><\/p>\n<p><a href=\"https:\/\/agora.xtec.cat\/escmusicavic\/wp-content\/uploads\/usu1071\/2024\/07\/LLISTAT-DEF.-PREINSCRITS-CONEIX_4JUL_DESP.SORTEIG_CURS24-25.pdf\">Llistat amb ordre definitiu Coneix la M\u00fasica<\/a><\/p>\n<hr \/>\n<h6>LLISTAT DE PREINSCRITS A CONEIX LA M\u00daSICA I i3 AMB BAREMS DEFINITIUS \u00a0(3\/07\/2024)<\/h6>\n<p>Accediu als seg\u00fcents enlla\u00e7os per veure els llistats de preinscrits a Coneix la M\u00fasica i i3 (preinscripcions realitzades dins de termini &#8211; del 10 al 19 de juny):<\/p>\n<p><strong><a href=\"https:\/\/agora.xtec.cat\/escmusicavic\/wp-content\/uploads\/usu1071\/2024\/07\/LLISTAT-DEF.-PREINSCRITS-I3_3JUL_CURS24-25.pdf\">Llistat barems definitius i3<\/a><\/strong><\/p>\n<p><strong><a href=\"https:\/\/agora.xtec.cat\/escmusicavic\/wp-content\/uploads\/usu1071\/2024\/07\/LLISTAT-DEF.-PREINSCRITS-CONEIX_3JUL_CURS24-25.pdf\">Llistat barem definitius Coneix la M\u00fasica<\/a>\u00a0<\/strong><\/p>\n<p><strong>SORTEIG<\/strong><\/p>\n<p>Una vegada revisades les puntuacions definitives de les sol\u00b7licituds de preinscripci\u00f3 de <strong>Coneix la M\u00fasica i<\/strong> <b>i3<\/b>\u00a0hem vist que hi ha diversos casos d&#8217;inscripcions\u00a0amb empat de punts.<\/p>\n<p>Per tal d&#8217;establir l&#8217;ordre definitiu de puntuacions cal que fem un sorteig entre els alumnes que hagin obtingut la mateixa puntuaci\u00f3 i vagin a la mateixa escola (nom\u00e9s en el cas de i3). <b>Tingueu en compte que aquest sorteig\u00a0no\u00a0implica una adjudicaci\u00f3 de places, nom\u00e9s permetr\u00e0 determinar l&#8217;ordre definitiu\u00a0de les\u00a0preinscripcions.<\/b><\/p>\n<p><b>IMPORTANT: <\/b>Per veure si la vostra sol\u00b7licitud entra dins el sorteig, reviseu la columna &#8220;N\u00famero Sorteig&#8221;, si teniu assignat un n\u00famero a la vostra sol\u00b7licitud significa que entreu en el sorteig\u00a0per establir l&#8217;ordre definitiu.<\/p>\n<p><u>El sorteig tindr\u00e0 lloc avui dia 4 de juliol a les 12 h a l&#8217;EMVIC.<\/u><\/p>\n<div><strong>PLACES A I3 SEGONS LES ESCOLES:<\/strong><\/div>\n<div><a href=\"https:\/\/agora.xtec.cat\/escmusicavic\/wp-content\/uploads\/usu1071\/2024\/07\/Captura-de-pantalla-2024-07-04-a-les-8.13.59.png\"><img loading=\"lazy\" decoding=\"async\" class=\"wp-image-6738 alignleft\" src=\"https:\/\/agora.xtec.cat\/escmusicavic\/wp-content\/uploads\/usu1071\/2024\/07\/Captura-de-pantalla-2024-07-04-a-les-8.13.59-216x300.png\" alt=\"\" width=\"192\" height=\"267\" srcset=\"https:\/\/agora.xtec.cat\/escmusicavic\/wp-content\/uploads\/usu1071\/2024\/07\/Captura-de-pantalla-2024-07-04-a-les-8.13.59-216x300.png 216w, https:\/\/agora.xtec.cat\/escmusicavic\/wp-content\/uploads\/usu1071\/2024\/07\/Captura-de-pantalla-2024-07-04-a-les-8.13.59.png 472w\" sizes=\"auto, (max-width: 192px) 100vw, 192px\" \/><\/a><\/div>\n<div><\/div>\n<div><\/div>\n<div><\/div>\n<div><\/div>\n<div><\/div>\n<div><\/div>\n<div><\/div>\n<div><\/div>\n<div><\/div>\n<div><\/div>\n<div><\/div>\n<div><\/div>\n<div><\/div>\n<div><\/div>\n<div><\/div>\n<div><\/div>\n<hr \/>\n<h6><strong>LLISTAT DE PREINSCRITS A CONEIX LA M\u00daSICA I i3 AMB BAREMS PROVISIONALS (27\/06\/2024)<\/strong><\/h6>\n<p>Accediu als seg\u00fcents enlla\u00e7os per veure els llistats de preinscrits a Coneix la M\u00fasica i i3 (preinscripcions realitzades dins de termini).<\/p>\n<p><a href=\"https:\/\/agora.xtec.cat\/escmusicavic\/wp-content\/uploads\/usu1071\/2024\/06\/LLISTAT-PROVISIONAL-PREINSCRITS-I3_27JUNY_CURS24-25.pdf\"><strong>Llistat provisional i3<\/strong><\/a><\/p>\n<p><a href=\"https:\/\/agora.xtec.cat\/escmusicavic\/wp-content\/uploads\/usu1071\/2024\/06\/LLISTAT-PROVISIONAL-PREINSCRITS-CONEIX_27JUNY_CURS24-25.pdf\"><strong>Llistat provisional Coneix la M\u00fasica*<\/strong><\/a><\/p>\n<p>*Inscrits a Coneix la M\u00fasica (i0-i2): El llistat est\u00e0 publicat per ordre de puntuaci\u00f3 dels barems. Una vegada tinguem l&#8217;ordre definitiu (despr\u00e9s del sorteig en cas d&#8217;empats), s&#8217;assignaran els grups segons l&#8217;ordre de prioritat d&#8217;horari seleccionat per cada fam\u00edlia.<\/p>\n<p><span class=\"ContentPasted1\">En el cas que sigui necessari, per tal d\u2019<b class=\"ContentPasted1\">esmenar la puntuaci\u00f3<\/b>\u00a0cal que ompliu el seg\u00fcent\u00a0<\/span><b><a href=\"https:\/\/forms.office.com\/e\/sutSYDbaLg\">formulari<\/a>\u00a0<\/b><span class=\"ContentPasted1\">i envieu la\u00a0<b>documentaci\u00f3 acreditativa<\/b>\u00a0a\u00a0<a href=\"mailto:preinscripcions@emvic.cat\"><b>preinscripcions@emvic.cat<\/b><\/a>\u00a0fins el\u00a0<b class=\"ContentPasted1\">dilluns 1 de juliol<\/b>.<\/span><span class=\"ContentPasted1\">\u00a0<\/span><\/p>\n<hr \/>\n<table style=\"border-collapse: collapse; width: 0%; height: 60px;\">\n<tbody>\n<tr style=\"height: 49px;\">\n<td style=\"width: 100%; height: 49px; border-style: solid; border-color: #595757; background-color: #595757;\">\n<h4><strong><a href=\"https:\/\/emvic.gwido.cat\/inscripcio_ciutadana\/public\/dades_personals\/441?r=1\">Enlla\u00e7 a la preinscripci\u00f3 de I3<\/a><\/strong><\/h4>\n<\/td>\n<\/tr>\n<\/tbody>\n<\/table>\n<table style=\"border-collapse: collapse; width: 0%; height: 60px;\">\n<tbody>\n<tr>\n<td style=\"width: 100%; border-style: solid; border-color: #595757; background-color: #595757;\">\n<h4><strong><a href=\"https:\/\/emvic.gwido.cat\/inscripcio_ciutadana\/public\/dades_personals\/472?r=1\">Enlla\u00e7 a la preinscripci\u00f3 de Coneix la M\u00fasica<\/a><\/strong><\/h4>\n<\/td>\n<\/tr>\n<\/tbody>\n<\/table>\n<h5><\/h5>\n","protected":false},"excerpt":{"rendered":"<p>CALENDARI DE PREINSCRIPCI\u00d3 CURS 2024-2025<br \/>\nAquest calendari de preinscripci\u00f3 per a\u00a0TOTES les fam\u00edlies*\u00a0que es volen inscriure a\u00a0CoNeix la M\u00fasica\u00a0(nascuts al 2022, 2023 i 2024) i a I3\u00a0(nascuts al 2021):<\/p>\n<p>\u00a0<br \/>\n\u00a0<br \/>\n\u00a0JUNY<br \/>\n\u00a0<br \/>\nDel 10\u00a0al 19 de juny\u00a0<br \/>\nPreinscripci\u00f3 a Coneix la M\u00fasica i a i3.<\/p>\n<p>Fins el 21 de juny\u00a0<br \/>\nEnviament de la\u00a0documentaci\u00f3&hellip;  <a href=\"https:\/\/agora.xtec.cat\/escmusicavic\/preinscripcions-a-coneix-la-musica-i-i3\/\" title=\"Read Preinscripcions a CoNeix la M\u00fasica i i3 Curs 2024-2025\">Llegeix m\u00e9s\u00bb<\/a><\/p>\n","protected":false},"author":11,"featured_media":0,"parent":0,"menu_order":0,"comment_status":"closed","ping_status":"closed","template":"","meta":{"_bbp_topic_count":0,"_bbp_reply_count":0,"_bbp_total_topic_count":0,"_bbp_total_reply_count":0,"_bbp_voice_count":0,"_bbp_anonymous_reply_count":0,"_bbp_topic_count_hidden":0,"_bbp_reply_count_hidden":0,"_bbp_forum_subforum_count":0,"footnotes":""},"class_list":["post-6450","page","type-page","status-publish","hentry"],"post_mailing_queue_ids":[],"_links":{"self":[{"href":"https:\/\/agora.xtec.cat\/escmusicavic\/wp-json\/wp\/v2\/pages\/6450","targetHints":{"allow":["GET"]}}],"collection":[{"href":"https:\/\/agora.xtec.cat\/escmusicavic\/wp-json\/wp\/v2\/pages"}],"about":[{"href":"https:\/\/agora.xtec.cat\/escmusicavic\/wp-json\/wp\/v2\/types\/page"}],"author":[{"embeddable":true,"href":"https:\/\/agora.xtec.cat\/escmusicavic\/wp-json\/wp\/v2\/users\/11"}],"replies":[{"embeddable":true,"href":"https:\/\/agora.xtec.cat\/escmusicavic\/wp-json\/wp\/v2\/comments?post=6450"}],"version-history":[{"count":6,"href":"https:\/\/agora.xtec.cat\/escmusicavic\/wp-json\/wp\/v2\/pages\/6450\/revisions"}],"predecessor-version":[{"id":6801,"href":"https:\/\/agora.xtec.cat\/escmusicavic\/wp-json\/wp\/v2\/pages\/6450\/revisions\/6801"}],"wp:attachment":[{"href":"https:\/\/agora.xtec.cat\/escmusicavic\/wp-json\/wp\/v2\/media?parent=6450"}],"curies":[{"name":"wp","href":"https:\/\/api.w.org\/{rel}","templated":true}]}}