{"id":6408,"date":"2024-03-12T13:43:02","date_gmt":"2024-03-12T12:43:02","guid":{"rendered":"https:\/\/agora.xtec.cat\/escmusicavic\/?page_id=6408"},"modified":"2024-04-01T23:28:40","modified_gmt":"2024-04-01T21:28:40","slug":"preinscripcio-alumnes-nous-2024-2025","status":"publish","type":"page","link":"https:\/\/agora.xtec.cat\/escmusicavic\/serveis\/preinscripcio-alumnes-nous-2024-2025\/","title":{"rendered":"Preinscripci\u00f3 alumnes NOUS 2024-2025"},"content":{"rendered":"<p>Accediu al programa en el que esteu interessats per veure el\u00a0<strong>calendari de preinscripci\u00f3<\/strong>:<\/p>\n<ul>\n<li><a href=\"https:\/\/agora.xtec.cat\/escmusicavic\/?page_id=6410&amp;preview=true\"><strong>i4, i5, Nivell Elemental i Nivell Mitj\u00e0<\/strong><\/a>\u00a0(VIC)<\/li>\n<li><a href=\"https:\/\/agora.xtec.cat\/escmusicavic\/preinscripcions-a-coneix-la-musica-i-i3\/\"><strong>CoNeix la M\u00fas<\/strong><strong>ica<\/strong><strong>, i3*\u00a0<\/strong><\/a><\/li>\n<li><strong><a href=\"https:\/\/agora.xtec.cat\/escmusicavic\/preinscripcio-a-laula-dadults-2024-2025\/\">Aula d&#8217;Adults<\/a><\/strong><\/li>\n<li><strong><a href=\"https:\/\/agora.xtec.cat\/escmusicavic\/serveis\/preinscripcio-alumnes-nous-2024-2025\/calendari-de-preinscripcions-per-a-nous-alumnes-de-la-xarxa-emvic-i-e-m-tona\/\">Xarxa EMVIC:<\/a>\u00a0<\/strong>Aules de Arb\u00facies,\u00a0Calldetenes, Folgueroles, Sant Hilari, Sant Juli\u00e0 de Vilatorta, Santa Eug\u00e8nia de Berga, Viladrau i Escola de m\u00fasica de Tona.<\/li>\n<\/ul>\n<p><span class=\"TextRun SCXW135041024 BCX0\" lang=\"CA-ES\" xml:lang=\"CA-ES\" data-contrast=\"auto\"><span class=\"NormalTextRun SCXW135041024 BCX0\">*Els alumnes interessats en preinscriure\u2019s a\u00a0<\/span><\/span><strong><span class=\"TextRun SCXW135041024 BCX0\" lang=\"CA-ES\" xml:lang=\"CA-ES\" data-contrast=\"auto\"><span class=\"SpellingError SCXW135041024 BCX0\">CoNeix<\/span><\/span><span class=\"TextRun SCXW135041024 BCX0\" lang=\"CA-ES\" xml:lang=\"CA-ES\" data-contrast=\"auto\"><span class=\"NormalTextRun SCXW135041024 BCX0\">\u00a0la M\u00fasica: I0 <\/span><\/span><\/strong><span class=\"TextRun SCXW135041024 BCX0\" lang=\"CA-ES\" xml:lang=\"CA-ES\" data-contrast=\"auto\"><span class=\"NormalTextRun SCXW135041024 BCX0\">(any 2024)<\/span><\/span><strong><span class=\"TextRun SCXW135041024 BCX0\" lang=\"CA-ES\" xml:lang=\"CA-ES\" data-contrast=\"auto\"><span class=\"NormalTextRun SCXW135041024 BCX0\">, I<\/span><\/span><\/strong><span class=\"TextRun SCXW135041024 BCX0\" lang=\"CA-ES\" xml:lang=\"CA-ES\" data-contrast=\"auto\"><span class=\"NormalTextRun SCXW135041024 BCX0\"><strong>1<\/strong> (any 2023)<strong> i I2 <\/strong>(any 2022)\u00a0<\/span><\/span><span class=\"TextRun SCXW135041024 BCX0\" lang=\"CA-ES\" xml:lang=\"CA-ES\" data-contrast=\"auto\"><span class=\"NormalTextRun SCXW135041024 BCX0\">i els que volen preinscriure\u2019s a<strong>\u00a0I3<\/strong>\u00a0(any 2021) han de seguir el proc\u00e9s de preinscripci\u00f3 com a nous alumnes, encara que\u00a0<\/span><\/span><span class=\"TextRun SCXW135041024 BCX0\" lang=\"CA-ES\" xml:lang=\"CA-ES\" data-contrast=\"auto\"><span class=\"NormalTextRun SCXW135041024 BCX0\">actualment ja siguin<\/span><\/span><span class=\"TextRun SCXW135041024 BCX0\" lang=\"CA-ES\" xml:lang=\"CA-ES\" data-contrast=\"auto\"><span class=\"NormalTextRun SCXW135041024 BCX0\">\u00a0alumnes de\u00a0<\/span><\/span><span class=\"TextRun SCXW135041024 BCX0\" lang=\"CA-ES\" xml:lang=\"CA-ES\" data-contrast=\"auto\"><span class=\"SpellingError SCXW135041024 BCX0\">CoNEIX<\/span><\/span><span class=\"TextRun SCXW135041024 BCX0\" lang=\"CA-ES\" xml:lang=\"CA-ES\" data-contrast=\"auto\"><span class=\"NormalTextRun SCXW135041024 BCX0\">\u00a0la M\u00fasica.<\/span><\/span><span class=\"EOP SCXW135041024 BCX0\" data-ccp-props=\"{}\">\u00a0<\/span><\/p>\n","protected":false},"excerpt":{"rendered":"<p>Accediu al programa en el que esteu interessats per veure el\u00a0calendari de preinscripci\u00f3:<\/p>\n<ul>\n<li><a href=\"https:\/\/agora.xtec.cat\/escmusicavic\/?page_id=6410&amp;preview=true\">i4, i5, Nivell Elemental i Nivell Mitj\u00e0<\/a>\u00a0(VIC)<\/li>\n<li><a href=\"https:\/\/agora.xtec.cat\/escmusicavic\/preinscripcions-a-coneix-la-musica-i-i3\/\">CoNeix la M\u00fasica, i3*\u00a0<\/a><\/li>\n<li><a href=\"https:\/\/agora.xtec.cat\/escmusicavic\/preinscripcio-a-laula-dadults-2024-2025\/\">Aula d&#8217;Adults<\/a><\/li>\n<li><a href=\"https:\/\/agora.xtec.cat\/escmusicavic\/serveis\/preinscripcio-alumnes-nous-2024-2025\/calendari-de-preinscripcions-per-a-nous-alumnes-de-la-xarxa-emvic-i-e-m-tona\/\">Xarxa EMVIC:<\/a>\u00a0Aules de Arb\u00facies,\u00a0Calldetenes, Folgueroles, Sant Hilari, Sant Juli\u00e0 de Vilatorta, Santa Eug\u00e8nia de Berga, Viladrau i Escola de&hellip;  <a href=\"https:\/\/agora.xtec.cat\/escmusicavic\/serveis\/preinscripcio-alumnes-nous-2024-2025\/\" title=\"Read Preinscripci\u00f3 alumnes NOUS 2024-2025\">Llegeix m\u00e9s\u00bb<\/a><br \/>\n","protected":false},"author":11,"featured_media":0,"parent":63,"menu_order":0,"comment_status":"closed","ping_status":"closed","template":"","meta":{"_bbp_topic_count":0,"_bbp_reply_count":0,"_bbp_total_topic_count":0,"_bbp_total_reply_count":0,"_bbp_voice_count":0,"_bbp_anonymous_reply_count":0,"_bbp_topic_count_hidden":0,"_bbp_reply_count_hidden":0,"_bbp_forum_subforum_count":0,"footnotes":""},"class_list":["post-6408","page","type-page","status-publish","hentry"],"post_mailing_queue_ids":[],"_links":{"self":[{"href":"https:\/\/agora.xtec.cat\/escmusicavic\/wp-json\/wp\/v2\/pages\/6408","targetHints":{"allow":["GET"]}}],"collection":[{"href":"https:\/\/agora.xtec.cat\/escmusicavic\/wp-json\/wp\/v2\/pages"}],"about":[{"href":"https:\/\/agora.xtec.cat\/escmusicavic\/wp-json\/wp\/v2\/types\/page"}],"author":[{"embeddable":true,"href":"https:\/\/agora.xtec.cat\/escmusicavic\/wp-json\/wp\/v2\/users\/11"}],"replies":[{"embeddable":true,"href":"https:\/\/agora.xtec.cat\/escmusicavic\/wp-json\/wp\/v2\/comments?post=6408"}],"version-history":[{"count":6,"href":"https:\/\/agora.xtec.cat\/escmusicavic\/wp-json\/wp\/v2\/pages\/6408\/revisions"}],"predecessor-version":[{"id":6530,"href":"https:\/\/agora.xtec.cat\/escmusicavic\/wp-json\/wp\/v2\/pages\/6408\/revisions\/6530"}],"up":[{"embeddable":true,"href":"https:\/\/agora.xtec.cat\/escmusicavic\/wp-json\/wp\/v2\/pages\/63"}],"wp:attachment":[{"href":"https:\/\/agora.xtec.cat\/escmusicavic\/wp-json\/wp\/v2\/media?parent=6408"}],"curies":[{"name":"wp","href":"https:\/\/api.w.org\/{rel}","templated":true}]}}