{"id":5764,"date":"2023-03-08T13:13:13","date_gmt":"2023-03-08T12:13:13","guid":{"rendered":"https:\/\/agora.xtec.cat\/escmusicavic\/?page_id=5764"},"modified":"2023-07-06T14:45:37","modified_gmt":"2023-07-06T12:45:37","slug":"preinscripcions-coneix-la-musica-i-i3","status":"publish","type":"page","link":"https:\/\/agora.xtec.cat\/escmusicavic\/serveis\/preinscripcio-nous-alumnes-2023-2024\/preinscripcions-coneix-la-musica-i-i3\/","title":{"rendered":"Preinscripcions Coneix la M\u00fasica i I3"},"content":{"rendered":"<h4><strong>CALENDARI DE PREINSCRIPCI\u00d3 A CONEIX LA M\u00daSICA I I3<\/strong><\/h4>\n<p>Aquest calendari \u00e9s v\u00e0lid per a\u00a0<strong>TOTES les fam\u00edlies*<\/strong>\u00a0que es volen inscriure a\u00a0<strong>CoNeix la M\u00fasica<\/strong>\u00a0(nascuts al 2021, 2022 i 2023) i a I<strong>3<\/strong> (nascuts al 2020):<\/p>\n<table style=\"width: 70.14325682781008%; height: 266px;\" data-tablestyle=\"MsoTableGrid\" data-tablelook=\"1696\" aria-rowcount=\"7\">\n<tbody>\n<tr style=\"height: 33px;\" aria-rowindex=\"1\">\n<td style=\"width: 4.539800995024875%; height: 167px;\" rowspan=\"4\" data-celllook=\"0\"><span data-ccp-props=\"{&quot;201341983&quot;:0,&quot;335559740&quot;:259}\">\u00a0<\/span><\/p>\n<p><span data-ccp-props=\"{&quot;201341983&quot;:0,&quot;335559740&quot;:259}\">\u00a0<\/span><\/p>\n<p><span data-ccp-props=\"{&quot;201341983&quot;:0,&quot;335559740&quot;:259}\">\u00a0<\/span><b><span data-contrast=\"auto\">JUNY<\/span><\/b><\/p>\n<p><span data-ccp-props=\"{&quot;201341983&quot;:0,&quot;335559740&quot;:259}\">\u00a0<\/span><\/td>\n<td style=\"width: 14.450345269895829%; height: 33px;\" data-celllook=\"0\"><b><span data-contrast=\"none\">Del 12\u00a0<\/span><\/b><b><span data-contrast=\"auto\">al 20 de juny<\/span><\/b><span data-ccp-props=\"{&quot;201341983&quot;:0,&quot;335559740&quot;:259}\">\u00a0<\/span><\/td>\n<td style=\"width: 72.31007131343112%; height: 33px;\" data-celllook=\"0\"><b><span data-contrast=\"auto\">Preinscripci\u00f3 a Coneix la M\u00fasica<a href=\"https:\/\/emvic.gwido.cat\/inscripcio_ciutadana\/public\/dades_personals\/438\"> aqu\u00ed<\/a>.<\/span><\/b><\/p>\n<p><strong>Preinscripci\u00f3 a i3 <a href=\"https:\/\/emvic.gwido.cat\/inscripcio_ciutadana\/public\/dades_personals\/401\">aqu\u00ed<\/a>.<\/strong><\/td>\n<\/tr>\n<tr style=\"height: 49px;\" aria-rowindex=\"2\">\n<td style=\"width: 14.450345269895829%; height: 49px;\" data-celllook=\"0\"><b><span data-contrast=\"auto\">Fins el 22 de juny<\/span><\/b><span data-ccp-props=\"{&quot;201341983&quot;:0,&quot;335559740&quot;:259}\">\u00a0<\/span><\/td>\n<td style=\"width: 72.31007131343112%; height: 49px;\" data-celllook=\"0\"><span data-contrast=\"none\">Enviament de la <\/span><b><span data-contrast=\"none\">documentaci\u00f3 acreditativa dels criteris d\u2019acc\u00e9s per email a <\/span><\/b><a href=\"mailto:secretaria@emvic.cat\"><span data-contrast=\"none\">preinscripcions@emvic.cat<\/span><\/a><b><span data-contrast=\"none\">, <\/span><\/b><span data-contrast=\"none\">si no l\u2019heu pogut enviar durant el per\u00edode de preinscripci\u00f3. <\/span><b><span data-contrast=\"none\">Consulteu <\/span><\/b><a href=\"https:\/\/agora.xtec.cat\/escmusicavic\/ofertaeducativa\/criteriss-dacces\/\"><span data-contrast=\"none\">aqu\u00ed<\/span><\/a><b><span data-contrast=\"none\"> la informaci\u00f3 dels criteris d\u2019acc\u00e9s.<\/span><\/b><span data-ccp-props=\"{&quot;201341983&quot;:0,&quot;335559740&quot;:259}\">\u00a0<\/span><\/td>\n<\/tr>\n<tr style=\"height: 33px;\" aria-rowindex=\"3\">\n<td style=\"width: 14.450345269895829%; height: 33px;\" data-celllook=\"0\"><b><span data-contrast=\"auto\">28 de juny<\/span><\/b><span data-ccp-props=\"{&quot;201341983&quot;:0,&quot;335559740&quot;:259}\">\u00a0<\/span><\/td>\n<td style=\"width: 72.31007131343112%; height: 33px;\" data-celllook=\"0\"><b><span data-contrast=\"auto\">Publicaci\u00f3 de llistes amb barem provisional <\/span><\/b><span data-contrast=\"auto\">(web <\/span><a href=\"http:\/\/www.emvic.cat\/\"><span data-contrast=\"none\">www.emvic.cat<\/span><\/a><span data-contrast=\"auto\">, amb n\u00famero de sol\u00b7licitud)<\/span><span data-ccp-props=\"{&quot;201341983&quot;:0,&quot;335559740&quot;:259}\">\u00a0.<\/span><\/td>\n<\/tr>\n<tr style=\"height: 52px;\" aria-rowindex=\"4\">\n<td style=\"width: 14.450345269895829%; height: 52px;\" data-celllook=\"0\"><b><span data-contrast=\"auto\">Del 29 \u00a0de juny a l&#8217;1 de juliol<\/span><\/b><\/td>\n<td style=\"width: 72.31007131343112%; height: 52px;\" data-celllook=\"0\"><b><span data-contrast=\"auto\">Presentaci\u00f3 de reclamacions a la preinscripci\u00f3.\u00a0<\/span><\/b><\/td>\n<\/tr>\n<tr style=\"height: 33px;\">\n<td style=\"width: 4.539800995024875%; height: 99px;\" rowspan=\"3\"><b><span data-contrast=\"auto\">JULIOL<\/span><\/b><span data-ccp-props=\"{&quot;201341983&quot;:0,&quot;335559740&quot;:259}\">\u00a0<\/span><\/td>\n<td style=\"width: 14.450345269895829%; height: 33px;\"><b><span data-contrast=\"auto\">3 de juliol<\/span><\/b><\/td>\n<td style=\"width: 72.31007131343112%; height: 33px;\"><b><span data-contrast=\"auto\">Publicaci\u00f3 de llistes amb barem definitiu <\/span><\/b>(web <a href=\"http:\/\/www.emvic.cat\/\">www.emvic.cat<\/a>, amb n\u00famero de sol\u00b7licitud).<\/td>\n<\/tr>\n<tr style=\"height: 33px;\">\n<td style=\"width: 14.450345269895829%; height: 33px;\"><b><span data-contrast=\"auto\">4 de juliol a les 13 h<\/span><\/b><\/td>\n<td style=\"width: 72.31007131343112%; height: 33px;\"><b><span data-contrast=\"auto\">Sorteig de desempat de punts en cas de ser necessari**\u00a0<\/span><\/b><\/td>\n<\/tr>\n<tr style=\"height: 33px;\" aria-rowindex=\"7\">\n<td style=\"width: 14.450345269895829%; height: 33px;\" data-celllook=\"0\"><strong>Del 6 al 13 de juliol<\/strong><\/td>\n<td style=\"width: 72.31007131343112%; height: 33px;\" data-celllook=\"0\"><b><span data-contrast=\"auto\">Resoluci\u00f3 de la preinscripci\u00f3<\/span><\/b><span data-contrast=\"auto\"> (web <\/span><a href=\"http:\/\/www.emvic.cat\/\"><span data-contrast=\"none\">www.emvic.cat<\/span><\/a><span data-contrast=\"auto\">, amb n\u00famero de sol\u00b7licitud)<\/span> <span data-contrast=\"auto\">i <\/span><b><span data-contrast=\"auto\">Matr\u00edcula<\/span><\/b><span data-contrast=\"none\">.<\/span><span data-ccp-props=\"{&quot;201341983&quot;:0,&quot;335559740&quot;:259}\">\u00a0<\/span><\/td>\n<\/tr>\n<\/tbody>\n<\/table>\n<p><span class=\"TextRun SCXW20931944 BCX4\" lang=\"CA-ES\" xml:lang=\"CA-ES\" data-contrast=\"auto\"><span class=\"NormalTextRun SCXW20931944 BCX4\">*<\/span><\/span><span class=\"TextRun SCXW20931944 BCX4\" lang=\"CA-ES\" xml:lang=\"CA-ES\" data-contrast=\"auto\"><span class=\"NormalTextRun SCXW20931944 BCX4\">Tots e<\/span><\/span><span class=\"TextRun SCXW20931944 BCX4\" lang=\"CA-ES\" xml:lang=\"CA-ES\" data-contrast=\"auto\"><span class=\"NormalTextRun SCXW20931944 BCX4\">ls alumnes de <\/span><\/span><span class=\"TextRun SCXW20931944 BCX4\" lang=\"CA-ES\" xml:lang=\"CA-ES\" data-contrast=\"auto\"><span class=\"SpellingError SCXW20931944 BCX4\">CoNeix<\/span><\/span><span class=\"TextRun SCXW20931944 BCX4\" lang=\"CA-ES\" xml:lang=\"CA-ES\" data-contrast=\"auto\"><span class=\"NormalTextRun SCXW20931944 BCX4\"> la M\u00fasica (I0, I1 i I2) han de seguir el proc\u00e9s de preinscripci\u00f3 com a nous alumnes, <strong>encara que actualment ja siguin alumnes de <\/strong><\/span><\/span><strong><span class=\"TextRun SCXW20931944 BCX4\" lang=\"CA-ES\" xml:lang=\"CA-ES\" data-contrast=\"auto\"><span class=\"SpellingError SCXW20931944 BCX4\">CoNEIX<\/span><\/span><\/strong><span class=\"TextRun SCXW20931944 BCX4\" lang=\"CA-ES\" xml:lang=\"CA-ES\" data-contrast=\"auto\"><span class=\"NormalTextRun SCXW20931944 BCX4\"><strong> la M\u00fasica<\/strong>.<\/span><\/span><span class=\"EOP SCXW20931944 BCX4\" data-ccp-props=\"{&quot;201341983&quot;:0,&quot;335559739&quot;:160,&quot;335559740&quot;:259}\">\u00a0<\/span><\/p>\n<p>**<span class=\"NormalTextRun SCXW32729640 BCX4\">El <strong>s<\/strong><\/span><span class=\"NormalTextRun SCXW32729640 BCX4\"><strong>orteig<\/strong> servei<\/span><span class=\"NormalTextRun SCXW32729640 BCX4\">x<\/span><span class=\"NormalTextRun SCXW32729640 BCX4\"> per establir un ordre <\/span><span class=\"NormalTextRun SCXW32729640 BCX4\">de prioritat <\/span><span class=\"NormalTextRun SCXW32729640 BCX4\">dels inscrits que van a la mateixa escola d&#8217;educaci\u00f3 infantil i han obtingut la mateixa puntuaci\u00f3 en els barems. <\/span><span class=\"NormalTextRun SCXW32729640 BCX4\">Aquest ordre \u00e9s el que seguirem per assignar les places que quedin vacants una vegada cobertes <\/span><span class=\"NormalTextRun SCXW32729640 BCX4\">les places ocupades pels nostres alumnes actuals. En el cas de <strong>CoNeix la M\u00fasica<\/strong> el sorteig es far\u00e0 segons llistat total de sol\u00b7licituds, independentment de l&#8217;escola bressol a la que vagin, si hi van.<\/span><\/p>\n<p><span data-contrast=\"none\"><strong>IMPORTANT:<\/strong> Els alumnes que aquest curs han estat matriculats a CoNeix la M\u00fasica tamb\u00e9 han d&#8217;enviar la documentaci\u00f3 acreditativa per acreditar els barems abans del dia 23 de juny.<\/span><\/p>\n<hr \/>\n<h6>RESULTAT DEL SORTEIG I RESOLUCI\u00d3 DE PREINSCRIPCIOS DE CONEIX LA M\u00daSICA (6\/07\/2023)<\/h6>\n<p>Accediu al seg\u00fcent enlla\u00e7 per veure el llistat de preinscripcions de Coneix la M\u00fasica que han obtingut pla\u00e7a:<\/p>\n<p><a href=\"https:\/\/agora.xtec.cat\/escmusicavic\/wp-content\/uploads\/usu1071\/2023\/07\/PREINSCRIPCIO-CONEIX-2023_2024_SORTEIG-I-ADJUDICACIO-PLACES.pdf\">Adjudicaci\u00f3 de places Coneix la M\u00fasica<\/a> (i1 i i2)<\/p>\n<p class=\"x_contentpasted1\"><span lang=\"ES\"><strong>ATENCI\u00d3:<\/strong> Per saber si heu obtingut pla\u00e7a\u00a0<strong>observeu el color de la\u00a0<u>casella del vostre CODI ID<\/u><\/strong>:<\/span><\/p>\n<ul type=\"disc\">\n<li class=\"x_MsoNormal\"><span lang=\"ES\">Les sol\u00b7licituds que\u00a0<strong>obtenen pla\u00e7a\u00a0<\/strong>tenen el\u00a0<span class=\"x_contentpasted11\">CODI en <span style=\"background-color: #00ff00;\">verd<\/span><\/span><\/span><\/li>\n<li class=\"x_MsoNormal\"><span lang=\"ES\">Les sol\u00b7licituds que no obtenen pla\u00e7a i queden en\u00a0<strong>llista d\u2019espera\u00a0<\/strong>tenen el\u00a0<span class=\"x_contentpasted11\">CODI en <span style=\"background-color: #ffcc00;\">groc<\/span><\/span><\/span><\/li>\n<\/ul>\n<hr \/>\n<h6>LLISTAT DE PREINSCRITS A CONEIX LA M\u00daSICA I i3 AMB BAREMS DEFINITIUS (3\/07\/2023)<\/h6>\n<p>Accediu als seg\u00fcents enlla\u00e7os per veure els llistats de preinscrits a Coneix la M\u00fasica i i3 (preinscripcions realitzades dins de termini):<\/p>\n<p><a href=\"https:\/\/agora.xtec.cat\/escmusicavic\/wp-content\/uploads\/usu1071\/2023\/07\/PREINSCRIPCIO-CONEIX-LA-MUSICA-LLISTAT-BAREMS-DEFINITIUS-3JUL-2023-2024-20230621.xlsx.pdf\"><strong>Llistat AMB BAREMS DEFINITIUS Coneix la M\u00fasica*<\/strong><\/a><\/p>\n<p>*Dem\u00e0 dia 4 de juliol a les 13 h farem el sorteig de les sol\u00b7licituds empatades a punts de Coneix la M\u00fasica. El sorteig es realitzar\u00e0 amb la pres\u00e8ncia d&#8217;un membre de l&#8217;AMPA de l&#8217;EMVIC. Aquest sorteix serveix \u00fanicament per ordenar les sol\u00b7licituds empatades en puntuaci\u00f3.<\/p>\n<p>El proper <strong>dia 6 de juliol publicarem a la web la resoluci\u00f3 de les preinscripcions de Coneix la m\u00fasica, i les fam\u00edlies que hagin obtingut pla\u00e7a rebran un correu amb tota la informaci\u00f3 per a fer la matr\u00edcula (fins el 13 de juliol).\u00a0<\/strong><\/p>\n<p><a href=\"https:\/\/agora.xtec.cat\/escmusicavic\/wp-content\/uploads\/usu1071\/2023\/07\/PREINSCRIPCIO_LLISTAT-BAREMS-DEFINITIUS-3JUL23-i3-2023-2024-DINS-TERMINI-20230621.xlsx.pdf\"><strong>Llistat AMB BAREMS DEFINITIU I ADJUDICACI\u00d3 DE PLACES i3<\/strong><\/a><\/p>\n<p><b class=\"ContentPasted1\">Totes les sol\u00b7licituds fetes dins de termini de i3 obtenen pla\u00e7a.<\/b>\u00a0En breu rebreu un correu per informar-vos de com realitzar la matr\u00edcula.<\/p>\n<hr \/>\n<h6>LLISTAT DE PREINSCRITS A CONEIX LA M\u00daSICA I i3 AMB BAREMS PROVISIONALS (28\/06\/2023)<\/h6>\n<p>Accediu als seg\u00fcents enlla\u00e7os per veure els llistats de preinscrits a Coneix la M\u00fasica i i3 (preinscripcions realitzades dins de termini).<\/p>\n<p><strong><a href=\"https:\/\/agora.xtec.cat\/escmusicavic\/wp-content\/uploads\/usu1071\/2023\/06\/PREINSCRIPCIO-CONEIX-LA-MUSICA-2023-2024-20230621.xlsx.pdf\">Llistat provisional Coneix la M\u00fasica<\/a><\/strong><\/p>\n<p><strong><a href=\"https:\/\/agora.xtec.cat\/escmusicavic\/wp-content\/uploads\/usu1071\/2023\/06\/PREINSCRIPCIO-i3-2023-2024-DINS-TERMINI-20230621.xlsx.pdf\">Llistat provisional i3*<\/a><\/strong><\/p>\n<p><span class=\"ContentPasted1\">En el cas que sigui necessari, per tal d&#8217;<b class=\"ContentPasted1\">esmenar la puntuaci\u00f3<\/b>\u00a0cal que ompliu el seg\u00fcent\u00a0<\/span><b><a id=\"LPlnk958416\" title=\"https:\/\/forms.office.com\/Pages\/ResponsePage.aspx?id=pzjJll4sq0uqIBsLhd-bQZYd1nL5fFNAhtF1fCC8u3pUN1JZVzVIMUxGQ0dRQlpKNEQ3U0I2VFBEUS4u\" href=\"https:\/\/forms.office.com\/Pages\/ResponsePage.aspx?id=pzjJll4sq0uqIBsLhd-bQZYd1nL5fFNAhtF1fCC8u3pUN1JZVzVIMUxGQ0dRQlpKNEQ3U0I2VFBEUS4u\" data-loopstyle=\"linkonly\">formulari\u00a0<\/a><\/b><span class=\"ContentPasted1\">i envieu la\u00a0<b>documentaci\u00f3 acreditativa<\/b>\u00a0a\u00a0<a href=\"mailto:preinscripcions@emvic.cat\"><b>preinscripcions@emvic.cat<\/b><\/a>\u00a0fins el\u00a0<b class=\"ContentPasted1\">dissabte 1 de juliol<\/b>.<\/span><span class=\"ContentPasted1\">\u00a0<\/span><\/p>\n<p>*Les sol\u00b7licituds de i3 no estan ordenades segons els punts ni les escoles perqu\u00e8 ens falten les escoles d&#8217;infantil de i3 de diversos infants. Si teniu la casella &#8220;ESCOLA&#8221; marcada en groc, contacteu amb nosaltres per informar-nos de l&#8217;escola que anir\u00e0 el vostre infant el curs vinent. Al llistat de barems definitius ja sortir\u00e0 amb l&#8217;ordre correcte segons l&#8217;escola i la puntuaci\u00f3.<\/p>\n<hr \/>\n<p>&nbsp;<\/p>\n","protected":false},"excerpt":{"rendered":"<p>CALENDARI DE PREINSCRIPCI\u00d3 A CONEIX LA M\u00daSICA I I3<br \/>\nAquest calendari \u00e9s v\u00e0lid per a\u00a0TOTES les fam\u00edlies*\u00a0que es volen inscriure a\u00a0CoNeix la M\u00fasica\u00a0(nascuts al 2021, 2022 i 2023) i a I3 (nascuts al 2020):<\/p>\n<p>\u00a0<br \/>\n\u00a0<br \/>\n\u00a0JUNY<br \/>\n\u00a0<br \/>\nDel 12\u00a0al 20 de juny\u00a0<br \/>\nPreinscripci\u00f3 a Coneix la M\u00fasica<a href=\"https:\/\/emvic.gwido.cat\/inscripcio_ciutadana\/public\/dades_personals\/438\"> aqu\u00ed<\/a>.<br \/>\nPreinscripci\u00f3 a i3&hellip;  <a href=\"https:\/\/agora.xtec.cat\/escmusicavic\/serveis\/preinscripcio-nous-alumnes-2023-2024\/preinscripcions-coneix-la-musica-i-i3\/\" title=\"Read Preinscripcions Coneix la M\u00fasica i I3\">Llegeix m\u00e9s\u00bb<\/a><\/p>\n","protected":false},"author":11,"featured_media":0,"parent":5649,"menu_order":0,"comment_status":"closed","ping_status":"closed","template":"","meta":{"_bbp_topic_count":0,"_bbp_reply_count":0,"_bbp_total_topic_count":0,"_bbp_total_reply_count":0,"_bbp_voice_count":0,"_bbp_anonymous_reply_count":0,"_bbp_topic_count_hidden":0,"_bbp_reply_count_hidden":0,"_bbp_forum_subforum_count":0,"footnotes":""},"class_list":["post-5764","page","type-page","status-publish","hentry"],"post_mailing_queue_ids":[],"_links":{"self":[{"href":"https:\/\/agora.xtec.cat\/escmusicavic\/wp-json\/wp\/v2\/pages\/5764","targetHints":{"allow":["GET"]}}],"collection":[{"href":"https:\/\/agora.xtec.cat\/escmusicavic\/wp-json\/wp\/v2\/pages"}],"about":[{"href":"https:\/\/agora.xtec.cat\/escmusicavic\/wp-json\/wp\/v2\/types\/page"}],"author":[{"embeddable":true,"href":"https:\/\/agora.xtec.cat\/escmusicavic\/wp-json\/wp\/v2\/users\/11"}],"replies":[{"embeddable":true,"href":"https:\/\/agora.xtec.cat\/escmusicavic\/wp-json\/wp\/v2\/comments?post=5764"}],"version-history":[{"count":3,"href":"https:\/\/agora.xtec.cat\/escmusicavic\/wp-json\/wp\/v2\/pages\/5764\/revisions"}],"predecessor-version":[{"id":6137,"href":"https:\/\/agora.xtec.cat\/escmusicavic\/wp-json\/wp\/v2\/pages\/5764\/revisions\/6137"}],"up":[{"embeddable":true,"href":"https:\/\/agora.xtec.cat\/escmusicavic\/wp-json\/wp\/v2\/pages\/5649"}],"wp:attachment":[{"href":"https:\/\/agora.xtec.cat\/escmusicavic\/wp-json\/wp\/v2\/media?parent=5764"}],"curies":[{"name":"wp","href":"https:\/\/api.w.org\/{rel}","templated":true}]}}