{"id":3812,"date":"2021-03-12T12:40:55","date_gmt":"2021-03-12T11:40:55","guid":{"rendered":"http:\/\/agora.xtec.cat\/escmusicavic\/?page_id=3812"},"modified":"2024-04-19T14:16:37","modified_gmt":"2024-04-19T12:16:37","slug":"p4-p5-nivell-elemental-i-nivell-mitja","status":"publish","type":"page","link":"https:\/\/agora.xtec.cat\/escmusicavic\/p4-p5-nivell-elemental-i-nivell-mitja\/","title":{"rendered":"P4, P5, Nivell Elemental i Nivell Mitj\u00e0"},"content":{"rendered":"<p><strong>CALENDARI DE PREINSCRIPCI\u00d3<\/strong><\/p>\n<p>Aquest calendari \u00e9s v\u00e0lid per als\u00a0<strong>NOUS alumnes<\/strong>\u00a0que es volen inscriure a\u00a0<strong>P4, P5\u00a0<\/strong>(nascuts al 2018 i 2017 respectivament) i els cicles de\u00a0<strong>Nivell Elemental (NE)<\/strong>\u00a0i<strong>\u00a0Nivell Mitj\u00e0 (NM)<\/strong>:<\/p>\n<table style=\"width: 78.62040788415756%; height: 568px;\" data-tablestyle=\"MsoTableGrid\" data-tablelook=\"1184\" aria-rowcount=\"11\">\n<tbody>\n<tr style=\"height: 175px;\" aria-rowindex=\"1\">\n<td style=\"width: 4.112802451772676%; height: 208px;\" rowspan=\"2\" data-celllook=\"0\"><b><span data-contrast=\"auto\">MAR\u00c7<\/span><\/b><span data-ccp-props=\"{&quot;201341983&quot;:0,&quot;335559740&quot;:259}\">\u00a0<\/span><\/p>\n<p><span data-ccp-props=\"{&quot;201341983&quot;:0,&quot;335559740&quot;:259}\">\u00a0<\/span><\/td>\n<td style=\"width: 12.546841277611113%; height: 175px;\" data-celllook=\"0\"><b><span data-contrast=\"auto\">12 de mar\u00e7<\/span><\/b><span data-ccp-props=\"{&quot;201341983&quot;:0,&quot;335559740&quot;:259}\">\u00a0<\/span><\/p>\n<p><b><span data-contrast=\"none\">de 10 a 14 h<\/span><\/b><span data-ccp-props=\"{&quot;201341983&quot;:0,&quot;335559740&quot;:259}\">\u00a0<\/span><\/td>\n<td style=\"width: 90.36691506549245%; height: 175px;\" data-celllook=\"0\"><b><span data-contrast=\"auto\">Jornada de Portes Obertes: tallers, presentacions, classes obertes, etc.\u00a0<\/span><\/b><\/p>\n<ul>\n<li><span data-ccp-props=\"{&quot;201341983&quot;:0,&quot;335559740&quot;:259}\"><strong>Tallers de Sensibilitzaci\u00f3<\/strong> (Nens que faran P3,P4 o P5). Inscripcions \ud83d\udc49\ud83c\udffb\u00a0https:\/\/bit.ly\/3C28nCT\u00a0Gratu\u00eft amb places limitades!<\/span><\/li>\n<li><span data-ccp-props=\"{&quot;201341983&quot;:0,&quot;335559740&quot;:259}\"><strong>Tallers de Dimensions<\/strong> (Nens que faran 1r,2n o 3r de Prim\u00e0ria). Inscripcions \ud83d\udc49\ud83c\udffb\u00a0https:\/\/bit.ly\/3hvrziI\u00a0Gratu\u00eft amb places limitades!<\/span><\/li>\n<\/ul>\n<p>Si necessites concretar una reuni\u00f3 personalitzada amb l&#8217;equip directiu per un altre dia, envia un correu electr\u00f2nic a<strong> <a href=\"mailto:recepcio@emvic.cat\">recepcio@emvic.cat<\/a><\/strong><\/td>\n<\/tr>\n<tr style=\"height: 33px;\" aria-rowindex=\"2\">\n<td style=\"width: 12.546841277611113%; height: 33px;\" data-celllook=\"0\"><b><span data-contrast=\"auto\">Del 12 al 31 de mar\u00e7<\/span><\/b><span data-ccp-props=\"{&quot;201341983&quot;:0,&quot;335559740&quot;:259}\">\u00a0<\/span><\/td>\n<td style=\"width: 90.36691506549245%; height: 33px;\" data-celllook=\"0\"><b><span data-contrast=\"auto\">Per\u00edode de preinscripci\u00f3 a la web <\/span><\/b><a href=\"https:\/\/emvic.gwido.cat\/inscripcio_ciutadana\/public\/dades_personals\/367?r=1\"><b><span data-contrast=\"none\">www.emvic.cat<\/span><\/b><\/a><b><span data-contrast=\"auto\">. Cal enviar documentaci\u00f3 acreditativa dels criteris d&#8217;acc\u00e9s a <\/span><\/b><strong><a href=\"mailto:secretaria@emvic.cat\">secretaria@emvic.cat\u00a0<\/a>(fins el 6 d&#8217;abril).<\/strong><\/td>\n<\/tr>\n<tr style=\"height: 96px;\" aria-rowindex=\"3\">\n<td style=\"width: 4.112802451772676%; height: 228px;\" rowspan=\"6\" data-celllook=\"0\"><b><span data-contrast=\"auto\">ABRIL<\/span><\/b><span data-ccp-props=\"{&quot;201341983&quot;:0,&quot;335559740&quot;:259}\">\u00a0<\/span><\/td>\n<td style=\"width: 12.546841277611113%; height: 96px;\" data-celllook=\"0\"><b><span data-contrast=\"auto\">Fins el 6 d\u2019abril<\/span><\/b><span data-ccp-props=\"{&quot;201341983&quot;:0,&quot;335559740&quot;:259}\">\u00a0<\/span><\/td>\n<td style=\"width: 90.36691506549245%; height: 96px;\" data-celllook=\"0\"><b><span data-contrast=\"none\">Enviament\u00a0 de la documentaci\u00f3 acreditativa dels criteris d\u2019acc\u00e9s per email a <\/span><\/b><strong><a href=\"mailto:secretaria@emvic.cat\">secretaria@emvic.cat<\/a><\/strong><b><span data-contrast=\"none\">, si no l\u2019heu pogut enviar durant el per\u00edode de preinscripci\u00f3. Consulteu <\/span><\/b><strong><a href=\"https:\/\/agora.xtec.cat\/escmusicavic\/ofertaeducativa\/criteriss-dacces\/\">aqu\u00ed<\/a><\/strong><b><span data-contrast=\"none\"> la informaci\u00f3 dels criteris d\u2019acc\u00e9s.<\/span><\/b><span data-ccp-props=\"{&quot;201341983&quot;:0,&quot;335559740&quot;:259}\">\u00a0<\/span><\/td>\n<\/tr>\n<tr>\n<td style=\"width: 12.546841277611113%;\"><b><span data-contrast=\"auto\"><strong>A partir del 7 d&#8217;abril<\/strong><\/span><\/b><\/td>\n<td style=\"width: 90.36691506549245%;\"><b><span data-contrast=\"auto\"><strong>Inscripcions fora de termini (es gestionaran una vegada ateses les sol\u00b7licituds dins de termini).<\/strong><\/span><\/b><\/td>\n<\/tr>\n<tr style=\"height: 33px;\" aria-rowindex=\"4\">\n<td style=\"width: 12.546841277611113%; height: 33px;\" data-celllook=\"0\"><b><span data-contrast=\"auto\">19 d\u2019abril<\/span><\/b><span data-ccp-props=\"{&quot;201341983&quot;:0,&quot;335559740&quot;:259}\">\u00a0<\/span><\/td>\n<td style=\"width: 90.36691506549245%; height: 33px;\" data-celllook=\"0\"><b><span data-contrast=\"auto\">Publicaci\u00f3 de llistes amb barem provisional de les inscripcions fetes dins de termini\u00a0<\/span><\/b><span data-contrast=\"auto\">(web <\/span><strong><a href=\"http:\/\/www.emvic.cat\/\">www.emvic.cat<\/a><\/strong><span data-contrast=\"auto\">, amb n\u00famero de sol\u00b7licitud).<\/span><span data-ccp-props=\"{&quot;201341983&quot;:0,&quot;335559740&quot;:259}\">\u00a0<\/span><\/td>\n<\/tr>\n<tr style=\"height: 33px;\" aria-rowindex=\"5\">\n<td style=\"width: 12.546841277611113%; height: 33px;\" data-celllook=\"0\"><b><span data-contrast=\"auto\">Del 20 al 22 d\u2019abril<\/span><\/b><span data-ccp-props=\"{&quot;201341983&quot;:0,&quot;335559740&quot;:259}\">\u00a0<\/span><\/td>\n<td style=\"width: 90.36691506549245%; height: 33px;\" data-celllook=\"0\"><b><span data-contrast=\"auto\">Presentaci\u00f3 de reclamacions a la preinscripci\u00f3.<\/span><\/b><\/td>\n<\/tr>\n<tr style=\"height: 33px;\" aria-rowindex=\"6\">\n<td style=\"width: 12.546841277611113%; height: 33px;\" data-celllook=\"0\"><b><span data-contrast=\"auto\">27 d\u2019abril<\/span><\/b><span data-ccp-props=\"{&quot;201341983&quot;:0,&quot;335559740&quot;:259}\">\u00a0<\/span><\/td>\n<td style=\"width: 90.36691506549245%; height: 33px;\" data-celllook=\"0\"><b><span data-contrast=\"auto\">Publicaci\u00f3 de llistes amb barem definitiu <\/span><\/b><span data-contrast=\"auto\">(web <\/span><a href=\"http:\/\/www.emvic.cat\/\"><span data-contrast=\"none\"><strong>www.emvic.cat<\/strong><\/span><\/a><span data-contrast=\"auto\">, amb n\u00famero de sol\u00b7licitud)*.<\/span><span data-ccp-props=\"{&quot;201341983&quot;:0,&quot;335559740&quot;:259}\">\u00a0<\/span><\/td>\n<\/tr>\n<tr style=\"height: 33px;\" aria-rowindex=\"7\">\n<td style=\"width: 12.546841277611113%; height: 33px;\" data-celllook=\"0\"><b><span data-contrast=\"auto\">28 d\u2019abril<\/span><\/b><span data-ccp-props=\"{&quot;201341983&quot;:0,&quot;335559740&quot;:259}\">\u00a0<\/span><\/td>\n<td style=\"width: 90.36691506549245%; height: 33px;\" data-celllook=\"0\"><b><span data-contrast=\"auto\">Sorteig de desempat<\/span><\/b><span data-contrast=\"auto\"> de punts en cas de ser necessari*.<\/span><span data-ccp-props=\"{&quot;201341983&quot;:0,&quot;335559740&quot;:259}\">\u00a0<\/span><\/td>\n<\/tr>\n<tr style=\"height: 33px;\" aria-rowindex=\"8\">\n<td style=\"width: 4.112802451772676%; height: 66px;\" rowspan=\"2\" data-celllook=\"0\"><b><span data-contrast=\"auto\">MAIG<\/span><\/b><span data-ccp-props=\"{&quot;201341983&quot;:0,&quot;335559740&quot;:259}\">\u00a0<\/span><\/td>\n<td style=\"width: 12.546841277611113%; height: 33px;\" data-celllook=\"0\"><b><span data-contrast=\"auto\">26 de maig<\/span><\/b><span data-ccp-props=\"{&quot;201341983&quot;:0,&quot;335559740&quot;:259}\">\u00a0<\/span><\/td>\n<td style=\"width: 90.36691506549245%; height: 33px;\" data-celllook=\"0\"><b><span data-contrast=\"none\">Publicaci\u00f3 de llista de preinscrit fora de termini<\/span><\/b><span data-contrast=\"none\"> amb barems provisionals (inscripcions fins el 22 de maig).<\/span><span data-ccp-props=\"{&quot;201341983&quot;:0,&quot;335559740&quot;:259}\">\u00a0<\/span><\/td>\n<\/tr>\n<tr style=\"height: 33px;\" aria-rowindex=\"9\">\n<td style=\"width: 12.546841277611113%; height: 33px;\" data-celllook=\"0\"><b><span data-contrast=\"auto\">31 de maig<\/span><\/b><span data-ccp-props=\"{&quot;201341983&quot;:0,&quot;335559740&quot;:259}\">\u00a0<\/span><\/td>\n<td style=\"width: 90.36691506549245%; height: 33px;\" data-celllook=\"0\"><b><span data-contrast=\"auto\">Resoluci\u00f3 de la preinscripci\u00f3<\/span><\/b><span data-contrast=\"auto\">\u00a0de sol\u00b7licituds dins de termini (web <\/span><a href=\"http:\/\/www.emvic.cat\/\"><span data-contrast=\"none\"><strong>www.emvic.cat<\/strong><\/span><\/a><span data-contrast=\"auto\">, amb n\u00famero de sol\u00b7licitud)**.<\/span><span data-ccp-props=\"{&quot;201341983&quot;:0,&quot;335559740&quot;:259}\">\u00a0<\/span><\/td>\n<\/tr>\n<tr style=\"height: 33px;\" aria-rowindex=\"10\">\n<td style=\"width: 4.112802451772676%; height: 33px;\" data-celllook=\"0\"><b><span data-contrast=\"auto\">JUNY<\/span><\/b><span data-ccp-props=\"{&quot;201341983&quot;:0,&quot;335559740&quot;:259}\">\u00a0<\/span><\/td>\n<td style=\"width: 12.546841277611113%; height: 33px;\" data-celllook=\"0\"><b><span data-contrast=\"auto\">Del 15 al 30 de juny<\/span><\/b><span data-ccp-props=\"{&quot;201341983&quot;:0,&quot;335559740&quot;:259}\">\u00a0<\/span><\/td>\n<td style=\"width: 90.36691506549245%; height: 33px;\" data-celllook=\"0\"><b><span data-contrast=\"auto\">Matr\u00edcula de P4, P5 i 1r de Nivell Elemental.\u00a0<\/span><\/b><\/td>\n<\/tr>\n<tr style=\"height: 33px;\" aria-rowindex=\"11\">\n<td style=\"width: 4.112802451772676%; height: 33px;\" data-celllook=\"0\"><b><span data-contrast=\"auto\">JULIOL<\/span><\/b><span data-ccp-props=\"{&quot;201341983&quot;:0,&quot;335559740&quot;:259}\">\u00a0<\/span><\/td>\n<td style=\"width: 12.546841277611113%; height: 33px;\" data-celllook=\"0\"><b><span data-contrast=\"auto\">Del 6 al 13 de juliol<\/span><\/b><span data-ccp-props=\"{&quot;201341983&quot;:0,&quot;335559740&quot;:259}\">\u00a0<\/span><\/td>\n<td style=\"width: 90.36691506549245%; height: 33px;\" data-celllook=\"0\"><b><span data-contrast=\"auto\">Matr\u00edcula de 2n a 6\u00e8 de Nivell Elemental i tot el cicle de Nivell Mitj\u00e0.\u00a0<\/span><\/b><\/td>\n<\/tr>\n<\/tbody>\n<\/table>\n<p><span class=\"TextRun SCXW32729640 BCX4\" lang=\"CA-ES\" xml:lang=\"CA-ES\" data-contrast=\"auto\"><span class=\"NormalTextRun SCXW32729640 BCX4\">*El <strong>s<\/strong><\/span><span class=\"NormalTextRun SCXW32729640 BCX4\"><strong>orteig<\/strong> servei<\/span><span class=\"NormalTextRun SCXW32729640 BCX4\">x<\/span><span class=\"NormalTextRun SCXW32729640 BCX4\"> per establir un ordre <\/span><span class=\"NormalTextRun SCXW32729640 BCX4\">de prioritat <\/span><span class=\"NormalTextRun SCXW32729640 BCX4\">dels inscrits que van a la mateixa escola de prim\u00e0ria\/infantil i han obtingut la mateixa puntuaci\u00f3 en els barems. <\/span><span class=\"NormalTextRun SCXW32729640 BCX4\">Aquest ordre \u00e9s el que seguirem per assignar les places que quedin vacants una vegada cobertes <\/span><span class=\"NormalTextRun SCXW32729640 BCX4\">les places ocupades pels nostres actuals alumnes.<\/span><\/span><span class=\"EOP SCXW32729640 BCX4\" data-ccp-props=\"{&quot;201341983&quot;:0,&quot;335559739&quot;:160,&quot;335559740&quot;:259}\">\u00a0<\/span><\/p>\n<p>**El 31 de maig nom\u00e9s es confirmaran les places de Llenguatge musical. <strong>Les sol\u00b7licituds de pla\u00e7a d&#8217;instrument s\u2019assignaran la primera setmana de juliol<\/strong>, una vegada els alumnes actuals del centre tinguin confirmada la seva pla\u00e7a i sapiguem les hores que queden disponibles de cada instrument.<\/p>\n<hr \/>\n<h6>ACTUALITZACI\u00d3 DELS LLISTATS DE PREINSCRITS EN LLISTA D&#8217;ESPERA (20\/09\/22)<\/h6>\n<p>Als seg\u00fcents enlla\u00e7os hi trobareu l&#8217;actualitzaci\u00f3 del llistat de preinscripcions en llista d&#8217;espera:<\/p>\n<p><a href=\"https:\/\/agora.xtec.cat\/escmusicavic\/wp-content\/uploads\/usu1071\/2022\/10\/LLISTA-ESPERA-SENSI.pdf\">Sensibilitzaci\u00f3 (P4 i P5)<\/a><\/p>\n<p><a href=\"https:\/\/agora.xtec.cat\/escmusicavic\/wp-content\/uploads\/usu1071\/2022\/10\/LLISTA-ESPERA-NE.pdf\">Nivell Elemental<\/a><\/p>\n<p><a href=\"https:\/\/agora.xtec.cat\/escmusicavic\/wp-content\/uploads\/usu1071\/2022\/10\/LLISTA-ESPERA-NM.pdf\">Nivell Mitj\u00e0<\/a><\/p>\n<hr \/>\n<h6>ACTUALITZACI\u00d3 DELS LLISTATS DE PREINSCRITS DINS I FORA DE TERMINI (01\/07\/22)<\/h6>\n<p>Als seg\u00fcents enlla\u00e7os hi trobareu el llistat de preinscrits (admesos i en llista d&#8217;espera) a P4, P5, NE i NM de les <strong>sol\u00b7licituds realitzades dins i fora de termini fins el 30 de juny<\/strong>.<\/p>\n<p><a href=\"https:\/\/agora.xtec.cat\/escmusicavic\/wp-content\/uploads\/usu1071\/2022\/07\/NOUS-ALUMNES-EMVIC-SENSI-03.07.22.pdf\">Sensibilitzaci\u00f3 (P4 i P5)<\/a><\/p>\n<p><a href=\"https:\/\/agora.xtec.cat\/escmusicavic\/wp-content\/uploads\/usu1071\/2022\/07\/NOUS-ALUMNES-EMVIC-1NE-01.07.22.pdf\">1r Nivell Elemental<\/a><\/p>\n<p><a href=\"https:\/\/agora.xtec.cat\/escmusicavic\/wp-content\/uploads\/usu1071\/2022\/07\/NOUS_ALUMNES_EMVIC_NE-01.07.22.pdf\">Resta de Nivell Elemental\u00a0<\/a><\/p>\n<p><a href=\"https:\/\/agora.xtec.cat\/escmusicavic\/wp-content\/uploads\/usu1071\/2022\/07\/NOUS-ALUMNES-EMVIC-NM-01.07.22.pdf\">Nivell Mitj\u00e0<\/a><\/p>\n<p>Les sol\u00b7licituds que\u00a0<strong>obtenen pla\u00e7a<\/strong>\u00a0tenen el\u00a0<span style=\"background-color: #99cc00;\">CODI en verd<\/span><\/p>\n<p>Les sol\u00b7licituds que no obtenen pla\u00e7a i queden en\u00a0<strong>llista d\u2019espera<\/strong>\u00a0tenen el\u00a0<span style=\"background-color: #ffcc00;\">CODI en taronja<\/span><\/p>\n<p>Les sol\u00b7licituds que\u00a0obtenen pla\u00e7a i queden pendents de l&#8217;instrument\u00a0tenen el\u00a0<span style=\"background-color: #ff6600;\">CODI en taronja intens<\/span><\/p>\n<hr \/>\n<h6>RESOLUCI\u00d3 PREINSCRIPCI\u00d3 DINS I FORA DE TERMINI (9\/06\/2022)<\/h6>\n<p>Accediu als seg\u00fcents enlla\u00e7os per veure el llistat d&#8217;admesos i de les sol\u00b7licituds que queden en llista d&#8217;espera, tant de les <strong>sol\u00b7licituds realitzades dins i fora de termini (<\/strong>fins el 22 de maig). Identifiqueu la vostra sol\u00b7licitud amb el codi que se us va assignar a l&#8217;hora de fer-la:<\/p>\n<p><a href=\"https:\/\/agora.xtec.cat\/escmusicavic\/wp-content\/uploads\/usu1071\/2022\/06\/Preinscripcions-nous-EMVIC-curs-2022_23_P4_P5_dins-i-fora-termini2022_23.pdf\">Sensibilitzaci\u00f3 (P4 i P5)<\/a><\/p>\n<p><a href=\"https:\/\/agora.xtec.cat\/escmusicavic\/wp-content\/uploads\/usu1071\/2022\/06\/Preinscripcions-nous-EMVIC-curs-2022_23_1NE_dins-i-fora-termini.pdf\">1r Nivell Elemental<\/a><\/p>\n<p><a href=\"https:\/\/agora.xtec.cat\/escmusicavic\/wp-content\/uploads\/usu1071\/2022\/06\/Preinscripcions-nous-EMVIC-curs-2022_23_restaNE_dins-i-fora-termini2022_23.pdf\">Resta de Nivell Elemental\u00a0<\/a><\/p>\n<p><a href=\"https:\/\/agora.xtec.cat\/escmusicavic\/wp-content\/uploads\/usu1071\/2022\/06\/Preinscripcions-nous-EMVIC-curs-2022_23_NM_dins-i-fora-termini.pdf\">Nivell Mitj\u00e0<\/a><\/p>\n<p>Les sol\u00b7licituds que\u00a0<strong>obtenen pla\u00e7a<\/strong>\u00a0tenen el\u00a0<span style=\"background-color: #99cc00;\">CODI en verd<\/span><\/p>\n<p>Les sol\u00b7licituds que no obtenen pla\u00e7a i queden en\u00a0<strong>llista d\u2019espera<\/strong>\u00a0tenen el\u00a0<span style=\"background-color: #ffcc00;\">CODI en taronja<\/span><\/p>\n<p>Les sol\u00b7licituds que\u00a0obtenen pla\u00e7a i queden pendents de l&#8217;instrument\u00a0tenen el\u00a0<span style=\"background-color: #ff6600;\">CODI en taronja intens<\/span><\/p>\n<p><strong>ATENCI\u00d3:<\/strong> Us recordem que les sol\u00b7licituds d\u2019instrument (a partir de 2NE) ser\u00e0n ateses la primera setmana de juliol. Les sol\u00b7licituds a partir de 3NE i NM queden en llista d&#8217;espera pendents d&#8217;atenci\u00f3 personalitzada (tant de llenguatge com d&#8217;instrument).<\/p>\n<hr \/>\n<h6>LLISTAT DE PREINSCRITS FORA DE TERMINI AMB BAREMS DEFINITIUS (P4, P5, NIVELL ELEMENTAL I NIVELL MITJ\u00c0) (1\/06\/2022)<\/h6>\n<p>Al seg\u00fcent enlla\u00e7 hi trobareu els llistats d&#8217;inscrits fora de termini (preinscripcions fins el 22 de maig) amb barems <span style=\"background-color: #ffcc99;\">DEFINITIUS:<\/span><\/p>\n<p><a href=\"https:\/\/agora.xtec.cat\/escmusicavic\/wp-content\/uploads\/usu1071\/2022\/06\/Preinscripcions-2022-23_fora-de-termini_BAREMS-DEFINITIUS.pdf\">Llistat de preinscrits fora de termini (fins 22 de maig)<\/a> BAREMS DEFINITIUS<\/p>\n<p><strong>Properes dates importants:<\/strong><\/p>\n<p>8 de juny: resoluci\u00f3 de les preinscripcions fora de termini*<\/p>\n<p>*Us recordem que les sol\u00b7licituds d\u2019instrument (a partir de 2NE) seran ateses la primera setmana de juliol.<\/p>\n<hr \/>\n<h6>RESOLUCI\u00d3 PREINSCRIPCI\u00d3 DINS DE TERMINI (31\/05\/2022)<\/h6>\n<p>Accediu als seg\u00fcents enlla\u00e7os per veure el llistat d&#8217;admesos i de les sol\u00b7licituds que queden en llista d&#8217;espera:<\/p>\n<p><a href=\"https:\/\/agora.xtec.cat\/escmusicavic\/wp-content\/uploads\/usu1071\/2022\/05\/ADJUDICACIO-PLACES-P4-P5-31.05.22.pdf\">Sensibilitzaci\u00f3 (P4 i P5)<\/a><\/p>\n<p><a href=\"https:\/\/agora.xtec.cat\/escmusicavic\/wp-content\/uploads\/usu1071\/2022\/05\/ADJUDICACIO-PLACES-1NE-31.05.22.pdf\">1r Nivell Elemental<\/a><\/p>\n<p><a href=\"https:\/\/agora.xtec.cat\/escmusicavic\/wp-content\/uploads\/usu1071\/2022\/05\/ADJUDICACIO-PLACES-NE-31.05.22.pdf\">Resta de Nivell Elemental\u00a0<\/a><\/p>\n<p><a href=\"https:\/\/agora.xtec.cat\/escmusicavic\/wp-content\/uploads\/usu1071\/2022\/05\/ADJUDICACIO-PLACES-NM-31.05.22.pdf\">Nivell Mitj\u00e0<\/a><\/p>\n<p>Les sol\u00b7licituds que\u00a0<strong>obtenen pla\u00e7a<\/strong>\u00a0tenen el\u00a0<span style=\"background-color: #99cc00;\">CODI en verd<\/span><\/p>\n<p>Les sol\u00b7licituds que no obtenen pla\u00e7a i queden en\u00a0<strong>llista d\u2019espera<\/strong>\u00a0tenen el\u00a0<span style=\"background-color: #ffcc00;\">CODI en taronja<\/span><\/p>\n<p>Les sol\u00b7licituds que\u00a0obtenen pla\u00e7a i queden pendents de l&#8217;instrument\u00a0tenen el\u00a0<span style=\"background-color: #ff6600;\">CODI en taronja intens<\/span><\/p>\n<p><strong>A partir del 13 de juny<\/strong>\u00a0publicarem els\u00a0<strong>dies i horaris dels diferents grups<\/strong>.<\/p>\n<p><strong>ATENCI\u00d3:<\/strong> Us recordem que les sol\u00b7licituds d\u2019instrument (a partir de 2NE) ser\u00e0n ateses la primera setmana de juliol. Les sol\u00b7licituds a partir de 3NE i NM queden en llista d&#8217;espera pendents d&#8217;atenci\u00f3 personalitzada (tant de llenguatge com d&#8217;instrument)<\/p>\n<hr \/>\n<h6>LLISTATS D&#8217;INSCRITS FORA DE TERMINI AMB BAREMS PROVISIONALS (26\/05\/2022)<\/h6>\n<p>Al seg\u00fcent enlla\u00e7 hi trobareu el llistat de <strong>preinscrits fora de termini fins el 22 de maig<\/strong> amb barems provisionals:<\/p>\n<p><a href=\"https:\/\/agora.xtec.cat\/escmusicavic\/wp-content\/uploads\/usu1071\/2022\/05\/Preinscripcions-EMVIC-2022-23-fora-de-termini_26maig.pdf\">Llistat de preinscrits fora de termini amb barems provisionals<\/a> (sol\u00b7licituds fins el 22 de maig)<\/p>\n<p>En el cas que sigui necessari, per tal d\u2019<b>esmenar la puntuaci\u00f3<\/b>\u00a0cal que ompliu el seg\u00fcent\u00a0<a href=\"https:\/\/forms.office.com\/Pages\/ResponsePage.aspx?id=pzjJll4sq0uqIBsLhd-bQZYd1nL5fFNAhtF1fCC8u3pURDVMSUNHS1RYSUtHWjVFWThVS1lQTkkyMy4u\"><b>formulari<\/b><\/a>\u00a0i envieu la documentaci\u00f3 acreditativa a\u00a0<a>secretaria@emvic.cat<\/a>\u00a0fins el <strong>diumenge<\/strong><b>\u00a029<\/b><b>\u00a0de maig.<\/b><\/p>\n<hr \/>\n<h6>LLISTATS D&#8217;INSCRITS AMB ORDRE DEFINITIU DESPR\u00c9S DEL SORTEIG: P4, P5,1r NE (28\/04\/2022)<\/h6>\n<p>Despr\u00e9s de realizar el Sorteig per determinar l&#8217;ordre definitiu de les inscripcions empatades en punts que provenen d&#8217;un mateix centre educatiu, als seg\u00fcents enlla\u00e7os hi trobareu els llistats amb l&#8217;ordre definitiu:<\/p>\n<p><a href=\"https:\/\/agora.xtec.cat\/escmusicavic\/wp-content\/uploads\/usu1071\/2022\/04\/PUBLICACIO_ORDRE_DEFINITIU_INSCRIPCIONS_DESPRES_SORTEIG_P4_P5.pdf\">Llistat amb ordre definitiu P4 i P5\u00a0<\/a><\/p>\n<p><a href=\"https:\/\/agora.xtec.cat\/escmusicavic\/wp-content\/uploads\/usu1071\/2022\/04\/PUBLICACIO_ORDRE_DEFINITIU_INSCRIPCIONS_DESPRES_SORTEIG_1NE.pdf\">Llistat amb ordre definitiu Primer de Nivell Elemental\u00a0<\/a><\/p>\n<p>Els llistats d&#8217;inscrits a la <strong>resta de cursos de Nivell Elemental i de Nivell Mitj\u00e0<\/strong>\u00a0s\u00f3n els mateixos que a la publicaci\u00f3 del dia 27 d&#8217;abril perqu\u00e8 no hi havia cap inscripci\u00f3 empatada en punts que procedent del mateix centre educatiu.<\/p>\n<hr \/>\n<h6>LLISTATS D&#8217;INSCRITS AMB BAREMS DEFINITIUS (P4, P5, NIVELL ELEMENTAL I NIVELL MITJ\u00c0) (27\/04\/2022)<\/h6>\n<p>Als seg\u00fcents enlla\u00e7os hi trobareu els llistats d&#8217;inscrits amb barems <span style=\"background-color: #ffcc99;\">DEFINITIUS:<\/span><\/p>\n<p><a href=\"https:\/\/agora.xtec.cat\/escmusicavic\/wp-content\/uploads\/usu1071\/2022\/04\/PUBLICACIO_BAREMS_DEFINITIUS_DINS_DE_TERMINI_P4_P5.pdf\">Llistat d&#8217;inscrits a P4 i P5\u00a0<\/a><\/p>\n<p><a href=\"https:\/\/agora.xtec.cat\/escmusicavic\/wp-content\/uploads\/usu1071\/2022\/04\/PUBLICACIO_BAREMS_DEFINITIUS_DINS_DE_TERMINI_1NE.pdf\">Llistat d&#8217;inscrits a Primer de Nivell Elemental<\/a><\/p>\n<p><a href=\"https:\/\/agora.xtec.cat\/escmusicavic\/wp-content\/uploads\/usu1071\/2022\/04\/PUBLICACIO_BAREMS_DEFINITIUS_DINS_DE_TERMINI_NE.pdf\">Llistat d&#8217;inscrits a la resta de cursos de Nivell Elemental<\/a><\/p>\n<p><a href=\"https:\/\/agora.xtec.cat\/escmusicavic\/wp-content\/uploads\/usu1071\/2022\/04\/PUBLICACIO_BAREMS_DEFINITIUS_DINS_DE_TERMINI_NM.pdf\">Llistat d&#8217;inscrits a Nivell Mitj\u00e0<\/a> (secund\u00e0ria)<\/p>\n<p><span lang=\"CA\">Una vegada revisades les puntuacions definitives de les sol\u00b7licituds de preinscripci\u00f3 hem vist que hi ha diversos casos d&#8217;<b>inscripcions de P4, P5 i 1r NE<\/b>\u00a0amb empat de punts. Per tal d&#8217;establir l&#8217;ordre\u00a0<span class=\"markfazhpx55d\" data-markjs=\"true\" data-ogac=\"\" data-ogab=\"\" data-ogsc=\"\" data-ogsb=\"\">definitiu<\/span>\u00a0de puntuacions cal que fem un sorteig entre els alumnes que provinguin del mateix centre escolar i hagin obtingut la mateixa puntuaci\u00f3.\u00a0<b>Tingueu en compte que aquest sorteig no implica una adjudicaci\u00f3 de places, nom\u00e9s permetr\u00e0 determinar l&#8217;ordre\u00a0<span class=\"markfazhpx55d\" data-markjs=\"true\" data-ogac=\"\" data-ogab=\"\" data-ogsc=\"\" data-ogsb=\"\">definitiu<\/span>\u00a0de les preinscripcions.<\/b><\/span><\/p>\n<p><span lang=\"CA\"><b>IMPORTANT:\u00a0<\/b>Per veure si la vostra sol\u00b7licitud entra dins el sorteig, reviseu la columna &#8220;N\u00famero del Sorteig&#8221;, si teniu assignat un n\u00famero a la vostra sol\u00b7licitud i est\u00e0 de<\/span><span lang=\"CA\">\u00a0<\/span><span lang=\"CA\">color groc<\/span><span lang=\"CA\">\u00a0significa que entreu en el sorteig per establir l&#8217;ordre\u00a0<span class=\"markfazhpx55d\" data-markjs=\"true\" data-ogac=\"\" data-ogab=\"\" data-ogsc=\"\" data-ogsb=\"\">definitiu<\/span>.\u00a0<\/span><\/p>\n<hr \/>\n<h6>LLISTATS D&#8217;INSCRITS AMB BAREMS PROVISIONALS (P4, P5, NIVELL ELEMENTAL I NIVELL MITJ\u00c0) (19\/04\/2022)<\/h6>\n<p>Als seg\u00fcents enlla\u00e7os hi trobareu els llistats d&#8217;inscrits amb barems provisionals:<\/p>\n<p><a href=\"https:\/\/agora.xtec.cat\/escmusicavic\/wp-content\/uploads\/usu1071\/2022\/04\/PUBLICACIO_BAREMS_PROVISIONALS_DINS_DE_TERMINI_P4_P5.pdf\">Llistat d&#8217;inscrits a P4 i P5\u00a0<\/a><\/p>\n<p><a href=\"https:\/\/agora.xtec.cat\/escmusicavic\/wp-content\/uploads\/usu1071\/2022\/04\/PUBLICACIO_BAREMS_PROVISIONALS_DINS_DE_TERMINI_1NE.pdf\">Llistat d&#8217;inscrits a Primer de Nivell Elemental<\/a><\/p>\n<p><a href=\"https:\/\/agora.xtec.cat\/escmusicavic\/wp-content\/uploads\/usu1071\/2022\/04\/PUBLICACIO_BAREMS_PROVISIONALS_DINS_DE_TERMINI_NE.pdf\">Llistat d&#8217;inscrits a la resta de cursos de Nivell Elemental<\/a><\/p>\n<p><a href=\"https:\/\/agora.xtec.cat\/escmusicavic\/wp-content\/uploads\/usu1071\/2022\/04\/PUBLICACIO_BAREMS_PROVISIONALS_DINS_DE_TERMINI_NM.pdf\">Llistat d&#8217;inscrits a Nivell Mitj\u00e0<\/a> (secund\u00e0ria)<\/p>\n<p>En el cas que sigui necessari, per tal d\u2019<b>esmenar la puntuaci\u00f3<\/b>\u00a0cal que ompliu el seg\u00fcent\u00a0<a href=\"https:\/\/forms.office.com\/Pages\/ResponsePage.aspx?id=pzjJll4sq0uqIBsLhd-bQZYd1nL5fFNAhtF1fCC8u3pURDVMSUNHS1RYSUtHWjVFWThVS1lQTkkyMy4u\"><b>formulari<\/b><\/a>\u00a0i envieu la documentaci\u00f3 acreditativa a\u00a0<a>secretaria@emvic.cat<\/a>\u00a0fins el <strong>divendres<\/strong><b>\u00a022 d&#8217;abril.<\/b><\/p>\n<hr \/>\n<p><strong>CRITERIS D&#8217;ACC\u00c9S &#8211; BAREMS<\/strong><\/p>\n<p>Accediu al seg\u00fcent <a href=\"https:\/\/agora.xtec.cat\/escmusicavic\/ofertaeducativa\/criteriss-dacces\/\">enlla\u00e7<\/a> per revisar els Critreris d&#8217;acc\u00e9s (barems) i documentaci\u00f3 que cal presentar.<\/p>\n<hr \/>\n<p>&nbsp;<\/p>\n","protected":false},"excerpt":{"rendered":"<p>CALENDARI DE PREINSCRIPCI\u00d3<br \/>\nAquest calendari \u00e9s v\u00e0lid per als\u00a0NOUS alumnes\u00a0que es volen inscriure a\u00a0P4, P5\u00a0(nascuts al 2018 i 2017 respectivament) i els cicles de\u00a0Nivell Elemental (NE)\u00a0i\u00a0Nivell Mitj\u00e0 (NM):<\/p>\n<p>MAR\u00c7\u00a0<br \/>\n\u00a0<br \/>\n12 de mar\u00e7\u00a0<br \/>\nde 10 a 14 h\u00a0<br \/>\nJornada de Portes Obertes: tallers, presentacions, classes obertes, etc.\u00a0<\/p>\n<ul>\n<li>Tallers de Sensibilitzaci\u00f3 (Nens que&hellip;  <a href=\"https:\/\/agora.xtec.cat\/escmusicavic\/p4-p5-nivell-elemental-i-nivell-mitja\/\" title=\"Read P4, P5, Nivell Elemental i Nivell Mitj\u00e0\">Llegeix m\u00e9s\u00bb<\/a><br \/>\n","protected":false},"author":11,"featured_media":0,"parent":0,"menu_order":0,"comment_status":"closed","ping_status":"closed","template":"","meta":{"_bbp_topic_count":0,"_bbp_reply_count":0,"_bbp_total_topic_count":0,"_bbp_total_reply_count":0,"_bbp_voice_count":0,"_bbp_anonymous_reply_count":0,"_bbp_topic_count_hidden":0,"_bbp_reply_count_hidden":0,"_bbp_forum_subforum_count":0,"footnotes":""},"class_list":["post-3812","page","type-page","status-publish","hentry"],"post_mailing_queue_ids":[],"_links":{"self":[{"href":"https:\/\/agora.xtec.cat\/escmusicavic\/wp-json\/wp\/v2\/pages\/3812","targetHints":{"allow":["GET"]}}],"collection":[{"href":"https:\/\/agora.xtec.cat\/escmusicavic\/wp-json\/wp\/v2\/pages"}],"about":[{"href":"https:\/\/agora.xtec.cat\/escmusicavic\/wp-json\/wp\/v2\/types\/page"}],"author":[{"embeddable":true,"href":"https:\/\/agora.xtec.cat\/escmusicavic\/wp-json\/wp\/v2\/users\/11"}],"replies":[{"embeddable":true,"href":"https:\/\/agora.xtec.cat\/escmusicavic\/wp-json\/wp\/v2\/comments?post=3812"}],"version-history":[{"count":3,"href":"https:\/\/agora.xtec.cat\/escmusicavic\/wp-json\/wp\/v2\/pages\/3812\/revisions"}],"predecessor-version":[{"id":5512,"href":"https:\/\/agora.xtec.cat\/escmusicavic\/wp-json\/wp\/v2\/pages\/3812\/revisions\/5512"}],"wp:attachment":[{"href":"https:\/\/agora.xtec.cat\/escmusicavic\/wp-json\/wp\/v2\/media?parent=3812"}],"curies":[{"name":"wp","href":"https:\/\/api.w.org\/{rel}","templated":true}]}}