{"id":1792,"date":"2019-10-04T16:12:03","date_gmt":"2019-10-04T14:12:03","guid":{"rendered":"http:\/\/agora.xtec.cat\/escmusicavic\/?page_id=1792"},"modified":"2025-11-12T09:41:20","modified_gmt":"2025-11-12T08:41:20","slug":"escola-de-musica-de-tona","status":"publish","type":"page","link":"https:\/\/agora.xtec.cat\/escmusicavic\/xarxa-emvic\/escola-de-musica-de-tona\/","title":{"rendered":"Escola de M\u00fasica de Tona"},"content":{"rendered":"<div>\n<p><b style=\"font-size: 48px; font-family: inherit;\">Informacions<\/b><\/p>\n<p>Us recordem que\u200b, com v\u00e0rem exposar a la reuni\u00f3 de comen\u00e7ament de curs, en els rebuts dels mesos de <strong>novembre<\/strong>\u00a0i\u00a0<strong>maig<\/strong>\u00a0s\u2019inclouen els imports corresponents al\u00a0<strong>material\u00a0i <\/strong><strong>\u200bprojectes<\/strong>.<\/p>\n<p>El material inclou: Carpeta corporativa per tot l&#8217;alumnat a principi de curs de Primer, Llibreta de pentagrames a principi de curs de Segon, fotoc\u00f2pies que siguin necess\u00e0ries per tots els cursos.<\/p>\n<p>Els projectes inclou: Cost d&#8217;us de sales de concerts, especialment per quan l&#8217;alumnat participa en projectes com les cantates de 1r, 2n, 3r i 4rt.<\/p>\n<p>Malgrat ser una quota aplicada a tots els cursos, l\u2019import d\u2019aquests conceptes varia en funci\u00f3 del programa en qu\u00e8 estigui inscrit l\u2019alumne\/a:<\/p>\n<ul>\n<li><strong>Coneix la M\u00fasica i Sensibilitzaci\u00f3 (I3, I4 i I5):<\/strong>\u00a04 \u20ac per rebut<\/li>\n<li><strong>Resta de programes:<\/strong>\u00a010 \u20ac per rebut<\/li>\n<\/ul>\n<p>Podeu consultar la informaci\u00f3 econ\u00f2mica <a href=\"https:\/\/agora.xtec.cat\/escmusicavic\/transparencia\/preus\/\">aqu\u00ed<\/a>.<\/p>\n<p><b style=\"font-size: 48px; font-family: inherit;\">Benvinguda al curs 2025-26<\/b><\/p>\n<p>Consulteu la <a href=\"https:\/\/drive.google.com\/file\/d\/1QejED5-PY4lZDTew1BY-5dFrnsF6vHiN\/view?usp=sharing\">presentaci\u00f3 visual de la reuni\u00f3 informativa<\/a> de principi de curs (hem esborrat les imatges on es podien recon\u00e8ixer cares d&#8217;infants).<\/p>\n<div><\/div>\n<p>&nbsp;<\/p>\n<p><span style=\"font-size: 48px;\"><b>Barem d&#8217;acc\u00e9s aprovat pel Consell Escolar de l&#8217;EMTona pel curs 2025-26<\/b><\/span><\/p>\n<\/div>\n<div>CRITERIS ESPEC\u00cdFICS<\/div>\n<div>\n<table dir=\"ltr\" border=\"1\" cellspacing=\"0\" cellpadding=\"0\" data-sheets-root=\"1\" data-sheets-baot=\"1\">\n<colgroup>\n<col width=\"100\" \/><\/colgroup>\n<tbody>\n<tr>\n<td>E1 \u00b7 Trasllat des d&#8217;un centre de la xarxa emvic<\/td>\n<\/tr>\n<tr>\n<td>S\u00cd\/NO<\/td>\n<\/tr>\n<\/tbody>\n<\/table>\n<\/div>\n<div><\/div>\n<div><\/div>\n<div><\/div>\n<div>CRITERIS PRIORITARIS<\/div>\n<div>\n<table dir=\"ltr\" border=\"1\" cellspacing=\"0\" cellpadding=\"0\" data-sheets-root=\"1\" data-sheets-baot=\"1\">\n<colgroup>\n<col width=\"100\" \/>\n<col width=\"100\" \/>\n<col width=\"100\" \/>\n<col width=\"100\" \/>\n<col width=\"100\" \/>\n<col width=\"100\" \/><\/colgroup>\n<tbody>\n<tr>\n<td>P1A \u00b7 Domicili a Tona<\/td>\n<td>P1B \u00b7 Domicili fora de Tona i lloc de treball de la mare\/pare\/tutor\/a a Tona<\/td>\n<td>P2 \u00b7 Germans\/es al centre<\/td>\n<td>P3 \u00b7 Alumnat que ha cursat el programa CoNeix la M\u00fasica a l&#8217;emtona el curs anterior<\/td>\n<td>P4 \u00b7 Alumnat que hagi quedat en llista d&#8217;espera de l&#8217;emtona el curs anterior<\/td>\n<td>P5 \u00b7 Renda garantida de ciutadania<\/td>\n<\/tr>\n<tr>\n<td>70p<\/td>\n<td>20p<\/td>\n<td>40p<\/td>\n<td>30p<\/td>\n<td>15p<\/td>\n<td>10p<\/td>\n<\/tr>\n<\/tbody>\n<\/table>\n<\/div>\n<div><\/div>\n<div><\/div>\n<div>CRITERIS COMPLEMENTARIS<\/div>\n<div>\n<table dir=\"ltr\" border=\"1\" cellspacing=\"0\" cellpadding=\"0\" data-sheets-root=\"1\" data-sheets-baot=\"1\">\n<colgroup>\n<col width=\"100\" \/>\n<col width=\"100\" \/>\n<col width=\"100\" \/>\n<col width=\"100\" \/>\n<col width=\"100\" \/>\n<col width=\"100\" \/>\n<col width=\"100\" \/><\/colgroup>\n<tbody>\n<tr>\n<td>C1. Fills\/es de professors, PAS i treballadors de la Fundaci\u00f3 L\u2019Atl\u00e0ntida<\/td>\n<td>C2. L\u2019alumne o alumna forma part d\u2019una fam\u00edlia nombrosa o monoparental.<\/td>\n<td>C3. Alumnes nascuts en part m\u00faltiple.<\/td>\n<td>C4. Situaci\u00f3 d\u2019acolliment familiar.<\/td>\n<td>C5. Discapacitat (igual o superior al 33%) de l\u2019alumne o del seu pare, mare, germans o germanes.<\/td>\n<td>C6. V\u00edctima de viol\u00e8ncia de g\u00e8nere o de terrorisme.<\/td>\n<td>C7. Domicili en una poblaci\u00f3 sense escola de m\u00fasica.<\/td>\n<\/tr>\n<tr>\n<td>10p<\/td>\n<td>10p<\/td>\n<td>10p<\/td>\n<td>10p<\/td>\n<td>15p<\/td>\n<td>10p<\/td>\n<td>10p<\/td>\n<\/tr>\n<\/tbody>\n<\/table>\n<\/div>\n<div><\/div>\n<div>\n<div>\n<p><span style=\"font-size: 48px;\"><b>Consulteu el calendari escolar 2025-26<\/b><\/span><\/p>\n<\/div>\n<p>Consulteu en tot moment el calendari aprovat pel Consell Escolar, sempre actualitzat, <a href=\"https:\/\/docs.google.com\/spreadsheets\/d\/1-HgGrkCeGnxsByztlFikbG2LD6-XaYkNz2POsE4OemM\/edit?usp=sharing\">AQU\u00cd<\/a>.<\/p>\n<p>&nbsp;<\/p>\n<\/div>\n<div><\/div>\n<div><\/div>\n<div><\/div>\n<div>\n<p><span style=\"font-size: 48px;\"><b>Recomanacions musicals del professorat<\/b><\/span><\/p>\n<p class=\"p1\">El professorat de l&#8217;Escola de M\u00fasica de Tona us fem arribar recomanacions musicals per escoltar en fam\u00edlia.<\/p>\n<p>Escolteu la recomanaci\u00f3 de&#8230;<\/p>\n<p>L&#8217;<a href=\"https:\/\/youtu.be\/vOf78z3Hi4U\">Anna Solans<\/a>, professora de CoNeix la m\u00fasica, Sensibilitzaci\u00f3, Llenguatge musical i Cant coral.<\/p>\n<p>En <a href=\"https:\/\/youtu.be\/9MZw6XI-b6Q\">Marc Vernis<\/a>, professor de piano.<\/p>\n<p>L&#8217;<a href=\"https:\/\/www.youtube.com\/watch?v=sn19xvfoXvk\">Eli Pujol<\/a>, professora de piano.<\/p>\n<p>La <a href=\"https:\/\/www.youtube.com\/watch?v=Yl8L0WTsvCo\">Pau Albert<\/a>, professora de flauta travessera,<\/p>\n<p>En <a href=\"https:\/\/youtu.be\/9E6b3swbnWg\">Marcel\u00b7l\u00ed Druguet<\/a>, professor de saxo.<\/p>\n<p>En <a href=\"https:\/\/youtu.be\/RGZDATAlIBg\">Guillem Plana<\/a>, professor de guitarra, guitarra el\u00e8ctrica i baix el\u00e8ctric.<\/p>\n<p>En <a href=\"https:\/\/youtu.be\/UelDrZ1aFeY\">Pep Sol\u00e0<\/a>, professor de bateria.<\/p>\n<p>&nbsp;<\/p>\n<\/div>\n<div><\/div>\n<p>&nbsp;<\/p>\n<p><span style=\"font-size: 48px;\"><b>Informaci\u00f3 del centre<\/b><\/span><\/p>\n<div>\n<p><strong>CONSULTEU ELS DIFERENTS MATERIALS INFORMATIUS SOBRE L&#8217;OFERTA EDUCATIVA DE L&#8217;EMTONA:<\/strong><\/p>\n<ul>\n<li><a href=\"https:\/\/youtu.be\/SPaI0WdiYeg\">CONEGUEU LA METODOLOGIA DEL PROGRAMA DE NADONS CONEIX LA M\u00daSICA I DEL PROGRAMA DE SENSIBILITZACI\u00d3 MUSICAL, AQU\u00cd<\/a><\/li>\n<li><a href=\"https:\/\/latlantida-my.sharepoint.com\/:b:\/g\/personal\/elipujol_emvic_cat\/EVsCxguOsJ9LgePOSZz2mzwBC292WrvGHe-ARIuVu7Dubw?e=7TvC5Q\">DESCARREGA&#8217;T TOTA LA INFORMACI\u00d3 ACAD\u00c8MICA, AQU\u00cd<\/a><\/li>\n<li><a href=\"https:\/\/youtu.be\/6hxj1n6uJFc\">V\u00eddeo explicatiu<\/a> sobre l&#8217;<strong>oferta educativa<\/strong> de l&#8217;Escola de M\u00fasica de Tona.<\/li>\n<li><a href=\"https:\/\/youtu.be\/Pjdi8ycVISQ\">V\u00eddeo explicatiu<\/a> sobre els<strong> tres itineraris<\/strong> que es poden seguir a partir de Segon de Nivell Elemental.<\/li>\n<li>Conte musical interactiu <a href=\"https:\/\/youtu.be\/w3_LhJMvDaU\">El Cuc Ballaruc<\/a>. Conte per veure en fam\u00edlia i descobrir els<strong> instruments<\/strong> que podeu estudiar a la nostra Escola.<\/li>\n<\/ul>\n<\/div>\n<p>&nbsp;<\/p>\n<p>&nbsp;<\/p>\n<p>Segueix-nos a:<\/p>\n<p><a href=\"https:\/\/www.instagram.com\/escolademusicadetona\/\"><img loading=\"lazy\" decoding=\"async\" class=\"alignnone wp-image-4055\" src=\"https:\/\/agora.xtec.cat\/escmusicavic\/wp-content\/uploads\/usu1071\/2021\/05\/png-transparent-logo-computer-icons-instagram-logo-instagram-logo-miscellaneous-text-trademark-300x300.png\" alt=\"\" width=\"41\" height=\"41\" srcset=\"https:\/\/agora.xtec.cat\/escmusicavic\/wp-content\/uploads\/usu1071\/2021\/05\/png-transparent-logo-computer-icons-instagram-logo-instagram-logo-miscellaneous-text-trademark-300x300.png 300w, https:\/\/agora.xtec.cat\/escmusicavic\/wp-content\/uploads\/usu1071\/2021\/05\/png-transparent-logo-computer-icons-instagram-logo-instagram-logo-miscellaneous-text-trademark-150x150.png 150w, https:\/\/agora.xtec.cat\/escmusicavic\/wp-content\/uploads\/usu1071\/2021\/05\/png-transparent-logo-computer-icons-instagram-logo-instagram-logo-miscellaneous-text-trademark-768x768.png 768w, https:\/\/agora.xtec.cat\/escmusicavic\/wp-content\/uploads\/usu1071\/2021\/05\/png-transparent-logo-computer-icons-instagram-logo-instagram-logo-miscellaneous-text-trademark.png 920w\" sizes=\"auto, (max-width: 41px) 100vw, 41px\" \/><\/a><\/p>\n<p>&nbsp;<\/p>\n","protected":false},"excerpt":{"rendered":"<p>Informacions<br \/>\nUs recordem que\u200b, com v\u00e0rem exposar a la reuni\u00f3 de comen\u00e7ament de curs, en els rebuts dels mesos de novembre\u00a0i\u00a0maig\u00a0s\u2019inclouen els imports corresponents al\u00a0material\u00a0i \u200bprojectes.<br \/>\nEl material inclou: Carpeta corporativa per tot l&#8217;alumnat a principi de curs de Primer, Llibreta de pentagrames a principi de curs&hellip;  <a href=\"https:\/\/agora.xtec.cat\/escmusicavic\/xarxa-emvic\/escola-de-musica-de-tona\/\" title=\"Read Escola de M\u00fasica de Tona\">Llegeix m\u00e9s\u00bb<\/a><\/p>\n","protected":false},"author":1,"featured_media":0,"parent":1775,"menu_order":12,"comment_status":"closed","ping_status":"closed","template":"page-templates\/side-menu.php","meta":{"_bbp_topic_count":0,"_bbp_reply_count":0,"_bbp_total_topic_count":0,"_bbp_total_reply_count":0,"_bbp_voice_count":0,"_bbp_anonymous_reply_count":0,"_bbp_topic_count_hidden":0,"_bbp_reply_count_hidden":0,"_bbp_forum_subforum_count":0,"footnotes":""},"class_list":["post-1792","page","type-page","status-publish","hentry"],"post_mailing_queue_ids":[],"_links":{"self":[{"href":"https:\/\/agora.xtec.cat\/escmusicavic\/wp-json\/wp\/v2\/pages\/1792","targetHints":{"allow":["GET"]}}],"collection":[{"href":"https:\/\/agora.xtec.cat\/escmusicavic\/wp-json\/wp\/v2\/pages"}],"about":[{"href":"https:\/\/agora.xtec.cat\/escmusicavic\/wp-json\/wp\/v2\/types\/page"}],"author":[{"embeddable":true,"href":"https:\/\/agora.xtec.cat\/escmusicavic\/wp-json\/wp\/v2\/users\/1"}],"replies":[{"embeddable":true,"href":"https:\/\/agora.xtec.cat\/escmusicavic\/wp-json\/wp\/v2\/comments?post=1792"}],"version-history":[{"count":6,"href":"https:\/\/agora.xtec.cat\/escmusicavic\/wp-json\/wp\/v2\/pages\/1792\/revisions"}],"predecessor-version":[{"id":7445,"href":"https:\/\/agora.xtec.cat\/escmusicavic\/wp-json\/wp\/v2\/pages\/1792\/revisions\/7445"}],"up":[{"embeddable":true,"href":"https:\/\/agora.xtec.cat\/escmusicavic\/wp-json\/wp\/v2\/pages\/1775"}],"wp:attachment":[{"href":"https:\/\/agora.xtec.cat\/escmusicavic\/wp-json\/wp\/v2\/media?parent=1792"}],"curies":[{"name":"wp","href":"https:\/\/api.w.org\/{rel}","templated":true}]}}