{"id":2487,"date":"2023-01-25T12:13:39","date_gmt":"2023-01-25T11:13:39","guid":{"rendered":"https:\/\/agora.xtec.cat\/escmusicaberga\/?page_id=2487"},"modified":"2023-05-09T10:51:54","modified_gmt":"2023-05-09T08:51:54","slug":"tallers-i-complements-educatius-curs-2022-2023","status":"publish","type":"page","link":"https:\/\/agora.xtec.cat\/escmusicaberga\/tallers-i-complements-educatius-curs-2022-2023\/","title":{"rendered":"Complements educatius \/ Tallers del curs 2022 &#8211; 2023"},"content":{"rendered":"<h4 style=\"text-align: left;\"><span style=\"color: #ff9900;\"><strong>febrer &#8211; mar\u00e7, 2023<\/strong><\/span><\/h4>\n<hr \/>\n<h2><a href=\"https:\/\/agora.xtec.cat\/escmusicaberga\/wp-content\/uploads\/usu1326\/2023\/02\/EMMB-2022_23-tallers_hivern-nadons.jpg\"><img loading=\"lazy\" decoding=\"async\" class=\"alignright wp-image-2540 size-medium\" src=\"https:\/\/agora.xtec.cat\/escmusicaberga\/wp-content\/uploads\/usu1326\/2023\/02\/EMMB-2022_23-tallers_hivern-nadons-212x300.jpg\" alt=\"\" width=\"212\" height=\"300\" srcset=\"https:\/\/agora.xtec.cat\/escmusicaberga\/wp-content\/uploads\/usu1326\/2023\/02\/EMMB-2022_23-tallers_hivern-nadons-212x300.jpg 212w, https:\/\/agora.xtec.cat\/escmusicaberga\/wp-content\/uploads\/usu1326\/2023\/02\/EMMB-2022_23-tallers_hivern-nadons-724x1024.jpg 724w, https:\/\/agora.xtec.cat\/escmusicaberga\/wp-content\/uploads\/usu1326\/2023\/02\/EMMB-2022_23-tallers_hivern-nadons-768x1086.jpg 768w, https:\/\/agora.xtec.cat\/escmusicaberga\/wp-content\/uploads\/usu1326\/2023\/02\/EMMB-2022_23-tallers_hivern-nadons.jpg 842w\" sizes=\"auto, (max-width: 212px) 100vw, 212px\" \/><\/a>M\u00fasica per a Nadons<\/h2>\n<p><strong>del 03\/03\/2023 al 31\/03\/2023<\/strong><\/p>\n<ul>\n<li>prof. Marta Pagerols<\/li>\n<li><span style=\"color: #ff9900;\">sessions de classe<\/span> setmanals<\/li>\n<li><span style=\"color: #ff9900;\">durada<\/span> 5 sessions<\/li>\n<li><span style=\"color: #ff9900;\">preu<\/span> 28 \u20ac<\/li>\n<li><span style=\"color: #ff9900;\">horaris<\/span>\n<ul>\n<li><em>infants fins els 14 mesos<\/em> \u2192 divendres, 17:15 &#8211; 17:45 h<\/li>\n<li><em>infants a partir dels 15 mesos<\/em> \u2192 divendres, 18:00 &#8211; 18:30 h<\/li>\n<\/ul>\n<\/li>\n<\/ul>\n<p>&nbsp;<\/p>\n<p><strong>Taller adre\u00e7at a infants de primer cicle d&#8217;educaci\u00f3 infantil (0 &#8211; 3 anys). <\/strong><\/p>\n<p>La m\u00fasica, les can\u00e7ons, els sons,el silenci, els ritmes&#8230;..s\u00f3n eines b\u00e0siques per la comunicaci\u00f3 afectiva. La veu de la mare parlada i cantada \u00e9s decisiva en el desenvolupament del nen.<\/p>\n<p><span style=\"color: #ff9900;\">Objectius del taller<\/span><\/p>\n<ul>\n<li>Enfortir el vincle emocional entre la mare i el nad\u00f3 fomentant la relaci\u00f3 sonora, motriu i musical.<\/li>\n<li>Proporcionara la mare eines musicals senzilles i \u00fatils per poder desenvolupar aquest vincle, explorant els canals d\u2019expressi\u00f3 musical, afavorint el joc musical en la vida quotidiana, practicant el repertori i adquirint nous recursos musicals.<\/li>\n<li>Estimular el desenvolupament del nen o nena mitjan\u00e7ant la m\u00fasica.<\/li>\n<li>Potenciar la veu com l\u2019element primordial b\u00e0sic en la comunicaci\u00f3 afectiva entre l\u2019adult i el nad\u00f3.<\/li>\n<\/ul>\n<hr \/>\n<h2><a href=\"https:\/\/agora.xtec.cat\/escmusicaberga\/wp-content\/uploads\/usu1326\/2023\/01\/EMMB-2022_23-tallers_hivern-expressivitat-i-mov.jpg\"><img loading=\"lazy\" decoding=\"async\" class=\"wp-image-2490 size-medium alignright\" src=\"https:\/\/agora.xtec.cat\/escmusicaberga\/wp-content\/uploads\/usu1326\/2023\/01\/EMMB-2022_23-tallers_hivern-expressivitat-i-mov-212x300.jpg\" alt=\"\" width=\"212\" height=\"300\" srcset=\"https:\/\/agora.xtec.cat\/escmusicaberga\/wp-content\/uploads\/usu1326\/2023\/01\/EMMB-2022_23-tallers_hivern-expressivitat-i-mov-212x300.jpg 212w, https:\/\/agora.xtec.cat\/escmusicaberga\/wp-content\/uploads\/usu1326\/2023\/01\/EMMB-2022_23-tallers_hivern-expressivitat-i-mov-724x1024.jpg 724w, https:\/\/agora.xtec.cat\/escmusicaberga\/wp-content\/uploads\/usu1326\/2023\/01\/EMMB-2022_23-tallers_hivern-expressivitat-i-mov-768x1086.jpg 768w, https:\/\/agora.xtec.cat\/escmusicaberga\/wp-content\/uploads\/usu1326\/2023\/01\/EMMB-2022_23-tallers_hivern-expressivitat-i-mov.jpg 842w\" sizes=\"auto, (max-width: 212px) 100vw, 212px\" \/><\/a>Expressivitat i moviment per a m\u00fasics<\/h2>\n<p><strong>del 02\/02\/2023 al 30\/03\/2023<\/strong><\/p>\n<p>prof. Ivan Otaola<\/p>\n<ul>\n<li><span style=\"color: #ff9900;\">sessions de classe<\/span> setmanal<\/li>\n<li><span style=\"color: #ff9900;\"> durada<\/span> 9 sessions<\/li>\n<li><span style=\"color: #ff9900;\">horaris<\/span> dijous, 17:30 &#8211; 18:30<\/li>\n<li><span style=\"color: #ff9900;\">preu<\/span> 44 \u20ac<\/li>\n<\/ul>\n<p>&nbsp;<\/p>\n<p><strong>Taller adre\u00e7at a m\u00fasics a partir de 12 anys interessats en desenvolupar l&#8217;expressivitat i la posada en escena a partir del treball de cos i de la interpretaci\u00f3 teatral.<\/strong><\/p>\n<hr \/>\n<h2><a href=\"https:\/\/agora.xtec.cat\/escmusicaberga\/wp-content\/uploads\/usu1326\/2023\/01\/EMMB-2022_23-tallers_hivern-club-de-musica.jpg\"><img loading=\"lazy\" decoding=\"async\" class=\"wp-image-2489 size-medium alignright\" src=\"https:\/\/agora.xtec.cat\/escmusicaberga\/wp-content\/uploads\/usu1326\/2023\/01\/EMMB-2022_23-tallers_hivern-club-de-musica-212x300.jpg\" alt=\"\" width=\"212\" height=\"300\" srcset=\"https:\/\/agora.xtec.cat\/escmusicaberga\/wp-content\/uploads\/usu1326\/2023\/01\/EMMB-2022_23-tallers_hivern-club-de-musica-212x300.jpg 212w, https:\/\/agora.xtec.cat\/escmusicaberga\/wp-content\/uploads\/usu1326\/2023\/01\/EMMB-2022_23-tallers_hivern-club-de-musica-724x1024.jpg 724w, https:\/\/agora.xtec.cat\/escmusicaberga\/wp-content\/uploads\/usu1326\/2023\/01\/EMMB-2022_23-tallers_hivern-club-de-musica-768x1086.jpg 768w, https:\/\/agora.xtec.cat\/escmusicaberga\/wp-content\/uploads\/usu1326\/2023\/01\/EMMB-2022_23-tallers_hivern-club-de-musica.jpg 842w\" sizes=\"auto, (max-width: 212px) 100vw, 212px\" \/><\/a>Club de m\u00fasica: hist\u00f2ries de m\u00fasiques i m\u00fasics<\/h2>\n<p><strong>del 02\/02\/2023 al 01\/06\/2023<\/strong><\/p>\n<ul>\n<li>prof. Josep Comellas<\/li>\n<li><span style=\"color: #ff9900;\">sessions de classe<\/span> mensual<\/li>\n<li><span style=\"color: #ff9900;\">durada<\/span> 5 sessions<\/li>\n<li><span style=\"color: #ff9900;\">horaris<\/span> dijous, 19:00 &#8211; 20:00<\/li>\n<li><span style=\"color: #ff9900;\">preu<\/span> gratu\u00eft<\/li>\n<\/ul>\n<p>&nbsp;<\/p>\n<p><strong>Taller adre\u00e7at a persones interessades en descobrir les hist\u00f2ries que hi ha darrera les m\u00fasiques que escoltem.<\/strong><\/p>\n<hr \/>\n<h4><\/h4>\n<h4><\/h4>\n<h4><span style=\"color: #ff9900;\"><strong>octubre &#8211; desembre, 2022<\/strong><\/span><\/h4>\n<hr \/>\n<p><a href=\"https:\/\/agora.xtec.cat\/escmusicaberga\/ofertaeducativa\/oferta-de-curta-durada\/tallers-de-curta-durada-expressivitat-i-moviment-per-a-musics\/\"><img loading=\"lazy\" decoding=\"async\" class=\"wp-image-2257 size-medium alignnone\" src=\"https:\/\/agora.xtec.cat\/escmusicaberga\/wp-content\/uploads\/usu1326\/2022\/10\/EMMB-2022_23-tallers_tardor-expressivitat-i-moviment-per-a-mu\u0301sics-212x300.jpg\" alt=\"\" width=\"212\" height=\"300\" srcset=\"https:\/\/agora.xtec.cat\/escmusicaberga\/wp-content\/uploads\/usu1326\/2022\/10\/EMMB-2022_23-tallers_tardor-expressivitat-i-moviment-per-a-mu\u0301sics-212x300.jpg 212w, https:\/\/agora.xtec.cat\/escmusicaberga\/wp-content\/uploads\/usu1326\/2022\/10\/EMMB-2022_23-tallers_tardor-expressivitat-i-moviment-per-a-mu\u0301sics-724x1024.jpg 724w, https:\/\/agora.xtec.cat\/escmusicaberga\/wp-content\/uploads\/usu1326\/2022\/10\/EMMB-2022_23-tallers_tardor-expressivitat-i-moviment-per-a-mu\u0301sics-768x1086.jpg 768w, https:\/\/agora.xtec.cat\/escmusicaberga\/wp-content\/uploads\/usu1326\/2022\/10\/EMMB-2022_23-tallers_tardor-expressivitat-i-moviment-per-a-mu\u0301sics.jpg 842w\" sizes=\"auto, (max-width: 212px) 100vw, 212px\" \/><\/a><\/p>\n<hr \/>\n<p><a href=\"https:\/\/agora.xtec.cat\/escmusicaberga\/ofertaeducativa\/oferta-de-curta-durada\/tallers-i-complements-educatius-club-de-musica\/\"><img loading=\"lazy\" decoding=\"async\" class=\"wp-image-2259 size-medium alignnone\" src=\"https:\/\/agora.xtec.cat\/escmusicaberga\/wp-content\/uploads\/usu1326\/2022\/10\/EMMB-2022_23-tallers_tardor-club-de-mu\u0301sica-212x300.jpg\" alt=\"\" width=\"212\" height=\"300\" srcset=\"https:\/\/agora.xtec.cat\/escmusicaberga\/wp-content\/uploads\/usu1326\/2022\/10\/EMMB-2022_23-tallers_tardor-club-de-mu\u0301sica-212x300.jpg 212w, https:\/\/agora.xtec.cat\/escmusicaberga\/wp-content\/uploads\/usu1326\/2022\/10\/EMMB-2022_23-tallers_tardor-club-de-mu\u0301sica-724x1024.jpg 724w, https:\/\/agora.xtec.cat\/escmusicaberga\/wp-content\/uploads\/usu1326\/2022\/10\/EMMB-2022_23-tallers_tardor-club-de-mu\u0301sica-768x1086.jpg 768w, https:\/\/agora.xtec.cat\/escmusicaberga\/wp-content\/uploads\/usu1326\/2022\/10\/EMMB-2022_23-tallers_tardor-club-de-mu\u0301sica.jpg 842w\" sizes=\"auto, (max-width: 212px) 100vw, 212px\" \/><\/a><\/p>\n","protected":false},"excerpt":{"rendered":"<p>febrer &#8211; mar\u00e7, 2023<\/p>\n<p><a href=\"https:\/\/agora.xtec.cat\/escmusicaberga\/wp-content\/uploads\/usu1326\/2023\/02\/EMMB-2022_23-tallers_hivern-nadons.jpg\"><\/a>M\u00fasica per a Nadons<br \/>\ndel 03\/03\/2023 al 31\/03\/2023<\/p>\n<ul>\n<li>prof. Marta Pagerols<\/li>\n<li>sessions de classe setmanals<\/li>\n<li>durada 5 sessions<\/li>\n<li>preu 28 \u20ac<\/li>\n<li>horaris\n<ul>\n<li>infants fins els 14 mesos \u2192 divendres, 17:15 &#8211; 17:45 h<\/li>\n<li>infants a partir dels 15 mesos \u2192 divendres, 18:00 &#8211; 18:30 h<\/li>\n<\/ul>\n<\/li>\n<\/ul>\n<p>&nbsp;<br \/>\nTaller adre\u00e7at a infants de&hellip;  <a href=\"https:\/\/agora.xtec.cat\/escmusicaberga\/tallers-i-complements-educatius-curs-2022-2023\/\" title=\"Read Complements educatius \/ Tallers del curs 2022 &#8211; 2023\">Llegeix m\u00e9s\u00bb<\/a><\/p>\n","protected":false},"author":1,"featured_media":0,"parent":0,"menu_order":0,"comment_status":"closed","ping_status":"closed","template":"","meta":{"_bbp_topic_count":0,"_bbp_reply_count":0,"_bbp_total_topic_count":0,"_bbp_total_reply_count":0,"_bbp_voice_count":0,"_bbp_anonymous_reply_count":0,"_bbp_topic_count_hidden":0,"_bbp_reply_count_hidden":0,"_bbp_forum_subforum_count":0,"footnotes":""},"class_list":["post-2487","page","type-page","status-publish","hentry"],"post_mailing_queue_ids":[],"_links":{"self":[{"href":"https:\/\/agora.xtec.cat\/escmusicaberga\/wp-json\/wp\/v2\/pages\/2487","targetHints":{"allow":["GET"]}}],"collection":[{"href":"https:\/\/agora.xtec.cat\/escmusicaberga\/wp-json\/wp\/v2\/pages"}],"about":[{"href":"https:\/\/agora.xtec.cat\/escmusicaberga\/wp-json\/wp\/v2\/types\/page"}],"author":[{"embeddable":true,"href":"https:\/\/agora.xtec.cat\/escmusicaberga\/wp-json\/wp\/v2\/users\/1"}],"replies":[{"embeddable":true,"href":"https:\/\/agora.xtec.cat\/escmusicaberga\/wp-json\/wp\/v2\/comments?post=2487"}],"version-history":[{"count":4,"href":"https:\/\/agora.xtec.cat\/escmusicaberga\/wp-json\/wp\/v2\/pages\/2487\/revisions"}],"predecessor-version":[{"id":2946,"href":"https:\/\/agora.xtec.cat\/escmusicaberga\/wp-json\/wp\/v2\/pages\/2487\/revisions\/2946"}],"wp:attachment":[{"href":"https:\/\/agora.xtec.cat\/escmusicaberga\/wp-json\/wp\/v2\/media?parent=2487"}],"curies":[{"name":"wp","href":"https:\/\/api.w.org\/{rel}","templated":true}]}}