{"id":38,"date":"2014-09-18T12:34:08","date_gmt":"2014-09-18T12:34:08","guid":{"rendered":"http:\/\/agora.xtec.cat\/escmus-santpedor\/?page_id=38"},"modified":"2016-10-21T14:29:44","modified_gmt":"2016-10-21T13:29:44","slug":"salut","status":"publish","type":"page","link":"https:\/\/agora.xtec.cat\/escmus-santpedor\/lescola\/salut\/","title":{"rendered":"Salut"},"content":{"rendered":"<h1><u>CRITERIS <\/u><u>DE <\/u><u>NO ASSIST\u00c8NCIA DE L\u2019ALUMNAT A L&#8217;ESCOLA O LLAR D&#8217;INFANTS DURANT UN PER\u00cdODE DE TEMPS DETERMINAT A CAUSA DE MALALTIES TRANSMISSIBLES<\/u><\/h1>\n<p><strong>\u00a0<\/strong><\/p>\n<p><strong>\u00a0<\/strong><\/p>\n<p>Les malalties infeccioses que es poden transmetre d\u2019una persona a una altra per qualsevol mecanisme (malalties transmissibles) s\u00f3n freq\u00fcents en nens escolaritzats i, en general, no cal excloure&#8217;ls de l&#8217;escola quan estiguin afectats per infeccions respirat\u00f2ries lleus, tenint en compte a m\u00e9s que la transmissi\u00f3 t\u00e9\u00a0 lloc abans d&#8217;apar\u00e8ixer els s\u00edmptomes o a partir del contacte amb nens amb infeccions asimptom\u00e0tiques. El risc de contagi es pot minimitzar seguint les normes higi\u00e8niques habituals. L&#8217;exclusi\u00f3 de nens malalts es recomana quan\u00a0 potencialment pot reduir les probabilitats d&#8217;aparici\u00f3 de casos secundaris.<\/p>\n<p>En general, els nens no s&#8217;han d&#8217;excloure de l&#8217;escola per malalties banals, llevat qu\u00e8 es doni alguna de les seg\u00fcents condicions:<\/p>\n<p>La malaltia impedeix que l&#8217;alumne dugui a terme les seves activitats amb normalitat.<\/p>\n<p>La malaltia requereix m\u00e9s atencions de les que els responsables a c\u00e0rrec de l&#8217;alumne poden donar-\u00a0 li, reduint l&#8217;atenci\u00f3 envers la resta d&#8217;alumnes.<\/p>\n<p>El nen presenta: febre, letargia, irritabilitat, plora constantment, respira amb dificultat\u00a0 o\u00a0 altres signes que evidenci\u00efn una malaltia greu.<\/p>\n<p>Presenta exantema amb febre o canvis de comportament i el metge no ha determinat que no es\u00a0 tracta d\u2019una malaltia infecciosa<\/p>\n<p>Encara que algunes malalties s\u00f3n de declaraci\u00f3 obligat\u00f2ria per part del metge encara que es detecti un sol cas ( tos ferina (pertussis), rub\u00e8ola, xarampi\u00f3, parotiditis (galteres), hepatitis A&#8230;), qualsevol malaltia que es presenti en forma de <strong>brot epid\u00e8mic (dos o m\u00e9s casos relacionats en temps i espai) \u00e9s de declaraci\u00f3 obligat\u00f2ria per part del metge assistencial al Servei de Vigil\u00e0ncia Epidemiol\u00f2gica corresponent <\/strong>(veure annex), que recomanar\u00e0 les actuacions preventives i de control que corresponguin en cada situaci\u00f3.<\/p>\n<p>A continuaci\u00f3 es resumeixen les malalties infeccioses m\u00e9s freq\u00fcents en nens en edat escolar agrupades per les seves manifestacions cl\u00edniques. No obstant, si es sospita de l\u2019exist\u00e8ncia d\u2019un brot epid\u00e8mic, s\u2019ha d\u2019informar al <strong>Servei de Vigil\u00e0ncia Epidemiol\u00f2gica <\/strong>corresponent que adaptar\u00e0 les recomanacions a cada situaci\u00f3 concreta.<\/p>\n<p>&nbsp;<\/p>\n<table>\n<tbody>\n<tr>\n<td>En totes les malalties que cursen amb febre, a m\u00e9s de les recomanacions espec\u00edfiques per a cadascuna d\u2019elles, cal que el nen hagi estat 24h sense febre abans de tornar a l\u2019escola.<\/td>\n<\/tr>\n<\/tbody>\n<\/table>\n<p>&nbsp;<\/p>\n<p>&nbsp;<\/p>\n<p><strong>Malalties respirat\u00f2ries:<\/strong><\/p>\n<p><strong>\u00a0<\/strong><\/p>\n<p><strong>Tipus<\/strong> <strong>de malaltia\u00a0\u00a0\u00a0\u00a0\u00a0\u00a0\u00a0\u00a0\u00a0\u00a0\u00a0\u00a0\u00a0\u00a0\u00a0\u00a0\u00a0\u00a0\u00a0\u00a0\u00a0\u00a0\u00a0\u00a0\u00a0\u00a0\u00a0\u00a0\u00a0\u00a0\u00a0 Per\u00edode de no assist\u00e8ncia\u00a0\u00a0\u00a0\u00a0\u00a0\u00a0\u00a0\u00a0\u00a0\u00a0\u00a0\u00a0\u00a0\u00a0\u00a0\u00a0\u00a0\u00a0\u00a0\u00a0 Mesures addicionals<\/strong><\/p>\n<table style=\"height: 641px;\" width=\"816\">\n<tbody>\n<tr>\n<td width=\"204\">Infecci\u00f3 respirat\u00f2ria aguda de vies altes<\/td>\n<td width=\"219\">Fins almenys 24 hores sense febre i toleri l\u2019activitat general<\/td>\n<td width=\"189\">&#8211;<\/td>\n<\/tr>\n<tr>\n<td width=\"204\">Faringitis estreptoc\u00f2ccica<\/td>\n<td width=\"219\">Fins a 24 hores despr\u00e9s d&#8217;iniciar el tractament<\/td>\n<td width=\"189\">&#8211;<\/td>\n<\/tr>\n<tr>\n<td width=\"204\">Amigdalitis v\u00edrica<\/td>\n<td width=\"219\">No \u00e9s necessari excloure de l\u2019escola si no presenta febre.<\/td>\n<td width=\"189\">La m\u00e9s habitual \u00e9s la originada per virus, no \u00e9s necessari tractament antibi\u00f2tic<\/td>\n<\/tr>\n<tr>\n<td width=\"204\">Tos ferina (pertussis)<\/td>\n<td width=\"219\">Fins a 5 dies despr\u00e9s d&#8217;haver iniciat el tractament antibi\u00f2tic apropiat o 21 dies des de l\u2019inici de la malaltia<\/td>\n<td width=\"189\">Malaltia prevenible amb vacunaci\u00f3.<\/td>\n<\/tr>\n<tr>\n<td width=\"204\">Tuberculosi<\/td>\n<td width=\"219\">Fins que el metge no determini que no \u00e9s infecci\u00f3s (m\u00ednim 2-3 setmanes despr\u00e8s de l\u2019inici del tractament).<\/td>\n<td width=\"189\">Sempre avisar al Servei de Vigil\u00e0ncia Epidemiol\u00f2gica corresponent.<\/td>\n<\/tr>\n<tr>\n<td width=\"204\">Grip<\/td>\n<td width=\"219\">Fins almenys 24 hores sense febre i que toleri l\u2019activitat general<\/td>\n<td width=\"189\">&#8211;<\/td>\n<\/tr>\n<\/tbody>\n<\/table>\n<p><strong>\u00a0<\/strong><\/p>\n<p><strong>\u00a0<\/strong><\/p>\n<p><strong>Malalties dels ulls:<\/strong><\/p>\n<p><strong>\u00a0<\/strong><\/p>\n<p><strong>Tipus de malaltia\u00a0\u00a0\u00a0\u00a0\u00a0\u00a0\u00a0\u00a0\u00a0\u00a0\u00a0\u00a0\u00a0\u00a0\u00a0\u00a0\u00a0\u00a0\u00a0\u00a0\u00a0\u00a0\u00a0\u00a0\u00a0\u00a0\u00a0\u00a0\u00a0\u00a0\u00a0\u00a0\u00a0\u00a0\u00a0\u00a0\u00a0\u00a0\u00a0\u00a0\u00a0 Per\u00edode de no assist\u00e8ncia\u00a0\u00a0\u00a0\u00a0\u00a0\u00a0\u00a0\u00a0\u00a0\u00a0\u00a0\u00a0\u00a0\u00a0\u00a0\u00a0\u00a0\u00a0\u00a0\u00a0\u00a0\u00a0\u00a0 Mesures addicionals<\/strong><\/p>\n<table style=\"height: 77px;\" width=\"816\">\n<tbody>\n<tr>\n<td width=\"215\"><strong>Conjuntivitis purulenta*<\/strong><\/td>\n<td width=\"217\">Fins a 24 hores d\u2019iniciar el tractament<\/td>\n<td width=\"179\"><strong>&#8211;<\/strong><\/td>\n<\/tr>\n<\/tbody>\n<\/table>\n<p><em>*Conjuntiva vermella o rosada amb desc\u00e0rregues de secrecions blanques o grogues, parpelles enganxades al mat\u00ed i dolor o vermellor a la zona que envolta l&#8217;ull.<\/em><\/p>\n<p>&nbsp;<\/p>\n<p><em>\u00a0<\/em><\/p>\n<p><em>\u00a0<\/em><\/p>\n<h1>Malalties gastrointestinals:<\/h1>\n<p><strong>\u00a0<\/strong><\/p>\n<h5>Tipus de malaltia \u00a0 \u00a0 \u00a0 \u00a0 \u00a0 \u00a0 \u00a0 \u00a0 \u00a0 \u00a0 \u00a0Per\u00edode de no assist\u00e8ncia\u00a0\u00a0\u00a0\u00a0\u00a0\u00a0\u00a0\u00a0\u00a0\u00a0\u00a0\u00a0\u00a0\u00a0 Mesures addicionals<\/h5>\n<table style=\"height: 520px;\" width=\"810\">\n<tbody>\n<tr>\n<td width=\"194\">Diarrees per <em>Salmonella<\/em><\/td>\n<td width=\"199\">Fins 48 hores des de la darrera deposici\u00f3 diarreica<\/td>\n<td width=\"236\">Supervisi\u00f3 del rentat de mans dels nens. En preescolars, el Servei de Vigil\u00e0ncia Epidemiol\u00f2gica valorar\u00e0 la necessitat o no d&#8217;obtenir abans de la readmissi\u00f3 dues mostres de femta negatives<\/td>\n<\/tr>\n<tr>\n<td width=\"194\">Diarrees per <em>Shigella<\/em><\/td>\n<td width=\"199\">Fins 48 hores des de la darrera deposici\u00f3 diarreica<\/td>\n<td width=\"236\">En cas de <em>S.boydii, S.dysenteriae <\/em>o <em>S.flexneri e<\/em>n preescolars, fins a l\u2019obtenci\u00f3 de dues mostres de femta negatives (amb un interval de 24 hores)<\/td>\n<\/tr>\n<tr>\n<td width=\"194\">Diarrees per <em>E.coli <\/em>O157:H7<\/td>\n<td width=\"199\">Fins 48 hores des de la darrera deposici\u00f3 diarreica<\/td>\n<td width=\"236\">En preescolars fins a obtenir dues mostres de femta negatives (amb un interval de 48 hores)<\/td>\n<\/tr>\n<tr>\n<td width=\"194\">Diarrees per qualsevol altre microorganisme<\/td>\n<td width=\"199\">Fins 48 hores des de la darrera deposici\u00f3 diarreica<\/td>\n<td width=\"236\">&#8211;<\/td>\n<\/tr>\n<\/tbody>\n<\/table>\n<p><strong>\u00a0<\/strong><\/p>\n<p><strong>\u00a0<\/strong><\/p>\n<p><strong>\u00a0<\/strong><\/p>\n<p><strong>Malalties que cursen amb erupci\u00f3 cut\u00e0nia:<\/strong><\/p>\n<p><strong>\u00a0<\/strong><\/p>\n<p><strong>Tipus<\/strong> <strong>de malaltia\u00a0\u00a0\u00a0\u00a0\u00a0\u00a0\u00a0\u00a0\u00a0\u00a0\u00a0\u00a0\u00a0\u00a0\u00a0\u00a0\u00a0\u00a0\u00a0\u00a0\u00a0\u00a0\u00a0\u00a0\u00a0\u00a0\u00a0\u00a0\u00a0\u00a0\u00a0\u00a0 Per\u00edode de no assist\u00e8ncia\u00a0\u00a0\u00a0\u00a0\u00a0\u00a0\u00a0\u00a0\u00a0\u00a0\u00a0\u00a0\u00a0\u00a0\u00a0\u00a0\u00a0\u00a0\u00a0\u00a0\u00a0\u00a0\u00a0\u00a0\u00a0\u00a0\u00a0\u00a0\u00a0 Mesures addicionals<\/strong><\/p>\n<table style=\"height: 662px;\" width=\"793\">\n<tbody>\n<tr>\n<td width=\"204\">Escarlatina<\/td>\n<td width=\"204\">Fins 24 hores despr\u00e9s<\/p>\n<p>d\u2019iniciar el tractament antibi\u00f2tic<\/td>\n<td width=\"204\">&nbsp;<\/td>\n<\/tr>\n<tr>\n<td width=\"204\">Eritema infecci\u00f3s<\/p>\n<p>(cinquena malaltia, malaltia de la bufetada)<\/td>\n<td width=\"204\">No cal excloure el nen de l\u2019escola<\/td>\n<td width=\"204\">Valorar risc en embarassades i nens*<\/td>\n<\/tr>\n<tr>\n<td width=\"204\">Rub\u00e8ola<\/td>\n<td width=\"204\">Fins a 7 dies despr\u00e9s de l&#8217;inici de l&#8217;exantema<\/td>\n<td width=\"204\">Valorar risc en embarassades i nens*<\/td>\n<\/tr>\n<tr>\n<td width=\"204\">Xarampi\u00f3<\/td>\n<td width=\"204\">Fins a 4 dies despr\u00e9s de l&#8217;inici de l&#8217;exantema<\/td>\n<td width=\"204\">Quan es confirma un cas de xarampi\u00f3, cal excloure tots els nens susceptibles no vacunats, fins que puguin presentar una prova d&#8217;immunitat (vacunaci\u00f3) o fins que el risc de contagi hagi passat (fins a 21 dies despr\u00e9s de l&#8217;inici de l&#8217;exantema del darrer cas de la malaltia)<\/p>\n<p>Valorar risc en embarassades i nens*<\/td>\n<\/tr>\n<\/tbody>\n<\/table>\n<p>&nbsp;<\/p>\n<table style=\"height: 447px;\" width=\"792\">\n<tbody>\n<tr>\n<td width=\"204\">Herpes simple (labial)<\/td>\n<td width=\"204\">No \u00e9s necess\u00e0ria la exclusi\u00f3<\/td>\n<td width=\"204\">Evitar petons i contacte amb les lesions herp\u00e8tiques<\/td>\n<\/tr>\n<tr>\n<td width=\"204\">Herpes Z\u00f2ster<\/td>\n<td width=\"204\">Excloure nom\u00e9s si les ves\u00edcules supuren i no es poden cobrir<\/td>\n<td width=\"204\">Poden causar varicel\u00b7la en aquells que no l\u2019han passada. Es contagia amb contacte directe i proper.<\/td>\n<\/tr>\n<tr>\n<td width=\"204\"><strong>\u00a0<\/strong><\/p>\n<p>Varicel\u00b7la<\/td>\n<td width=\"204\">Fins al sis\u00e8 dia despr\u00e9s de l&#8217;aparici\u00f3 de l&#8217;exantema, o abans si les lesions s&#8217;han assecat i han fet crosta.<\/td>\n<td width=\"204\"><strong>\u00a0<\/strong><\/p>\n<p><strong>&#8211;<\/strong><\/td>\n<\/tr>\n<tr>\n<td width=\"204\">Impetigen contagi\u00f3s<\/td>\n<td width=\"204\">Fins a 48 hores despr\u00e8s de l\u2019inici del tractament antibi\u00f2tic<\/td>\n<td width=\"204\">&#8211;<\/td>\n<\/tr>\n<\/tbody>\n<\/table>\n<p><strong>\u00a0<\/strong><\/p>\n<p>* En general si una embarassada desenvolupa una erupci\u00f3 cut\u00e0nia o est\u00e0 amb contacte directe amb alguna persona que es sospitosa de presentar-ne, hauria de ser investigat. La varicel\u00b7la pot afectar a l\u2019embar\u00e0s si una dona no ha passat la infecci\u00f3.<\/p>\n<p>&nbsp;<\/p>\n<p>&nbsp;<\/p>\n<h1>Altres infeccions i parasitosi:<\/h1>\n<p><strong>\u00a0<\/strong><\/p>\n<h6>Tipus de malaltia\u00a0\u00a0\u00a0\u00a0\u00a0\u00a0\u00a0\u00a0\u00a0\u00a0\u00a0\u00a0\u00a0\u00a0\u00a0\u00a0\u00a0\u00a0\u00a0\u00a0\u00a0\u00a0\u00a0\u00a0\u00a0\u00a0\u00a0\u00a0\u00a0\u00a0\u00a0\u00a0 Per\u00edode de no assist\u00e8ncia\u00a0\u00a0\u00a0\u00a0\u00a0\u00a0\u00a0\u00a0\u00a0\u00a0\u00a0\u00a0\u00a0\u00a0\u00a0\u00a0\u00a0\u00a0\u00a0\u00a0\u00a0\u00a0\u00a0\u00a0\u00a0 Mesures addicionals<\/h6>\n<table style=\"height: 653px;\" width=\"790\">\n<tbody>\n<tr>\n<td width=\"204\">Meningitis bacteriana (pneumoc\u00f2ccica, meningoc\u00f2ccica o per <em>Haemophilus influenzae)<\/em><\/td>\n<td width=\"204\">Fins a que toleri l\u2019 activitat general<\/td>\n<td width=\"204\">Malalties prevenibles amb vacunaci\u00f3.<\/p>\n<p>Avisar al Servei de Vigil\u00e0ncia Epidemiol\u00f2gica per identificar contactes que requereixin antibi\u00f2tic.<\/td>\n<\/tr>\n<tr>\n<td width=\"204\">Mononucleosi infecciosa<\/td>\n<td width=\"204\">Fins que toleri l\u2019activitat general<\/td>\n<td width=\"204\">&#8211;<\/td>\n<\/tr>\n<tr>\n<td width=\"204\">Parotiditis (galteres )<\/td>\n<td width=\"204\">Fins a 5 dies despr\u00e9s de la inflamaci\u00f3 de les gl\u00e0ndules<\/td>\n<td width=\"204\">Es pot prevenir amb vacunaci\u00f3.<\/td>\n<\/tr>\n<tr>\n<td width=\"204\">Hepatitis A<\/td>\n<td width=\"204\">Fins a 7 dies despr\u00e9s de l&#8217; inici dels s\u00edmptomes i fins que toleri l\u2019activitat general<\/td>\n<td width=\"204\">Una bona higiene personal i ambiental minimitzen<\/p>\n<p>la propagaci\u00f3 de la malaltia.<\/td>\n<\/tr>\n<tr>\n<td width=\"204\"><strong>\u00a0<\/strong><\/p>\n<p>Pediculosi (polls)<\/td>\n<td width=\"204\">Fins a 24 hores despr\u00e8s que s\u2019hagi iniciat tractament. No cal excloure si l\u2019afectat fa tractament adequat.<\/td>\n<td width=\"204\">El tractament nom\u00e9s est\u00e0 recomanat en casos on<\/p>\n<p>s\u2019han vist polls vius. Comprovar regularment l\u2019exist\u00e8ncia de polls amb una pinta.<\/td>\n<\/tr>\n<\/tbody>\n<\/table>\n<p>&nbsp;<\/p>\n<table style=\"height: 586px;\" width=\"792\">\n<tbody>\n<tr>\n<td width=\"204\">&nbsp;<\/p>\n<p>Tinya<\/td>\n<td width=\"204\">&nbsp;<\/p>\n<p>Exclusi\u00f3 fins que comenci el tractament. No cal excloure si l\u2019afectat fa tractament adequat<\/td>\n<td width=\"204\">El tractament farmacol\u00f2gic \u00e9s important.<\/p>\n<p>Tractar animals dom\u00e8stics amb simptomatologia.<\/td>\n<\/tr>\n<tr>\n<td width=\"204\">&nbsp;<\/p>\n<p>Sarna\/Escabiosi<\/td>\n<td width=\"204\">Pot tornar 1 dia despr\u00e9s d\u2019iniciar tractament (\u00e9s adir un cop acabada la 1a tanda).<\/td>\n<td width=\"204\">Tractament en 2 tandes amb una setmana de<\/p>\n<p>difer\u00e8ncia.<\/td>\n<\/tr>\n<tr>\n<td width=\"204\">Berrugues<\/td>\n<td width=\"204\">No cal<\/td>\n<td width=\"204\">Les berrugues haurien d\u2019estar cobertes a piscines,<\/p>\n<p>gimn\u00e0s i vestuaris<\/td>\n<\/tr>\n<tr>\n<td width=\"204\">Mol\u00b7lusc contagi\u00f3s<\/td>\n<td width=\"204\">No cal excloure el nen de l\u2019escola<\/td>\n<td width=\"204\">Excloure el nen de pr\u00e0ctiques esportives que impliquin un contacte cutani estret (lluita lliure o similars)<\/td>\n<\/tr>\n<\/tbody>\n<\/table>\n<p>&nbsp;<\/p>\n<p>&nbsp;<\/p>\n<p>&nbsp;<\/p>\n<p>&nbsp;<\/p>\n<p>&nbsp;<\/p>\n","protected":false},"excerpt":{"rendered":"<p>CRITERIS DE NO ASSIST\u00c8NCIA DE L\u2019ALUMNAT A L&#8217;ESCOLA O LLAR D&#8217;INFANTS DURANT UN PER\u00cdODE DE TEMPS DETERMINAT A CAUSA DE MALALTIES TRANSMISSIBLES<br \/>\n\u00a0<br \/>\n\u00a0<br \/>\nLes malalties infeccioses que es poden transmetre d\u2019una persona a una altra per qualsevol mecanisme (malalties transmissibles) s\u00f3n freq\u00fcents en nens escolaritzats i, en&hellip;  <a href=\"https:\/\/agora.xtec.cat\/escmus-santpedor\/lescola\/salut\/\" title=\"Read Salut\">Llegeix m\u00e9s\u00bb<\/a><\/p>\n","protected":false},"author":1,"featured_media":0,"parent":22,"menu_order":80,"comment_status":"closed","ping_status":"closed","template":"page-templates\/side-menu.php","meta":{"_bbp_topic_count":0,"_bbp_reply_count":0,"_bbp_total_topic_count":0,"_bbp_total_reply_count":0,"_bbp_voice_count":0,"_bbp_anonymous_reply_count":0,"_bbp_topic_count_hidden":0,"_bbp_reply_count_hidden":0,"_bbp_forum_subforum_count":0,"footnotes":""},"class_list":["post-38","page","type-page","status-publish","hentry"],"post_mailing_queue_ids":[],"_links":{"self":[{"href":"https:\/\/agora.xtec.cat\/escmus-santpedor\/wp-json\/wp\/v2\/pages\/38","targetHints":{"allow":["GET"]}}],"collection":[{"href":"https:\/\/agora.xtec.cat\/escmus-santpedor\/wp-json\/wp\/v2\/pages"}],"about":[{"href":"https:\/\/agora.xtec.cat\/escmus-santpedor\/wp-json\/wp\/v2\/types\/page"}],"author":[{"embeddable":true,"href":"https:\/\/agora.xtec.cat\/escmus-santpedor\/wp-json\/wp\/v2\/users\/1"}],"replies":[{"embeddable":true,"href":"https:\/\/agora.xtec.cat\/escmus-santpedor\/wp-json\/wp\/v2\/comments?post=38"}],"version-history":[{"count":3,"href":"https:\/\/agora.xtec.cat\/escmus-santpedor\/wp-json\/wp\/v2\/pages\/38\/revisions"}],"predecessor-version":[{"id":497,"href":"https:\/\/agora.xtec.cat\/escmus-santpedor\/wp-json\/wp\/v2\/pages\/38\/revisions\/497"}],"up":[{"embeddable":true,"href":"https:\/\/agora.xtec.cat\/escmus-santpedor\/wp-json\/wp\/v2\/pages\/22"}],"wp:attachment":[{"href":"https:\/\/agora.xtec.cat\/escmus-santpedor\/wp-json\/wp\/v2\/media?parent=38"}],"curies":[{"name":"wp","href":"https:\/\/api.w.org\/{rel}","templated":true}]}}