{"id":28,"date":"2014-09-18T12:29:35","date_gmt":"2014-09-18T12:29:35","guid":{"rendered":"http:\/\/agora.xtec.cat\/escmus-santpedor\/?page_id=28"},"modified":"2017-10-11T10:25:06","modified_gmt":"2017-10-11T08:25:06","slug":"consell-escolar","status":"publish","type":"page","link":"https:\/\/agora.xtec.cat\/escmus-santpedor\/lescola\/consell-escolar\/","title":{"rendered":"Consell escolar"},"content":{"rendered":"<p><strong>El Consell Escolar<\/strong><\/p>\n<p><strong>Definici\u00f3: <\/strong>El Consell Escolar \u00e9s un \u00f2rgan col\u00b7legiat de participaci\u00f3 del centre. Les funcions del consell escolar s\u00f3n les que estableix l\u2019article 148.3 de la Llei 12\/2009, del 10 de juliol, d\u2019Educaci\u00f3. A m\u00e9s, li correspon vetllar i donar suport a l\u2019equip directiu per al compliment de la programaci\u00f3 anual del centre i del projecte de direcci\u00f3.<\/p>\n<p>&nbsp;<\/p>\n<p><strong>Composici\u00f3:<\/strong><\/p>\n<ol>\n<li>a) El\/la director\/a de l\u2019Escola, que en ser\u00e0 president\/a<\/li>\n<li>b) El\/la Cap d\u2019estudis<\/li>\n<li>c) Un\/a representant de l\u2019Ajuntament de Santpedor<\/li>\n<li>d) Quatre representants dels professors\/es escollits pel Claustre<\/li>\n<li>e) Dos representants dels pares i mares d\u2019alumnes<\/li>\n<li>f) Un\/a representant del PAS<\/li>\n<li>g) Dos alumnes de 12 o m\u00e9s anys<\/li>\n<li>h) El\/la secretari\/a del Centre actuar\u00e0 com a secretari\/a del Consell Escolar, amb veu per\u00f2 sense vot.<\/li>\n<\/ol>\n<p>&nbsp;<\/p>\n<p><strong>Funcions: <\/strong>El Consell Escolar del Centre tindr\u00e0 les seg\u00fcents funcions:<\/p>\n<ol>\n<li>a) Informar i avaluar la programaci\u00f3 general anual del centre sense perjudici de les compet\u00e8ncies del claustre de professors, en relaci\u00f3 amb la planificaci\u00f3 i organitzaci\u00f3 docent.<\/li>\n<li>b) Elaborar propostes i informes, a iniciativa pr\u00f2pia o a petici\u00f3 de l\u2019Administraci\u00f3 competent, sobre el funcionament del centre i la millora de la qualitat de la gesti\u00f3, i sobre els altres aspectes relacionats amb aquesta qualitat.<\/li>\n<li>c) Participar en el proc\u00e9s d\u2019admissi\u00f3 d\u2019alumnes.<\/li>\n<li>d) Con\u00e8ixer la resoluci\u00f3 de conflictes disciplinaria i vetllar perqu\u00e8 s\u2019atenguin a la normativa vigent. Quan les mesures disciplin\u00e0ries adoptades pel director corresponguin a conductes de l\u2019alumnat que perjudiquin greument la conviv\u00e8ncia del centre, el consell escolar, a inst\u00e0ncia de pares o tutors, pot revisar la decisi\u00f3 adoptada i proposar-hi, si s\u2019escau, les mesures oportunes.<\/li>\n<li>e) Promoure la conservaci\u00f3 i renovaci\u00f3 de les instal\u00b7lacions i equip escolar i aprovar l\u2019obtenci\u00f3 de recursos complementaris.<\/li>\n<li>f) Fixar les directrius per a la col\u00b7laboraci\u00f3, amb fins educatius i culturals, amb les administracions locals, amb altres centres, entitats i organismes.<\/li>\n<li>g) Analitzar i valorar el funcionament general del centre, l\u2019evoluci\u00f3 del rendiment escolar i els resultats de les avaluacions internes i externes en qu\u00e8 participi el centre.<\/li>\n<li>h) Con\u00e8ixer les candidatures a la direcci\u00f3 i els projectes de direcci\u00f3 presentats pels candidats.<\/li>\n<li>i) Participar en la selecci\u00f3 del director del centre. Ser informat del nomenament i cessament dels altres membres de l\u2019equip directiu. Si s\u2019escau, amb l\u2019acord previ dels seus membres, adoptat per majoria de dos ter\u00e7os, proposar la revocaci\u00f3 del nomenament del director.<\/li>\n<li>j) Proposar mesures i iniciatives que afavoreixin la conviv\u00e8ncia al centre, la igualtat entre homes i dones i la resoluci\u00f3 pac\u00edfica de conflictes en tots els \u00e0mbits de la vida personal, familiar i social.<\/li>\n<li>k) Qualsevol altre que li atribueixi l\u2019Administraci\u00f3 educativa<\/li>\n<li>l) Aprovar i avaluar els projectes i les normes d\u2019organitzaci\u00f3 i de gesti\u00f3 del centre.<\/li>\n<\/ol>\n<p>&nbsp;<\/p>\n<p><strong>Elecci\u00f3 dels seus membres<\/strong><\/p>\n<p>El Decret 102\/2010, de 3 d\u2019agost, d\u2019autonomia de centres educatius, estableix que cada centre determina la composici\u00f3 i el reglament del consell escolar. L\u2019elecci\u00f3 i renovaci\u00f3 dels seus membres vindr\u00e0 donat segons els calendaris que se\u2019ns notifica a trav\u00e9s del Departament d\u2019Ensenyament. Cada dos anys hi ha d\u2019haver renovaci\u00f3 del 50% del consell.<\/p>\n<p>&nbsp;<\/p>\n<p><strong>Funcionament: <\/strong><\/p>\n<ol>\n<li>a) El Consell Escolar ser\u00e0 convocat i presidit pel director\/a<\/li>\n<li>b) El Consell Escolar del Centre es reunir\u00e0 preceptivament una vegada per trimestre, i sempre que el convoqui el director\/a o ho sol\u00b7liciti al menys un ter\u00e7 dels seus membres.<\/li>\n<li>c) La convocat\u00f2ria s\u2019ha de fer, almenys, amb 48 hores d\u2019anticipaci\u00f3 i amb un ordre del dia que inclour\u00e0 la data, l\u2019hora i el lloc de la reuni\u00f3 i especificar\u00e0 quins punts s\u00f3n informatius i quins altres s\u00f3n per a prendre decisions. Quan la convocat\u00f2ria inclogui propostes que hagin de ser votades, es facilitar\u00e0, juntament amb la convocat\u00f2ria, la documentaci\u00f3 necess\u00e0ria per con\u00e8ixer pr\u00e8viament el contingut de la mateixa. El consell es pot reunir d\u2019urg\u00e8ncia, sense termini m\u00ednim per a la tramesa de la convocat\u00f2ria, si totes les persones membres hi estan d\u2019acord.<\/li>\n<li>d) Les decisions en el si del Consell Escolar, es prendran normalment per consens. Si no \u00e9s possible arribar-hi, la decisi\u00f3 s\u2019adopta per majoria de les persones membres presents, llevat dels casos en qu\u00e8 la normativa determini una altra majoria qualificada.<\/li>\n<li>e) Quan en l\u2019ordre del dia s\u2019incloguin temes o q\u00fcestions relacionades amb l\u2019activitat normal del centre que estiguin sota la tutela o responsabilitat immediata d\u2019alguna persona membre de la comunitat educativa que no sigui membre de la comunitat educativa, se\u2019l podr\u00e0 convocar a la sessi\u00f3 per tal que informi sobre el tema o q\u00fcesti\u00f3 corresponent.<\/li>\n<li>f) El\/la secretari\/a del centre aixecar\u00e0 acta de cada sessi\u00f3 del Consell, la qual, una vegada aprovada, passar\u00e0 a formar part de la documentaci\u00f3 general del Centre.<\/li>\n<li>g) En tots els documents es consignar\u00e0 la data i aniran signats<\/li>\n<\/ol>\n","protected":false},"excerpt":{"rendered":"<p>El Consell Escolar<br \/>\nDefinici\u00f3: El Consell Escolar \u00e9s un \u00f2rgan col\u00b7legiat de participaci\u00f3 del centre. Les funcions del consell escolar s\u00f3n les que estableix l\u2019article 148.3 de la Llei 12\/2009, del 10 de juliol, d\u2019Educaci\u00f3. A m\u00e9s, li correspon vetllar i donar suport a l\u2019equip directiu&hellip;  <a href=\"https:\/\/agora.xtec.cat\/escmus-santpedor\/lescola\/consell-escolar\/\" title=\"Read Consell escolar\">Llegeix m\u00e9s\u00bb<\/a><\/p>\n","protected":false},"author":1,"featured_media":0,"parent":22,"menu_order":30,"comment_status":"closed","ping_status":"closed","template":"page-templates\/side-menu.php","meta":{"_bbp_topic_count":0,"_bbp_reply_count":0,"_bbp_total_topic_count":0,"_bbp_total_reply_count":0,"_bbp_voice_count":0,"_bbp_anonymous_reply_count":0,"_bbp_topic_count_hidden":0,"_bbp_reply_count_hidden":0,"_bbp_forum_subforum_count":0,"footnotes":""},"class_list":["post-28","page","type-page","status-publish","hentry"],"post_mailing_queue_ids":[],"_links":{"self":[{"href":"https:\/\/agora.xtec.cat\/escmus-santpedor\/wp-json\/wp\/v2\/pages\/28","targetHints":{"allow":["GET"]}}],"collection":[{"href":"https:\/\/agora.xtec.cat\/escmus-santpedor\/wp-json\/wp\/v2\/pages"}],"about":[{"href":"https:\/\/agora.xtec.cat\/escmus-santpedor\/wp-json\/wp\/v2\/types\/page"}],"author":[{"embeddable":true,"href":"https:\/\/agora.xtec.cat\/escmus-santpedor\/wp-json\/wp\/v2\/users\/1"}],"replies":[{"embeddable":true,"href":"https:\/\/agora.xtec.cat\/escmus-santpedor\/wp-json\/wp\/v2\/comments?post=28"}],"version-history":[{"count":3,"href":"https:\/\/agora.xtec.cat\/escmus-santpedor\/wp-json\/wp\/v2\/pages\/28\/revisions"}],"predecessor-version":[{"id":720,"href":"https:\/\/agora.xtec.cat\/escmus-santpedor\/wp-json\/wp\/v2\/pages\/28\/revisions\/720"}],"up":[{"embeddable":true,"href":"https:\/\/agora.xtec.cat\/escmus-santpedor\/wp-json\/wp\/v2\/pages\/22"}],"wp:attachment":[{"href":"https:\/\/agora.xtec.cat\/escmus-santpedor\/wp-json\/wp\/v2\/media?parent=28"}],"curies":[{"name":"wp","href":"https:\/\/api.w.org\/{rel}","templated":true}]}}