{"id":3054,"date":"2020-02-28T22:38:02","date_gmt":"2020-02-28T21:38:02","guid":{"rendered":"http:\/\/agora.xtec.cat\/escmilaifontanals\/?page_id=3054"},"modified":"2022-05-30T00:00:48","modified_gmt":"2022-05-29T22:00:48","slug":"la-fabrica-de-colors","status":"publish","type":"page","link":"https:\/\/agora.xtec.cat\/escmilaifontanals\/projecte-educatiu\/projectes-artistics\/la-fabrica-de-colors\/","title":{"rendered":"La f\u00e0brica de colors"},"content":{"rendered":"<p>Els alumnes de cicle inicial participaran en el projecte <strong>La F\u00e0brica de colors<\/strong>, una obra per a veus i ensemble infantils composta l\u2019any 2013 per en Sergi Salinas, director <a href=\"http:\/\/www.utmusica.com\/ut-projectes\/la-fabrica-de-colors\/\">d\u2019<strong>:Ut<\/strong> <em>M\u00fasica<\/em><\/a>, a partir d\u2019un conte de Joan Enric Castellv\u00ed.<\/p>\n<p>La cantata, la treballarem durant el segon i tercer trimestre a l&#8217;escola on, a m\u00e9s a m\u00e9s d&#8217;aprendre les can\u00e7ons i la coreografia, tamb\u00e9 farem el treball pl\u00e0stic.<\/p>\n<p>Tot aquest projecte acabar\u00e0 el 30 de maig vinent cap a les 10.30h amb un concert al Teatre Poliorama, que interpretarem conjuntament amb altres escoles, una narradora i amb l&#8217;acompanyament de l&#8217;Orquestra Infantil de Barcelona.<\/p>\n<p>Les fam\u00edlies podreu assistir com a p\u00fablic!!!<\/p>\n<p>En el seg\u00fcent enlla\u00e7 podeu comprar les entrades:<\/p>\n<p><a href=\"https:\/\/www.utmusica.cat\/botiga\/\">BOTIGA &#8211; UT M\u00daSICA<\/a><\/p>\n<p>PER TAL D&#8217;APRENDRE I PRACTICAR LES CAN\u00c7ONS VOS DEIXE EL SEG\u00dcENT MATERIAL:<\/p>\n<ol>\n<li><strong>LA F\u00c0BRICA DE COLORS<\/strong><\/li>\n<\/ol>\n<p><iframe loading=\"lazy\" src=\"https:\/\/www.youtube.com\/embed\/PN7FMHcK3ZE\" width=\"560\" height=\"315\" frameborder=\"0\"><\/iframe><\/p>\n<p><strong>2. EL M\u00d3N AL REV\u00c9S<\/strong><\/p>\n<p><iframe loading=\"lazy\" src=\"https:\/\/www.youtube.com\/embed\/f80OddIrzPg\" width=\"560\" height=\"315\" frameborder=\"0\"><\/iframe><\/p>\n<p><strong>3. EL BOSC DELS COLORS<\/strong><\/p>\n<p><iframe loading=\"lazy\" src=\"https:\/\/www.youtube.com\/embed\/Z75dFrjXEOA\" width=\"560\" height=\"315\" frameborder=\"0\"><\/iframe><\/p>\n<p><strong>4. FOSC<\/strong><\/p>\n<p><iframe loading=\"lazy\" src=\"https:\/\/www.youtube.com\/embed\/usLf8VVowJ8\" width=\"560\" height=\"315\" frameborder=\"0\"><\/iframe><\/p>\n<p><strong>5. GIRA<\/strong><\/p>\n<p><iframe loading=\"lazy\" src=\"https:\/\/www.youtube.com\/embed\/MH0sWqLzDUo\" width=\"560\" height=\"315\" frameborder=\"0\"><\/iframe><\/p>\n<p><strong>6. QUIN GUIRIGALL!<\/strong><\/p>\n<p><iframe loading=\"lazy\" src=\"https:\/\/www.youtube.com\/embed\/LSv9-LphvhY\" width=\"560\" height=\"315\" frameborder=\"0\"><\/iframe><\/p>\n<p><strong>7. LA F\u00c0BRICA DE COLORS (REPRESA)<\/strong><\/p>\n<p><iframe loading=\"lazy\" src=\"https:\/\/www.youtube.com\/embed\/jopqKcVWjRw\" width=\"560\" height=\"315\" frameborder=\"0\"><\/iframe><\/p>\n<p>&nbsp;<\/p>\n<p>&nbsp;<\/p>\n<p>BASES INSTRUMENTALS<\/p>\n<ol>\n<li><strong>La f\u00e0brica de colors<\/strong><\/li>\n<\/ol>\n<!--[if lt IE 9]><script>document.createElement('audio');<\/script><![endif]-->\n<audio class=\"wp-audio-shortcode\" id=\"audio-3054-1\" preload=\"none\" style=\"width: 100%;\" controls=\"controls\"><source type=\"audio\/mpeg\" src=\"https:\/\/agora.xtec.cat\/escmilaifontanals\/wp-content\/uploads\/usu806\/2019\/04\/08-La-f\u00e1brica-de-colors-SENSE-VEU.mp3?_=1\" \/><a href=\"https:\/\/agora.xtec.cat\/escmilaifontanals\/wp-content\/uploads\/usu806\/2019\/04\/08-La-f\u00e1brica-de-colors-SENSE-VEU.mp3\">https:\/\/agora.xtec.cat\/escmilaifontanals\/wp-content\/uploads\/usu806\/2019\/04\/08-La-f\u00e1brica-de-colors-SENSE-VEU.mp3<\/a><\/audio>\n<p>&nbsp;<\/p>\n<p>2.<strong> El m\u00f3n al rev\u00e9s<\/strong><\/p>\n<audio class=\"wp-audio-shortcode\" id=\"audio-3054-2\" preload=\"none\" style=\"width: 100%;\" controls=\"controls\"><source type=\"audio\/mpeg\" src=\"https:\/\/agora.xtec.cat\/escmilaifontanals\/wp-content\/uploads\/usu806\/2019\/04\/09-El-m\u00a6n-al-rev\u00aes-SENSE-VEU.mp3?_=2\" \/><a href=\"https:\/\/agora.xtec.cat\/escmilaifontanals\/wp-content\/uploads\/usu806\/2019\/04\/09-El-m\u00a6n-al-rev\u00aes-SENSE-VEU.mp3\">https:\/\/agora.xtec.cat\/escmilaifontanals\/wp-content\/uploads\/usu806\/2019\/04\/09-El-m\u00a6n-al-rev\u00aes-SENSE-VEU.mp3<\/a><\/audio>\n<p>&nbsp;<\/p>\n<p>3. <strong>Els bosc dels colors<\/strong><\/p>\n<audio class=\"wp-audio-shortcode\" id=\"audio-3054-3\" preload=\"none\" style=\"width: 100%;\" controls=\"controls\"><source type=\"audio\/mpeg\" src=\"https:\/\/agora.xtec.cat\/escmilaifontanals\/wp-content\/uploads\/usu806\/2019\/04\/10-El-bosc-dels-colors-SENSE-VEU.mp3?_=3\" \/><a href=\"https:\/\/agora.xtec.cat\/escmilaifontanals\/wp-content\/uploads\/usu806\/2019\/04\/10-El-bosc-dels-colors-SENSE-VEU.mp3\">https:\/\/agora.xtec.cat\/escmilaifontanals\/wp-content\/uploads\/usu806\/2019\/04\/10-El-bosc-dels-colors-SENSE-VEU.mp3<\/a><\/audio>\n<p>&nbsp;<\/p>\n<p>4. <strong>Fosc<\/strong><\/p>\n<audio class=\"wp-audio-shortcode\" id=\"audio-3054-4\" preload=\"none\" style=\"width: 100%;\" controls=\"controls\"><source type=\"audio\/mpeg\" src=\"https:\/\/agora.xtec.cat\/escmilaifontanals\/wp-content\/uploads\/usu806\/2019\/04\/11-Fosc-SENSE-VEU.mp3?_=4\" \/><a href=\"https:\/\/agora.xtec.cat\/escmilaifontanals\/wp-content\/uploads\/usu806\/2019\/04\/11-Fosc-SENSE-VEU.mp3\">https:\/\/agora.xtec.cat\/escmilaifontanals\/wp-content\/uploads\/usu806\/2019\/04\/11-Fosc-SENSE-VEU.mp3<\/a><\/audio>\n<p>&nbsp;<\/p>\n<p><strong>5. Gira<\/strong><\/p>\n<audio class=\"wp-audio-shortcode\" id=\"audio-3054-5\" preload=\"none\" style=\"width: 100%;\" controls=\"controls\"><source type=\"audio\/mpeg\" src=\"https:\/\/agora.xtec.cat\/escmilaifontanals\/wp-content\/uploads\/usu806\/2019\/05\/12-Gira-SENSE-VEU.mp3?_=5\" \/><a href=\"https:\/\/agora.xtec.cat\/escmilaifontanals\/wp-content\/uploads\/usu806\/2019\/05\/12-Gira-SENSE-VEU.mp3\">https:\/\/agora.xtec.cat\/escmilaifontanals\/wp-content\/uploads\/usu806\/2019\/05\/12-Gira-SENSE-VEU.mp3<\/a><\/audio>\n<p>&nbsp;<\/p>\n<p><strong>6. Quin guirigall!<\/strong><\/p>\n<audio class=\"wp-audio-shortcode\" id=\"audio-3054-6\" preload=\"none\" style=\"width: 100%;\" controls=\"controls\"><source type=\"audio\/mpeg\" src=\"https:\/\/agora.xtec.cat\/escmilaifontanals\/wp-content\/uploads\/usu806\/2019\/05\/13-Quin-guirigall-SENSE-VEU.mp3?_=6\" \/><a href=\"https:\/\/agora.xtec.cat\/escmilaifontanals\/wp-content\/uploads\/usu806\/2019\/05\/13-Quin-guirigall-SENSE-VEU.mp3\">https:\/\/agora.xtec.cat\/escmilaifontanals\/wp-content\/uploads\/usu806\/2019\/05\/13-Quin-guirigall-SENSE-VEU.mp3<\/a><\/audio>\n<p>&nbsp;<\/p>\n<p><strong>7. La F\u00e0brica de colors (represa)<\/strong><\/p>\n<audio class=\"wp-audio-shortcode\" id=\"audio-3054-7\" preload=\"none\" style=\"width: 100%;\" controls=\"controls\"><source type=\"audio\/mpeg\" src=\"https:\/\/agora.xtec.cat\/escmilaifontanals\/wp-content\/uploads\/usu806\/2019\/05\/14-La-f\u00e1brica-de-colors-represa-SENSE-VEU.mp3?_=7\" \/><a href=\"https:\/\/agora.xtec.cat\/escmilaifontanals\/wp-content\/uploads\/usu806\/2019\/05\/14-La-f\u00e1brica-de-colors-represa-SENSE-VEU.mp3\">https:\/\/agora.xtec.cat\/escmilaifontanals\/wp-content\/uploads\/usu806\/2019\/05\/14-La-f\u00e1brica-de-colors-represa-SENSE-VEU.mp3<\/a><\/audio>\n<p>&nbsp;<\/p>\n","protected":false},"excerpt":{"rendered":"<p>Els alumnes de cicle inicial participaran en el projecte La F\u00e0brica de colors, una obra per a veus i ensemble infantils composta l\u2019any 2013 per en Sergi Salinas, director <a href=\"http:\/\/www.utmusica.com\/ut-projectes\/la-fabrica-de-colors\/\">d\u2019:Ut M\u00fasica<\/a>, a partir d\u2019un conte de Joan Enric Castellv\u00ed.<br \/>\nLa cantata, la treballarem durant el&hellip;  <a href=\"https:\/\/agora.xtec.cat\/escmilaifontanals\/projecte-educatiu\/projectes-artistics\/la-fabrica-de-colors\/\" title=\"Read La f\u00e0brica de colors\">Llegeix m\u00e9s\u00bb<\/a><\/p>\n","protected":false},"author":1,"featured_media":0,"parent":3045,"menu_order":0,"comment_status":"closed","ping_status":"closed","template":"page-templates\/side-menu.php","meta":{"_bbp_topic_count":0,"_bbp_reply_count":0,"_bbp_total_topic_count":0,"_bbp_total_reply_count":0,"_bbp_voice_count":0,"_bbp_anonymous_reply_count":0,"_bbp_topic_count_hidden":0,"_bbp_reply_count_hidden":0,"_bbp_forum_subforum_count":0,"footnotes":""},"class_list":["post-3054","page","type-page","status-publish","hentry"],"post_mailing_queue_ids":[],"_links":{"self":[{"href":"https:\/\/agora.xtec.cat\/escmilaifontanals\/wp-json\/wp\/v2\/pages\/3054","targetHints":{"allow":["GET"]}}],"collection":[{"href":"https:\/\/agora.xtec.cat\/escmilaifontanals\/wp-json\/wp\/v2\/pages"}],"about":[{"href":"https:\/\/agora.xtec.cat\/escmilaifontanals\/wp-json\/wp\/v2\/types\/page"}],"author":[{"embeddable":true,"href":"https:\/\/agora.xtec.cat\/escmilaifontanals\/wp-json\/wp\/v2\/users\/1"}],"replies":[{"embeddable":true,"href":"https:\/\/agora.xtec.cat\/escmilaifontanals\/wp-json\/wp\/v2\/comments?post=3054"}],"version-history":[{"count":3,"href":"https:\/\/agora.xtec.cat\/escmilaifontanals\/wp-json\/wp\/v2\/pages\/3054\/revisions"}],"predecessor-version":[{"id":6119,"href":"https:\/\/agora.xtec.cat\/escmilaifontanals\/wp-json\/wp\/v2\/pages\/3054\/revisions\/6119"}],"up":[{"embeddable":true,"href":"https:\/\/agora.xtec.cat\/escmilaifontanals\/wp-json\/wp\/v2\/pages\/3045"}],"wp:attachment":[{"href":"https:\/\/agora.xtec.cat\/escmilaifontanals\/wp-json\/wp\/v2\/media?parent=3054"}],"curies":[{"name":"wp","href":"https:\/\/api.w.org\/{rel}","templated":true}]}}