{"id":3048,"date":"2020-02-28T21:51:01","date_gmt":"2020-02-28T20:51:01","guid":{"rendered":"http:\/\/agora.xtec.cat\/escmilaifontanals\/?page_id=3048"},"modified":"2020-03-14T13:01:28","modified_gmt":"2020-03-14T12:01:28","slug":"ja-nedo-1r","status":"publish","type":"page","link":"https:\/\/agora.xtec.cat\/escmilaifontanals\/projecte-educatiu\/projectes-de-lambit-de-la-salut-cos-i-moviment\/ja-nedo-1r\/","title":{"rendered":"Ja nedo 1r i 6\u00e8"},"content":{"rendered":"<p>Els nens\/es de primer participen en l\u2019activitat <strong>Ja nedo<\/strong>, dins del projecte<a href=\"http:\/\/www.bcn.cat\/lesportensfamesgrans\/ca\/programes.html\" target=\"_blank\" rel=\"noopener noreferrer\">\u00a0<u>Educar en l\u2019esport de l\u2019Ajuntament de Barcelona<\/u>.<\/a><\/p>\n<p>Els nens\/es de sis\u00e8 participen en l&#8217;activitat <strong>Ja nedo, <\/strong>durant el primer trimestre dins del projecte <a href=\"http:\/\/www.bcn.cat\/lesportensfamesgrans\/ca\/programes.html\" target=\"_blank\" rel=\"noopener noreferrer\">\u00a0<u>Educar en l\u2019esport de l\u2019Ajuntament de Barcelona<\/u>.<\/a><\/p>\n<p>El programa pret\u00e9n assegurar que l\u2019alumnat finalitzi l\u2019educaci\u00f3 Prim\u00e0ria havent adquirit els coneixements b\u00e0sics de nataci\u00f3.<\/p>\n<p>L\u2019activitat est\u00e0 inclosa dins de l\u2019\u00e0rea d\u2019Educaci\u00f3 F\u00edsica.<\/p>\n<p><strong>QUINS OBJECTIUS EDUCATIUS T\u00c9 AQUESTA ACTIVITAT?<\/strong><\/p>\n<ul>\n<li>Familiaritzar els nens i nenes amb el medi aqu\u00e0tic.<\/li>\n<li>Potenciar l\u2019autonomia a l\u2019hora de canviar-se sol\/a i saber endre\u00e7ar i recollir les seves coses.<\/li>\n<li>Aconseguir un domini dins de l\u2019aigua que els permeti nedar amb seguretat.<\/li>\n<li>Contribuir mitjan\u00e7ant la nataci\u00f3 al proc\u00e9s de desenvolupament motriu general.<\/li>\n<li>Adquirir h\u00e0bits saludables envers aquest medi aqu\u00e0tic i l\u2019activitat f\u00edsica en general.<\/li>\n<\/ul>\n<p><strong>QUI FA L\u2019ACTIVITAT DE PISICINA EN HORARI LECTIU?<\/strong><\/p>\n<p>Durant el curs de 1r de prim\u00e0ria, TOTS els alumnes realitzen l\u2019activitat de piscina. Permet als alumnes experimentar noves possibilitats motrius per assolir els primers despla\u00e7aments aut\u00f2noms en el medi aqu\u00e0tic.<\/p>\n<p>Durant el primer trimestre de sis\u00e8 de prim\u00e0ria, els alumnes consoliden els objectius iniciats i perfeccionen en els estils de nataci\u00f3.<\/p>\n<p><strong>ON ES FA L\u2019ACTIVITAT DE PISCINA?<\/strong><\/p>\n<p>A la piscina del centre esportiu <a href=\"https:\/\/www.canricart.com\/\">canricart<\/a>: Carrer Sant Oleguer, 10<\/p>\n<p><strong>QUAN ES FA L\u2019ACTIVITAT DE PISICINA?<\/strong><\/p>\n<p>Els divendres d&#8217;11.15 a 12.00h per a primer.<\/p>\n<p>Els dilluns de 15:15h a 16:00h per a sis\u00e8.<\/p>\n<p><strong>QUIN MATERIAL ES NECESSITAR\u00c0 PER FER L\u2019ACTIVITAT?<\/strong><\/p>\n<p>A les fam\u00edlies que teniu nens\/es que feu primer i sis\u00e8, us arribar\u00e0 una circular on informem del material necessari per fer l\u2019activitat que forma part del curr\u00edculum de la mat\u00e8ria d\u2019educaci\u00f3 f\u00edsica. Es demana portar el banyador posat els de\u00a0 primer per agilitzar el temps al vestidor.<\/p>\n<p>Dins de la motxilla de l\u2019escola, han de portar:<\/p>\n<ul>\n<li><strong>TOVALLOLA <\/strong><\/li>\n<li><strong>CASQUET<\/strong><\/li>\n<li><strong>ULLERES<\/strong><strong> DE PISCINA<\/strong> (opcional)<\/li>\n<li><strong>XANCLETES<\/strong><\/li>\n<li><strong>CALCES<\/strong> o <strong>CAL\u00c7OTETS\u00a0<\/strong>per canviar-se una vegada han acabat l\u2019activitat<strong>.<\/strong><\/li>\n<li><strong>BOSSA DE PL\u00c0STIC<\/strong>: per guardar la roba mullada i que no mulli la resta de coses que hi ha a la motxilla.<\/li>\n<\/ul>\n<p>Ajuda molt que els mateixos alumnes es preparin la motxilla, amb una supervisi\u00f3 d\u2019algun adult. D\u2019aquesta manera saben quines coses porten, i com ho hauran de guardar a la motxilla.<\/p>\n","protected":false},"excerpt":{"rendered":"<p>Els nens\/es de primer participen en l\u2019activitat Ja nedo, dins del projecte<a href=\"http:\/\/www.bcn.cat\/lesportensfamesgrans\/ca\/programes.html\" target=\"_blank\" rel=\"noopener noreferrer\">\u00a0Educar en l\u2019esport de l\u2019Ajuntament de Barcelona.<\/a><br \/>\nEls nens\/es de sis\u00e8 participen en l&#8217;activitat Ja nedo, durant el primer trimestre dins del projecte <a href=\"http:\/\/www.bcn.cat\/lesportensfamesgrans\/ca\/programes.html\" target=\"_blank\" rel=\"noopener noreferrer\">\u00a0Educar en l\u2019esport de&hellip;  <a href=\"https:\/\/agora.xtec.cat\/escmilaifontanals\/projecte-educatiu\/projectes-de-lambit-de-la-salut-cos-i-moviment\/ja-nedo-1r\/\" title=\"Read Ja nedo 1r i 6\u00e8\">Llegeix m\u00e9s\u00bb<\/a><\/p>\n","protected":false},"author":1,"featured_media":0,"parent":3125,"menu_order":0,"comment_status":"closed","ping_status":"closed","template":"page-templates\/side-menu.php","meta":{"_bbp_topic_count":0,"_bbp_reply_count":0,"_bbp_total_topic_count":0,"_bbp_total_reply_count":0,"_bbp_voice_count":0,"_bbp_anonymous_reply_count":0,"_bbp_topic_count_hidden":0,"_bbp_reply_count_hidden":0,"_bbp_forum_subforum_count":0,"footnotes":""},"class_list":["post-3048","page","type-page","status-publish","hentry"],"post_mailing_queue_ids":[],"_links":{"self":[{"href":"https:\/\/agora.xtec.cat\/escmilaifontanals\/wp-json\/wp\/v2\/pages\/3048","targetHints":{"allow":["GET"]}}],"collection":[{"href":"https:\/\/agora.xtec.cat\/escmilaifontanals\/wp-json\/wp\/v2\/pages"}],"about":[{"href":"https:\/\/agora.xtec.cat\/escmilaifontanals\/wp-json\/wp\/v2\/types\/page"}],"author":[{"embeddable":true,"href":"https:\/\/agora.xtec.cat\/escmilaifontanals\/wp-json\/wp\/v2\/users\/1"}],"replies":[{"embeddable":true,"href":"https:\/\/agora.xtec.cat\/escmilaifontanals\/wp-json\/wp\/v2\/comments?post=3048"}],"version-history":[{"count":3,"href":"https:\/\/agora.xtec.cat\/escmilaifontanals\/wp-json\/wp\/v2\/pages\/3048\/revisions"}],"predecessor-version":[{"id":3085,"href":"https:\/\/agora.xtec.cat\/escmilaifontanals\/wp-json\/wp\/v2\/pages\/3048\/revisions\/3085"}],"up":[{"embeddable":true,"href":"https:\/\/agora.xtec.cat\/escmilaifontanals\/wp-json\/wp\/v2\/pages\/3125"}],"wp:attachment":[{"href":"https:\/\/agora.xtec.cat\/escmilaifontanals\/wp-json\/wp\/v2\/media?parent=3048"}],"curies":[{"name":"wp","href":"https:\/\/api.w.org\/{rel}","templated":true}]}}