{"id":57,"date":"2014-01-19T23:36:19","date_gmt":"2014-01-19T22:36:19","guid":{"rendered":"http:\/\/blocs.xtec.cat\/marquesdelapobla\/?page_id=57"},"modified":"2024-11-13T14:05:05","modified_gmt":"2024-11-13T13:05:05","slug":"lescola","status":"publish","type":"page","link":"https:\/\/agora.xtec.cat\/escmarquesdelapobla\/lescola\/","title":{"rendered":"L&#8217;ESCOLA"},"content":{"rendered":"<p>L\u2019Escola Marqu\u00e8s de la Pobla de Capellades, s\u2019emmarca dins la normativa vigent que recull la tipologia d\u2019escoles p\u00fabliques d\u2019Educaci\u00f3 Infantil i Prim\u00e0ria de Catalunya.<\/p>\n<p>Nom del centre:\u00a0\u00a0\u00a0\u00a0\u00a0\u00a0\u00a0 ESCOLA MARQU\u00c8S DE LA POBLA<\/p>\n<p>Codi:\u00a0 \u00a0 \u00a0 \u00a0 \u00a0 \u00a0 \u00a0 \u00a0 \u00a0 \u00a0 \u00a008015430<\/p>\n<p>Adre\u00e7a:\u00a0 \u00a0 \u00a0 \u00a0 \u00a0 \u00a0 \u00a0 \u00a0 \u00a0Miquel i Mas, 19<\/p>\n<p>Poblaci\u00f3:\u00a0 \u00a0 \u00a0 \u00a0 \u00a0 \u00a0 \u00a0 \u00a0Capellades<\/p>\n<p>Codi postal:\u00a0 \u00a0 \u00a0 \u00a0 \u00a0 \u00a008786<\/p>\n<p>Tel\u00e8fon\/Fax:\u00a0 \u00a0 \u00a0 \u00a0 \u00a0 93 8011109<\/p>\n<p>Correu electr\u00f2nic: a8015430@xtec.cat<\/p>\n<p>P\u00e0gina web:\u00a0 \u00a0 \u00a0 \u00a0 \u00a0 http:\/\/agora.xtec.cat\/escmarquesdelapobla<\/p>\n<p>Comarca:\u00a0 \u00a0 \u00a0 \u00a0 \u00a0 \u00a0 \u00a0 Anoia<\/p>\n<p>Delegaci\u00f3 Territorial: Pened\u00e8s<\/p>\n<p>&nbsp;<\/p>\n<p>Acull les seg\u00fcents etapes educatives: Educaci\u00f3 Infantil (2n cicle) i Prim\u00e0ria. L\u2019escola compta amb alumnat de 3 a 12 anys, des de I3 a P6, provenint majorit\u00e0riament de la Vila de Capellades.<\/p>\n<p>\u00c9s un centre de doble l\u00ednia, per aix\u00f2 hi ha 18 aules corresponents als diferents nivells.<\/p>\n<p>&nbsp;<\/p>\n<p><strong>Compta amb una plantilla estable composta per:<\/strong><\/p>\n<p>7 mestres d&#8217;Educaci\u00f3 Infantil<\/p>\n<p>13,5 mestres de prim\u00e0ria<\/p>\n<p>2 mestres d&#8217;educaci\u00f3 especial<\/p>\n<p>2 mestres de llengua anglesa<\/p>\n<p>2 mestres d&#8217;educaci\u00f3 f\u00edsica<\/p>\n<p>1 mestre de m\u00fasica<\/p>\n<p>1 mestre de religi\u00f3<\/p>\n<p>1 TEI (t\u00e8cnica d&#8217;educaci\u00f3 infantil), 1 administrativa.<\/p>\n<p>&nbsp;<\/p>\n<p style=\"text-align: justify;\">L&#8217;escola\u00a0 <b>MARQU\u00c8S DE LA POBLA <\/b>es troba situada a la vila de Capellades, dins la comarca de l&#8217;Anoia, amb una poblaci\u00f3 actual de 5225 habitants (IDESCAT, 2017).<\/p>\n<p style=\"text-align: justify;\">Va ser inaugurada, el 14-05-1933, per la Sra. Balbina Mas, v\u00eddua de Miquel i Marquesa de la Pobla, la qual i en nom del seu esp\u00f2s, va oferir-la a la vila.<\/p>\n<p style=\"text-align: justify;\">L&#8217;arquitecte-director i autor del projecte fou el Sr. Dom\u00e8nec Sugranyes i Gras (1879-38) col\u00b7laborador d&#8217; A. Gaud\u00ed i encarregat de dirigir les obres de la Sagrada Fam\u00edlia a la seva mort (1926-38) .<\/p>\n<p style=\"text-align: justify;\">Si b\u00e9 a les primeres d\u00e8cades era de caire rural, el creixement continuat de les ind\u00fastries va afavorir el desenvolupament dels sectors secundaris i terciaris dins la poblaci\u00f3, deixant\u00a0 l&#8217;agricultura en un nivell molt modest\u00a0 i nom\u00e9s del tipus de regadiu. La industrialitzaci\u00f3 progressiva de la vila va portar el conseg\u00fcent augment de la poblaci\u00f3, amb forts corrents migratoris als anys 60 de diferents comunitats d\u2019Espanya i posteriorment, als darrers \u00faltims anys de l\u2019Am\u00e8rica llatina i Marroc. Les noves edificacions que s\u2019estan construint, ocupant gaireb\u00e9\u00a0 tot el terme fan que la poblaci\u00f3 es vagi incrementant de forma paulatina tot i que en els darrers anys, a causa de la situaci\u00f3 econ\u00f2mica actual, ha disminu\u00eft lleument.<\/p>\n<p style=\"text-align: justify;\">L&#8217;\u00fas de la llengua catalana i castellana es reparteix en llurs respectives \u00e0rees d&#8217;influ\u00e8ncia en una proporci\u00f3 bastant equilibrada,\u00a0 amb un lleuger avantatge a favor de l&#8217;idioma aut\u00f2cton.<\/p>\n<p style=\"text-align: justify;\">Dels canvis socials esmentats se&#8217;n derivaren tamb\u00e9 canvis per al nostre centre com fou la construcci\u00f3 d&#8217;un nou edifici l&#8217;any 1975, la implantaci\u00f3 de cursos dobles, l&#8217;augment de la plantilla base de professors\/es nomenada pel Departament d\u2019Ensenyament de la Generalitat de Catalunya, la t\u00e8cnica d\u2019Educaci\u00f3 Infantil, l&#8217;administrativa, a m\u00e9s dels especialistes de Psicomotricitat i M\u00fasica destinats al Parvulari que ens aporta l\u2019Ajuntament, i l\u2019assessorament del servei psicopedag\u00f2gic de l&#8217;EAP.<\/p>\n","protected":false},"excerpt":{"rendered":"<p>L\u2019Escola Marqu\u00e8s de la Pobla de Capellades, s\u2019emmarca dins la normativa vigent que recull la tipologia d\u2019escoles p\u00fabliques d\u2019Educaci\u00f3 Infantil i Prim\u00e0ria de Catalunya. Nom del centre:\u00a0\u00a0\u00a0\u00a0\u00a0\u00a0\u00a0 ESCOLA MARQU\u00c8S DE LA POBLA Codi:\u00a0 \u00a0 \u00a0 \u00a0 \u00a0 \u00a0 \u00a0 \u00a0 \u00a0 \u00a0 \u00a008015430 Adre\u00e7a:\u00a0 \u00a0 \u00a0 \u00a0 \u00a0 \u00a0 \u00a0 \u00a0 \u00a0Miquel i Mas, 19 [&hellip;]<\/p>\n","protected":false},"author":1,"featured_media":0,"parent":0,"menu_order":0,"comment_status":"closed","ping_status":"closed","template":"page-templates\/side-menu.php","meta":{"_bbp_topic_count":0,"_bbp_reply_count":0,"_bbp_total_topic_count":0,"_bbp_total_reply_count":0,"_bbp_voice_count":0,"_bbp_anonymous_reply_count":0,"_bbp_topic_count_hidden":0,"_bbp_reply_count_hidden":0,"_bbp_forum_subforum_count":0,"site-sidebar-layout":"default","site-content-layout":"","ast-site-content-layout":"","site-content-style":"default","site-sidebar-style":"default","ast-global-header-display":"","ast-banner-title-visibility":"","ast-main-header-display":"","ast-hfb-above-header-display":"","ast-hfb-below-header-display":"","ast-hfb-mobile-header-display":"","site-post-title":"","ast-breadcrumbs-content":"","ast-featured-img":"","footer-sml-layout":"","theme-transparent-header-meta":"","adv-header-id-meta":"","stick-header-meta":"","header-above-stick-meta":"","header-main-stick-meta":"","header-below-stick-meta":"","astra-migrate-meta-layouts":"default","ast-page-background-enabled":"default","ast-page-background-meta":{"desktop":{"background-color":"var(--ast-global-color-5)","background-image":"","background-repeat":"repeat","background-position":"center center","background-size":"auto","background-attachment":"scroll","background-type":"","background-media":"","overlay-type":"","overlay-color":"","overlay-opacity":"","overlay-gradient":""},"tablet":{"background-color":"","background-image":"","background-repeat":"repeat","background-position":"center center","background-size":"auto","background-attachment":"scroll","background-type":"","background-media":"","overlay-type":"","overlay-color":"","overlay-opacity":"","overlay-gradient":""},"mobile":{"background-color":"","background-image":"","background-repeat":"repeat","background-position":"center center","background-size":"auto","background-attachment":"scroll","background-type":"","background-media":"","overlay-type":"","overlay-color":"","overlay-opacity":"","overlay-gradient":""}},"ast-content-background-meta":{"desktop":{"background-color":"var(--ast-global-color-4)","background-image":"","background-repeat":"repeat","background-position":"center center","background-size":"auto","background-attachment":"scroll","background-type":"","background-media":"","overlay-type":"","overlay-color":"","overlay-opacity":"","overlay-gradient":""},"tablet":{"background-color":"var(--ast-global-color-4)","background-image":"","background-repeat":"repeat","background-position":"center center","background-size":"auto","background-attachment":"scroll","background-type":"","background-media":"","overlay-type":"","overlay-color":"","overlay-opacity":"","overlay-gradient":""},"mobile":{"background-color":"var(--ast-global-color-4)","background-image":"","background-repeat":"repeat","background-position":"center center","background-size":"auto","background-attachment":"scroll","background-type":"","background-media":"","overlay-type":"","overlay-color":"","overlay-opacity":"","overlay-gradient":""}},"footnotes":""},"class_list":["post-57","page","type-page","status-publish","hentry"],"post_mailing_queue_ids":[],"_links":{"self":[{"href":"https:\/\/agora.xtec.cat\/escmarquesdelapobla\/wp-json\/wp\/v2\/pages\/57","targetHints":{"allow":["GET"]}}],"collection":[{"href":"https:\/\/agora.xtec.cat\/escmarquesdelapobla\/wp-json\/wp\/v2\/pages"}],"about":[{"href":"https:\/\/agora.xtec.cat\/escmarquesdelapobla\/wp-json\/wp\/v2\/types\/page"}],"author":[{"embeddable":true,"href":"https:\/\/agora.xtec.cat\/escmarquesdelapobla\/wp-json\/wp\/v2\/users\/1"}],"replies":[{"embeddable":true,"href":"https:\/\/agora.xtec.cat\/escmarquesdelapobla\/wp-json\/wp\/v2\/comments?post=57"}],"version-history":[{"count":6,"href":"https:\/\/agora.xtec.cat\/escmarquesdelapobla\/wp-json\/wp\/v2\/pages\/57\/revisions"}],"predecessor-version":[{"id":14502,"href":"https:\/\/agora.xtec.cat\/escmarquesdelapobla\/wp-json\/wp\/v2\/pages\/57\/revisions\/14502"}],"wp:attachment":[{"href":"https:\/\/agora.xtec.cat\/escmarquesdelapobla\/wp-json\/wp\/v2\/media?parent=57"}],"curies":[{"name":"wp","href":"https:\/\/api.w.org\/{rel}","templated":true}]}}