{"id":6057,"date":"2020-02-07T16:19:02","date_gmt":"2020-02-07T15:19:02","guid":{"rendered":"http:\/\/agora.xtec.cat\/escjoanxxiiilleida\/?page_id=6057"},"modified":"2022-10-26T16:33:50","modified_gmt":"2022-10-26T14:33:50","slug":"el-club-dels-valents","status":"publish","type":"page","link":"https:\/\/agora.xtec.cat\/escjoanxxiiilleida\/comunitats-daprenentatge\/el-club-dels-valents\/","title":{"rendered":"El club dels valents"},"content":{"rendered":"<h3><strong>El club dels valents<\/strong><\/h3>\n<p>El club dels valents\u00a0\u00e9s un grup d&#8217;alumnes d&#8217;un centre educatiu, el qual t\u00e9 com a objectiu erradicar i prevenir la\u00a0viol\u00e8ncia, ja sigui f\u00edsica (una espenta, pegar, escopir i pegar) o verbal (un insult, criticar, mentir, amena\u00e7ar, obligar a realitzar certes accions). Cal destacar que la viol\u00e8ncia tamb\u00e9 inclou discriminar, ja sigui per la proced\u00e8ncia, la identitat sexual, la religi\u00f3, el\u00a0g\u00e8nere, etc.<\/p>\n<p>Aquesta\u00a0<a title=\"Actuaci\u00f3 educativa d'\u00e8xit\" href=\"https:\/\/ca.wikipedia.org\/wiki\/Actuaci%C3%B3_educativa_d%27%C3%A8xit\">Actuaci\u00f3 Educativa d&#8217;\u00c8xit<\/a>, que es basa en el\u00a0<a title=\"Model dial\u00f2gic de resoluci\u00f3 de conflictes\" href=\"https:\/\/ca.wikipedia.org\/wiki\/Model_dial%C3%B2gic_de_resoluci%C3%B3_de_conflictes\">model dial\u00f2gic<\/a>\u00a0de prevenci\u00f3 i resoluci\u00f3 de conflictes, s&#8217;ha portat a terme tant a escoles d&#8217;educaci\u00f3 prim\u00e0ria com a instituts.<\/p>\n<p>El lema d&#8217;aquest projecte \u00e9s:\u00a0<i>no \u00e9s no<\/i>, el qual t\u00e9 com a objectiu lluitar per la\u00a0viol\u00e8ncia zero, des dels 0 anys. Per aix\u00f2, el club dels valents d\u00f3na molta import\u00e0ncia als valors, com el respecte, la toler\u00e0ncia, la\u00a0solidaritat, l&#8217;empatia, l&#8217;amistat, etc.<\/p>\n<p><img loading=\"lazy\" decoding=\"async\" class=\"aligncenter wp-image-6058 \" src=\"https:\/\/agora.xtec.cat\/escjoanxxiiilleida\/wp-content\/uploads\/usu359\/2020\/02\/cv.jpg\" alt=\"\" width=\"312\" height=\"316\" \/><\/p>\n<p><img loading=\"lazy\" decoding=\"async\" class=\"aligncenter size-full wp-image-11838\" src=\"https:\/\/agora.xtec.cat\/escjoanxxiiilleida\/wp-content\/uploads\/usu359\/2022\/10\/club-dels-valents.png\" alt=\"\" width=\"1587\" height=\"2245\" srcset=\"https:\/\/agora.xtec.cat\/escjoanxxiiilleida\/wp-content\/uploads\/usu359\/2022\/10\/club-dels-valents.png 1587w, https:\/\/agora.xtec.cat\/escjoanxxiiilleida\/wp-content\/uploads\/usu359\/2022\/10\/club-dels-valents-212x300.png 212w, https:\/\/agora.xtec.cat\/escjoanxxiiilleida\/wp-content\/uploads\/usu359\/2022\/10\/club-dels-valents-724x1024.png 724w, https:\/\/agora.xtec.cat\/escjoanxxiiilleida\/wp-content\/uploads\/usu359\/2022\/10\/club-dels-valents-768x1086.png 768w, https:\/\/agora.xtec.cat\/escjoanxxiiilleida\/wp-content\/uploads\/usu359\/2022\/10\/club-dels-valents-1086x1536.png 1086w, https:\/\/agora.xtec.cat\/escjoanxxiiilleida\/wp-content\/uploads\/usu359\/2022\/10\/club-dels-valents-1448x2048.png 1448w\" sizes=\"auto, (max-width: 1587px) 100vw, 1587px\" \/><\/p>\n","protected":false},"excerpt":{"rendered":"<p>El club dels valents<br \/>\nEl club dels valents\u00a0\u00e9s un grup d&#8217;alumnes d&#8217;un centre educatiu, el qual t\u00e9 com a objectiu erradicar i prevenir la\u00a0viol\u00e8ncia, ja sigui f\u00edsica (una espenta, pegar, escopir i pegar) o verbal (un insult, criticar, mentir, amena\u00e7ar, obligar a realitzar certes accions). Cal&hellip;  <a href=\"https:\/\/agora.xtec.cat\/escjoanxxiiilleida\/comunitats-daprenentatge\/el-club-dels-valents\/\" title=\"Read El club dels valents\">Llegeix m\u00e9s\u00bb<\/a><\/p>\n","protected":false},"author":17,"featured_media":0,"parent":280,"menu_order":0,"comment_status":"closed","ping_status":"closed","template":"page-templates\/side-menu.php","meta":{"_bbp_topic_count":0,"_bbp_reply_count":0,"_bbp_total_topic_count":0,"_bbp_total_reply_count":0,"_bbp_voice_count":0,"_bbp_anonymous_reply_count":0,"_bbp_topic_count_hidden":0,"_bbp_reply_count_hidden":0,"_bbp_forum_subforum_count":0,"footnotes":""},"class_list":["post-6057","page","type-page","status-publish","hentry"],"post_mailing_queue_ids":[],"_links":{"self":[{"href":"https:\/\/agora.xtec.cat\/escjoanxxiiilleida\/wp-json\/wp\/v2\/pages\/6057","targetHints":{"allow":["GET"]}}],"collection":[{"href":"https:\/\/agora.xtec.cat\/escjoanxxiiilleida\/wp-json\/wp\/v2\/pages"}],"about":[{"href":"https:\/\/agora.xtec.cat\/escjoanxxiiilleida\/wp-json\/wp\/v2\/types\/page"}],"author":[{"embeddable":true,"href":"https:\/\/agora.xtec.cat\/escjoanxxiiilleida\/wp-json\/wp\/v2\/users\/17"}],"replies":[{"embeddable":true,"href":"https:\/\/agora.xtec.cat\/escjoanxxiiilleida\/wp-json\/wp\/v2\/comments?post=6057"}],"version-history":[{"count":2,"href":"https:\/\/agora.xtec.cat\/escjoanxxiiilleida\/wp-json\/wp\/v2\/pages\/6057\/revisions"}],"predecessor-version":[{"id":11839,"href":"https:\/\/agora.xtec.cat\/escjoanxxiiilleida\/wp-json\/wp\/v2\/pages\/6057\/revisions\/11839"}],"up":[{"embeddable":true,"href":"https:\/\/agora.xtec.cat\/escjoanxxiiilleida\/wp-json\/wp\/v2\/pages\/280"}],"wp:attachment":[{"href":"https:\/\/agora.xtec.cat\/escjoanxxiiilleida\/wp-json\/wp\/v2\/media?parent=6057"}],"curies":[{"name":"wp","href":"https:\/\/api.w.org\/{rel}","templated":true}]}}