{"id":73,"date":"2014-09-18T14:01:51","date_gmt":"2014-09-18T13:01:51","guid":{"rendered":"http:\/\/agora.xtec.cat\/escjoanblanquer\/?page_id=73"},"modified":"2026-03-27T09:18:49","modified_gmt":"2026-03-27T08:18:49","slug":"menjador-escolar","status":"publish","type":"page","link":"https:\/\/agora.xtec.cat\/escjoanblanquer\/afa\/menjador-escolar\/","title":{"rendered":"Menjador escolar"},"content":{"rendered":"<h3><b>Servei de menjador<\/b><\/h3>\n<p><span style=\"font-weight: 400;\">( 12:30 h. a 15:00 h.)<\/span><\/p>\n<p>Ja pudeu consultar el <a href=\"https:\/\/agora.xtec.cat\/escjoanblanquer\/wp-content\/uploads\/usu28\/2026\/03\/BASAL-ABRIL-CP1-FESTA-30.pdf\">MENU DEL MES D&#8217;ABRIL<\/a><\/p>\n<p><span style=\"font-weight: 400;\">Els infants d\u2019Educaci\u00f3 Infantil (3-4-5 anys) que es quedin a dinar hauran de portar dos pitets els dilluns que es tornaran el dimecres i divendres per rentar-los.<\/span><\/p>\n<p><span style=\"font-weight: 400;\">Els petits que ho necessitin (I3 i alguns alumnes de I4 b\u00e0sicament) fan la migdiada despr\u00e9s de dinar.<\/span><\/p>\n<p><span style=\"font-weight: 400;\">Els infants que es queden a dinar no surten de l\u2019escola al migdia. Les monitores de menjador es fan c\u00e0rrec d\u2019ells.<\/span><\/p>\n<p>&nbsp;<\/p>\n<p><b>Per fer \u00fas espor\u00e0dic del servei de menjador o b\u00e9 avisar quan estan malalts els usuaris fixes:<\/b><\/p>\n<p>&nbsp;<\/p>\n<p><span style=\"font-weight: 400;\">COORDINADORA: S\u00f2nia Castillo<\/span><\/p>\n<p><span style=\"font-weight: 400;\">Atenci\u00f3 a les fam\u00edlies\u00a0 9:00h a 10:00h<\/span><\/p>\n<p><span style=\"font-weight: 400;\">Ubicaci\u00f3 a la secretaria de l&#8217;escola (Entrada per la porta principal)<\/span><\/p>\n<p>&nbsp;<\/p>\n<blockquote><p><strong>joanblanquer@vostracuina.com<\/strong><\/p>\n<p><strong>682 58 64 51<\/strong><\/p><\/blockquote>\n<p>&nbsp;<\/p>\n<p><span style=\"font-weight: 400;\">***S\u2019aconsella per a qualsevol consulta i\/o comunicacaci\u00f3 fer servir el correu electr\u00f2nic o tel\u00e8fon. Els preus del servei de menjador estan detallats al Dossier de l&#8217;AFA.<\/span><\/p>\n<table>\n<tbody>\n<tr>\n<td><b>ATENCI\u00d3 A LES FAM\u00cdLIES AMB BECA DE MENJADOR<\/b><span style=\"font-weight: 400;\">:\u00a0<\/span><\/p>\n<p><span style=\"font-weight: 400;\">Si un alumne\/a amb beca no fa \u00fas del menjador i no ha avisat amb l\u2019antel\u00b7laci\u00f3 deguda, se li cobrar\u00e0 el 100% del menjador d\u2019aquell dia, i es notificar\u00e0 als Serveis Socials.<\/span><\/td>\n<\/tr>\n<\/tbody>\n<\/table>\n","protected":false},"excerpt":{"rendered":"<p>Servei de menjador<br \/>\n( 12:30 h. a 15:00 h.)<br \/>\nJa pudeu consultar el <a href=\"https:\/\/agora.xtec.cat\/escjoanblanquer\/wp-content\/uploads\/usu28\/2026\/03\/BASAL-ABRIL-CP1-FESTA-30.pdf\">MENU DEL MES D&#8217;ABRIL<\/a><br \/>\nEls infants d\u2019Educaci\u00f3 Infantil (3-4-5 anys) que es quedin a dinar hauran de portar dos pitets els dilluns que es tornaran el dimecres i divendres per rentar-los.<br \/>\nEls petits que ho&hellip;  <a href=\"https:\/\/agora.xtec.cat\/escjoanblanquer\/afa\/menjador-escolar\/\" title=\"Read Menjador escolar\">Llegeix m\u00e9s\u00bb<\/a><\/p>\n","protected":false},"author":1,"featured_media":0,"parent":66,"menu_order":30,"comment_status":"closed","ping_status":"closed","template":"page-templates\/side-menu.php","meta":{"_bbp_topic_count":0,"_bbp_reply_count":0,"_bbp_total_topic_count":0,"_bbp_total_reply_count":0,"_bbp_voice_count":0,"_bbp_anonymous_reply_count":0,"_bbp_topic_count_hidden":0,"_bbp_reply_count_hidden":0,"_bbp_forum_subforum_count":0,"footnotes":""},"class_list":["post-73","page","type-page","status-publish","hentry"],"post_mailing_queue_ids":[],"_links":{"self":[{"href":"https:\/\/agora.xtec.cat\/escjoanblanquer\/wp-json\/wp\/v2\/pages\/73","targetHints":{"allow":["GET"]}}],"collection":[{"href":"https:\/\/agora.xtec.cat\/escjoanblanquer\/wp-json\/wp\/v2\/pages"}],"about":[{"href":"https:\/\/agora.xtec.cat\/escjoanblanquer\/wp-json\/wp\/v2\/types\/page"}],"author":[{"embeddable":true,"href":"https:\/\/agora.xtec.cat\/escjoanblanquer\/wp-json\/wp\/v2\/users\/1"}],"replies":[{"embeddable":true,"href":"https:\/\/agora.xtec.cat\/escjoanblanquer\/wp-json\/wp\/v2\/comments?post=73"}],"version-history":[{"count":10,"href":"https:\/\/agora.xtec.cat\/escjoanblanquer\/wp-json\/wp\/v2\/pages\/73\/revisions"}],"predecessor-version":[{"id":4147,"href":"https:\/\/agora.xtec.cat\/escjoanblanquer\/wp-json\/wp\/v2\/pages\/73\/revisions\/4147"}],"up":[{"embeddable":true,"href":"https:\/\/agora.xtec.cat\/escjoanblanquer\/wp-json\/wp\/v2\/pages\/66"}],"wp:attachment":[{"href":"https:\/\/agora.xtec.cat\/escjoanblanquer\/wp-json\/wp\/v2\/media?parent=73"}],"curies":[{"name":"wp","href":"https:\/\/api.w.org\/{rel}","templated":true}]}}