{"id":6414,"date":"2020-01-19T19:38:01","date_gmt":"2020-01-19T18:38:01","guid":{"rendered":"http:\/\/agora.xtec.cat\/escjoanardevol\/?page_id=6414"},"modified":"2020-01-19T19:53:08","modified_gmt":"2020-01-19T18:53:08","slug":"projecte-mobils-edu","status":"publish","type":"page","link":"https:\/\/agora.xtec.cat\/escjoanardevol\/projectes\/projecte-mobils-edu\/","title":{"rendered":"mobils.edu"},"content":{"rendered":"<p>L&#8217;escola Joan Ard\u00e8vol forma part del Programa mobils.edu del Departament d&#8217;educaci\u00f3. El Programa M\u00f2bils.edu \u00e9s un pla digital que t\u00e9 com a finalitat\u00a0<strong>l\u2019impuls de la tecnologia digital en els centres i, especialment, els dispositius m\u00f2bils, com a eina educativa estrat\u00e8gica<\/strong>\u00a0per al desenvolupament curricular, el treball competencial, l\u2019educaci\u00f3 inclusiva, l\u2019acci\u00f3 tutorial i la gesti\u00f3 de la conviv\u00e8ncia i de les relacions humanes per promoure l\u2019\u00e8xit educatiu.<\/p>\n<p><img loading=\"lazy\" decoding=\"async\" class=\"alignnone size-large\" src=\"http:\/\/educacio.gencat.cat\/documents\/img\/mobilsedu.jpg\" width=\"80\" height=\"80\" \/><\/p>\n<p><img loading=\"lazy\" decoding=\"async\" class=\" alignright\" src=\"https:\/\/agora.xtec.cat\/mobilsedu\/wp-content\/uploads\/usu64\/2019\/03\/mobilsedu.png\" width=\"377\" height=\"377\" \/><\/p>\n<p>M\u00e9s informaci\u00f3:<\/p>\n<ul>\n<li><a href=\"http:\/\/educacio.gencat.cat\/portal\/page\/portal\/Educacio\/PCentrePrivat\/PCPInici\/PCPInnovacioPedagogica\/PCPMobilsEdu\" target=\"_blank\" rel=\"noopener noreferrer\">Web del Departament<\/a>.<\/li>\n<li><a href=\"http:\/\/xtec.gencat.cat\/ca\/innovacio\/modalitats\/programes_innovacio\/mobilsedu\/\" target=\"_blank\" rel=\"noopener noreferrer\">Web de la XTEC<\/a>.<\/li>\n<li><a href=\"https:\/\/agora.xtec.cat\/mobilsedu\/\" target=\"_blank\" rel=\"noopener noreferrer\">P\u00e0gina web del programa<\/a>.<\/li>\n<\/ul>\n","protected":false},"excerpt":{"rendered":"<p>L&#8217;escola Joan Ard\u00e8vol forma part del Programa mobils.edu del Departament d&#8217;educaci\u00f3. El Programa M\u00f2bils.edu \u00e9s un pla digital que t\u00e9 com a finalitat\u00a0l\u2019impuls de la tecnologia digital en els centres i, especialment, els dispositius m\u00f2bils, com a eina educativa estrat\u00e8gica\u00a0per al desenvolupament curricular, el treball&hellip;  <a href=\"https:\/\/agora.xtec.cat\/escjoanardevol\/projectes\/projecte-mobils-edu\/\" title=\"Read mobils.edu\">Llegeix m\u00e9s\u00bb<\/a><\/p>\n","protected":false},"author":1,"featured_media":0,"parent":3721,"menu_order":0,"comment_status":"closed","ping_status":"closed","template":"page-templates\/side-menu.php","meta":{"_bbp_topic_count":0,"_bbp_reply_count":0,"_bbp_total_topic_count":0,"_bbp_total_reply_count":0,"_bbp_voice_count":0,"_bbp_anonymous_reply_count":0,"_bbp_topic_count_hidden":0,"_bbp_reply_count_hidden":0,"_bbp_forum_subforum_count":0,"footnotes":""},"class_list":["post-6414","page","type-page","status-publish","hentry"],"post_mailing_queue_ids":[],"_links":{"self":[{"href":"https:\/\/agora.xtec.cat\/escjoanardevol\/wp-json\/wp\/v2\/pages\/6414","targetHints":{"allow":["GET"]}}],"collection":[{"href":"https:\/\/agora.xtec.cat\/escjoanardevol\/wp-json\/wp\/v2\/pages"}],"about":[{"href":"https:\/\/agora.xtec.cat\/escjoanardevol\/wp-json\/wp\/v2\/types\/page"}],"author":[{"embeddable":true,"href":"https:\/\/agora.xtec.cat\/escjoanardevol\/wp-json\/wp\/v2\/users\/1"}],"replies":[{"embeddable":true,"href":"https:\/\/agora.xtec.cat\/escjoanardevol\/wp-json\/wp\/v2\/comments?post=6414"}],"version-history":[{"count":3,"href":"https:\/\/agora.xtec.cat\/escjoanardevol\/wp-json\/wp\/v2\/pages\/6414\/revisions"}],"predecessor-version":[{"id":6428,"href":"https:\/\/agora.xtec.cat\/escjoanardevol\/wp-json\/wp\/v2\/pages\/6414\/revisions\/6428"}],"up":[{"embeddable":true,"href":"https:\/\/agora.xtec.cat\/escjoanardevol\/wp-json\/wp\/v2\/pages\/3721"}],"wp:attachment":[{"href":"https:\/\/agora.xtec.cat\/escjoanardevol\/wp-json\/wp\/v2\/media?parent=6414"}],"curies":[{"name":"wp","href":"https:\/\/api.w.org\/{rel}","templated":true}]}}