{"id":5107,"date":"2018-02-27T17:43:34","date_gmt":"2018-02-27T16:43:34","guid":{"rendered":"http:\/\/agora.xtec.cat\/escjoanardevol\/?page_id=5107"},"modified":"2018-02-27T17:44:03","modified_gmt":"2018-02-27T16:44:03","slug":"grups-interactius","status":"publish","type":"page","link":"https:\/\/agora.xtec.cat\/escjoanardevol\/projectes\/grups-interactius\/","title":{"rendered":"Grups interactius"},"content":{"rendered":"<p>Aquest projecte es basa en una metodologia din\u00e0mica que <strong><u>s\u2019enriqueix de les interaccions de l\u2019escola amb l\u2019entorn<\/u><\/strong> i que pret\u00e9n\u00a0\u00a0 afavorir l\u2019expressi\u00f3 oral i l\u2019atenci\u00f3 individualitzada.<\/p>\n<p>Est\u00e0 dirigit a alumnes d&#8217;educaci\u00f3 infantil.<\/p>\n<p>Consisteix en el treball dins l\u2019aula en petits <strong>grups heterogenis<\/strong>, cada grup dirigit per un voluntari. <strong>Els voluntaris s\u00f3n familiars dels alumnes<\/strong> (pare, mare, avi, \u00e0via, &#8230;)<\/p>\n<p>Es fan per la tarda, el dia que s&#8217;estableixi a cada nivell i el nombre de participants \u00e9s de m\u00e0xim <strong>cinc adults a l\u2019aula m\u00e9s la mestra.<\/strong> Durant la sessi\u00f3 es fan cinc activitats diferents relacionades amb els aprenentatges que es treballen a l\u2019aula, intentant sempre que parteixin del joc. La tutora no tindr\u00e0 un grup assignat, de manera que podr\u00e0 observar i prendre nota de diferents aspectes relacionats amb els aprenentatges i actituds dels alumnes, per tal de detectar necessitats i prendre mesures per millorar.<\/p>\n<p>Els alumnes van canviant d\u2019activitat <strong>cada deu minuts. <\/strong><\/p>\n<p><strong>Els objectius s\u00f3n: <\/strong><\/p>\n<ul>\n<li>Accelerar els aprenentatges en incrementar els discursos i l\u2019ajuda dintre de l\u2019aula.<\/li>\n<li>Procurar una atenci\u00f3 individualitzada en els diferents aspectes que es vulguin treballar i que estaran relacionats amb les \u00e0rees del curs.<\/li>\n<li>Desenvolupar el llenguatge oral mitjan\u00e7ant la participaci\u00f3 en situacions habituals de comunicaci\u00f3.<\/li>\n<\/ul>\n<p><strong>Tipus d\u2019activitats:<\/strong><\/p>\n<ul>\n<li>Activitats de refor\u00e7 dels aprenentatges de les diferents \u00e0rees<\/li>\n<li>Jocs educatius<\/li>\n<li>Jocs de taula<\/li>\n<li>Activitats sistematitzades d\u2019expressi\u00f3 oral<\/li>\n<\/ul>\n","protected":false},"excerpt":{"rendered":"<p>Aquest projecte es basa en una metodologia din\u00e0mica que s\u2019enriqueix de les interaccions de l\u2019escola amb l\u2019entorn i que pret\u00e9n\u00a0\u00a0 afavorir l\u2019expressi\u00f3 oral i l\u2019atenci\u00f3 individualitzada.<br \/>\nEst\u00e0 dirigit a alumnes d&#8217;educaci\u00f3 infantil.<br \/>\nConsisteix en el treball dins l\u2019aula en petits grups heterogenis, cada grup dirigit per un&hellip;  <a href=\"https:\/\/agora.xtec.cat\/escjoanardevol\/projectes\/grups-interactius\/\" title=\"Read Grups interactius\">Llegeix m\u00e9s\u00bb<\/a><\/p>\n","protected":false},"author":1,"featured_media":0,"parent":3721,"menu_order":0,"comment_status":"closed","ping_status":"closed","template":"page-templates\/side-menu.php","meta":{"_bbp_topic_count":0,"_bbp_reply_count":0,"_bbp_total_topic_count":0,"_bbp_total_reply_count":0,"_bbp_voice_count":0,"_bbp_anonymous_reply_count":0,"_bbp_topic_count_hidden":0,"_bbp_reply_count_hidden":0,"_bbp_forum_subforum_count":0,"footnotes":""},"class_list":["post-5107","page","type-page","status-publish","hentry"],"post_mailing_queue_ids":[],"_links":{"self":[{"href":"https:\/\/agora.xtec.cat\/escjoanardevol\/wp-json\/wp\/v2\/pages\/5107","targetHints":{"allow":["GET"]}}],"collection":[{"href":"https:\/\/agora.xtec.cat\/escjoanardevol\/wp-json\/wp\/v2\/pages"}],"about":[{"href":"https:\/\/agora.xtec.cat\/escjoanardevol\/wp-json\/wp\/v2\/types\/page"}],"author":[{"embeddable":true,"href":"https:\/\/agora.xtec.cat\/escjoanardevol\/wp-json\/wp\/v2\/users\/1"}],"replies":[{"embeddable":true,"href":"https:\/\/agora.xtec.cat\/escjoanardevol\/wp-json\/wp\/v2\/comments?post=5107"}],"version-history":[{"count":1,"href":"https:\/\/agora.xtec.cat\/escjoanardevol\/wp-json\/wp\/v2\/pages\/5107\/revisions"}],"predecessor-version":[{"id":5108,"href":"https:\/\/agora.xtec.cat\/escjoanardevol\/wp-json\/wp\/v2\/pages\/5107\/revisions\/5108"}],"up":[{"embeddable":true,"href":"https:\/\/agora.xtec.cat\/escjoanardevol\/wp-json\/wp\/v2\/pages\/3721"}],"wp:attachment":[{"href":"https:\/\/agora.xtec.cat\/escjoanardevol\/wp-json\/wp\/v2\/media?parent=5107"}],"curies":[{"name":"wp","href":"https:\/\/api.w.org\/{rel}","templated":true}]}}