{"id":3725,"date":"2010-11-14T16:44:37","date_gmt":"2010-11-14T16:44:37","guid":{"rendered":"http:\/\/joanardevol.org\/info\/?page_id=38"},"modified":"2020-02-29T08:52:09","modified_gmt":"2020-02-29T07:52:09","slug":"projecte-de-reutilitzacio-de-llibres","status":"publish","type":"page","link":"https:\/\/agora.xtec.cat\/escjoanardevol\/projectes\/projecte-de-reutilitzacio-de-llibres\/","title":{"rendered":"Projecte de reutilitzaci\u00f3 de llibres"},"content":{"rendered":"<h1 style=\"text-align: justify;\" align=\"center\"><b>ECO \u2013 ARD\u00c8VOL<\/b><\/h1>\n<h2 style=\"text-align: justify;\" align=\"center\">Projecte de reutilitzaci\u00f3 de llibres de text<\/h2>\n<p style=\"text-align: justify;\">El Departament d&#8217;Eduaci\u00f3 ha perm\u00e8s reprendre el programa de reutilitzaci\u00f3 de llibres amb la incorporaci\u00f3 d&#8217;alguns llibres de text. Aquest programa \u00e9s possible gr\u00e0cies a la <b>gesti\u00f3 de l&#8217;AFA<\/b> de l&#8217;escola. La participaci\u00f3 en el programa &#8220;Eco-Ard\u00e8vol&#8221; permet la <b>utilitzaci\u00f3<\/b> dels <b>diccionaris, llibres de lectura i llibres de text<\/b> que formen part del programa, la qual cosa permet un estalvi per a les fam\u00edlies.<\/p>\n<p style=\"text-align: justify;\"><b>Quins s\u00f3n els OBJECTIUS?<\/b><\/p>\n<ul style=\"text-align: justify;\">\n<li><b>Reducci\u00f3 de les despeses econ\u00f2miques<\/b> de les fam\u00edlies per l\u2019adquisici\u00f3 de llibres de text.<\/li>\n<li>Fomentar en els alumnes valors com la <b>responsabilitat<\/b>, el respecte pels llibres i el material comunitari.<\/li>\n<li>Potenciar una <b>escola verda<\/b>, sostenible i respectuosa amb el medi ambient.<\/li>\n<li>Fomentar la <b>cooperaci\u00f3<\/b> entre l\u2019alumnat, fam\u00edlies i professors mitjan\u00e7ant projectes comuns.<\/li>\n<li>Promoure la cultura del <b>reciclatge<\/b> i reutilitzaci\u00f3 de recursos existents<\/li>\n<\/ul>\n<p style=\"text-align: justify;\">Per poder fer servir els llibres cal entrar al programa de reutilitzaci\u00f3 ECO-ARD\u00c8VOL. Si no s\u2019entra al programa <span style=\"text-decoration: underline;\">no es tindr\u00e0 dret a utilitzar-los<\/span>. En el cas de no voler participar-hi, tots els llibres i diccionaris s\u2019hauran d\u2019adquirir i portar a l\u2019escola.<\/p>\n","protected":false},"excerpt":{"rendered":"<p>ECO \u2013 ARD\u00c8VOL<br \/>\nProjecte de reutilitzaci\u00f3 de llibres de text<br \/>\nEl Departament d&#8217;Eduaci\u00f3 ha perm\u00e8s reprendre el programa de reutilitzaci\u00f3 de llibres amb la incorporaci\u00f3 d&#8217;alguns llibres de text. Aquest programa \u00e9s possible gr\u00e0cies a la gesti\u00f3 de l&#8217;AFA de l&#8217;escola. La participaci\u00f3 en el programa &#8220;Eco-Ard\u00e8vol&#8221;&hellip;  <a href=\"https:\/\/agora.xtec.cat\/escjoanardevol\/projectes\/projecte-de-reutilitzacio-de-llibres\/\" title=\"Read Projecte de reutilitzaci\u00f3 de llibres\">Llegeix m\u00e9s\u00bb<\/a><\/p>\n","protected":false},"author":1,"featured_media":0,"parent":3721,"menu_order":0,"comment_status":"closed","ping_status":"closed","template":"page-templates\/side-menu.php","meta":{"_bbp_topic_count":0,"_bbp_reply_count":0,"_bbp_total_topic_count":0,"_bbp_total_reply_count":0,"_bbp_voice_count":0,"_bbp_anonymous_reply_count":0,"_bbp_topic_count_hidden":0,"_bbp_reply_count_hidden":0,"_bbp_forum_subforum_count":0,"footnotes":""},"class_list":["post-3725","page","type-page","status-publish","hentry"],"post_mailing_queue_ids":[],"_links":{"self":[{"href":"https:\/\/agora.xtec.cat\/escjoanardevol\/wp-json\/wp\/v2\/pages\/3725","targetHints":{"allow":["GET"]}}],"collection":[{"href":"https:\/\/agora.xtec.cat\/escjoanardevol\/wp-json\/wp\/v2\/pages"}],"about":[{"href":"https:\/\/agora.xtec.cat\/escjoanardevol\/wp-json\/wp\/v2\/types\/page"}],"author":[{"embeddable":true,"href":"https:\/\/agora.xtec.cat\/escjoanardevol\/wp-json\/wp\/v2\/users\/1"}],"replies":[{"embeddable":true,"href":"https:\/\/agora.xtec.cat\/escjoanardevol\/wp-json\/wp\/v2\/comments?post=3725"}],"version-history":[{"count":2,"href":"https:\/\/agora.xtec.cat\/escjoanardevol\/wp-json\/wp\/v2\/pages\/3725\/revisions"}],"predecessor-version":[{"id":6506,"href":"https:\/\/agora.xtec.cat\/escjoanardevol\/wp-json\/wp\/v2\/pages\/3725\/revisions\/6506"}],"up":[{"embeddable":true,"href":"https:\/\/agora.xtec.cat\/escjoanardevol\/wp-json\/wp\/v2\/pages\/3721"}],"wp:attachment":[{"href":"https:\/\/agora.xtec.cat\/escjoanardevol\/wp-json\/wp\/v2\/media?parent=3725"}],"curies":[{"name":"wp","href":"https:\/\/api.w.org\/{rel}","templated":true}]}}