{"id":3239,"date":"2015-11-14T23:54:17","date_gmt":"2015-11-14T22:54:17","guid":{"rendered":"http:\/\/joanardevol.org\/info\/?page_id=3239"},"modified":"2018-09-26T12:35:46","modified_gmt":"2018-09-26T10:35:46","slug":"radio-pinaret","status":"publish","type":"page","link":"https:\/\/agora.xtec.cat\/escjoanardevol\/projectes\/radio-pinaret\/","title":{"rendered":"R\u00e0dio Pinaret"},"content":{"rendered":"<p><strong><a href=\"https:\/\/blocs.xtec.cat\/radiopinaret\/\" target=\"_blank\" rel=\"noopener noreferrer\"><img loading=\"lazy\" decoding=\"async\" class=\"alignleft wp-image-3412\" src=\"http:\/\/agora.xtec.cat\/escjoanardevol\/wp-content\/uploads\/usu550\/2017\/10\/cropped-logo-radio-pinaret-2.jpg\" alt=\"cropped-logo-radio-pinaret-2\" width=\"289\" height=\"203\" \/><\/a>R\u00e0dio Pinaret<\/strong> neix des de l\u2019escola Joan Ard\u00e8vol de Cambrils.<\/p>\n<p>El treball de la r\u00e0dio en el context escolar suposa un impuls en el desenvolupament de diferents compet\u00e8ncies ling\u00fc\u00edstiques i aprenentatges per part de l\u2019alumnat, que esdevindr\u00e0 el principal protagonista i part activa del proc\u00e9s. Treballarem aspectes com l\u2019expressi\u00f3 oral i el tractament de diferents tipologies textuals (not\u00edcies, entrevistes, reportatges, etc).<\/p>\n<p>A m\u00e9s, pretenem fomentar ponts que permetin la participaci\u00f3 de les nostres fam\u00edlies mitjan\u00e7ant una r\u00e0dio oberta i plural. La nostra intenci\u00f3 passa per la creaci\u00f3 de xarxes que impliquin la col\u00b7laboraci\u00f3 futura amb altres escoles i\/o institucions.<\/p>\n<h6>El curs 2015-2016 vam iniciar el projecte de r\u00e0dio.<\/h6>\n<p><strong>Objectius<\/strong> dins el projecte educatiu de centre:<\/p>\n<ul>\n<li style=\"list-style-type: none\">\n<ul>\n<li>Desenvolupar compet\u00e8ncies a partir de les activitats realitzades a partir de la r\u00e0dio.<\/li>\n<li>Crear lligams amb l&#8217;entorn proper.<\/li>\n<li>Projectar una imatge d&#8217;escola participativa i col.laboradora.<\/li>\n<\/ul>\n<\/li>\n<\/ul>\n<p><!-- BEGINS: AUTO-GENERATED MUSES RADIO PLAYER CODE --><br \/>\n<script type=\"text\/javascript\" src=\"https:\/\/hosted.muses.org\/mrp.js\"><\/script><br \/>\n<script type=\"text\/javascript\">\nMRP.insert({\n'url':'http:\/\/85.192.73.88:8084\/radio',\n'codec':'mp3',\n'volume':100,\n'autoplay':false,\n'jsevents':true,\n'buffering':0,\n'title':'Radio Pinaret',\n'welcome':'Benvinguts',\n'wmode':'transparent',\n'skin':'cassette',\n'width':200,\n'height':120\n});\n<\/script><br \/>\n<!-- ENDS: AUTO-GENERATED MUSES RADIO PLAYER CODE --><\/p>\n","protected":false},"excerpt":{"rendered":"<p><a href=\"https:\/\/blocs.xtec.cat\/radiopinaret\/\" target=\"_blank\" rel=\"noopener noreferrer\"><\/a>R\u00e0dio Pinaret neix des de l\u2019escola Joan Ard\u00e8vol de Cambrils.<br \/>\nEl treball de la r\u00e0dio en el context escolar suposa un impuls en el desenvolupament de diferents compet\u00e8ncies ling\u00fc\u00edstiques i aprenentatges per part de l\u2019alumnat, que esdevindr\u00e0 el principal protagonista i part&hellip;  <a href=\"https:\/\/agora.xtec.cat\/escjoanardevol\/projectes\/radio-pinaret\/\" title=\"Read R\u00e0dio Pinaret\">Llegeix m\u00e9s\u00bb<\/a><\/p>\n","protected":false},"author":1,"featured_media":0,"parent":3721,"menu_order":0,"comment_status":"closed","ping_status":"closed","template":"page-templates\/side-menu.php","meta":{"_bbp_topic_count":0,"_bbp_reply_count":0,"_bbp_total_topic_count":0,"_bbp_total_reply_count":0,"_bbp_voice_count":0,"_bbp_anonymous_reply_count":0,"_bbp_topic_count_hidden":0,"_bbp_reply_count_hidden":0,"_bbp_forum_subforum_count":0,"footnotes":""},"class_list":["post-3239","page","type-page","status-publish","hentry"],"post_mailing_queue_ids":[],"_links":{"self":[{"href":"https:\/\/agora.xtec.cat\/escjoanardevol\/wp-json\/wp\/v2\/pages\/3239","targetHints":{"allow":["GET"]}}],"collection":[{"href":"https:\/\/agora.xtec.cat\/escjoanardevol\/wp-json\/wp\/v2\/pages"}],"about":[{"href":"https:\/\/agora.xtec.cat\/escjoanardevol\/wp-json\/wp\/v2\/types\/page"}],"author":[{"embeddable":true,"href":"https:\/\/agora.xtec.cat\/escjoanardevol\/wp-json\/wp\/v2\/users\/1"}],"replies":[{"embeddable":true,"href":"https:\/\/agora.xtec.cat\/escjoanardevol\/wp-json\/wp\/v2\/comments?post=3239"}],"version-history":[{"count":4,"href":"https:\/\/agora.xtec.cat\/escjoanardevol\/wp-json\/wp\/v2\/pages\/3239\/revisions"}],"predecessor-version":[{"id":5474,"href":"https:\/\/agora.xtec.cat\/escjoanardevol\/wp-json\/wp\/v2\/pages\/3239\/revisions\/5474"}],"up":[{"embeddable":true,"href":"https:\/\/agora.xtec.cat\/escjoanardevol\/wp-json\/wp\/v2\/pages\/3721"}],"wp:attachment":[{"href":"https:\/\/agora.xtec.cat\/escjoanardevol\/wp-json\/wp\/v2\/media?parent=3239"}],"curies":[{"name":"wp","href":"https:\/\/api.w.org\/{rel}","templated":true}]}}