{"id":2772,"date":"2014-10-13T10:45:50","date_gmt":"2014-10-13T10:45:50","guid":{"rendered":"http:\/\/joanardevol.org\/info\/?page_id=2772"},"modified":"2020-01-19T19:53:53","modified_gmt":"2020-01-19T18:53:53","slug":"coral-de-lescola","status":"publish","type":"page","link":"https:\/\/agora.xtec.cat\/escjoanardevol\/coral-de-lescola\/","title":{"rendered":"Coral de l&#8217;escola"},"content":{"rendered":"<h2>VESTUARI D&#8217;HIVERN<\/h2>\n<ul>\n<li>Camisa de m\u00e0niga llarga o jersei blanc llis, sense dibuixos.<\/li>\n<li>Pantalons texans o faldilla, blau mar\u00ed, sense dibuixos.<\/li>\n<li>Sabates o botes, negres o marrons.<\/li>\n<\/ul>\n<p>&nbsp;<\/p>\n<h2>VESTUARI D&#8217;ESTIU<\/h2>\n<ul>\n<li>Camisa de m\u00e0niga curta o jersei blanc llis, sense dibuixos.<\/li>\n<li>Pantalons texans o faldilla, blau mar\u00ed, sense dibuixos.<\/li>\n<li>Sabates o botes, negres o marrons.<\/li>\n<\/ul>\n<p>&nbsp;<\/p>\n<h2>NORMATIVA D&#8217;ORGANITZACI\u00d3 I FUNCIONAMENT<\/h2>\n<p>&nbsp;<\/p>\n<p><strong>CAP\u00cdTOL 1.<\/strong> LA DENOMINACI\u00d3, ELS FINS, EL FUNCIONAMENT I EL DOMICILI<\/p>\n<p>Article 1<\/p>\n<p>La Coral Escola Joan Ard\u00e8vol \u00e9s un grup coral sense \u00e0nim de lucre, constitu\u00eft al centre educatiu del mateix nom l\u00b4any 2013, formada \u00a0inicialment pels alumnes de segon nivell del nostre centre. El curs 2014\u201315 la coral va quedar\u00a0formada pels alumnes de tercer nivell i les possibles incorporacions de quart i cinqu\u00e8 nivell.<\/p>\n<p>A partir del \u00a0curs 2015-2016 la coral esta formada \u00a0per alumnes de 3r a 6\u00e8.<\/p>\n<p>Article 2<\/p>\n<p>Els nostres fins s\u00f3n:<\/p>\n<ul>\n<li>El foment, desenvolupament, manteniment i la pr\u00e0ctica continuada de l&#8217;activitat coral, per contribuir a la seva divulgaci\u00f3.<\/li>\n<\/ul>\n<p>Pretenem assolir-los:<\/p>\n<ul>\n<li>Contribuint a la formaci\u00f3, perfeccionament i enriquiment dels nostres alumnes participants.<\/li>\n<li>Intercanviar, quan sigui possible, experi\u00e8ncies amb altres corals escolars.<\/li>\n<li>Coordinar, quan sigui possible, activitats corals a la vila.<\/li>\n<\/ul>\n<p>No tenim cap afany de lucre.<\/p>\n<p>Article 3<\/p>\n<ol>\n<li>El domicili de la coral est\u00e0 situat a l\u2019escola Joan Ard\u00e8vol de Cambrils. Carrer Joan Ardev\u00f2l, n\u00fam. 1 \u2013 3, 43850.<\/li>\n<li>Les nostres funcions s\u2019exerciran principalment a Catalunya.<\/li>\n<\/ol>\n<p><strong>\u00a0<\/strong><\/p>\n<p><strong>CAP\u00cdTOL 2<\/strong>. ELS MEMBRES DE LA CORAL, ELS SEUS DRETS I ELS SEUS DEURES<\/p>\n<p>Article 4<\/p>\n<p>Poden formar part de la coral aquells alumnes de tercer, quart i cinqu\u00e8 nivell que de manera lliure i volunt\u00e0ria expressin inter\u00e8s en assolir les seves finalitats i objectius. El alumnes citats anteriorment en seran considerats membres de ple dret.<\/p>\n<p>Seran considerades col\u00b7laboradores aquelles persones que contribueixin al funcionament i suport del grup coral.<\/p>\n<p>Degut a qu\u00e8 els membres de la coral s\u00f3n tots menors d\u2019edat s\u2019establir\u00e0 un document de comprom\u00eds que haur\u00e0 d\u2019\u00e9sser signat pels pares o tutors legals dels alumnes i que els vincularan a aquesta normativa.<\/p>\n<p>Article 5<\/p>\n<p>Drets dels membres de la Coral Escola Joan Ard\u00e8vol.<\/p>\n<ol>\n<li>Assistir als assajos que es duguin a terme.<\/li>\n<li>Exercir la representaci\u00f3 que se\u2019ls confereixi en cada cas.<\/li>\n<li>Exposar tot all\u00f2 que considerin que pugui contribuir a fer m\u00e9s efica\u00e7 i ple, el desenvolupament del grup coral.<\/li>\n<li>Rebre informaci\u00f3 sobre les activitats.<\/li>\n<li>Posseir un exemplar de la normativa.<\/li>\n<li>A portar el mocador identificador de la coral com a membres de ple dret.<\/li>\n<\/ol>\n<p>Article 6<\/p>\n<p>Deures dels membres de la Coral Escola Joan Ard\u00e8vol.<\/p>\n<ol>\n<li>Comprometre\u2019s amb les finalitats del grup coral i participar-hi activament per assolir-les.<\/li>\n<\/ol>\n<ol start=\"2\">\n<li>Complir la normativa de la coral, els reglaments interns i els acords adoptats v\u00e0lidament en l&#8217;\u00e0mbit de les nostres compet\u00e8ncies.<\/li>\n<li>Abonar les derrames o qualsevol altra aportaci\u00f3 econ\u00f2mica que s\u2019estableixi per partitures, fotoc\u00f2pies, vestuari o altres necessitats. L\u2019activitat i els assajos seran totalment gratu\u00efts.<\/li>\n<\/ol>\n<p>Article 7<\/p>\n<p>Causes per donar\u2013se de baixa.<\/p>\n<ol>\n<li>Que ho decideixi la persona interessada, que ho ha de comunicar per escrit.<\/li>\n<li>Que no es complexin les obligacions normatives o reglamentaries.<\/li>\n<li>Que es produeixi algun incident que ho meriti necessari.<\/li>\n<\/ol>\n<p><strong>\u00a0<\/strong><\/p>\n<p><strong>CAP\u00cdTOL 3<\/strong>. EL R\u00c8GIM ECON\u00d2MIC<\/p>\n<p>Article 8<\/p>\n<p>La Coral Escola Joan Ard\u00e8vol no t\u00e9 \u00e0nim de lucre, per aquest motiu no percebr\u00e0 quotes fixes dels seus membres, en canvi necessitar\u00e0 provisi\u00f3 de fons amb petites derrames per pagar tot all\u00f2 necessari i ali\u00e8 a la pr\u00e0ctica del cant coral, que ser\u00e0 una activitat gratu\u00efta per als alumnes participants.<\/p>\n<p>Article 9<\/p>\n<p>Aquest grup coral no t\u00e9 patrimoni fundacional.<\/p>\n<p><strong>\u00a0<\/strong><\/p>\n<p><strong>\u00a0<\/strong><\/p>\n<p><strong>CAP\u00cdTOL 4<\/strong>. LA DIRECCI\u00d3 ART\u00cdSTICA<\/p>\n<p>Article 10<\/p>\n<p>Son funcions de la directora art\u00edstica, amb l\u2019acord de la direcci\u00f3 del centre:<\/p>\n<ol>\n<li>La responsabilitat, el guiatge i la decisi\u00f3 sobre tots els aspectes musicals del grup coral.<\/li>\n<li>L\u2019admissi\u00f3 i separaci\u00f3 de cantaires.<\/li>\n<\/ol>\n<p><strong>\u00a0<\/strong><\/p>\n<p><strong>CAP\u00cdTOL 5<\/strong>. EL R\u00c8GIM DISCIPLINARI<\/p>\n<p>Article 11<\/p>\n<p>La direcci\u00f3 art\u00edstica pot sancionar les infraccions comeses pels membres que incompleixen les seves obligacions atenent-se a les normes especifiques que apareixen a la Normativa d\u2019Organitzaci\u00f3 i Funcionament del nostre centre.<\/p>\n<p>Aquestes infraccions, sobre les quals s\u2019establir\u00e0 un registre, es poden qualificar de lleus, greus i molt greus, i les sancions corresponents poden anar des d\u00b4una amonestaci\u00f3 oral fins a l\u00b4expulsi\u00f3 del grup coral, segons es valori, respectant la normativa del centre.<\/p>\n<p><strong>\u00a0<\/strong><\/p>\n<p><strong>CAP\u00cdTOL 6<\/strong>. LA DISSOLUCI\u00d3<\/p>\n<p>Article 12<\/p>\n<p>La Coral Escola Joan Ard\u00e8vol pot ser dissolta si aix\u00ed ho acorda la direcci\u00f3 art\u00edstica i la direcci\u00f3 del centre.<\/p>\n<p>Article 13<\/p>\n<ol>\n<li>Un cop acordada la dissoluci\u00f3, la direcci\u00f3 art\u00edstica i la del centre han de prendre les mesures oportunes pel que fa al desmantellament ordenat del grup coral.<\/li>\n<li>Els membres de la coral estan exempts de responsabilitat personal. La seva responsabilitat queda limitada a complir les obligacions que ells mateixos hagin contret volunt\u00e0riament.<\/li>\n<li>Les funcions de liquidaci\u00f3 i d\u2019execuci\u00f3 dels acords a qu\u00e8 fan refer\u00e8ncia els apartats anteriors d\u2019aquest mateix article s\u00f3n compet\u00e8ncia de la direcci\u00f3 art\u00edstica i la del centre, sempre que \u00e9s no confereixi aquesta missi\u00f3 a una comissi\u00f3 liquidadora especialment designada.<\/li>\n<\/ol>\n<p>&nbsp;<\/p>\n<p>&nbsp;<\/p>\n<p>&nbsp;<\/p>\n","protected":false},"excerpt":{"rendered":"<p>VESTUARI D&#8217;HIVERN<\/p>\n<ul>\n<li>Camisa de m\u00e0niga llarga o jersei blanc llis, sense dibuixos.<\/li>\n<li>Pantalons texans o faldilla, blau mar\u00ed, sense dibuixos.<\/li>\n<li>Sabates o botes, negres o marrons.<\/li>\n<\/ul>\n<p>&nbsp;<br \/>\nVESTUARI D&#8217;ESTIU<\/p>\n<ul>\n<li>Camisa de m\u00e0niga curta o jersei blanc llis, sense dibuixos.<\/li>\n<li>Pantalons texans o faldilla, blau mar\u00ed, sense dibuixos.<\/li>\n<li>Sabates o botes, negres o marrons.<\/li>\n<\/ul>\n<p>&nbsp;<br \/>\nNORMATIVA&hellip;  <a href=\"https:\/\/agora.xtec.cat\/escjoanardevol\/coral-de-lescola\/\" title=\"Read Coral de l&#8217;escola\">Llegeix m\u00e9s\u00bb<\/a><\/p>\n","protected":false},"author":1,"featured_media":0,"parent":0,"menu_order":0,"comment_status":"closed","ping_status":"closed","template":"page-templates\/side-menu.php","meta":{"_bbp_topic_count":0,"_bbp_reply_count":0,"_bbp_total_topic_count":0,"_bbp_total_reply_count":0,"_bbp_voice_count":0,"_bbp_anonymous_reply_count":0,"_bbp_topic_count_hidden":0,"_bbp_reply_count_hidden":0,"_bbp_forum_subforum_count":0,"footnotes":""},"class_list":["post-2772","page","type-page","status-publish","hentry"],"post_mailing_queue_ids":[],"_links":{"self":[{"href":"https:\/\/agora.xtec.cat\/escjoanardevol\/wp-json\/wp\/v2\/pages\/2772","targetHints":{"allow":["GET"]}}],"collection":[{"href":"https:\/\/agora.xtec.cat\/escjoanardevol\/wp-json\/wp\/v2\/pages"}],"about":[{"href":"https:\/\/agora.xtec.cat\/escjoanardevol\/wp-json\/wp\/v2\/types\/page"}],"author":[{"embeddable":true,"href":"https:\/\/agora.xtec.cat\/escjoanardevol\/wp-json\/wp\/v2\/users\/1"}],"replies":[{"embeddable":true,"href":"https:\/\/agora.xtec.cat\/escjoanardevol\/wp-json\/wp\/v2\/comments?post=2772"}],"version-history":[{"count":2,"href":"https:\/\/agora.xtec.cat\/escjoanardevol\/wp-json\/wp\/v2\/pages\/2772\/revisions"}],"predecessor-version":[{"id":4883,"href":"https:\/\/agora.xtec.cat\/escjoanardevol\/wp-json\/wp\/v2\/pages\/2772\/revisions\/4883"}],"wp:attachment":[{"href":"https:\/\/agora.xtec.cat\/escjoanardevol\/wp-json\/wp\/v2\/media?parent=2772"}],"curies":[{"name":"wp","href":"https:\/\/api.w.org\/{rel}","templated":true}]}}