{"id":14,"date":"2010-11-14T16:26:06","date_gmt":"2010-11-14T16:26:06","guid":{"rendered":"http:\/\/joanardevol.org\/info\/?page_id=14"},"modified":"2017-10-22T11:50:27","modified_gmt":"2017-10-22T09:50:27","slug":"50-aniversari","status":"publish","type":"page","link":"https:\/\/agora.xtec.cat\/escjoanardevol\/lescola-2\/historia\/50-aniversari\/","title":{"rendered":"50 aniversari"},"content":{"rendered":"<p style=\"text-align: justify;\"><a href=\"http:\/\/joanardevol.org\/info\/wp-content\/uploads\/2010\/11\/joan-ardevol.jpg\"><img loading=\"lazy\" decoding=\"async\" class=\"wp-image-80 size-medium alignleft\" title=\"50anysb\" src=\"http:\/\/agora.xtec.cat\/escjoanardevol\/wp-content\/uploads\/usu550\/2017\/10\/50anysb1-298x300.png\" width=\"298\" height=\"300\" \/><\/a>El col\u00b7legi Joan Ard\u00e8vol fou la primera escola p\u00fablica que va gaudir Cambrils, la seva construcci\u00f3 va ser un c\u00famul de desprop\u00f2sits\u00a0 i esdevingu\u00e9 un part que duraria m\u00e9s de seixanta anys. Pen\u00faria econ\u00f2mica dels diferents consistoris, dificultats\u00a0 a l\u2019hora de cercar el solar adient per ubicar-hi el centre escolar, vicissituds de la nostra hist\u00f2ria, certa manca de voluntat pol\u00edtica en alguns casos i el pes de l\u2019ensenyament privat en altres, aix\u00ed com altres factors dificultarien la materialitzaci\u00f3 de la seva\u00a0 construcci\u00f3. Finalment i degut a l&#8217;impuls de Josep Ortoneda Bud\u00ed, mestre i alcalde del municipi, es faria realitat un projecte que havia durat d\u00e8cades i que finalment veuria la llum el 1960. Pocs anys despr\u00e9s, encetada la d\u00e8cada dels setanta, el desenvolupament demogr\u00e0fic de la localitat faria que\u00a0 l\u2019escola\u00a0 qued\u00e9s petita,\u00a0 per la qual cosa calgu\u00e9 ampliar-la amb m\u00f2duls prefabricats instal\u00b7lats en el mateix recinte escolar i la Parellada. El creixement constant de Cambrils obligaria, durant els vuitanta, a la construcci\u00f3 d\u2019una nova escola, el col\u00b7legi Marinada, amb la qual cosa part de l\u2019alumnat i professorat anirien a aquestes\u00a0 instal\u00b7lacions del centre direccional. Malgrat tot, pocs anys despr\u00e9s calgu\u00e9 una nova ampliaci\u00f3 del Joan Ard\u00e8vol amb l\u2019empla\u00e7ament d\u2019un seguit de m\u00f2duls prefabricats a la zona del Pinaret. Aquest fet, juntament amb l\u2019antigor del col\u00b7legi\u00a0 i la poca acceptaci\u00f3 i provisionalitat dels m\u00f2duls (\u201ccaracoles\u201d), provoc\u00e0 que\u00a0 la comunitat educativa del col\u00b7legi i l\u2019ajuntament sol\u00b7licitessin la construcci\u00f3 d&#8217;un nou centre. Per b\u00e9 que tamb\u00e9 costaria molt la concreci\u00f3 d\u2019aquest equipament, finalment la Generalitat l\u2019incorpor\u00e0 en la seva planificaci\u00f3 de construccions escolars i el nou col\u00b7legi Joan Ard\u00e8vol va poder iniciar el curs 1992-93, en l\u2019edifici que gaudim en l\u2019actualitat i des d&#8217;on ens disposem a celebrar aquests 50 anys de vida de l\u2019escola. Per evocar aquesta efem\u00e8rides els alumnes han portat a terme un seguit d\u2019activitats complement\u00e0ries, com per exemple la realitzaci\u00f3 d\u2019un treball interdisciplinari de les diferents assignatures amb el tema de la hist\u00f2ria de l\u2019escola, alhora que la programaci\u00f3 de les diferents activitats dels dies 10 i 11\u00a0\u00a0 de desembre, jornades centrals de l\u2019acte de commemoraci\u00f3.<\/p>\n<p style=\"text-align: justify;\">Amb aquesta celebraci\u00f3 volem fer un petit homenatge a tots els docents que en el decurs d\u2019aquest mig segle, han desenvolupat la seva tasca com educadors i ensenyants en les seves aules, aix\u00ed com l\u2019agra\u00efment a tots els alumnes, pares i mares que han confiat en\u00a0 la nostra escola i a les diferents administracions que gaireb\u00e9 sempre han mostrat el seu suport als desenvolupament del centre. Alhora, per\u00f2, no voldr\u00edem donar la sensaci\u00f3 d\u2019un final d\u2019etapa, ans el contrari, amb l\u2019esperit de la feina ben feta, cal continuar treballant per tal de projectar l\u2019escola cap al futur i d\u2019aquesta manera poder afrontar els reptes que els nous temps plantejaran al professorat i a l\u2019alumnat.<\/p>\n<p style=\"text-align: center;\">\n","protected":false},"excerpt":{"rendered":"<p><a href=\"http:\/\/joanardevol.org\/info\/wp-content\/uploads\/2010\/11\/joan-ardevol.jpg\"><\/a>El col\u00b7legi Joan Ard\u00e8vol fou la primera escola p\u00fablica que va gaudir Cambrils, la seva construcci\u00f3 va ser un c\u00famul de desprop\u00f2sits\u00a0 i esdevingu\u00e9 un part que duraria m\u00e9s de seixanta anys. Pen\u00faria econ\u00f2mica dels diferents consistoris, dificultats\u00a0 a l\u2019hora de cercar el solar&hellip;  <a href=\"https:\/\/agora.xtec.cat\/escjoanardevol\/lescola-2\/historia\/50-aniversari\/\" title=\"Read 50 aniversari\">Llegeix m\u00e9s\u00bb<\/a><\/p>\n","protected":false},"author":1,"featured_media":0,"parent":3728,"menu_order":0,"comment_status":"closed","ping_status":"closed","template":"page-templates\/side-menu.php","meta":{"_bbp_topic_count":0,"_bbp_reply_count":0,"_bbp_total_topic_count":0,"_bbp_total_reply_count":0,"_bbp_voice_count":0,"_bbp_anonymous_reply_count":0,"_bbp_topic_count_hidden":0,"_bbp_reply_count_hidden":0,"_bbp_forum_subforum_count":0,"footnotes":""},"class_list":["post-14","page","type-page","status-publish","hentry"],"post_mailing_queue_ids":[],"_links":{"self":[{"href":"https:\/\/agora.xtec.cat\/escjoanardevol\/wp-json\/wp\/v2\/pages\/14","targetHints":{"allow":["GET"]}}],"collection":[{"href":"https:\/\/agora.xtec.cat\/escjoanardevol\/wp-json\/wp\/v2\/pages"}],"about":[{"href":"https:\/\/agora.xtec.cat\/escjoanardevol\/wp-json\/wp\/v2\/types\/page"}],"author":[{"embeddable":true,"href":"https:\/\/agora.xtec.cat\/escjoanardevol\/wp-json\/wp\/v2\/users\/1"}],"replies":[{"embeddable":true,"href":"https:\/\/agora.xtec.cat\/escjoanardevol\/wp-json\/wp\/v2\/comments?post=14"}],"version-history":[{"count":3,"href":"https:\/\/agora.xtec.cat\/escjoanardevol\/wp-json\/wp\/v2\/pages\/14\/revisions"}],"predecessor-version":[{"id":4872,"href":"https:\/\/agora.xtec.cat\/escjoanardevol\/wp-json\/wp\/v2\/pages\/14\/revisions\/4872"}],"up":[{"embeddable":true,"href":"https:\/\/agora.xtec.cat\/escjoanardevol\/wp-json\/wp\/v2\/pages\/3728"}],"wp:attachment":[{"href":"https:\/\/agora.xtec.cat\/escjoanardevol\/wp-json\/wp\/v2\/media?parent=14"}],"curies":[{"name":"wp","href":"https:\/\/api.w.org\/{rel}","templated":true}]}}