{"id":4368,"date":"2019-10-16T12:09:57","date_gmt":"2019-10-16T10:09:57","guid":{"rendered":"http:\/\/agora.xtec.cat\/escgaspardeportola\/?page_id=4368"},"modified":"2019-10-16T12:30:28","modified_gmt":"2019-10-16T10:30:28","slug":"delegats-verds","status":"publish","type":"page","link":"https:\/\/agora.xtec.cat\/escgaspardeportola\/escola-verda\/delegats-verds\/","title":{"rendered":"Delegats verds"},"content":{"rendered":"<p>Els delegats verds de l&#8217;escola Gaspar de Portol\u00e0 s\u00f3n els encarregats de vetllar de que les tasques d&#8217;escola verda es realitzin correctament. Fan de comunicadors a les seves aules sobre els acords presos en les reunions amb l&#8217;equip directiu i consensuades a la comissi\u00f3 d&#8217;escola verda. La duraci\u00f3 del c\u00e0rrec ser\u00e0 trimestral.<\/p>\n<p><strong>TASQUES<\/strong><\/p>\n<p><strong>1. Supervisar el reciclatge de l&#8217;aula i de l&#8217;escola. (Recollida selectiva).<\/strong><\/p>\n<p><strong><iframe loading=\"lazy\" src=\"\/\/www.youtube.com\/embed\/r8OAoxUCbco\" width=\"560\" height=\"315\" frameborder=\"0\" allowfullscreen=\"allowfullscreen\"><\/iframe><\/strong><\/p>\n<p>Controlar si els contenidors de recollida selectiva estan ben senyalitzats.<\/p>\n<p>Controlar dos cops per setmana que es tirin els rebuigs als contenidors adients.<\/p>\n<p>Control especial el dia de consum de fruita.<\/p>\n<p>Impulsar la recollida selectiva de residus: Contenidors, APILO (a partir del gener )<\/p>\n<p><iframe loading=\"lazy\" src=\"\/\/www.youtube.com\/embed\/Vm0cLIPV3H8\" width=\"560\" height=\"315\" frameborder=\"0\" allowfullscreen=\"allowfullscreen\"><\/iframe><\/p>\n<p><strong>2. Vetllar per uns esmorzars saludables.<\/strong><\/p>\n<p>Evitar embolcalls de paper d&#8217;alumini. Portar carmanyoles.<\/p>\n<p><img loading=\"lazy\" decoding=\"async\" class=\"alignleft wp-image-4371\" src=\"https:\/\/agora.xtec.cat\/escgaspardeportola\/wp-content\/uploads\/usu555\/2019\/10\/image1.jpeg\" alt=\"\" width=\"560\" height=\"420\" srcset=\"https:\/\/agora.xtec.cat\/escgaspardeportola\/wp-content\/uploads\/usu555\/2019\/10\/image1.jpeg 640w, https:\/\/agora.xtec.cat\/escgaspardeportola\/wp-content\/uploads\/usu555\/2019\/10\/image1-300x225.jpeg 300w, https:\/\/agora.xtec.cat\/escgaspardeportola\/wp-content\/uploads\/usu555\/2019\/10\/image1-200x150.jpeg 200w\" sizes=\"auto, (max-width: 560px) 100vw, 560px\" \/><\/p>\n<p>&nbsp;<\/p>\n<p>&nbsp;<\/p>\n<p>&nbsp;<\/p>\n<p>&nbsp;<\/p>\n<p>&nbsp;<\/p>\n<p>&nbsp;<\/p>\n<p>&nbsp;<\/p>\n<p>&nbsp;<\/p>\n<p>&nbsp;<\/p>\n<p>&nbsp;<\/p>\n<p>Evitar els sucs i pastisseria industrial. Portar entrepans, fruita&#8230;<\/p>\n<p>Control setmanal amb el llistat de classe per part d&#8217;un alumne de forma rotat\u00f2ria.<\/p>\n<p><strong>3. Vetllar per l&#8217;estalvi energ\u00e8tic. (Calefacci\u00f3, aigua i llum)<\/strong><\/p>\n<p>Revisar que hi hagi la correcta rotulaci\u00f3 als diferents espais del centre recordant les mesures que cal prendre a fi d&#8217;aconseguir estalvi energ\u00e8tic.<\/p>\n<p>Tancar els llums encesos quan no es necessari.<\/p>\n<p><img loading=\"lazy\" decoding=\"async\" class=\"alignleft wp-image-4383\" src=\"https:\/\/agora.xtec.cat\/escgaspardeportola\/wp-content\/uploads\/usu555\/2019\/10\/image2-1.jpeg\" alt=\"\" width=\"567\" height=\"425\" srcset=\"https:\/\/agora.xtec.cat\/escgaspardeportola\/wp-content\/uploads\/usu555\/2019\/10\/image2-1.jpeg 640w, https:\/\/agora.xtec.cat\/escgaspardeportola\/wp-content\/uploads\/usu555\/2019\/10\/image2-1-300x225.jpeg 300w, https:\/\/agora.xtec.cat\/escgaspardeportola\/wp-content\/uploads\/usu555\/2019\/10\/image2-1-200x150.jpeg 200w\" sizes=\"auto, (max-width: 567px) 100vw, 567px\" \/><\/p>\n<p>&nbsp;<\/p>\n<p>&nbsp;<\/p>\n<p>&nbsp;<\/p>\n<p>&nbsp;<\/p>\n<p>&nbsp;<\/p>\n<p>&nbsp;<\/p>\n<p>&nbsp;<\/p>\n<p>&nbsp;<\/p>\n<p>&nbsp;<\/p>\n<p>&nbsp;<\/p>\n<p>Controlar les aixetes obertes.<\/p>\n<p><img loading=\"lazy\" decoding=\"async\" class=\"alignleft wp-image-4382\" src=\"https:\/\/agora.xtec.cat\/escgaspardeportola\/wp-content\/uploads\/usu555\/2019\/10\/image1-1.jpeg\" alt=\"\" width=\"557\" height=\"418\" srcset=\"https:\/\/agora.xtec.cat\/escgaspardeportola\/wp-content\/uploads\/usu555\/2019\/10\/image1-1.jpeg 640w, https:\/\/agora.xtec.cat\/escgaspardeportola\/wp-content\/uploads\/usu555\/2019\/10\/image1-1-300x225.jpeg 300w, https:\/\/agora.xtec.cat\/escgaspardeportola\/wp-content\/uploads\/usu555\/2019\/10\/image1-1-200x150.jpeg 200w\" sizes=\"auto, (max-width: 557px) 100vw, 557px\" \/><\/p>\n<p>&nbsp;<\/p>\n<p>&nbsp;<\/p>\n<p>&nbsp;<\/p>\n<p>&nbsp;<\/p>\n<p>&nbsp;<\/p>\n<p>&nbsp;<\/p>\n<p>&nbsp;<\/p>\n<p>&nbsp;<\/p>\n<p>&nbsp;<\/p>\n<p>&nbsp;<\/p>\n<p>Tancar portes i finestres els dies que fa fred i funciona la calefacci\u00f3.<\/p>\n<p><iframe loading=\"lazy\" src=\"\/\/www.youtube.com\/embed\/1-g73ty9v04\" width=\"560\" height=\"315\" frameborder=\"0\" allowfullscreen=\"allowfullscreen\"><\/iframe><\/p>\n<p><strong>4. Vetllar per la import\u00e0ncia de l&#8217;hort escolar.<\/strong><\/p>\n<p>Que tothom estigui implicat d&#8217;una manera o altra amb l&#8217;hort escolar.<\/p>\n<p>Considerar l&#8217;hort com un espai d&#8217;experimentaci\u00f3 i coneixement natural.(preparar, plantar, sembrar, observar, regar, collir &#8230;)<\/p>\n<p><img loading=\"lazy\" decoding=\"async\" class=\"alignnone \" src=\"https:\/\/lh3.googleusercontent.com\/_OCc8Lx89vYwDXeYW10uVPogrVmMuWHzwkM_EFS9kvRo6A8JNJzB7DAhwNDkhVi0wGeI41haoGD7Q40VqVal1CRtGEv9dGuWxQEj9WfplvOxMlDg8RJRSpn4OnlhYzqZhdiEfjXbWBElPucX5Oa2-dCrNYzII3LCz8Re3uaq-WoIs4kgruDba8gwwchU_ELrOxByH_dOMvsuNihB8AbhjGcJni9p4Nt7lTrxHG_UzxiVR7JnzeSwDrjUKqWx0DRv-vI1PzCfyctCsVqJXjPhcMCW0EwwiQoyRPgwYbGe7dpoy1Y7KcqvsoWK0PmvxaSvIWieAA7WxFldH7iCXSIofXcC40s3suC9VKfQYARouOWr78j-fu33QhguQ6nQpJtDaDm4bauNOIXPCExz4UZ36sxnJjPO2YtuSJInal8VEaa43DX4OeIGJvL_OcT7RTjQsegkQ4z9O7NxZNnW07dI-L1X67nI_tSRftlci_ySZUq4-wH-4KtzsFBE_H0lONX-EYjMb8qpDX5mKT-mhl_VxE0FU6wtkm22y_7J2_58zTo9DLPMowcuu4o4txbywonQhZhyNW-AAxplXP-msTdYe9puEzsNoubAzXBz6qtMi_hQmRReZE1zHJHI7-V_InRVN-QWdOhoXO7UccP7G1VPNM67P1F-3It3aJDQIHCRS2cXtbNSN6jce97e_F6MaeEdNuRaGggfhJIYfbBfFjCfMA3aX-JcxPiCW6MHk7EMsmEa1iOM=w702-h936-no\" width=\"547\" height=\"729\" \/><\/p>\n<p>Vetllar per totes les flors i plantes de l&#8217;escola. Regar,\u00a0 treure fulles seques, cuidar-les&#8230;<\/p>\n<p><img loading=\"lazy\" decoding=\"async\" class=\"alignnone \" src=\"https:\/\/lh3.googleusercontent.com\/uAlkWQpzOEK2XTO5WMqsJOOVzFXahryrcA0eMolip_9OfYH1YsjCLzr5EmIs0lsDTrl8UxDfhA7eFd_DS9nl6hE5e8kVL_wGCrqR83Qa3KS4O-y8wHVlhdGwwOk7L1ukrdR-NQyHbxqQvpaGixIItDM9JuJDXcNG6J6c5FCPC178vRLuy3V2gaqNia4NBreLn4KsO2FGHr6jei4-YHWEWp9a69PZEUN8wUn-4It0R4M2fl7OFvdqFY4PCoV8HhPElgrOEML8TpjPwYfvZPWNKvpobhncSNvBX0QRkkkaBfJXjYZrhqFL5ggGNgf_EN4t108xu6ZPBRodeDNef-Jjg3KY2NCrmty51-YUoOjNrDTnkmZlBGJpKsKjbtBO47kWbvvRPd61sBZdpgjNIvuQb78W8vPqUMxri_nOx6W3PRX86VjYgDEkfPv8q6s9NuNIs0NQ_pU6kgB-CcvqE7Eg5_jmn0xjGwOyPbB9MMYImgmPvP7fjC-psCpw-DaI4XTnP9OslJ5_2uio1-8mEveCpcPrp6TG2GVWffuDFnbd-9jLRqdmLoaDue8OmacnJySoTWkDK6P7LL3zkGMOE_A4aL9jcK336KqEag1ob1T6EmntKYcvl-ugsDFJ5b5Mh0BNCpPDGcYcpveHtujl6MqjXgP9BXbohnk0=w800-h600-no\" width=\"550\" height=\"413\" \/><\/p>\n<p><strong>5. Millora del pati escolar 3a fase.<\/strong> Conscienciar als companys de classe pe a que s&#8217;impliquin en la participaci\u00f3 de la jornada anual que es fa sobre diferents actuacions del Projecte de millora del pati escolar.<\/p>\n<p><img loading=\"lazy\" decoding=\"async\" class=\"alignnone \" src=\"https:\/\/lh3.googleusercontent.com\/VHH56jNCrN4X_im1bPqiAYXTsWHBYbPQJVADdp_LLsXkdj_RkDDZfTWrw6hNBCipfMX5xftRFJP6nrBOXcB62sk8PhDX4GoB0htw8JxmQKh8tKqTSBBrO4PxNgZ35HVLbuWfkjZ7IbiHzBXNH6LOgdM10AIwWuWIEt5uVNbkzKM2Eh3VEcW07-jXQK9G_Y8DPmdE6LEbD4roNCa8yu9od5pEgjNLd6D3CAeK2fIfgaNnOvvQa7d5_IyJmYoxdRcQYTaYI57WpAfYNWzjdkFlxhDOBKHQIvo-trzV0QiSQyYtcLh1oVip4MF2lkJghKg3IXu8hW8GjzzQaw_75RdXHb4d1dHywqd-3d6hZjwi_fw_GXq2C1TW3RmmK1PBIfNoJVQcpbEKAw4KrQiUk3B9NYyLkHinmCf1LJorEDyurIdZgIzBoLyM-9Igd6pQxSojlydeNQIF7ReG_Ih9ZPTvwOk0d121mL-Q6kesSCGIZaxJa4OEyefa8U0dAZLFpbOCZl6lU2IOnL8fTg2iddR0Ur3k5J4dAkrrjAB81oto9IU2gWEjDS8pinJJ2vfVZBuPag4UX9g4H2Jivzx9yIpt_fx8t-a30sx_FWUN_eR10Rf2uhOXghg5cMB84WJmg_oLcahLa2oWYFYwvczm7vC9VRIXCLeHZZzOel25PhIzs2NQvBy2FrOYMpBn6FmwVXa8twj4L5SBYmiitGCMIeJm0NKuyjHpZP7Eo82Tr5OTCZQS1jcE=w1248-h936-no\" width=\"587\" height=\"441\" \/><\/p>\n<p><strong>6. Dinamitzar un espai de l&#8217;escola<\/strong> per a penjar-hi not\u00edcies, propostes i informacions relacionades amb l&#8217;escola verda.<\/p>\n<p><img loading=\"lazy\" decoding=\"async\" class=\"wp-image-4372 alignleft\" src=\"https:\/\/agora.xtec.cat\/escgaspardeportola\/wp-content\/uploads\/usu555\/2019\/10\/image2.jpeg\" alt=\"\" width=\"584\" height=\"439\" srcset=\"https:\/\/agora.xtec.cat\/escgaspardeportola\/wp-content\/uploads\/usu555\/2019\/10\/image2.jpeg 640w, https:\/\/agora.xtec.cat\/escgaspardeportola\/wp-content\/uploads\/usu555\/2019\/10\/image2-300x225.jpeg 300w, https:\/\/agora.xtec.cat\/escgaspardeportola\/wp-content\/uploads\/usu555\/2019\/10\/image2-200x150.jpeg 200w\" sizes=\"auto, (max-width: 584px) 100vw, 584px\" \/><\/p>\n","protected":false},"excerpt":{"rendered":"<p>Els delegats verds de l&#8217;escola Gaspar de Portol\u00e0 s\u00f3n els encarregats de vetllar de que les tasques d&#8217;escola verda es realitzin correctament. Fan de comunicadors a les seves aules sobre els acords presos en les reunions amb l&#8217;equip directiu i consensuades a la comissi\u00f3 d&#8217;escola verda. La duraci\u00f3 del c\u00e0rrec ser\u00e0 trimestral. TASQUES 1. Supervisar [&hellip;]<\/p>\n","protected":false},"author":1,"featured_media":0,"parent":569,"menu_order":0,"comment_status":"closed","ping_status":"closed","template":"","meta":{"_bbp_topic_count":0,"_bbp_reply_count":0,"_bbp_total_topic_count":0,"_bbp_total_reply_count":0,"_bbp_voice_count":0,"_bbp_anonymous_reply_count":0,"_bbp_topic_count_hidden":0,"_bbp_reply_count_hidden":0,"_bbp_forum_subforum_count":0,"site-sidebar-layout":"default","site-content-layout":"","ast-site-content-layout":"","site-content-style":"default","site-sidebar-style":"default","ast-global-header-display":"","ast-banner-title-visibility":"","ast-main-header-display":"","ast-hfb-above-header-display":"","ast-hfb-below-header-display":"","ast-hfb-mobile-header-display":"","site-post-title":"","ast-breadcrumbs-content":"","ast-featured-img":"","footer-sml-layout":"","theme-transparent-header-meta":"","adv-header-id-meta":"","stick-header-meta":"","header-above-stick-meta":"","header-main-stick-meta":"","header-below-stick-meta":"","astra-migrate-meta-layouts":"default","ast-page-background-enabled":"default","ast-page-background-meta":{"desktop":{"background-color":"var(--ast-global-color-4)","background-image":"","background-repeat":"repeat","background-position":"center center","background-size":"auto","background-attachment":"scroll","background-type":"","background-media":"","overlay-type":"","overlay-color":"","overlay-opacity":"","overlay-gradient":""},"tablet":{"background-color":"","background-image":"","background-repeat":"repeat","background-position":"center center","background-size":"auto","background-attachment":"scroll","background-type":"","background-media":"","overlay-type":"","overlay-color":"","overlay-opacity":"","overlay-gradient":""},"mobile":{"background-color":"","background-image":"","background-repeat":"repeat","background-position":"center center","background-size":"auto","background-attachment":"scroll","background-type":"","background-media":"","overlay-type":"","overlay-color":"","overlay-opacity":"","overlay-gradient":""}},"ast-content-background-meta":{"desktop":{"background-color":"var(--ast-global-color-5)","background-image":"","background-repeat":"repeat","background-position":"center center","background-size":"auto","background-attachment":"scroll","background-type":"","background-media":"","overlay-type":"","overlay-color":"","overlay-opacity":"","overlay-gradient":""},"tablet":{"background-color":"var(--ast-global-color-5)","background-image":"","background-repeat":"repeat","background-position":"center center","background-size":"auto","background-attachment":"scroll","background-type":"","background-media":"","overlay-type":"","overlay-color":"","overlay-opacity":"","overlay-gradient":""},"mobile":{"background-color":"var(--ast-global-color-5)","background-image":"","background-repeat":"repeat","background-position":"center center","background-size":"auto","background-attachment":"scroll","background-type":"","background-media":"","overlay-type":"","overlay-color":"","overlay-opacity":"","overlay-gradient":""}},"footnotes":""},"class_list":["post-4368","page","type-page","status-publish","hentry"],"post_mailing_queue_ids":[],"_links":{"self":[{"href":"https:\/\/agora.xtec.cat\/escgaspardeportola\/wp-json\/wp\/v2\/pages\/4368","targetHints":{"allow":["GET"]}}],"collection":[{"href":"https:\/\/agora.xtec.cat\/escgaspardeportola\/wp-json\/wp\/v2\/pages"}],"about":[{"href":"https:\/\/agora.xtec.cat\/escgaspardeportola\/wp-json\/wp\/v2\/types\/page"}],"author":[{"embeddable":true,"href":"https:\/\/agora.xtec.cat\/escgaspardeportola\/wp-json\/wp\/v2\/users\/1"}],"replies":[{"embeddable":true,"href":"https:\/\/agora.xtec.cat\/escgaspardeportola\/wp-json\/wp\/v2\/comments?post=4368"}],"version-history":[{"count":3,"href":"https:\/\/agora.xtec.cat\/escgaspardeportola\/wp-json\/wp\/v2\/pages\/4368\/revisions"}],"predecessor-version":[{"id":4388,"href":"https:\/\/agora.xtec.cat\/escgaspardeportola\/wp-json\/wp\/v2\/pages\/4368\/revisions\/4388"}],"up":[{"embeddable":true,"href":"https:\/\/agora.xtec.cat\/escgaspardeportola\/wp-json\/wp\/v2\/pages\/569"}],"wp:attachment":[{"href":"https:\/\/agora.xtec.cat\/escgaspardeportola\/wp-json\/wp\/v2\/media?parent=4368"}],"curies":[{"name":"wp","href":"https:\/\/api.w.org\/{rel}","templated":true}]}}