{"id":80,"date":"2014-09-18T14:09:48","date_gmt":"2014-09-18T13:09:48","guid":{"rendered":"http:\/\/agora.xtec.cat\/escfonollosa\/?page_id=80"},"modified":"2019-05-27T11:13:02","modified_gmt":"2019-05-27T09:13:02","slug":"transport-escolar","status":"publish","type":"page","link":"https:\/\/agora.xtec.cat\/escfonollosa\/serveis\/transport-escolar\/","title":{"rendered":"Transport Escolar"},"content":{"rendered":"<p style=\"text-align: justify;\">L&#8217;escola disposa de servei de transport gestionat pel Consell Comarcal per poder portar al centre tots els alumnes de les fam\u00edlies dels municipis de\u00a0 Fonollosa, Aguilar de Segarra, Rajadell que visquin lluny del nucli de Fonollosa.<\/p>\n<p style=\"text-align: justify;\">La seu del Consell Comarcal \u00e9s a la Muralla de Sant Dom\u00e8nec, 24 08241 de Manresa, el seu tel\u00e8fon \u00e9s el\u00a093 693 03 50 i el seu correu electr\u00f2nic el\u00a0consell@ccbages.cat<\/p>\n","protected":false},"excerpt":{"rendered":"<p>L&#8217;escola disposa de servei de transport gestionat pel Consell Comarcal per poder portar al centre tots els alumnes de les fam\u00edlies dels municipis de\u00a0 Fonollosa, Aguilar de Segarra, Rajadell que visquin lluny del nucli de Fonollosa.<br \/>\nLa seu del Consell Comarcal \u00e9s a la Muralla de&hellip;  <a href=\"https:\/\/agora.xtec.cat\/escfonollosa\/serveis\/transport-escolar\/\" title=\"Read Transport Escolar\">Llegeix m\u00e9s\u00bb<\/a><\/p>\n","protected":false},"author":1,"featured_media":0,"parent":66,"menu_order":40,"comment_status":"closed","ping_status":"closed","template":"page-templates\/side-menu.php","meta":{"_bbp_topic_count":0,"_bbp_reply_count":0,"_bbp_total_topic_count":0,"_bbp_total_reply_count":0,"_bbp_voice_count":0,"_bbp_anonymous_reply_count":0,"_bbp_topic_count_hidden":0,"_bbp_reply_count_hidden":0,"_bbp_forum_subforum_count":0,"footnotes":""},"class_list":["post-80","page","type-page","status-publish","hentry"],"post_mailing_queue_ids":[],"_links":{"self":[{"href":"https:\/\/agora.xtec.cat\/escfonollosa\/wp-json\/wp\/v2\/pages\/80","targetHints":{"allow":["GET"]}}],"collection":[{"href":"https:\/\/agora.xtec.cat\/escfonollosa\/wp-json\/wp\/v2\/pages"}],"about":[{"href":"https:\/\/agora.xtec.cat\/escfonollosa\/wp-json\/wp\/v2\/types\/page"}],"author":[{"embeddable":true,"href":"https:\/\/agora.xtec.cat\/escfonollosa\/wp-json\/wp\/v2\/users\/1"}],"replies":[{"embeddable":true,"href":"https:\/\/agora.xtec.cat\/escfonollosa\/wp-json\/wp\/v2\/comments?post=80"}],"version-history":[{"count":2,"href":"https:\/\/agora.xtec.cat\/escfonollosa\/wp-json\/wp\/v2\/pages\/80\/revisions"}],"predecessor-version":[{"id":830,"href":"https:\/\/agora.xtec.cat\/escfonollosa\/wp-json\/wp\/v2\/pages\/80\/revisions\/830"}],"up":[{"embeddable":true,"href":"https:\/\/agora.xtec.cat\/escfonollosa\/wp-json\/wp\/v2\/pages\/66"}],"wp:attachment":[{"href":"https:\/\/agora.xtec.cat\/escfonollosa\/wp-json\/wp\/v2\/media?parent=80"}],"curies":[{"name":"wp","href":"https:\/\/api.w.org\/{rel}","templated":true}]}}