{"id":466,"date":"2016-04-04T15:13:56","date_gmt":"2016-04-04T14:13:56","guid":{"rendered":"http:\/\/agora.xtec.cat\/escferreriguardiagranollers\/?page_id=466"},"modified":"2016-04-04T15:13:56","modified_gmt":"2016-04-04T14:13:56","slug":"serveis-escolars","status":"publish","type":"page","link":"https:\/\/agora.xtec.cat\/escferreriguardiagranollers\/serveis-escolars\/","title":{"rendered":"Serveis escolars"},"content":{"rendered":"<div class=\"entry-content\">\n<p><strong>ACOLLIDA MATINAL<\/strong><\/p>\n<p>Preus. 3\u20ac mitja hora, 6\u20ac una hora. Tot el mes 20 o 40\u20ac<\/p>\n<p><strong>EL SERVEI DE MENJADOR<\/strong><\/p>\n<p>Est\u00e0 gestionat per l\u2019empresa TRESMES ECOACTIVA.<\/p>\n<p>\u00c9s un servei complementari de l\u2019escola, per tant un servei educatiu on es pret\u00e9n que els nens i nenes aprenguin a menjar amb correcci\u00f3, mengin de manera saludable i que mengin de tot.<\/p>\n<p><strong>Com sol\u00b7licitar el servei:<\/strong><\/p>\n<p>Per gaudir del servei de manera habitual cal omplir un full de sol\u00b7licitud que facilita l\u2019empresa. Els usuaris inscrits podran quedar-se a dinar els dies que s\u2019han marcat a la pr\u00f2pia inscripci\u00f3.<\/p>\n<p>Per quedar-se a dinar un dia de forma espor\u00e0dica cal comprar un tiquet per endavant o el mateix dia a la Coordinadora.<\/p>\n<p><strong>Per qualsevol comunicaci\u00f3<\/strong>, dubte o canvi, cal notificar-ho a la Coordinadora de menjador al mat\u00ed de 8,30h a 9,30h o b\u00e9 en el <strong>tel\u00e8fon 607327525.<\/strong><\/p>\n<p>Per sol\u00b7licitar <strong>men\u00fas especials<\/strong> per problemes m\u00e8dics, cal omplir un full espec\u00edfic i presentar un certificat del metge corresponent.<\/p>\n<p>Si puntualment un nen o nena necessita dieta, es comunica al mat\u00ed a la coordinadora abans de les 9,30h.<\/p>\n<p><strong>Preus<\/strong>: alumnes fixos: quatre o cinc \u00a0dies a la setmana 6,60\u20ac diaris, tres dies a la setmana 6,70\u20ac i dos dies a la setmana 6,80\u20ac<\/p>\n<p>El preu inclou el menjar, el treball de la cuinera, de les monitores i la neteja.<\/p>\n<p>En cas de malaltia o abs\u00e8ncia, cal avisar abans de les 9:30 h. En aquest cas es descomptar\u00e0 el preu del menjar (3,20 \u20ac) i es seguir\u00e0 pagant el monitoratge.<\/p>\n<\/div>\n","protected":false},"excerpt":{"rendered":"<p>ACOLLIDA MATINAL<br \/>\nPreus. 3\u20ac mitja hora, 6\u20ac una hora. Tot el mes 20 o 40\u20ac<br \/>\nEL SERVEI DE MENJADOR<br \/>\nEst\u00e0 gestionat per l\u2019empresa TRESMES ECOACTIVA.<br \/>\n\u00c9s un servei complementari de l\u2019escola, per tant un servei educatiu on es pret\u00e9n que els nens i nenes aprenguin a menjar amb correcci\u00f3,&hellip;  <a href=\"https:\/\/agora.xtec.cat\/escferreriguardiagranollers\/serveis-escolars\/\" title=\"Read Serveis escolars\">Llegeix m\u00e9s\u00bb<\/a><\/p>\n","protected":false},"author":1,"featured_media":0,"parent":0,"menu_order":0,"comment_status":"closed","ping_status":"closed","template":"","meta":{"_bbp_topic_count":0,"_bbp_reply_count":0,"_bbp_total_topic_count":0,"_bbp_total_reply_count":0,"_bbp_voice_count":0,"_bbp_anonymous_reply_count":0,"_bbp_topic_count_hidden":0,"_bbp_reply_count_hidden":0,"_bbp_forum_subforum_count":0,"footnotes":""},"class_list":["post-466","page","type-page","status-publish","hentry"],"post_mailing_queue_ids":[],"_links":{"self":[{"href":"https:\/\/agora.xtec.cat\/escferreriguardiagranollers\/wp-json\/wp\/v2\/pages\/466","targetHints":{"allow":["GET"]}}],"collection":[{"href":"https:\/\/agora.xtec.cat\/escferreriguardiagranollers\/wp-json\/wp\/v2\/pages"}],"about":[{"href":"https:\/\/agora.xtec.cat\/escferreriguardiagranollers\/wp-json\/wp\/v2\/types\/page"}],"author":[{"embeddable":true,"href":"https:\/\/agora.xtec.cat\/escferreriguardiagranollers\/wp-json\/wp\/v2\/users\/1"}],"replies":[{"embeddable":true,"href":"https:\/\/agora.xtec.cat\/escferreriguardiagranollers\/wp-json\/wp\/v2\/comments?post=466"}],"version-history":[{"count":1,"href":"https:\/\/agora.xtec.cat\/escferreriguardiagranollers\/wp-json\/wp\/v2\/pages\/466\/revisions"}],"predecessor-version":[{"id":467,"href":"https:\/\/agora.xtec.cat\/escferreriguardiagranollers\/wp-json\/wp\/v2\/pages\/466\/revisions\/467"}],"wp:attachment":[{"href":"https:\/\/agora.xtec.cat\/escferreriguardiagranollers\/wp-json\/wp\/v2\/media?parent=466"}],"curies":[{"name":"wp","href":"https:\/\/api.w.org\/{rel}","templated":true}]}}