{"id":38,"date":"2014-09-18T12:34:08","date_gmt":"2014-09-18T11:34:08","guid":{"rendered":"http:\/\/agora.xtec.cat\/escdelavila\/?page_id=38"},"modified":"2023-02-22T19:09:22","modified_gmt":"2023-02-22T18:09:22","slug":"pla-de-comunicacio-de-centre","status":"publish","type":"page","link":"https:\/\/agora.xtec.cat\/escdelavila\/lescola\/pla-de-comunicacio-de-centre\/","title":{"rendered":"PLA DE COMUNICACI\u00d3 DE CENTRE"},"content":{"rendered":"<p id=\"h.p_gWLAvV9e0hVz\" class=\"CDt4Ke zfr3Q\">Els plans de comunicaci\u00f3 dels centres educatius s\u00f3n imprescindibles, tant per donar a con\u00e8ixer les seves caracter\u00edstiques, singularitats i activitats que s\u2019hi duen a terme, com per establir una comunicaci\u00f3 bidireccional amb l\u2019entorn.<\/p>\n<p id=\"h.p_Qs4u9Vkq4rqp\" class=\"CDt4Ke zfr3Q\">L\u2019objectiu del Pla de Comunicaci\u00f3 \u00e9s organitzar les comunicacions entre els membres de la comunitat escolar, ha de marcar els canals i accions a desenvolupar per generar una comunicaci\u00f3 eficient.<\/p>\n<p>Podem establir tres categories de receptors de les accions de comunicaci\u00f3 i difusi\u00f3:<\/p>\n<p><a href=\"https:\/\/agora.xtec.cat\/escdelavila\/wp-content\/uploads\/usu2350\/2023\/02\/PLA-DE-COMUNICACIO.png\"><img loading=\"lazy\" decoding=\"async\" class=\"wp-image-723 size-medium aligncenter\" src=\"https:\/\/agora.xtec.cat\/escdelavila\/wp-content\/uploads\/usu2350\/2023\/02\/PLA-DE-COMUNICACIO-300x300.png\" alt=\"\" width=\"300\" height=\"300\" srcset=\"https:\/\/agora.xtec.cat\/escdelavila\/wp-content\/uploads\/usu2350\/2023\/02\/PLA-DE-COMUNICACIO-300x300.png 300w, https:\/\/agora.xtec.cat\/escdelavila\/wp-content\/uploads\/usu2350\/2023\/02\/PLA-DE-COMUNICACIO-150x150.png 150w, https:\/\/agora.xtec.cat\/escdelavila\/wp-content\/uploads\/usu2350\/2023\/02\/PLA-DE-COMUNICACIO.png 711w\" sizes=\"auto, (max-width: 300px) 100vw, 300px\" \/><\/a><\/p>\n<p>&nbsp;<\/p>\n<p style=\"text-align: center;\"><strong>EMISSOR \/ RECEPTOR<\/strong><\/p>\n<table style=\"border-collapse: collapse; width: 100%;\">\n<tbody>\n<tr>\n<td style=\"width: 33.3333%; text-align: center;\"><strong>COMUNITAT EDUCATIVA<\/strong><\/td>\n<td style=\"width: 33.3333%; text-align: center;\"><strong>ENTORN LOCAL<\/strong><\/td>\n<td style=\"width: 33.3333%; text-align: center;\"><strong>SISTEMA EDUCATIU<\/strong><\/td>\n<\/tr>\n<tr>\n<td style=\"width: 33.3333%; text-align: left;\">\n<ul class=\"n8H08c UVNKR\">\n<li id=\"h.p_Xhqq1IC33Jc1\" class=\"TYR86d Sn3DJc zfr3Q\">Equip directiu i professorat<\/li>\n<li id=\"h.p_GGqy3qMg3KXp\" class=\"TYR86d Sn3DJc zfr3Q\">Professorat i alumnat<\/li>\n<li id=\"h.p_sS18siOJ3KXq\" class=\"TYR86d Sn3DJc zfr3Q\">Alumnat i alumnat<\/li>\n<li id=\"h.p_XeS1tab73KXq\" class=\"TYR86d Sn3DJc zfr3Q\">Centre i fam\u00edlies<\/li>\n<\/ul>\n<\/td>\n<td style=\"width: 33.3333%; text-align: left;\">\n<ul class=\"n8H08c UVNKR\">\n<li id=\"h.p_Gf62V3693XV6\" class=\"TYR86d Sn3DJc zfr3Q\">Comunitat educativa i entorn<\/li>\n<li id=\"h.p_OQGzTNWe3XiJ\" class=\"TYR86d Sn3DJc zfr3Q\">Comunitat educativa i xarxa de centres.<\/li>\n<li id=\"h.p_6T-W0aWc3XiJ\" class=\"TYR86d Sn3DJc zfr3Q\">Comunitat educativa i grups de treball.<\/li>\n<li id=\"h.p_4MMnHG2m3XiK\" class=\"TYR86d Sn3DJc zfr3Q\">Comunitat educativa i altres centres de la Comunitat educativa.<\/li>\n<\/ul>\n<\/td>\n<td style=\"width: 33.3333%; text-align: left;\">\n<ul class=\"n8H08c UVNKR\">\n<li id=\"h.p_MEwZ6d_H3l28\" class=\"TYR86d Sn3DJc zfr3Q\">Jornades d\u2019intercanvi d\u2019experi\u00e8ncies<\/li>\n<li id=\"h.p_HGA4vW-z3mEC\" class=\"TYR86d Sn3DJc zfr3Q\">Congressos<\/li>\n<li id=\"h.p_MctOZSkX3mEJ\" class=\"TYR86d Sn3DJc zfr3Q\">Seminaris de recerca i educaci\u00f3<\/li>\n<li id=\"h.p_r1RP8XMy3mEJ\" class=\"TYR86d Sn3DJc zfr3Q\">Publicaci\u00f3 d\u2019articles<\/li>\n<\/ul>\n<\/td>\n<\/tr>\n<\/tbody>\n<\/table>\n<p style=\"text-align: center;\"><strong>AMB LA COMUNITAT EDUCATIVA<\/strong><\/p>\n<table style=\"border-collapse: collapse; width: 100%;\">\n<tbody>\n<tr>\n<td style=\"width: 33.3333%; text-align: center;\"><strong>EQUIP DIRECTIU I PROFESSORAT<\/strong><\/td>\n<td style=\"width: 33.3333%; text-align: center;\"><strong>PROFESSORAT I ALUMNAT<\/strong><\/td>\n<td style=\"width: 33.3333%; text-align: center;\"><strong>CENTRE I FAM\u00cdLIES<\/strong><\/td>\n<\/tr>\n<tr>\n<td style=\"width: 33.3333%;\">\n<ul class=\"n8H08c UVNKR\">\n<li id=\"h.p_Kmi9F_1A7Fjd\" class=\"TYR86d Sn3DJc zfr3Q\">Entrevista personal.<\/li>\n<li id=\"h.p_jk_nsy1s7WLO\" class=\"TYR86d Sn3DJc zfr3Q\">Intranet.<\/li>\n<li id=\"h.p_fUcNri9W7Hhr\" class=\"TYR86d Sn3DJc zfr3Q\">Correu i drive de centre<\/li>\n<li id=\"h.p_b3288kHM7ZDm\" class=\"TYR86d Sn3DJc zfr3Q\">Reuni\u00f3 de nivell, cicle, claustre, comissi\u00f3.<\/li>\n<\/ul>\n<\/td>\n<td style=\"width: 33.3333%;\">\n<ul class=\"n8H08c UVNKR\">\n<li id=\"h.p_IgvA3RvY7PBd\" class=\"TYR86d Sn3DJc zfr3Q\">Tutoria individual o grup.<\/li>\n<li id=\"h.p_-W7K-BoG7dpg\" class=\"TYR86d Sn3DJc zfr3Q\">Entorn Virtual d&#8217;Aprenentatge (EVA)<\/li>\n<li id=\"h.p_HzajvmkX78KR\" class=\"TYR86d Sn3DJc zfr3Q\">Web de l&#8217;escola.\n<ul class=\"n8H08c UVNKR\">\n<li id=\"h.p_WL42hIgM8Byz\" class=\"TYR86d Sn3DJc zfr3Q\">Espai del nivell.<\/li>\n<\/ul>\n<\/li>\n<li id=\"h.p_XwlGaEwh9GYp\" class=\"TYR86d Sn3DJc zfr3Q\">Canals youtube.<\/li>\n<\/ul>\n<\/td>\n<td style=\"width: 33.3333%;\">\n<ul class=\"n8H08c UVNKR\">\n<li id=\"h.p_axyd56Oc7inM\" class=\"TYR86d Sn3DJc zfr3Q\">Entrevistes a l&#8217;escola.<\/li>\n<li id=\"h.p_6k_ADdzf8yhO\" class=\"TYR86d Sn3DJc zfr3Q\">Plafons informatius exteriors.<\/li>\n<li id=\"h.p_HawaLXje7ml2\" class=\"TYR86d Sn3DJc zfr3Q\">Agenda de l&#8217;alumne.<\/li>\n<li id=\"h.p_GSbMUOWn7oRF\" class=\"TYR86d Sn3DJc zfr3Q\">Plataforma de comunicaci\u00f3<\/li>\n<li id=\"h.p_EyRrX6JZ7qVn\" class=\"TYR86d Sn3DJc zfr3Q\">Correu de centre<\/li>\n<li id=\"h.p_31MdPoF-8GE3\" class=\"TYR86d Sn3DJc zfr3Q\">Web de l&#8217;escola.<\/li>\n<li id=\"h.p_52wuob6Y8wCU\" class=\"TYR86d Sn3DJc zfr3Q\">Xarxes socials.<\/li>\n<li id=\"h.p_gBOC93ek8_Fl\" class=\"TYR86d Sn3DJc zfr3Q\">Canals youtube.<\/li>\n<\/ul>\n<\/td>\n<\/tr>\n<\/tbody>\n<\/table>\n<p style=\"text-align: center;\"><strong>AMB L&#8217;ENTORN LOCAL I EL SISTEMA EDUCATIU<\/strong><\/p>\n<table style=\"border-collapse: collapse; width: 100%;\">\n<tbody>\n<tr>\n<td style=\"width: 100%;\">\n<ul class=\"n8H08c UVNKR\">\n<li id=\"h.p_hCn23T2G8slH\" class=\"TYR86d Sn3DJc zfr3Q\">Obrir les portes de l&#8217;escola a la comunitat. Per a mostrar, per\u00f2 tamb\u00e9 per a educar.<\/li>\n<li id=\"h.p_RIIbPKCO9lQc\" class=\"TYR86d Sn3DJc zfr3Q\">Participar activament de les xarxes educatives locals.<\/li>\n<li id=\"h.p_bZdTWOjH9whJ\" class=\"TYR86d Sn3DJc zfr3Q\">Jornades, congressos, seminaris&#8230; participar coma assistents, per\u00f2 tamb\u00e9 com a ponents.<\/li>\n<li id=\"h.p_UJ7g7Lyt95j1\" class=\"TYR86d Sn3DJc zfr3Q\">Publicar not\u00edcies (bones pr\u00e0ctiques, activitats especials&#8230;) als mitjans de comunicaci\u00f3 locals o nacionals. (Tv, r\u00e0dio, premsa&#8230;)<\/li>\n<li id=\"h.p_t_9Nsx4y-Kgw\" class=\"TYR86d Sn3DJc zfr3Q\">Publicar experi\u00e8ncies a revistes d&#8217;\u00e0mbit educatiu.<\/li>\n<\/ul>\n<\/td>\n<\/tr>\n<\/tbody>\n<\/table>\n<p>&nbsp;<\/p>\n<p>&nbsp;<\/p>\n<p>&nbsp;<\/p>\n<p>&nbsp;<\/p>\n","protected":false},"excerpt":{"rendered":"<p>Els plans de comunicaci\u00f3 dels centres educatius s\u00f3n imprescindibles, tant per donar a con\u00e8ixer les seves caracter\u00edstiques, singularitats i activitats que s\u2019hi duen a terme, com per establir una comunicaci\u00f3 bidireccional amb l\u2019entorn.<br \/>\nL\u2019objectiu del Pla de Comunicaci\u00f3 \u00e9s organitzar les comunicacions entre els membres de&hellip;  <a href=\"https:\/\/agora.xtec.cat\/escdelavila\/lescola\/pla-de-comunicacio-de-centre\/\" title=\"Read PLA DE COMUNICACI\u00d3 DE CENTRE\">Llegeix m\u00e9s\u00bb<\/a><\/p>\n","protected":false},"author":1,"featured_media":0,"parent":22,"menu_order":60,"comment_status":"closed","ping_status":"closed","template":"page-templates\/side-menu.php","meta":{"_bbp_topic_count":0,"_bbp_reply_count":0,"_bbp_total_topic_count":0,"_bbp_total_reply_count":0,"_bbp_voice_count":0,"_bbp_anonymous_reply_count":0,"_bbp_topic_count_hidden":0,"_bbp_reply_count_hidden":0,"_bbp_forum_subforum_count":0,"footnotes":""},"class_list":["post-38","page","type-page","status-publish","hentry"],"post_mailing_queue_ids":[],"_links":{"self":[{"href":"https:\/\/agora.xtec.cat\/escdelavila\/wp-json\/wp\/v2\/pages\/38","targetHints":{"allow":["GET"]}}],"collection":[{"href":"https:\/\/agora.xtec.cat\/escdelavila\/wp-json\/wp\/v2\/pages"}],"about":[{"href":"https:\/\/agora.xtec.cat\/escdelavila\/wp-json\/wp\/v2\/types\/page"}],"author":[{"embeddable":true,"href":"https:\/\/agora.xtec.cat\/escdelavila\/wp-json\/wp\/v2\/users\/1"}],"replies":[{"embeddable":true,"href":"https:\/\/agora.xtec.cat\/escdelavila\/wp-json\/wp\/v2\/comments?post=38"}],"version-history":[{"count":3,"href":"https:\/\/agora.xtec.cat\/escdelavila\/wp-json\/wp\/v2\/pages\/38\/revisions"}],"predecessor-version":[{"id":725,"href":"https:\/\/agora.xtec.cat\/escdelavila\/wp-json\/wp\/v2\/pages\/38\/revisions\/725"}],"up":[{"embeddable":true,"href":"https:\/\/agora.xtec.cat\/escdelavila\/wp-json\/wp\/v2\/pages\/22"}],"wp:attachment":[{"href":"https:\/\/agora.xtec.cat\/escdelavila\/wp-json\/wp\/v2\/media?parent=38"}],"curies":[{"name":"wp","href":"https:\/\/api.w.org\/{rel}","templated":true}]}}