{"id":28,"date":"2014-09-18T12:29:35","date_gmt":"2014-09-18T11:29:35","guid":{"rendered":"http:\/\/agora.xtec.cat\/escdelavila\/?page_id=28"},"modified":"2025-07-17T12:31:26","modified_gmt":"2025-07-17T10:31:26","slug":"consell-escolar","status":"publish","type":"page","link":"https:\/\/agora.xtec.cat\/escdelavila\/lescola\/consell-escolar\/","title":{"rendered":"CONSELL ESCOLAR"},"content":{"rendered":"<p>El consell escolar del centre \u00e9s l&#8217;<strong>\u00f2rgan col\u00b7legiat de participaci\u00f3<\/strong>\u00a0de la comunitat escolar en el govern del centre. En el consell escolar hi ha representats tots els col\u00b7lectius que intervenen en la comunitat educativa: director o directora, professorat, alumnes, personal d&#8217;administraci\u00f3 i serveis, etc.<\/p>\n<p><a href=\"https:\/\/agora.xtec.cat\/escdelavila\/wp-content\/uploads\/usu2350\/2023\/02\/CONSELL-ESCOLAR-ESCOLA-DE-LA-VILA-1.jpg\"><img loading=\"lazy\" decoding=\"async\" class=\"aligncenter wp-image-769\" src=\"https:\/\/agora.xtec.cat\/escdelavila\/wp-content\/uploads\/usu2350\/2023\/02\/CONSELL-ESCOLAR-ESCOLA-DE-LA-VILA-1-1024x576.jpg\" alt=\"\" width=\"600\" height=\"338\" srcset=\"https:\/\/agora.xtec.cat\/escdelavila\/wp-content\/uploads\/usu2350\/2023\/02\/CONSELL-ESCOLAR-ESCOLA-DE-LA-VILA-1-1024x576.jpg 1024w, https:\/\/agora.xtec.cat\/escdelavila\/wp-content\/uploads\/usu2350\/2023\/02\/CONSELL-ESCOLAR-ESCOLA-DE-LA-VILA-1-300x169.jpg 300w, https:\/\/agora.xtec.cat\/escdelavila\/wp-content\/uploads\/usu2350\/2023\/02\/CONSELL-ESCOLAR-ESCOLA-DE-LA-VILA-1-768x432.jpg 768w, https:\/\/agora.xtec.cat\/escdelavila\/wp-content\/uploads\/usu2350\/2023\/02\/CONSELL-ESCOLAR-ESCOLA-DE-LA-VILA-1-1536x864.jpg 1536w, https:\/\/agora.xtec.cat\/escdelavila\/wp-content\/uploads\/usu2350\/2023\/02\/CONSELL-ESCOLAR-ESCOLA-DE-LA-VILA-1.jpg 1920w\" sizes=\"auto, (max-width: 600px) 100vw, 600px\" \/><\/a><\/p>\n<p>En els centres p\u00fablics, la funci\u00f3 principal del consell escolar \u00e9s participar en la presa de decisions en relaci\u00f3 amb aquells temes importants per al funcionament i l&#8217;organitzaci\u00f3 del centre: el projecte educatiu, la programaci\u00f3 general, la gesti\u00f3 econ\u00f2mica, etc. En el cas dels centres privats concertats, el consell escolar debat, avalua, analitza i pren decisions sobre els temes proposats pel titular del centre.<\/p>\n<p>Els membres del consell escolar s\u00f3n elegits per un per\u00edode de quatre anys i es renoven per meitats cada dos anys.<\/p>\n<table style=\"border-collapse: collapse; width: 100%; height: 131px;\">\n<tbody>\n<tr style=\"height: 23px;\">\n<td style=\"width: 100%; text-align: center; height: 23px;\" colspan=\"2\"><strong>ACTES DEL CONSELL ESCOLAR (ACORDS)<\/strong><\/td>\n<\/tr>\n<tr style=\"height: 54px;\">\n<td style=\"width: 16.4865%; text-align: center; height: 54px;\"><a href=\"https:\/\/drive.google.com\/file\/d\/1XgckEGzhG1R21toz-aAvkRI_qispWPSd\/view?usp=sharing\"><img loading=\"lazy\" decoding=\"async\" class=\"alignnone wp-image-720\" src=\"https:\/\/agora.xtec.cat\/escdelavila\/wp-content\/uploads\/usu2350\/2023\/02\/LOGO-PDF-150x150.png\" alt=\"\" width=\"50\" height=\"58\" \/><\/a><\/td>\n<td style=\"width: 83.5135%; height: 54px;\">Constituci\u00f3 del Consell Escolar (15 de novembre de 2022)<\/td>\n<\/tr>\n<tr style=\"height: 54px;\">\n<td style=\"width: 16.4865%; text-align: center; height: 54px;\"><a href=\"https:\/\/drive.google.com\/file\/d\/1fTdgEuYGmO3T8quyvkSXxhf6ihswQEVP\/view?usp=sharing\"><img loading=\"lazy\" decoding=\"async\" class=\"alignnone wp-image-720\" src=\"https:\/\/agora.xtec.cat\/escdelavila\/wp-content\/uploads\/usu2350\/2023\/02\/LOGO-PDF-150x150.png\" alt=\"\" width=\"50\" height=\"58\" \/><\/a><\/td>\n<td style=\"width: 83.5135%; height: 54px;\">Pressupostos (15 de novembre de 2022)<\/td>\n<\/tr>\n<\/tbody>\n<\/table>\n\n\n<figure class=\"wp-block-table\"><table class=\"has-fixed-layout\"><tbody><tr><td class=\"has-text-align-center\" data-align=\"center\"><strong>CURS 24 &#8211; 25<\/strong><\/td><\/tr><\/tbody><\/table><\/figure>\n\n\n\n<figure class=\"wp-block-table\"><table class=\"has-fixed-layout\"><tbody><tr><td class=\"has-text-align-center\" data-align=\"center\"><strong>ACTA DEL CONSELL ESCOLAR 1 (23-09-24)<\/strong><\/td><td class=\"has-text-align-center\" data-align=\"center\"><a href=\"https:\/\/drive.google.com\/file\/d\/1b2SwfO00RRmMYwFRUpIj86qEU9e-8cZs\/view?usp=drive_link\"><img loading=\"lazy\" decoding=\"async\" width=\"50\" height=\"58\" src=\"https:\/\/agora.xtec.cat\/escdelavila\/wp-content\/uploads\/usu2350\/2023\/02\/LOGO-PDF-150x150.png\" alt=\"\"><\/a><\/td><\/tr><tr><td class=\"has-text-align-center\" data-align=\"center\"><strong>ACTA DEL CONSELL ESCOLAR 2 (29-10-24)<\/strong><\/td><td class=\"has-text-align-center\" data-align=\"center\"><a href=\"https:\/\/drive.google.com\/file\/d\/1okXcQmG_67fXSz-Xvcw4gP_1MAIqrNZw\/view?usp=drive_link\"><img loading=\"lazy\" decoding=\"async\" width=\"50\" height=\"58\" src=\"https:\/\/agora.xtec.cat\/escdelavila\/wp-content\/uploads\/usu2350\/2023\/02\/LOGO-PDF-150x150.png\" alt=\"\"><\/a><\/td><\/tr><tr><td class=\"has-text-align-center\" data-align=\"center\"><strong>ACTA CONSELL &#8211; COMISSI\u00d3 PERMANENT 1<br>(26-11-24)<\/strong><\/td><td class=\"has-text-align-center\" data-align=\"center\"><a href=\"https:\/\/drive.google.com\/file\/d\/1LOEhvmRyLYr2JIFAcypzka_xKDgvqPiA\/view?usp=drive_link\"><img loading=\"lazy\" decoding=\"async\" width=\"50\" height=\"58\" src=\"https:\/\/agora.xtec.cat\/escdelavila\/wp-content\/uploads\/usu2350\/2023\/02\/LOGO-PDF-150x150.png\" alt=\"\"><\/a><\/td><\/tr><tr><td class=\"has-text-align-center\" data-align=\"center\"><strong>ACTA DEL CONSELL ESCOLAR 3 (29-01-25)<\/strong><\/td><td class=\"has-text-align-center\" data-align=\"center\"><a href=\"https:\/\/drive.google.com\/file\/d\/1FAkh2qJaScw3uAVN_b06kdeig6K1rhoC\/view?usp=drive_link\"><img loading=\"lazy\" decoding=\"async\" width=\"50\" height=\"58\" src=\"https:\/\/agora.xtec.cat\/escdelavila\/wp-content\/uploads\/usu2350\/2023\/02\/LOGO-PDF-150x150.png\" alt=\"\"><\/a><\/td><\/tr><tr><td class=\"has-text-align-center\" data-align=\"center\"><strong>ACTA CONSELL &#8211; COMISSI\u00d3 PERMANENT 2<br>(04-03-25)<\/strong><\/td><td class=\"has-text-align-center\" data-align=\"center\"><a href=\"https:\/\/drive.google.com\/file\/d\/1D9RzlAHNZxXEWAxxuy-u2GAcy02Y2aC_\/view?usp=drive_link\"><img loading=\"lazy\" decoding=\"async\" width=\"50\" height=\"58\" src=\"https:\/\/agora.xtec.cat\/escdelavila\/wp-content\/uploads\/usu2350\/2023\/02\/LOGO-PDF-150x150.png\" alt=\"\"><\/a><\/td><\/tr><tr><td class=\"has-text-align-center\" data-align=\"center\"><strong>ACTA DEL CONSELL ESCOLAR 4 (19-03-25)<\/strong><\/td><td class=\"has-text-align-center\" data-align=\"center\"><a href=\"https:\/\/drive.google.com\/file\/d\/1A64d2Q88ekV2581sXv8PXTT9DAdTjUnB\/view?usp=drive_link\"><img loading=\"lazy\" decoding=\"async\" width=\"50\" height=\"58\" src=\"https:\/\/agora.xtec.cat\/escdelavila\/wp-content\/uploads\/usu2350\/2023\/02\/LOGO-PDF-150x150.png\" alt=\"\"><\/a><\/td><\/tr><tr><td class=\"has-text-align-center\" data-align=\"center\"><strong>ACTA CONSELL &#8211; COMISSI\u00d3 PERMANENT 3<br>(13-05-25)<\/strong><\/td><td class=\"has-text-align-center\" data-align=\"center\"><a href=\"https:\/\/drive.google.com\/file\/d\/11dCg7z0ihouR35QnThzaAapSmRV4DlMs\/view?usp=drive_link\"><img loading=\"lazy\" decoding=\"async\" width=\"50\" height=\"58\" src=\"https:\/\/agora.xtec.cat\/escdelavila\/wp-content\/uploads\/usu2350\/2023\/02\/LOGO-PDF-150x150.png\" alt=\"\"><\/a><\/td><\/tr><tr><td class=\"has-text-align-center\" data-align=\"center\"><strong>ACTA DEL CONSELL ESCOLAR 5 (05-06-25)<\/strong><\/td><td class=\"has-text-align-center\" data-align=\"center\"><a href=\"https:\/\/drive.google.com\/file\/d\/1u3JVBelyRpliUq4d8OVpJCMX5RwHzbYJ\/view?usp=sharing\"><img loading=\"lazy\" decoding=\"async\" width=\"50\" height=\"58\" src=\"https:\/\/agora.xtec.cat\/escdelavila\/wp-content\/uploads\/usu2350\/2023\/02\/LOGO-PDF-150x150.png\" alt=\"\"><\/a><\/td><\/tr><tr><td class=\"has-text-align-center\" data-align=\"center\"><strong>PRESSUPOST ANUAL<\/strong> <strong>2025<\/strong><\/td><td class=\"has-text-align-center\" data-align=\"center\"><a href=\"https:\/\/drive.google.com\/file\/d\/1S4nr5efBgOxJg2Db9rysbXaGNEirKc3P\/view?usp=sharing\"><img loading=\"lazy\" decoding=\"async\" width=\"50\" height=\"58\" src=\"https:\/\/agora.xtec.cat\/escdelavila\/wp-content\/uploads\/usu2350\/2023\/02\/LOGO-PDF-150x150.png\" alt=\"\"><\/a><\/td><\/tr><\/tbody><\/table><\/figure>\n\n\n\n<figure class=\"wp-block-table\"><table class=\"has-fixed-layout\"><tbody><tr><td class=\"has-text-align-center\" data-align=\"center\"><strong>CURS 23 &#8211; 2<\/strong>4<\/td><\/tr><\/tbody><\/table><\/figure>\n\n\n\n<figure class=\"wp-block-table\"><table class=\"has-fixed-layout\"><tbody><tr><td class=\"has-text-align-center\" data-align=\"center\"><strong>ACTA DEL CONSELL ESCOLAR 2 (25-10-23)<\/strong><\/td><td class=\"has-text-align-center\" data-align=\"center\"><a href=\"https:\/\/drive.google.com\/file\/d\/1JiUG_LzUZRC7waZmAkhzjet-tUlt0kdI\/view?usp=sharing\"><img loading=\"lazy\" decoding=\"async\" width=\"50\" height=\"58\" src=\"https:\/\/agora.xtec.cat\/escdelavila\/wp-content\/uploads\/usu2350\/2023\/02\/LOGO-PDF-150x150.png\" alt=\"\"><\/a><\/td><\/tr><tr><td class=\"has-text-align-center\" data-align=\"center\"><strong>ACTA DEL CONSELL ESCOLAR 3 (11-12-23)<\/strong><\/td><td class=\"has-text-align-center\" data-align=\"center\"><a href=\"https:\/\/drive.google.com\/file\/d\/1Ub-9ed9BNAGJSUsnSMJfrnMMpQoxt8Cv\/view?usp=sharing\"><img loading=\"lazy\" decoding=\"async\" width=\"50\" height=\"58\" src=\"https:\/\/agora.xtec.cat\/escdelavila\/wp-content\/uploads\/usu2350\/2023\/02\/LOGO-PDF-150x150.png\" alt=\"\"><\/a><\/td><\/tr><tr><td class=\"has-text-align-center\" data-align=\"center\"><strong>ACTA CONSELL &#8211; COMISSI\u00d3 PERMANENT 1<br>(19-12-23)<\/strong><\/td><td class=\"has-text-align-center\" data-align=\"center\"><a href=\"https:\/\/drive.google.com\/file\/d\/1RusTTU0yiU4gkh_mZHgFjhMpunGHjhX_\/view?usp=sharing\"><img loading=\"lazy\" decoding=\"async\" width=\"50\" height=\"58\" src=\"https:\/\/agora.xtec.cat\/escdelavila\/wp-content\/uploads\/usu2350\/2023\/02\/LOGO-PDF-150x150.png\" alt=\"\"><\/a><\/td><\/tr><tr><td class=\"has-text-align-center\" data-align=\"center\"><strong>ACTA DEL CONSELL ESCOLAR 4 (15-01-24)<\/strong><\/td><td class=\"has-text-align-center\" data-align=\"center\"><a href=\"https:\/\/drive.google.com\/file\/d\/1jGbe1668Pu32W20XSldh4_35XNHqregp\/view?usp=sharing\"><img loading=\"lazy\" decoding=\"async\" width=\"50\" height=\"58\" src=\"https:\/\/agora.xtec.cat\/escdelavila\/wp-content\/uploads\/usu2350\/2023\/02\/LOGO-PDF-150x150.png\" alt=\"\"><\/a><\/td><\/tr><tr><td class=\"has-text-align-center\" data-align=\"center\"><strong>ACTA DEL CONSELL ESCOLAR 5 (05-02-24)<\/strong><\/td><td class=\"has-text-align-center\" data-align=\"center\"><a href=\"https:\/\/drive.google.com\/file\/d\/1LWcrPBAbnJOZCjbV82bGRLsJyCSt7RA8\/view?usp=sharing\"><img loading=\"lazy\" decoding=\"async\" width=\"50\" height=\"58\" src=\"https:\/\/agora.xtec.cat\/escdelavila\/wp-content\/uploads\/usu2350\/2023\/02\/LOGO-PDF-150x150.png\" alt=\"\"><\/a><\/td><\/tr><tr><td class=\"has-text-align-center\" data-align=\"center\"><strong>ACTA DEL CONSELL ESCOLAR 6 (11-03-25)<\/strong><\/td><td class=\"has-text-align-center\" data-align=\"center\"><a href=\"https:\/\/drive.google.com\/file\/d\/1u1bqvip3elXVGbaE5x6CKz4xpi__36G4\/view?usp=sharing\"><img loading=\"lazy\" decoding=\"async\" width=\"50\" height=\"58\" src=\"https:\/\/agora.xtec.cat\/escdelavila\/wp-content\/uploads\/usu2350\/2023\/02\/LOGO-PDF-150x150.png\" alt=\"\"><\/a><\/td><\/tr><tr><td class=\"has-text-align-center\" data-align=\"center\"><strong>ACTA CONSELL &#8211; COMISSI\u00d3 PERMANENT 2<\/strong><br><strong>(21-03-24)<\/strong><\/td><td class=\"has-text-align-center\" data-align=\"center\"><a href=\"https:\/\/drive.google.com\/file\/d\/1JiUG_LzUZRC7waZmAkhzjet-tUlt0kdI\/view?usp=sharing\"><img loading=\"lazy\" decoding=\"async\" width=\"50\" height=\"58\" src=\"https:\/\/agora.xtec.cat\/escdelavila\/wp-content\/uploads\/usu2350\/2023\/02\/LOGO-PDF-150x150.png\" alt=\"\"><\/a><\/td><\/tr><tr><td class=\"has-text-align-center\" data-align=\"center\"><strong>ACTA CONSELL &#8211; COMISSI\u00d3 PERMANENT 3<\/strong><\/td><td class=\"has-text-align-center\" data-align=\"center\"><a href=\"https:\/\/drive.google.com\/file\/d\/1u3JVBelyRpliUq4d8OVpJCMX5RwHzbYJ\/view?usp=sharing\"><img loading=\"lazy\" decoding=\"async\" width=\"50\" height=\"58\" src=\"https:\/\/agora.xtec.cat\/escdelavila\/wp-content\/uploads\/usu2350\/2023\/02\/LOGO-PDF-150x150.png\" alt=\"\"><\/a><\/td><\/tr><tr><td class=\"has-text-align-center\" data-align=\"center\"><strong>ACTA DEL CONSELL ESCOLAR 7 (17-06-24)<\/strong><\/td><td class=\"has-text-align-center\" data-align=\"center\"><a href=\"https:\/\/drive.google.com\/file\/d\/116vzhxDgoucoFv-LWgIfLQKG-CiZn5MM\/view?usp=sharing\"><img loading=\"lazy\" decoding=\"async\" width=\"50\" height=\"58\" src=\"https:\/\/agora.xtec.cat\/escdelavila\/wp-content\/uploads\/usu2350\/2023\/02\/LOGO-PDF-150x150.png\" alt=\"\"><\/a><\/td><\/tr><tr><td class=\"has-text-align-center\" data-align=\"center\"><strong>PRESSUPOST ANUAL<\/strong> <strong>202<\/strong>4<\/td><td class=\"has-text-align-center\" data-align=\"center\"><a href=\"https:\/\/drive.google.com\/file\/d\/1UXu1u5gz9wvKtGXckOBHs-xGAm1EbQeK\/view?usp=sharing\"><img loading=\"lazy\" decoding=\"async\" width=\"50\" height=\"58\" src=\"https:\/\/agora.xtec.cat\/escdelavila\/wp-content\/uploads\/usu2350\/2023\/02\/LOGO-PDF-150x150.png\" alt=\"\"><\/a><\/td><\/tr><\/tbody><\/table><\/figure>\n\n\n\n\n\n<figure class=\"wp-block-table\"><table class=\"has-fixed-layout\"><tbody><tr><td class=\"has-text-align-center\" data-align=\"center\"><strong>CURS 22 &#8211; 2<\/strong>3<\/td><\/tr><\/tbody><\/table><\/figure>\n\n\n\n<figure class=\"wp-block-table\"><table class=\"has-fixed-layout\"><tbody><tr><td class=\"has-text-align-center\" data-align=\"center\"><strong>ACTA DEL CONSELL ESCOLAR 1 (15-11-22)<\/strong><\/td><td class=\"has-text-align-center\" data-align=\"center\"><a href=\"https:\/\/drive.google.com\/file\/d\/1iiGuXBU4b3SNd8kpbbqKOWkynVC8H4K8\/view?usp=sharing\"><img loading=\"lazy\" decoding=\"async\" width=\"50\" height=\"58\" src=\"https:\/\/agora.xtec.cat\/escdelavila\/wp-content\/uploads\/usu2350\/2023\/02\/LOGO-PDF-150x150.png\" alt=\"\"><\/a><\/td><\/tr><tr><td class=\"has-text-align-center\" data-align=\"center\"><strong>ACTA DEL CONSELL ESCOLAR EXTRAORDINARI 1 (15-11-22)<\/strong><\/td><td class=\"has-text-align-center\" data-align=\"center\"><a href=\"https:\/\/drive.google.com\/file\/d\/1-tciohfo37V8e6q8FUeqc3ZZck5Yfn7S\/view?usp=sharing\"><img loading=\"lazy\" decoding=\"async\" width=\"50\" height=\"58\" src=\"https:\/\/agora.xtec.cat\/escdelavila\/wp-content\/uploads\/usu2350\/2023\/02\/LOGO-PDF-150x150.png\" alt=\"\"><\/a><\/td><\/tr><tr><td class=\"has-text-align-center\" data-align=\"center\"><strong>ACTA DEL CONSELL ESCOLAR 2 (31-01-23)<\/strong><\/td><td class=\"has-text-align-center\" data-align=\"center\"><a href=\"https:\/\/drive.google.com\/file\/d\/1Z8_svtNsvIw_oqmy3e1AjXl8TrWliUZ5\/view?usp=sharing\"><img loading=\"lazy\" decoding=\"async\" width=\"50\" height=\"58\" src=\"https:\/\/agora.xtec.cat\/escdelavila\/wp-content\/uploads\/usu2350\/2023\/02\/LOGO-PDF-150x150.png\" alt=\"\"><\/a><\/td><\/tr><tr><td class=\"has-text-align-center\" data-align=\"center\"><strong>ACTA DEL CONSELL ESCOLAR 3 (27-03-23)<\/strong><\/td><td class=\"has-text-align-center\" data-align=\"center\"><a href=\"https:\/\/drive.google.com\/file\/d\/1Y81wsIiQ3-MEaUjOVzBBAD3AQB_RdQkB\/view?usp=sharing\"><img loading=\"lazy\" decoding=\"async\" width=\"50\" height=\"58\" src=\"https:\/\/agora.xtec.cat\/escdelavila\/wp-content\/uploads\/usu2350\/2023\/02\/LOGO-PDF-150x150.png\" alt=\"\"><\/a><\/td><\/tr><tr><td class=\"has-text-align-center\" data-align=\"center\"><strong>ACTA CONSELL &#8211; COMISSI\u00d3 PERMANENT 1 <\/strong><br><strong>(03-05-23)<\/strong><\/td><td class=\"has-text-align-center\" data-align=\"center\"><a href=\"https:\/\/drive.google.com\/file\/d\/1GCaG4kdovb1_E-zGJ8w0R31zW_Ql1cXd\/view?usp=sharing\"><img loading=\"lazy\" decoding=\"async\" width=\"50\" height=\"58\" src=\"https:\/\/agora.xtec.cat\/escdelavila\/wp-content\/uploads\/usu2350\/2023\/02\/LOGO-PDF-150x150.png\" alt=\"\"><\/a><\/td><\/tr><tr><td class=\"has-text-align-center\" data-align=\"center\"><strong>ACTA DEL CONSELL ESCOLAR 4 (08-05-23)<\/strong><\/td><td class=\"has-text-align-center\" data-align=\"center\"><a href=\"https:\/\/drive.google.com\/file\/d\/1r6dF7qmbumg3gtdV3HS7G597v5BYz_CZ\/view?usp=sharing\"><img loading=\"lazy\" decoding=\"async\" width=\"50\" height=\"58\" src=\"https:\/\/agora.xtec.cat\/escdelavila\/wp-content\/uploads\/usu2350\/2023\/02\/LOGO-PDF-150x150.png\" alt=\"\"><\/a><\/td><\/tr><tr><td class=\"has-text-align-center\" data-align=\"center\"><strong>ACTA  DEL CONSELL ESCOLAR 5<\/strong> <strong>(05-06-23)<\/strong><\/td><td class=\"has-text-align-center\" data-align=\"center\"><a href=\"https:\/\/drive.google.com\/file\/d\/10r98j2xYO5KkIR2U346T01hoclfdDcFc\/view?usp=sharing\"><img loading=\"lazy\" decoding=\"async\" width=\"50\" height=\"58\" src=\"https:\/\/agora.xtec.cat\/escdelavila\/wp-content\/uploads\/usu2350\/2023\/02\/LOGO-PDF-150x150.png\" alt=\"\"><\/a><\/td><\/tr><tr><td class=\"has-text-align-center\" data-align=\"center\"><strong>PRESSUPOST ANUAL<\/strong> <strong>2023<\/strong><\/td><td class=\"has-text-align-center\" data-align=\"center\"><a href=\"https:\/\/drive.google.com\/file\/d\/1lBJ_igrZ2ZAni_vPLcK-V-sQcrjVx4zY\/view?usp=sharing\"><img loading=\"lazy\" decoding=\"async\" width=\"50\" height=\"58\" src=\"https:\/\/agora.xtec.cat\/escdelavila\/wp-content\/uploads\/usu2350\/2023\/02\/LOGO-PDF-150x150.png\" alt=\"\"><\/a><\/td><\/tr><\/tbody><\/table><\/figure>\n\n\n\n<p><\/p>\n","protected":false},"excerpt":{"rendered":"<p>El consell escolar del centre \u00e9s l&#8217;\u00f2rgan col\u00b7legiat de participaci\u00f3\u00a0de la comunitat escolar en el govern del centre. En el consell escolar hi ha representats tots els col\u00b7lectius que intervenen en la comunitat educativa: director o directora, professorat, alumnes, personal d&#8217;administraci\u00f3 i serveis, etc.<br \/>\n<a href=\"https:\/\/agora.xtec.cat\/escdelavila\/wp-content\/uploads\/usu2350\/2023\/02\/CONSELL-ESCOLAR-ESCOLA-DE-LA-VILA-1.jpg\"><\/a><br \/>\nEn&hellip;  <a href=\"https:\/\/agora.xtec.cat\/escdelavila\/lescola\/consell-escolar\/\" title=\"Read CONSELL ESCOLAR\">Llegeix m\u00e9s\u00bb<\/a><\/p>\n","protected":false},"author":1,"featured_media":0,"parent":22,"menu_order":40,"comment_status":"closed","ping_status":"closed","template":"page-templates\/side-menu.php","meta":{"_bbp_topic_count":0,"_bbp_reply_count":0,"_bbp_total_topic_count":0,"_bbp_total_reply_count":0,"_bbp_voice_count":0,"_bbp_anonymous_reply_count":0,"_bbp_topic_count_hidden":0,"_bbp_reply_count_hidden":0,"_bbp_forum_subforum_count":0,"footnotes":""},"class_list":["post-28","page","type-page","status-publish","hentry"],"post_mailing_queue_ids":[],"_links":{"self":[{"href":"https:\/\/agora.xtec.cat\/escdelavila\/wp-json\/wp\/v2\/pages\/28","targetHints":{"allow":["GET"]}}],"collection":[{"href":"https:\/\/agora.xtec.cat\/escdelavila\/wp-json\/wp\/v2\/pages"}],"about":[{"href":"https:\/\/agora.xtec.cat\/escdelavila\/wp-json\/wp\/v2\/types\/page"}],"author":[{"embeddable":true,"href":"https:\/\/agora.xtec.cat\/escdelavila\/wp-json\/wp\/v2\/users\/1"}],"replies":[{"embeddable":true,"href":"https:\/\/agora.xtec.cat\/escdelavila\/wp-json\/wp\/v2\/comments?post=28"}],"version-history":[{"count":6,"href":"https:\/\/agora.xtec.cat\/escdelavila\/wp-json\/wp\/v2\/pages\/28\/revisions"}],"predecessor-version":[{"id":2758,"href":"https:\/\/agora.xtec.cat\/escdelavila\/wp-json\/wp\/v2\/pages\/28\/revisions\/2758"}],"up":[{"embeddable":true,"href":"https:\/\/agora.xtec.cat\/escdelavila\/wp-json\/wp\/v2\/pages\/22"}],"wp:attachment":[{"href":"https:\/\/agora.xtec.cat\/escdelavila\/wp-json\/wp\/v2\/media?parent=28"}],"curies":[{"name":"wp","href":"https:\/\/api.w.org\/{rel}","templated":true}]}}