{"id":2684,"date":"2025-07-16T01:32:43","date_gmt":"2025-07-15T23:32:43","guid":{"rendered":"https:\/\/agora.xtec.cat\/escdelavila\/?page_id=2684"},"modified":"2025-07-16T02:19:36","modified_gmt":"2025-07-16T00:19:36","slug":"copia-altres-col%c2%b7laboracions","status":"publish","type":"page","link":"https:\/\/agora.xtec.cat\/escdelavila\/copia-altres-col%c2%b7laboracions\/","title":{"rendered":"ALTRES COL\u00b7LABORACIONS"},"content":{"rendered":"\n<figure class=\"wp-block-table\"><table class=\"has-fixed-layout\"><tbody><tr><td colspan=\"2\"><strong>FORMACI\u00d3 DEL CLAUSTRE EN PROJECTES DE TUTORIA ENTRE IGUALS<\/strong><\/td><\/tr><tr><td><img loading=\"lazy\" decoding=\"async\" width=\"500\" height=\"243\" class=\"wp-image-2309\" style=\"width: 500px;\" src=\"https:\/\/agora.xtec.cat\/escdelavila\/wp-content\/uploads\/usu2350\/2025\/03\/Captura-de-pantalla-2025-03-08-003444.png\" alt=\"\" srcset=\"https:\/\/agora.xtec.cat\/escdelavila\/wp-content\/uploads\/usu2350\/2025\/03\/Captura-de-pantalla-2025-03-08-003444.png 982w, https:\/\/agora.xtec.cat\/escdelavila\/wp-content\/uploads\/usu2350\/2025\/03\/Captura-de-pantalla-2025-03-08-003444-300x146.png 300w, https:\/\/agora.xtec.cat\/escdelavila\/wp-content\/uploads\/usu2350\/2025\/03\/Captura-de-pantalla-2025-03-08-003444-768x373.png 768w\" sizes=\"auto, (max-width: 500px) 100vw, 500px\" \/><a href=\"https:\/\/drive.google.com\/file\/d\/1l1wg5St793IVx_qb6OrY4lXJthhT4K5c\/view?usp=drive_link\"><\/a><\/td><td>L\u2019escola participa en el <a href=\"https:\/\/webs.uab.cat\/grai\/\">GRUP DE RECERCA SOBRE APRENENTATGES ENTRE IGUALS<\/a>&nbsp; de l\u2019UAB, en un programa educatiu que utilitza la tutoria entre iguals (amb alumnes i fam\u00edlies) per a la millora de la compet\u00e8ncia lectora (llengua catalana, castellana i anglesa), expressi\u00f3 escrita i raonament matem\u00e0tic.&nbsp;L&#8217;alumnat participa en programes i projectes &#8220;d&#8217;aprenentatge entre iguals&#8221; que potencien la comprensi\u00f3 lectora i l&#8217;expressi\u00f3 escrita entre els infants de Prim\u00e0ria.<\/td><\/tr><tr><td><img loading=\"lazy\" decoding=\"async\" width=\"500\" height=\"281\" class=\"wp-image-841\" style=\"width: 500px;\" src=\"https:\/\/agora.xtec.cat\/escdelavila\/wp-content\/uploads\/usu2350\/2023\/02\/LLEGIM-2.jpg\" alt=\"\" srcset=\"https:\/\/agora.xtec.cat\/escdelavila\/wp-content\/uploads\/usu2350\/2023\/02\/LLEGIM-2.jpg 1920w, https:\/\/agora.xtec.cat\/escdelavila\/wp-content\/uploads\/usu2350\/2023\/02\/LLEGIM-2-300x169.jpg 300w, https:\/\/agora.xtec.cat\/escdelavila\/wp-content\/uploads\/usu2350\/2023\/02\/LLEGIM-2-1024x576.jpg 1024w, https:\/\/agora.xtec.cat\/escdelavila\/wp-content\/uploads\/usu2350\/2023\/02\/LLEGIM-2-768x432.jpg 768w, https:\/\/agora.xtec.cat\/escdelavila\/wp-content\/uploads\/usu2350\/2023\/02\/LLEGIM-2-1536x864.jpg 1536w\" sizes=\"auto, (max-width: 500px) 100vw, 500px\" \/><a href=\"https:\/\/agora.xtec.cat\/escdelavila\/wp-content\/uploads\/usu2350\/2023\/02\/LLEGIM-2.jpg\"><\/a><\/td><td><img loading=\"lazy\" decoding=\"async\" width=\"500\" height=\"281\" class=\"wp-image-840\" style=\"width: 500px;\" src=\"https:\/\/agora.xtec.cat\/escdelavila\/wp-content\/uploads\/usu2350\/2023\/02\/LLEGIM-1.jpg\" alt=\"\" srcset=\"https:\/\/agora.xtec.cat\/escdelavila\/wp-content\/uploads\/usu2350\/2023\/02\/LLEGIM-1.jpg 1920w, https:\/\/agora.xtec.cat\/escdelavila\/wp-content\/uploads\/usu2350\/2023\/02\/LLEGIM-1-300x169.jpg 300w, https:\/\/agora.xtec.cat\/escdelavila\/wp-content\/uploads\/usu2350\/2023\/02\/LLEGIM-1-1024x576.jpg 1024w, https:\/\/agora.xtec.cat\/escdelavila\/wp-content\/uploads\/usu2350\/2023\/02\/LLEGIM-1-768x432.jpg 768w, https:\/\/agora.xtec.cat\/escdelavila\/wp-content\/uploads\/usu2350\/2023\/02\/LLEGIM-1-1536x864.jpg 1536w\" sizes=\"auto, (max-width: 500px) 100vw, 500px\" \/><a href=\"https:\/\/agora.xtec.cat\/escdelavila\/wp-content\/uploads\/usu2350\/2023\/02\/LLEGIM-1.jpg\"><\/a><\/td><\/tr><tr><td colspan=\"2\">El&nbsp;<strong>Grup de Recerca sobre Aprenentatge entre Iguals (GRAI)&nbsp;<\/strong>agrupa professionals \u2013tant investigadors universitaris com professorat d\u2019ensenyament obligatori\u2013 compromesos en l&#8217;estudi, la pr\u00e0ctica i la divulgaci\u00f3 de l&#8217;aprenentatge entre iguals (aprenentatge cooperatiu, col\u00b7laboratiu i tutoria entre iguals). Va ser creat al 2004 com a grup de treball de l\u2019ICE de la Universitat Aut\u00f2noma de Barcelona (UAB) i, actualment, \u00e9s un grup de recerca de la UAB. Alguns dels seus membres estan adherits al Seminari Interuniversitari d&#8217;Investigaci\u00f3 en Estrat\u00e8gies d&#8217;Ensenyament i Aprenentatge (SINTE), grup de recerca consolidat. Entenem per iguals les persones que ocupen un estatus social similar, sense que cap d&#8217;elles actu\u00ef com a professor professional de les altres. En aquest sentit, ens interessem per l&#8217;aprenentatge cooperatiu entre alumnes; entre professors; entre membres d&#8217;una fam\u00edlia i entre persones volunt\u00e0ries. Tant al &#8220;Llegim en parella&#8221; com a l&#8217; &#8220;Escrivim en parella&#8221; alguns infants faran de tutors \/es i s&#8217;hauran de preparar els textos que despr\u00e9s hauran d&#8217;explicar als seus tutorats \/des mitjan\u00e7ant la metodologia proporcionada pel programa.<\/td><\/tr><tr><td><img loading=\"lazy\" decoding=\"async\" width=\"300\" height=\"139\" class=\"wp-image-889\" style=\"width: 300px;\" src=\"https:\/\/agora.xtec.cat\/escdelavila\/wp-content\/uploads\/usu2350\/2023\/03\/UAB.png\" alt=\"\" srcset=\"https:\/\/agora.xtec.cat\/escdelavila\/wp-content\/uploads\/usu2350\/2023\/03\/UAB.png 1225w, https:\/\/agora.xtec.cat\/escdelavila\/wp-content\/uploads\/usu2350\/2023\/03\/UAB-300x139.png 300w, https:\/\/agora.xtec.cat\/escdelavila\/wp-content\/uploads\/usu2350\/2023\/03\/UAB-1024x474.png 1024w, https:\/\/agora.xtec.cat\/escdelavila\/wp-content\/uploads\/usu2350\/2023\/03\/UAB-768x355.png 768w\" sizes=\"auto, (max-width: 300px) 100vw, 300px\" \/><a href=\"https:\/\/agora.xtec.cat\/escdelavila\/wp-content\/uploads\/usu2350\/2023\/03\/UAB.png\"><\/a><\/td><td><img loading=\"lazy\" decoding=\"async\" width=\"400\" height=\"59\" class=\"wp-image-644\" style=\"width: 400px;\" src=\"https:\/\/agora.xtec.cat\/escdelavila\/wp-content\/uploads\/usu2350\/2023\/01\/grai.jpg\" alt=\"\" srcset=\"https:\/\/agora.xtec.cat\/escdelavila\/wp-content\/uploads\/usu2350\/2023\/01\/grai.jpg 946w, https:\/\/agora.xtec.cat\/escdelavila\/wp-content\/uploads\/usu2350\/2023\/01\/grai-300x44.jpg 300w, https:\/\/agora.xtec.cat\/escdelavila\/wp-content\/uploads\/usu2350\/2023\/01\/grai-768x113.jpg 768w\" sizes=\"auto, (max-width: 400px) 100vw, 400px\" \/><a href=\"https:\/\/agora.xtec.cat\/escdelavila\/wp-content\/uploads\/usu2350\/2023\/01\/grai.jpg\"><\/a><\/td><\/tr><\/tbody><\/table><\/figure>\n\n\n\n<figure class=\"wp-block-table\"><table class=\"has-fixed-layout\"><tbody><tr><td class=\"has-text-align-center\" data-align=\"center\" colspan=\"2\"><strong>GRUPS DE TREBALL &#8220;SER PER APRENDRE&#8221;<\/strong><\/td><\/tr><tr><td class=\"has-text-align-center\" data-align=\"center\">A finals del curs 2018\/2019 un grup de mestres, responent a la crida de l\u2019ICE UAB vam decidir crear un espai de reflexi\u00f3 sobre els ambients d\u2019aprenentatge,&nbsp; l\u2019equip de treball Ser per Aprendre. L\u2019objectiu principal era trencar l\u2019a\u00efllament dels equips de mestres que porten a la pr\u00e0ctica ambients d\u2019aprenentatge creant un espai de col\u00b7laboraci\u00f3. La idea era fomentar la pr\u00e0ctica reflexiva compartida, aix\u00ed com l\u2019intercanvi d\u2019experi\u00e8ncies amb la idea de fonamentar les pr\u00e0ctiques escolars, sempre amb el doble objectiu de garantir el benestar i els aprenentatges dels nostres alumnes.<\/td><td><img loading=\"lazy\" decoding=\"async\" width=\"500\" height=\"255\" class=\"wp-image-887\" style=\"width: 500px;\" src=\"https:\/\/agora.xtec.cat\/escdelavila\/wp-content\/uploads\/usu2350\/2023\/03\/SER-PER-APRENDRE.jpg\" alt=\"\" srcset=\"https:\/\/agora.xtec.cat\/escdelavila\/wp-content\/uploads\/usu2350\/2023\/03\/SER-PER-APRENDRE.jpg 717w, https:\/\/agora.xtec.cat\/escdelavila\/wp-content\/uploads\/usu2350\/2023\/03\/SER-PER-APRENDRE-300x153.jpg 300w\" sizes=\"auto, (max-width: 500px) 100vw, 500px\" \/><a href=\"https:\/\/agora.xtec.cat\/escdelavila\/wp-content\/uploads\/usu2350\/2023\/03\/SER-PER-APRENDRE.jpg\"><\/a><\/td><\/tr><tr><td class=\"has-text-align-center\" data-align=\"center\"><img loading=\"lazy\" decoding=\"async\" width=\"500\" height=\"231\" class=\"wp-image-889\" style=\"width: 500px;\" src=\"https:\/\/agora.xtec.cat\/escdelavila\/wp-content\/uploads\/usu2350\/2023\/03\/UAB.png\" alt=\"\" srcset=\"https:\/\/agora.xtec.cat\/escdelavila\/wp-content\/uploads\/usu2350\/2023\/03\/UAB.png 1225w, https:\/\/agora.xtec.cat\/escdelavila\/wp-content\/uploads\/usu2350\/2023\/03\/UAB-300x139.png 300w, https:\/\/agora.xtec.cat\/escdelavila\/wp-content\/uploads\/usu2350\/2023\/03\/UAB-1024x474.png 1024w, https:\/\/agora.xtec.cat\/escdelavila\/wp-content\/uploads\/usu2350\/2023\/03\/UAB-768x355.png 768w\" sizes=\"auto, (max-width: 500px) 100vw, 500px\" \/><a href=\"https:\/\/agora.xtec.cat\/escdelavila\/wp-content\/uploads\/usu2350\/2023\/03\/UAB.png\"><\/a><\/td><td rowspan=\"2\">A l\u2019escola actual ens plantegem que els alumnes\u00a0 aprenguin per ser. Han d\u2019aprendre per ser ciutadans cr\u00edtics capa\u00e7os d\u2019entendre el m\u00f3n on viuen i poder intervenir-hi. Aprendre per ser competents. Aprendre a prendre decisions i argumentar-les. Aprendre a conviure amb els altres. Ja no es tracta nom\u00e9s d\u2019aprendre coneixements. En concret, a les propostes d\u2019ambients de moltes escoles els demanem que tri\u00efn en funci\u00f3 dels seus interessos, que decideixin en funci\u00f3 de les possibilitats, que planifiquin qu\u00e8 faran. Els demanem, en una situaci\u00f3 d\u2019aprenentatge, que siguin elles i ells mateixos. Podem dir, doncs, que als ambients i a les propostes d\u2019aprenentatge aut\u00f2nom en general els infants han de ser per aprendre.<\/td><\/tr><tr><td class=\"has-text-align-center\" data-align=\"center\"><img loading=\"lazy\" decoding=\"async\" width=\"500\" height=\"281\" class=\"wp-image-888\" style=\"width: 500px;\" src=\"https:\/\/agora.xtec.cat\/escdelavila\/wp-content\/uploads\/usu2350\/2023\/03\/1LogoICEFiletVerd.jpg\" alt=\"\" srcset=\"https:\/\/agora.xtec.cat\/escdelavila\/wp-content\/uploads\/usu2350\/2023\/03\/1LogoICEFiletVerd.jpg 480w, https:\/\/agora.xtec.cat\/escdelavila\/wp-content\/uploads\/usu2350\/2023\/03\/1LogoICEFiletVerd-300x169.jpg 300w\" sizes=\"auto, (max-width: 500px) 100vw, 500px\" \/><a href=\"https:\/\/agora.xtec.cat\/escdelavila\/wp-content\/uploads\/usu2350\/2023\/03\/1LogoICEFiletVerd.jpg\"><\/a><\/td><\/tr><tr><td class=\"has-text-align-center\" data-align=\"center\" colspan=\"2\"><strong>CONSCI\u00c8NCIA FONOL\u00d2GICA SO x SO<\/strong><\/td><\/tr><tr><td class=\"has-text-align-center\" data-align=\"center\" colspan=\"2\"><a href=\"https:\/\/drive.google.com\/file\/d\/1CbwsVI-TcxeGzIh4_yJTXVvTkhnThhTc\/view?usp=sharing\"><\/a>                                                                                                                                                                                                <br><img loading=\"lazy\" decoding=\"async\" width=\"400\" height=\"223\" class=\"wp-image-2322\" style=\"width: 400px;\" src=\"https:\/\/agora.xtec.cat\/escdelavila\/wp-content\/uploads\/usu2350\/2025\/03\/Captura-de-pantalla-2025-03-08-010236.png\" alt=\"\" srcset=\"https:\/\/agora.xtec.cat\/escdelavila\/wp-content\/uploads\/usu2350\/2025\/03\/Captura-de-pantalla-2025-03-08-010236.png 1068w, https:\/\/agora.xtec.cat\/escdelavila\/wp-content\/uploads\/usu2350\/2025\/03\/Captura-de-pantalla-2025-03-08-010236-300x167.png 300w, https:\/\/agora.xtec.cat\/escdelavila\/wp-content\/uploads\/usu2350\/2025\/03\/Captura-de-pantalla-2025-03-08-010236-1024x570.png 1024w, https:\/\/agora.xtec.cat\/escdelavila\/wp-content\/uploads\/usu2350\/2025\/03\/Captura-de-pantalla-2025-03-08-010236-768x428.png 768w\" sizes=\"auto, (max-width: 400px) 100vw, 400px\" \/><br><br>SoxSo \u00e9s un programa que desenvolupa la compet\u00e8ncia lectora a partir dels sons. El Mag Mag\u00ed ens endinsa en el m\u00f3n dels sons a partir de les onomatopeies. L&#8217;onomatopeia permet a l&#8217;infant construir el valor fon\u00e8tic de cada un dels sons de la parla d&#8217;una manera f\u00e0cil estable i significativa.<\/td><\/tr><\/tbody><\/table><\/figure>\n\n\n\n<figure class=\"wp-block-table\"><table class=\"has-fixed-layout\"><tbody><tr><td class=\"has-text-align-center\" data-align=\"center\" colspan=\"2\"><strong>GRUPS DE TREBALL &#8220;LABORATORI MATEM\u00c0TIC&#8221;<\/strong><\/td><\/tr><tr><td class=\"has-text-align-center\" data-align=\"center\"><img loading=\"lazy\" decoding=\"async\" width=\"500\" height=\"282\" class=\"wp-image-909\" style=\"width: 500px;\" src=\"https:\/\/agora.xtec.cat\/escdelavila\/wp-content\/uploads\/usu2350\/2023\/03\/IMG20230119095233-scaled.jpg\" alt=\"\" srcset=\"https:\/\/agora.xtec.cat\/escdelavila\/wp-content\/uploads\/usu2350\/2023\/03\/IMG20230119095233-scaled.jpg 2560w, https:\/\/agora.xtec.cat\/escdelavila\/wp-content\/uploads\/usu2350\/2023\/03\/IMG20230119095233-300x169.jpg 300w, https:\/\/agora.xtec.cat\/escdelavila\/wp-content\/uploads\/usu2350\/2023\/03\/IMG20230119095233-1024x578.jpg 1024w, https:\/\/agora.xtec.cat\/escdelavila\/wp-content\/uploads\/usu2350\/2023\/03\/IMG20230119095233-768x433.jpg 768w, https:\/\/agora.xtec.cat\/escdelavila\/wp-content\/uploads\/usu2350\/2023\/03\/IMG20230119095233-1536x866.jpg 1536w, https:\/\/agora.xtec.cat\/escdelavila\/wp-content\/uploads\/usu2350\/2023\/03\/IMG20230119095233-2048x1155.jpg 2048w\" sizes=\"auto, (max-width: 500px) 100vw, 500px\" \/><a href=\"https:\/\/agora.xtec.cat\/escdelavila\/wp-content\/uploads\/usu2350\/2023\/03\/IMG20230119095233-scaled.jpg\"><\/a><\/td><td class=\"has-text-align-center\" data-align=\"center\"><img loading=\"lazy\" decoding=\"async\" width=\"500\" height=\"282\" class=\"wp-image-908\" style=\"width: 500px;\" src=\"https:\/\/agora.xtec.cat\/escdelavila\/wp-content\/uploads\/usu2350\/2023\/03\/IMG20230119094714-scaled.jpg\" alt=\"\" srcset=\"https:\/\/agora.xtec.cat\/escdelavila\/wp-content\/uploads\/usu2350\/2023\/03\/IMG20230119094714-scaled.jpg 2560w, https:\/\/agora.xtec.cat\/escdelavila\/wp-content\/uploads\/usu2350\/2023\/03\/IMG20230119094714-300x169.jpg 300w, https:\/\/agora.xtec.cat\/escdelavila\/wp-content\/uploads\/usu2350\/2023\/03\/IMG20230119094714-1024x578.jpg 1024w, https:\/\/agora.xtec.cat\/escdelavila\/wp-content\/uploads\/usu2350\/2023\/03\/IMG20230119094714-768x433.jpg 768w, https:\/\/agora.xtec.cat\/escdelavila\/wp-content\/uploads\/usu2350\/2023\/03\/IMG20230119094714-1536x866.jpg 1536w, https:\/\/agora.xtec.cat\/escdelavila\/wp-content\/uploads\/usu2350\/2023\/03\/IMG20230119094714-2048x1155.jpg 2048w\" sizes=\"auto, (max-width: 500px) 100vw, 500px\" \/><a href=\"https:\/\/agora.xtec.cat\/escdelavila\/wp-content\/uploads\/usu2350\/2023\/03\/IMG20230119094714-scaled.jpg\"><\/a><\/td><\/tr><tr><td class=\"has-text-align-center\" data-align=\"center\"><img loading=\"lazy\" decoding=\"async\" width=\"500\" height=\"282\" class=\"wp-image-907\" style=\"width: 500px;\" src=\"https:\/\/agora.xtec.cat\/escdelavila\/wp-content\/uploads\/usu2350\/2023\/03\/IMG20230112101736-scaled.jpg\" alt=\"\" srcset=\"https:\/\/agora.xtec.cat\/escdelavila\/wp-content\/uploads\/usu2350\/2023\/03\/IMG20230112101736-scaled.jpg 2560w, https:\/\/agora.xtec.cat\/escdelavila\/wp-content\/uploads\/usu2350\/2023\/03\/IMG20230112101736-300x169.jpg 300w, https:\/\/agora.xtec.cat\/escdelavila\/wp-content\/uploads\/usu2350\/2023\/03\/IMG20230112101736-1024x577.jpg 1024w, https:\/\/agora.xtec.cat\/escdelavila\/wp-content\/uploads\/usu2350\/2023\/03\/IMG20230112101736-768x433.jpg 768w, https:\/\/agora.xtec.cat\/escdelavila\/wp-content\/uploads\/usu2350\/2023\/03\/IMG20230112101736-1536x866.jpg 1536w, https:\/\/agora.xtec.cat\/escdelavila\/wp-content\/uploads\/usu2350\/2023\/03\/IMG20230112101736-2048x1155.jpg 2048w\" sizes=\"auto, (max-width: 500px) 100vw, 500px\" \/><a href=\"https:\/\/agora.xtec.cat\/escdelavila\/wp-content\/uploads\/usu2350\/2023\/03\/IMG20230112101736-scaled.jpg\"><\/a><\/td><td class=\"has-text-align-center\" data-align=\"center\"><img loading=\"lazy\" decoding=\"async\" width=\"500\" height=\"282\" class=\"wp-image-906\" style=\"width: 500px;\" src=\"https:\/\/agora.xtec.cat\/escdelavila\/wp-content\/uploads\/usu2350\/2023\/03\/IMG20230111155320-scaled.jpg\" alt=\"\" srcset=\"https:\/\/agora.xtec.cat\/escdelavila\/wp-content\/uploads\/usu2350\/2023\/03\/IMG20230111155320-scaled.jpg 2560w, https:\/\/agora.xtec.cat\/escdelavila\/wp-content\/uploads\/usu2350\/2023\/03\/IMG20230111155320-300x169.jpg 300w, https:\/\/agora.xtec.cat\/escdelavila\/wp-content\/uploads\/usu2350\/2023\/03\/IMG20230111155320-1024x578.jpg 1024w, https:\/\/agora.xtec.cat\/escdelavila\/wp-content\/uploads\/usu2350\/2023\/03\/IMG20230111155320-768x433.jpg 768w, https:\/\/agora.xtec.cat\/escdelavila\/wp-content\/uploads\/usu2350\/2023\/03\/IMG20230111155320-1536x866.jpg 1536w, https:\/\/agora.xtec.cat\/escdelavila\/wp-content\/uploads\/usu2350\/2023\/03\/IMG20230111155320-2048x1155.jpg 2048w\" sizes=\"auto, (max-width: 500px) 100vw, 500px\" \/><a href=\"https:\/\/agora.xtec.cat\/escdelavila\/wp-content\/uploads\/usu2350\/2023\/03\/IMG20230111155320-scaled.jpg\"><\/a><\/td><\/tr><tr><td class=\"has-text-align-center\" data-align=\"center\"><img loading=\"lazy\" decoding=\"async\" width=\"500\" height=\"282\" class=\"wp-image-905\" style=\"width: 500px;\" src=\"https:\/\/agora.xtec.cat\/escdelavila\/wp-content\/uploads\/usu2350\/2023\/03\/IMG20230111155252-scaled.jpg\" alt=\"\" srcset=\"https:\/\/agora.xtec.cat\/escdelavila\/wp-content\/uploads\/usu2350\/2023\/03\/IMG20230111155252-scaled.jpg 2560w, https:\/\/agora.xtec.cat\/escdelavila\/wp-content\/uploads\/usu2350\/2023\/03\/IMG20230111155252-300x169.jpg 300w, https:\/\/agora.xtec.cat\/escdelavila\/wp-content\/uploads\/usu2350\/2023\/03\/IMG20230111155252-1024x578.jpg 1024w, https:\/\/agora.xtec.cat\/escdelavila\/wp-content\/uploads\/usu2350\/2023\/03\/IMG20230111155252-768x433.jpg 768w, https:\/\/agora.xtec.cat\/escdelavila\/wp-content\/uploads\/usu2350\/2023\/03\/IMG20230111155252-1536x866.jpg 1536w, https:\/\/agora.xtec.cat\/escdelavila\/wp-content\/uploads\/usu2350\/2023\/03\/IMG20230111155252-2048x1155.jpg 2048w\" sizes=\"auto, (max-width: 500px) 100vw, 500px\" \/><a href=\"https:\/\/agora.xtec.cat\/escdelavila\/wp-content\/uploads\/usu2350\/2023\/03\/IMG20230111155252-scaled.jpg\"><\/a><\/td><td class=\"has-text-align-center\" data-align=\"center\">El laboratori matem\u00e0tic est\u00e0 destinat a les escoles i instituts que tenen la maleta de materials. Aquest curs pret\u00e9n introduir uns materials a les escoles que ens ajuden a fer unes matem\u00e0tiques m\u00e9s l\u00fadiques i vivencials. Al ser diferents centres cadasc\u00fa explica als altres com ha viscut l&#8217;experi\u00e8ncia en la seva aula.<\/td><\/tr><tr><td class=\"has-text-align-center\" data-align=\"center\"><img loading=\"lazy\" decoding=\"async\" width=\"300\" height=\"165\" class=\"wp-image-910\" style=\"width: 300px;\" src=\"https:\/\/agora.xtec.cat\/escdelavila\/wp-content\/uploads\/usu2350\/2023\/03\/cesire.png\" alt=\"\"><a href=\"https:\/\/agora.xtec.cat\/escdelavila\/wp-content\/uploads\/usu2350\/2023\/03\/cesire.png\"><\/a><\/td><td class=\"has-text-align-center\" data-align=\"center\"><img loading=\"lazy\" decoding=\"async\" width=\"300\" height=\"180\" class=\"wp-image-901\" style=\"width: 300px;\" src=\"https:\/\/agora.xtec.cat\/escdelavila\/wp-content\/uploads\/usu2350\/2023\/03\/baixa.png\" alt=\"\"><a href=\"https:\/\/educacio.gencat.cat\/ca\/inici\/\"><\/a><\/td><\/tr><\/tbody><\/table><\/figure>\n\n\n\n<figure class=\"wp-block-table\"><table class=\"has-fixed-layout\"><tbody><tr><td class=\"has-text-align-center\" data-align=\"center\" colspan=\"3\"><strong>DANSEM! (1r &#8211; 2n)<\/strong><\/td><\/tr><tr><td class=\"has-text-align-center\" data-align=\"center\" colspan=\"2\">Els infants de 1r I 2n de les escoles del municipi es preparen les danses tradicionals en la trobada del Dansem! a Poliny\u00e0. Aquesta activitat est\u00e0 coordinada pel Servei Educatiu (Centre de Recursos Pedag\u00f2gics) del Departament d&#8217;Educaci\u00f3 situat a Castellar.<\/td><td class=\"has-text-align-center\" data-align=\"center\"><img loading=\"lazy\" decoding=\"async\" width=\"500\" height=\"500\" class=\"wp-image-902\" style=\"width: 500px;\" src=\"https:\/\/agora.xtec.cat\/escdelavila\/wp-content\/uploads\/usu2350\/2023\/03\/dansem.jpg\" alt=\"\" srcset=\"https:\/\/agora.xtec.cat\/escdelavila\/wp-content\/uploads\/usu2350\/2023\/03\/dansem.jpg 1080w, https:\/\/agora.xtec.cat\/escdelavila\/wp-content\/uploads\/usu2350\/2023\/03\/dansem-300x300.jpg 300w, https:\/\/agora.xtec.cat\/escdelavila\/wp-content\/uploads\/usu2350\/2023\/03\/dansem-1024x1024.jpg 1024w, https:\/\/agora.xtec.cat\/escdelavila\/wp-content\/uploads\/usu2350\/2023\/03\/dansem-150x150.jpg 150w, https:\/\/agora.xtec.cat\/escdelavila\/wp-content\/uploads\/usu2350\/2023\/03\/dansem-768x768.jpg 768w\" sizes=\"auto, (max-width: 500px) 100vw, 500px\" \/><a href=\"https:\/\/agora.xtec.cat\/escdelavila\/wp-content\/uploads\/usu2350\/2023\/03\/dansem.jpg\"><\/a><\/td><\/tr><tr><td class=\"has-text-align-center\" data-align=\"center\" colspan=\"2\"><img loading=\"lazy\" decoding=\"async\" width=\"200\" height=\"109\" class=\"wp-image-891\" style=\"width: 200px;\" src=\"https:\/\/agora.xtec.cat\/escdelavila\/wp-content\/uploads\/usu2350\/2023\/03\/SE-CRP.jpg\" alt=\"\" srcset=\"https:\/\/agora.xtec.cat\/escdelavila\/wp-content\/uploads\/usu2350\/2023\/03\/SE-CRP.jpg 462w, https:\/\/agora.xtec.cat\/escdelavila\/wp-content\/uploads\/usu2350\/2023\/03\/SE-CRP-300x164.jpg 300w\" sizes=\"auto, (max-width: 200px) 100vw, 200px\" \/><a href=\"https:\/\/serveiseducatius.xtec.cat\/vallesoccidental8\/\"><\/a><\/td><td class=\"has-text-align-center\" data-align=\"center\"><img loading=\"lazy\" decoding=\"async\" width=\"200\" height=\"120\" class=\"wp-image-901\" style=\"width: 200px;\" src=\"https:\/\/agora.xtec.cat\/escdelavila\/wp-content\/uploads\/usu2350\/2023\/03\/baixa.png\" alt=\"\"><a href=\"https:\/\/educacio.gencat.cat\/ca\/inici\/\"><\/a><\/td><\/tr><\/tbody><\/table><\/figure>\n\n\n\n<figure class=\"wp-block-table\"><table class=\"has-fixed-layout\"><tbody><tr><td class=\"has-text-align-center\" data-align=\"center\" colspan=\"3\"><strong>CANTEM! (3r)<\/strong><\/td><\/tr><tr><td class=\"has-text-align-center\" data-align=\"center\" colspan=\"2\">Els infants de 3r de les escoles del municipi es preparen les can\u00e7ons de la tradicional en la trobada del Cantem! a Poliny\u00e0. Aquesta activitat est\u00e0 coordinada pel Servei Educatiu (Centre de Recursos Pedag\u00f2gics) del Departament d&#8217;Educaci\u00f3 situat a Castellar.<\/td><td class=\"has-text-align-center\" data-align=\"center\"><img loading=\"lazy\" decoding=\"async\" width=\"500\" height=\"281\" class=\"wp-image-900\" style=\"width: 500px;\" src=\"https:\/\/agora.xtec.cat\/escdelavila\/wp-content\/uploads\/usu2350\/2023\/03\/2.jpg\" alt=\"\" srcset=\"https:\/\/agora.xtec.cat\/escdelavila\/wp-content\/uploads\/usu2350\/2023\/03\/2.jpg 1920w, https:\/\/agora.xtec.cat\/escdelavila\/wp-content\/uploads\/usu2350\/2023\/03\/2-300x169.jpg 300w, https:\/\/agora.xtec.cat\/escdelavila\/wp-content\/uploads\/usu2350\/2023\/03\/2-1024x576.jpg 1024w, https:\/\/agora.xtec.cat\/escdelavila\/wp-content\/uploads\/usu2350\/2023\/03\/2-768x432.jpg 768w, https:\/\/agora.xtec.cat\/escdelavila\/wp-content\/uploads\/usu2350\/2023\/03\/2-1536x864.jpg 1536w\" sizes=\"auto, (max-width: 500px) 100vw, 500px\" \/><a href=\"https:\/\/agora.xtec.cat\/escdelavila\/wp-content\/uploads\/usu2350\/2023\/03\/2.jpg\"><\/a><\/td><\/tr><tr><td class=\"has-text-align-center\" data-align=\"center\" colspan=\"2\"><img loading=\"lazy\" decoding=\"async\" width=\"200\" height=\"109\" class=\"wp-image-891\" style=\"width: 200px;\" src=\"https:\/\/agora.xtec.cat\/escdelavila\/wp-content\/uploads\/usu2350\/2023\/03\/SE-CRP.jpg\" alt=\"\" srcset=\"https:\/\/agora.xtec.cat\/escdelavila\/wp-content\/uploads\/usu2350\/2023\/03\/SE-CRP.jpg 462w, https:\/\/agora.xtec.cat\/escdelavila\/wp-content\/uploads\/usu2350\/2023\/03\/SE-CRP-300x164.jpg 300w\" sizes=\"auto, (max-width: 200px) 100vw, 200px\" \/><a href=\"https:\/\/agora.xtec.cat\/escdelavila\/wp-content\/uploads\/usu2350\/2023\/03\/SE-CRP.jpg\"><\/a><\/td><td class=\"has-text-align-center\" data-align=\"center\"><img loading=\"lazy\" decoding=\"async\" width=\"200\" height=\"120\" class=\"wp-image-901\" style=\"width: 200px;\" src=\"https:\/\/agora.xtec.cat\/escdelavila\/wp-content\/uploads\/usu2350\/2023\/03\/baixa.png\" alt=\"\"><a href=\"https:\/\/agora.xtec.cat\/escdelavila\/wp-content\/uploads\/usu2350\/2023\/03\/baixa.png\"><\/a><\/td><\/tr><\/tbody><\/table><\/figure>\n\n\n\n<figure class=\"wp-block-table\"><table><tbody><tr><td colspan=\"3\"><strong>CANTATA (5\u00e8)<\/strong><\/td><\/tr><tr><td><img loading=\"lazy\" decoding=\"async\" width=\"900\" height=\"599\" class=\"wp-image-896\" style=\"width: 900px;\" src=\"https:\/\/agora.xtec.cat\/escdelavila\/wp-content\/uploads\/usu2350\/2023\/03\/cantania.jpg\" alt=\"\" srcset=\"https:\/\/agora.xtec.cat\/escdelavila\/wp-content\/uploads\/usu2350\/2023\/03\/cantania.jpg 1024w, https:\/\/agora.xtec.cat\/escdelavila\/wp-content\/uploads\/usu2350\/2023\/03\/cantania-300x200.jpg 300w, https:\/\/agora.xtec.cat\/escdelavila\/wp-content\/uploads\/usu2350\/2023\/03\/cantania-768x512.jpg 768w\" sizes=\"auto, (max-width: 900px) 100vw, 900px\" \/><a href=\"https:\/\/agora.xtec.cat\/escdelavila\/wp-content\/uploads\/usu2350\/2023\/03\/cantania.jpg\"><\/a><\/td><td class=\"has-text-align-center\" data-align=\"center\">Durant el curs escolar l&#8217;alumnat de cinqu\u00e8 es prepara les can\u00e7ons que hauran de cantar a l&#8217;Auditori de Barcelona. Pr\u00e8viament els especialistes de m\u00fasica han de fer la formaci\u00f3 relacionada amb el llibret de solfeig, les coreografies i el material de treball.<\/td><td class=\"has-text-align-center\" data-align=\"center\"><\/td><\/tr><\/tbody><\/table><\/figure>\n\n\n\n<figure class=\"wp-block-table\"><table class=\"has-fixed-layout\"><tbody><tr><td class=\"has-text-align-center\" data-align=\"center\" colspan=\"2\"><strong>GIMCAM\u00c0TICA (6\u00e8)<\/strong><\/td><\/tr><tr><td class=\"has-text-align-center\" data-align=\"center\"><img loading=\"lazy\" decoding=\"async\" width=\"500\" height=\"333\" class=\"wp-image-802\" style=\"width: 500px;\" src=\"https:\/\/agora.xtec.cat\/escdelavila\/wp-content\/uploads\/usu2350\/2023\/02\/gincamatica.jpg\" alt=\"\" srcset=\"https:\/\/agora.xtec.cat\/escdelavila\/wp-content\/uploads\/usu2350\/2023\/02\/gincamatica.jpg 960w, https:\/\/agora.xtec.cat\/escdelavila\/wp-content\/uploads\/usu2350\/2023\/02\/gincamatica-300x200.jpg 300w, https:\/\/agora.xtec.cat\/escdelavila\/wp-content\/uploads\/usu2350\/2023\/02\/gincamatica-768x511.jpg 768w\" sizes=\"auto, (max-width: 500px) 100vw, 500px\" \/><a href=\"https:\/\/agora.xtec.cat\/escdelavila\/wp-content\/uploads\/usu2350\/2023\/02\/gincamatica.jpg\"><\/a><\/td><td class=\"has-text-align-center\" data-align=\"center\">L&#8217;alumnat de 6\u00e8 i 1r d&#8217;ESO dels centres educatius del municipi preparen per grups propostes l\u00fadiques relacionades amb l&#8217;\u00e0mbit matem\u00e0tic que exposaran en la trobada anual. \u00c9s un moment per establir relacions entre els infants que el proper curs aniran a l&#8217;institut. Aquesta activitat est\u00e0 coordinada pel Servei Educatiu (Centre de Recursos Pedag\u00f2gics) del Departament d&#8217;Educaci\u00f3 situat a Castellar.<\/td><\/tr><tr><td class=\"has-text-align-center\" data-align=\"center\"><img loading=\"lazy\" decoding=\"async\" width=\"200\" height=\"109\" class=\"wp-image-891\" style=\"width: 200px;\" src=\"https:\/\/agora.xtec.cat\/escdelavila\/wp-content\/uploads\/usu2350\/2023\/03\/SE-CRP.jpg\" alt=\"\" srcset=\"https:\/\/agora.xtec.cat\/escdelavila\/wp-content\/uploads\/usu2350\/2023\/03\/SE-CRP.jpg 462w, https:\/\/agora.xtec.cat\/escdelavila\/wp-content\/uploads\/usu2350\/2023\/03\/SE-CRP-300x164.jpg 300w\" sizes=\"auto, (max-width: 200px) 100vw, 200px\" \/><a href=\"https:\/\/serveiseducatius.xtec.cat\/vallesoccidental8\/\"><\/a><\/td><td class=\"has-text-align-center\" data-align=\"center\"><img loading=\"lazy\" decoding=\"async\" width=\"200\" height=\"120\" class=\"wp-image-901\" style=\"width: 200px;\" src=\"https:\/\/agora.xtec.cat\/escdelavila\/wp-content\/uploads\/usu2350\/2023\/03\/baixa.png\" alt=\"\"><a href=\"https:\/\/agora.xtec.cat\/escdelavila\/wp-content\/uploads\/usu2350\/2023\/03\/baixa.png\"><\/a><\/td><\/tr><\/tbody><\/table><\/figure>\n\n\n\n<figure class=\"wp-block-table\"><table class=\"has-fixed-layout\"><tbody><tr><td class=\"has-text-align-center\" data-align=\"center\" colspan=\"2\"><strong>ENGLISH DAY (CM &#8211; CS)<\/strong><\/td><\/tr><tr><td class=\"has-text-align-center\" data-align=\"center\">Des de l&#8217;\u00e0rea de Llengua Anglesa tamb\u00e9 celebrem anualment la jornada de l&#8217;English Day. Aquesta jornada es fa en coordinaci\u00f3 amb els altres centres educatius del municipi. Al llarg del mat\u00ed els diferents nivells de l&#8217;escola realitzen activitats diverses en llengua anglesa: dossiers amb activitats matem\u00e0tiques, llengua, cultura anglesa, jocs de taula variats on han d&#8217;emprar aquesta llengua, visionat de v\u00eddeos&#8230;, entre d&#8217;altres. Es realitza tamb\u00e9 una gimcana ling\u00fc\u00edstica amb els i\u00a0 les alumnes de quart nivell de prim\u00e0ria, per una banda, i una altra amb alumnes de sis\u00e8 i primer d&#8217;ESO.<\/td><td class=\"has-text-align-center\" data-align=\"center\"><img loading=\"lazy\" decoding=\"async\" width=\"500\" height=\"437\" class=\"wp-image-803\" style=\"width: 500px;\" src=\"https:\/\/agora.xtec.cat\/escdelavila\/wp-content\/uploads\/usu2350\/2023\/02\/english.jpg\" alt=\"\" srcset=\"https:\/\/agora.xtec.cat\/escdelavila\/wp-content\/uploads\/usu2350\/2023\/02\/english.jpg 985w, https:\/\/agora.xtec.cat\/escdelavila\/wp-content\/uploads\/usu2350\/2023\/02\/english-300x262.jpg 300w, https:\/\/agora.xtec.cat\/escdelavila\/wp-content\/uploads\/usu2350\/2023\/02\/english-768x671.jpg 768w\" sizes=\"auto, (max-width: 500px) 100vw, 500px\" \/><a href=\"https:\/\/agora.xtec.cat\/escdelavila\/wp-content\/uploads\/usu2350\/2023\/02\/english.jpg\"><\/a><\/td><\/tr><tr><td class=\"has-text-align-center\" data-align=\"center\"><img loading=\"lazy\" decoding=\"async\" width=\"150\" height=\"82\" class=\"wp-image-891\" style=\"width: 150px;\" src=\"https:\/\/agora.xtec.cat\/escdelavila\/wp-content\/uploads\/usu2350\/2023\/03\/SE-CRP.jpg\" alt=\"\" srcset=\"https:\/\/agora.xtec.cat\/escdelavila\/wp-content\/uploads\/usu2350\/2023\/03\/SE-CRP.jpg 462w, https:\/\/agora.xtec.cat\/escdelavila\/wp-content\/uploads\/usu2350\/2023\/03\/SE-CRP-300x164.jpg 300w\" sizes=\"auto, (max-width: 150px) 100vw, 150px\" \/><a href=\"https:\/\/serveiseducatius.xtec.cat\/vallesoccidental8\/\"><\/a><\/td><td class=\"has-text-align-center\" data-align=\"center\"><img loading=\"lazy\" decoding=\"async\" width=\"150\" height=\"90\" class=\"wp-image-901\" style=\"width: 150px;\" src=\"https:\/\/agora.xtec.cat\/escdelavila\/wp-content\/uploads\/usu2350\/2023\/03\/baixa.png\" alt=\"\"><a href=\"https:\/\/agora.xtec.cat\/escdelavila\/wp-content\/uploads\/usu2350\/2023\/03\/baixa.png\"><\/a><\/td><\/tr><\/tbody><\/table><\/figure>\n","protected":false},"excerpt":{"rendered":"<p>FORMACI\u00d3 DEL CLAUSTRE EN PROJECTES DE TUTORIA ENTRE IGUALS<a href=\"https:\/\/drive.google.com\/file\/d\/1l1wg5St793IVx_qb6OrY4lXJthhT4K5c\/view?usp=drive_link\"><\/a>L\u2019escola participa en el <a href=\"https:\/\/webs.uab.cat\/grai\/\">GRUP DE RECERCA SOBRE APRENENTATGES ENTRE IGUALS<\/a>&nbsp; de l\u2019UAB, en un programa educatiu que utilitza la tutoria entre iguals (amb alumnes i fam\u00edlies) per a la millora de la compet\u00e8ncia lectora&hellip;  <a href=\"https:\/\/agora.xtec.cat\/escdelavila\/copia-altres-col%c2%b7laboracions\/\" title=\"Read ALTRES COL\u00b7LABORACIONS\">Llegeix m\u00e9s\u00bb<\/a><\/p>\n","protected":false},"author":1,"featured_media":0,"parent":0,"menu_order":0,"comment_status":"closed","ping_status":"close","template":"","meta":{"_bbp_topic_count":0,"_bbp_reply_count":0,"_bbp_total_topic_count":0,"_bbp_total_reply_count":0,"_bbp_voice_count":0,"_bbp_anonymous_reply_count":0,"_bbp_topic_count_hidden":0,"_bbp_reply_count_hidden":0,"_bbp_forum_subforum_count":0,"footnotes":""},"class_list":["post-2684","page","type-page","status-publish","hentry"],"post_mailing_queue_ids":[],"_links":{"self":[{"href":"https:\/\/agora.xtec.cat\/escdelavila\/wp-json\/wp\/v2\/pages\/2684","targetHints":{"allow":["GET"]}}],"collection":[{"href":"https:\/\/agora.xtec.cat\/escdelavila\/wp-json\/wp\/v2\/pages"}],"about":[{"href":"https:\/\/agora.xtec.cat\/escdelavila\/wp-json\/wp\/v2\/types\/page"}],"author":[{"embeddable":true,"href":"https:\/\/agora.xtec.cat\/escdelavila\/wp-json\/wp\/v2\/users\/1"}],"replies":[{"embeddable":true,"href":"https:\/\/agora.xtec.cat\/escdelavila\/wp-json\/wp\/v2\/comments?post=2684"}],"version-history":[{"count":4,"href":"https:\/\/agora.xtec.cat\/escdelavila\/wp-json\/wp\/v2\/pages\/2684\/revisions"}],"predecessor-version":[{"id":2721,"href":"https:\/\/agora.xtec.cat\/escdelavila\/wp-json\/wp\/v2\/pages\/2684\/revisions\/2721"}],"wp:attachment":[{"href":"https:\/\/agora.xtec.cat\/escdelavila\/wp-json\/wp\/v2\/media?parent=2684"}],"curies":[{"name":"wp","href":"https:\/\/api.w.org\/{rel}","templated":true}]}}