{"id":2650,"date":"2025-07-16T00:37:17","date_gmt":"2025-07-15T22:37:17","guid":{"rendered":"https:\/\/agora.xtec.cat\/escdelavila\/?page_id=2650"},"modified":"2025-07-16T13:33:34","modified_gmt":"2025-07-16T11:33:34","slug":"copia-de-carta-de-compromis","status":"publish","type":"page","link":"https:\/\/agora.xtec.cat\/escdelavila\/copia-de-carta-de-compromis\/","title":{"rendered":"CARTA DE COMPROM\u00cdS"},"content":{"rendered":"\n<p>La carta de comprom\u00eds educatiu \u00e9s un document que t\u00e9 com a finalitat potenciar la comunicaci\u00f3, la participaci\u00f3, la implicaci\u00f3, el comprom\u00eds i la corresponsabilitat entre els centres i les fam\u00edlies en l&#8217;educaci\u00f3 d&#8217;infants i joves.<\/p>\n\n\n\n<p>Per tant, la carta ha de contribuir, entre altres, als objectius seg\u00fcents:<\/p>\n\n\n\n<ul class=\"wp-block-list\">\n<li>\n<ul class=\"wp-block-list\">\n<li>Compartir amb les fam\u00edlies els principis i els continguts del projecte educatiu del centre i, si escau, els projectes educatius de l&#8217;entorn.<\/li>\n\n\n\n<li>Millorar la informaci\u00f3 i la comunicaci\u00f3 entre el centre i les fam\u00edlies.<\/li>\n\n\n\n<li>Facilitar a les fam\u00edlies l&#8217;exercici dels seus drets i el compliment dels deures.<\/li>\n\n\n\n<li>Fomentar la conviv\u00e8ncia i el bon clima escolar.<\/li>\n\n\n\n<li>Corresponsabilitzar el centre i la fam\u00edlia en l&#8217;\u00e8xit acad\u00e8mic, personal i social dels alumnes i tamb\u00e9 en el comprom\u00eds c\u00edvic dels infants i joves.<\/li>\n<\/ul>\n<\/li>\n<\/ul>\n\n\n<div class=\"wp-block-image\">\n<figure class=\"aligncenter is-resized\"><a href=\"https:\/\/drive.google.com\/file\/d\/1_9bRQ5C7yFZO6uQpu5fSXOvZT5xIAPUx\/view?usp=sharing\"><img loading=\"lazy\" decoding=\"async\" width=\"724\" height=\"1024\" src=\"https:\/\/agora.xtec.cat\/escdelavila\/wp-content\/uploads\/usu2350\/2023\/01\/CARTA-DE-COMPROMIS-724x1024.jpg\" alt=\"\" class=\"wp-image-639\" style=\"width:319px;height:auto\" srcset=\"https:\/\/agora.xtec.cat\/escdelavila\/wp-content\/uploads\/usu2350\/2023\/01\/CARTA-DE-COMPROMIS-724x1024.jpg 724w, https:\/\/agora.xtec.cat\/escdelavila\/wp-content\/uploads\/usu2350\/2023\/01\/CARTA-DE-COMPROMIS-212x300.jpg 212w, https:\/\/agora.xtec.cat\/escdelavila\/wp-content\/uploads\/usu2350\/2023\/01\/CARTA-DE-COMPROMIS-768x1087.jpg 768w, https:\/\/agora.xtec.cat\/escdelavila\/wp-content\/uploads\/usu2350\/2023\/01\/CARTA-DE-COMPROMIS.jpg 826w\" sizes=\"auto, (max-width: 724px) 100vw, 724px\" \/><\/a><\/figure><\/div>\n\n\n<p class=\"has-text-align-center\"><strong>Cliqueu dins de la imatge per descarregar<\/strong><\/p>\n","protected":false},"excerpt":{"rendered":"<p>La carta de comprom\u00eds educatiu \u00e9s un document que t\u00e9 com a finalitat potenciar la comunicaci\u00f3, la participaci\u00f3, la implicaci\u00f3, el comprom\u00eds i la corresponsabilitat entre els centres i les fam\u00edlies en l&#8217;educaci\u00f3 d&#8217;infants i joves.<\/p>\n<p>Per tant, la carta ha de contribuir, entre altres, als&hellip;  <a href=\"https:\/\/agora.xtec.cat\/escdelavila\/copia-de-carta-de-compromis\/\" title=\"Read CARTA DE COMPROM\u00cdS\">Llegeix m\u00e9s\u00bb<\/a><\/p>\n","protected":false},"author":1,"featured_media":0,"parent":0,"menu_order":0,"comment_status":"closed","ping_status":"close","template":"","meta":{"_bbp_topic_count":0,"_bbp_reply_count":0,"_bbp_total_topic_count":0,"_bbp_total_reply_count":0,"_bbp_voice_count":0,"_bbp_anonymous_reply_count":0,"_bbp_topic_count_hidden":0,"_bbp_reply_count_hidden":0,"_bbp_forum_subforum_count":0,"footnotes":""},"class_list":["post-2650","page","type-page","status-publish","hentry"],"post_mailing_queue_ids":[],"_links":{"self":[{"href":"https:\/\/agora.xtec.cat\/escdelavila\/wp-json\/wp\/v2\/pages\/2650","targetHints":{"allow":["GET"]}}],"collection":[{"href":"https:\/\/agora.xtec.cat\/escdelavila\/wp-json\/wp\/v2\/pages"}],"about":[{"href":"https:\/\/agora.xtec.cat\/escdelavila\/wp-json\/wp\/v2\/types\/page"}],"author":[{"embeddable":true,"href":"https:\/\/agora.xtec.cat\/escdelavila\/wp-json\/wp\/v2\/users\/1"}],"replies":[{"embeddable":true,"href":"https:\/\/agora.xtec.cat\/escdelavila\/wp-json\/wp\/v2\/comments?post=2650"}],"version-history":[{"count":3,"href":"https:\/\/agora.xtec.cat\/escdelavila\/wp-json\/wp\/v2\/pages\/2650\/revisions"}],"predecessor-version":[{"id":2740,"href":"https:\/\/agora.xtec.cat\/escdelavila\/wp-json\/wp\/v2\/pages\/2650\/revisions\/2740"}],"wp:attachment":[{"href":"https:\/\/agora.xtec.cat\/escdelavila\/wp-json\/wp\/v2\/media?parent=2650"}],"curies":[{"name":"wp","href":"https:\/\/api.w.org\/{rel}","templated":true}]}}