{"id":9,"date":"2014-09-17T15:08:18","date_gmt":"2014-09-17T14:08:18","guid":{"rendered":"http:\/\/agora.xtec.cat\/escbaldirireixaclavila\/?page_id=9"},"modified":"2026-04-23T13:04:04","modified_gmt":"2026-04-23T11:04:04","slug":"pagina-dinici-buida","status":"publish","type":"page","link":"https:\/\/agora.xtec.cat\/escbaldirireixaclavila\/","title":{"rendered":"Escola de la Vila &#8220;Baldiri Reixac&#8221;"},"content":{"rendered":"<h1 style=\"text-align: center;\"><span style=\"color: #000000;\"><strong>PREINSCRIPCI\u00d3 &#8211; CURS 26-27<\/strong><\/span><\/h1>\n<p><a href=\"https:\/\/agora.xtec.cat\/escbaldirireixaclavila\/wp-content\/uploads\/usu50\/2026\/03\/imatge-impacte.jpg\"><img loading=\"lazy\" decoding=\"async\" class=\"size-large wp-image-10040 aligncenter\" src=\"https:\/\/agora.xtec.cat\/escbaldirireixaclavila\/wp-content\/uploads\/usu50\/2026\/03\/imatge-impacte-1024x200.jpg\" alt=\"\" width=\"1024\" height=\"200\" srcset=\"https:\/\/agora.xtec.cat\/escbaldirireixaclavila\/wp-content\/uploads\/usu50\/2026\/03\/imatge-impacte-1024x200.jpg 1024w, https:\/\/agora.xtec.cat\/escbaldirireixaclavila\/wp-content\/uploads\/usu50\/2026\/03\/imatge-impacte-300x59.jpg 300w, https:\/\/agora.xtec.cat\/escbaldirireixaclavila\/wp-content\/uploads\/usu50\/2026\/03\/imatge-impacte-768x150.jpg 768w, https:\/\/agora.xtec.cat\/escbaldirireixaclavila\/wp-content\/uploads\/usu50\/2026\/03\/imatge-impacte-1536x301.jpg 1536w, https:\/\/agora.xtec.cat\/escbaldirireixaclavila\/wp-content\/uploads\/usu50\/2026\/03\/imatge-impacte.jpg 1900w\" sizes=\"auto, (max-width: 1024px) 100vw, 1024px\" \/><\/a><\/p>\n<p><strong>Nom\u00e9s pels alumnes de 6\u00e8, que passen a secund\u00e0ria, i per les noves incorporacions a l\u2019escola.\u00a0\u00a0 <\/strong><\/p>\n<p>-Educaci\u00f3 infantil de segon cicle (I3, I4 i I5), Educaci\u00f3 Prim\u00e0ria: Del 4 al 18 de mar\u00e7 de 2026.<\/p>\n<p>-Educaci\u00f3 Secund\u00e0ria Obligat\u00f2ria (ESO): De 6 al 18 de mar\u00e7 de 2026.<\/p>\n<p>Com cada any, les preinscripcions es fan per via telem\u00e0tica Per a les preinscripcions a la nostra escola tamb\u00e9 podeu demanar cita pr\u00e8via (Tel. 972570660) i venir presencialment.<\/p>\n<p>Per a m\u00e9s informaci\u00f3 <a href=\"https:\/\/preinscripcio.gencat.cat\/ca\/inici\/\">https:\/\/preinscripcio.gencat.cat\/ca\/inici\/<\/a><\/p>\n<ul>\n<li>Publicaci\u00f3 de l&#8217;oferta inicial de places a 03\/03\/2026 &#8211; <a href=\"https:\/\/agora.xtec.cat\/escbaldirireixaclavila\/wp-content\/uploads\/usu50\/2026\/03\/INFORME_OFERTA_OME_INFORME_OFERTA.pdf\" target=\"_blank\" rel=\"noopener\">&#8220;Clica aqu\u00ed&#8221;<\/a><\/li>\n<li>Publicaci\u00f3 de la llista de sol\u00b7licituds que han demanat el centre i l&#8217;ensenyament en primera petici\u00f3 amb la puntuaci\u00f3 provisional a 15\/04\/2026 &#8211; <a href=\"https:\/\/agora.xtec.cat\/escbaldirireixaclavila\/wp-content\/uploads\/usu50\/2026\/04\/INFORME_BAREM_PROVISIONAL_BAREM-1.pdf\" target=\"_blank\" rel=\"noopener\">&#8220;Clica aqu\u00ed&#8221;<\/a><\/li>\n<li>Publicaci\u00f3 de la llista de sol\u00b7licituds que han demanat el centre i l&#8217;ensenyament en primera petici\u00f3 amb la puntuaci\u00f3 resoltes les reclamacions a 23\/04\/2026 &#8211; <a href=\"https:\/\/agora.xtec.cat\/escbaldirireixaclavila\/wp-content\/uploads\/usu50\/2026\/04\/INFORME_BAREM_RESOLTES_BAREM.pdf\" target=\"_blank\" rel=\"noopener\">&#8220;Clica aqu\u00ed&#8221;<\/a><\/li>\n<\/ul>\n<p>&nbsp;<\/p>\n<h3 style=\"text-align: center;\"><a href=\"https:\/\/sites.google.com\/xtec.cat\/lavila-coneix-lescola-2026\/p%C3%A0gina-dinici\" target=\"_blank\" rel=\"noopener\"><img loading=\"lazy\" decoding=\"async\" class=\"wp-image-10032 alignleft\" src=\"https:\/\/agora.xtec.cat\/escbaldirireixaclavila\/wp-content\/uploads\/usu50\/2026\/02\/Captura-de-pantalla-2026-02-18-151515.jpg\" alt=\"\" width=\"419\" height=\"198\" srcset=\"https:\/\/agora.xtec.cat\/escbaldirireixaclavila\/wp-content\/uploads\/usu50\/2026\/02\/Captura-de-pantalla-2026-02-18-151515.jpg 787w, https:\/\/agora.xtec.cat\/escbaldirireixaclavila\/wp-content\/uploads\/usu50\/2026\/02\/Captura-de-pantalla-2026-02-18-151515-300x142.jpg 300w, https:\/\/agora.xtec.cat\/escbaldirireixaclavila\/wp-content\/uploads\/usu50\/2026\/02\/Captura-de-pantalla-2026-02-18-151515-768x363.jpg 768w\" sizes=\"auto, (max-width: 419px) 100vw, 419px\" \/><\/a><\/h3>\n<h1 style=\"text-align: left;\"><span style=\"color: #000000;\"><a style=\"color: #000000;\" href=\"https:\/\/sites.google.com\/xtec.cat\/lavila-coneix-lescola-2026\/p%C3%A0gina-dinici\" target=\"_blank\" rel=\"noopener\">&#8220;Coneix l&#8217;Escola&#8221;<\/a><\/span><\/h1>\n<h3 style=\"text-align: left;\"><a href=\"https:\/\/sites.google.com\/xtec.cat\/lavila-coneix-lescola-2026\/p%C3%A0gina-dinici\" target=\"_blank\" rel=\"noopener\">Clica aqu\u00ed<\/a><\/h3>\n","protected":false},"excerpt":{"rendered":"<p>PREINSCRIPCI\u00d3 &#8211; CURS 26-27<br \/>\n<a href=\"https:\/\/agora.xtec.cat\/escbaldirireixaclavila\/wp-content\/uploads\/usu50\/2026\/03\/imatge-impacte.jpg\"><\/a><br \/>\nNom\u00e9s pels alumnes de 6\u00e8, que passen a secund\u00e0ria, i per les noves incorporacions a l\u2019escola.\u00a0\u00a0<br \/>\n-Educaci\u00f3 infantil de segon cicle (I3, I4 i I5), Educaci\u00f3 Prim\u00e0ria: Del 4 al 18 de mar\u00e7 de 2026.<br \/>\n-Educaci\u00f3 Secund\u00e0ria Obligat\u00f2ria (ESO): De 6 al&hellip;  <a href=\"https:\/\/agora.xtec.cat\/escbaldirireixaclavila\/\" title=\"Read Escola de la Vila &#8220;Baldiri Reixac&#8221;\">Llegeix m\u00e9s\u00bb<\/a><\/p>\n","protected":false},"author":1,"featured_media":0,"parent":7,"menu_order":0,"comment_status":"closed","ping_status":"closed","template":"page-templates\/front-page.php","meta":{"_bbp_topic_count":0,"_bbp_reply_count":0,"_bbp_total_topic_count":0,"_bbp_total_reply_count":0,"_bbp_voice_count":0,"_bbp_anonymous_reply_count":0,"_bbp_topic_count_hidden":0,"_bbp_reply_count_hidden":0,"_bbp_forum_subforum_count":0,"footnotes":""},"class_list":["post-9","page","type-page","status-publish","hentry"],"post_mailing_queue_ids":[],"_links":{"self":[{"href":"https:\/\/agora.xtec.cat\/escbaldirireixaclavila\/wp-json\/wp\/v2\/pages\/9","targetHints":{"allow":["GET"]}}],"collection":[{"href":"https:\/\/agora.xtec.cat\/escbaldirireixaclavila\/wp-json\/wp\/v2\/pages"}],"about":[{"href":"https:\/\/agora.xtec.cat\/escbaldirireixaclavila\/wp-json\/wp\/v2\/types\/page"}],"author":[{"embeddable":true,"href":"https:\/\/agora.xtec.cat\/escbaldirireixaclavila\/wp-json\/wp\/v2\/users\/1"}],"replies":[{"embeddable":true,"href":"https:\/\/agora.xtec.cat\/escbaldirireixaclavila\/wp-json\/wp\/v2\/comments?post=9"}],"version-history":[{"count":10,"href":"https:\/\/agora.xtec.cat\/escbaldirireixaclavila\/wp-json\/wp\/v2\/pages\/9\/revisions"}],"predecessor-version":[{"id":10063,"href":"https:\/\/agora.xtec.cat\/escbaldirireixaclavila\/wp-json\/wp\/v2\/pages\/9\/revisions\/10063"}],"up":[{"embeddable":true,"href":"https:\/\/agora.xtec.cat\/escbaldirireixaclavila\/wp-json\/wp\/v2\/pages\/7"}],"wp:attachment":[{"href":"https:\/\/agora.xtec.cat\/escbaldirireixaclavila\/wp-json\/wp\/v2\/media?parent=9"}],"curies":[{"name":"wp","href":"https:\/\/api.w.org\/{rel}","templated":true}]}}