{"id":1264,"date":"2022-05-10T16:15:32","date_gmt":"2022-05-10T14:15:32","guid":{"rendered":"https:\/\/agora.xtec.cat\/escaldana\/?page_id=1264"},"modified":"2024-11-13T13:33:48","modified_gmt":"2024-11-13T12:33:48","slug":"temps-dacollida-i-comiat","status":"publish","type":"page","link":"https:\/\/agora.xtec.cat\/escaldana\/sites\/temps-unics-i-especials\/temps-dacollida-i-comiat\/","title":{"rendered":"Temps d&#8217;acollida i comiat"},"content":{"rendered":"<p style=\"text-align: justify;\"><span style=\"font-family: inherit; font-size: 1em; color: #808080;\">Els primers dies a l\u2019escola i sobretot en l\u2019edat de 3 anys \u00e9s l\u2019inici d\u2019un llarg per\u00edode d\u2019escolaritzaci\u00f3 pels infants i les fam\u00edlies. Per aix\u00f2 procurem i vetllem perqu\u00e8 sigui un proc\u00e9s tranquil i suau. Per una banda contemplem la possibilitat que les fam\u00edlies puguin estar amb els seus fills i filles a l\u2019escola durant tota la jornada, mentre dura aquest temps d\u2019adaptaci\u00f3 ja que entenem que cada infant s\u2019adapta a l\u2019escola d\u2019una manera diferent i la durada del proc\u00e9s pot variar molt.<\/span><\/p>\n<p style=\"text-align: justify;\"><span style=\"color: #808080;\">Per\u00f2 per altra banda sabem que comen\u00e7ar l\u2019escola suposa tamb\u00e9 per als pares i mares con\u00e8ixer espais i ritmes, i establir nous vincles amb els mestres, entre moltes altres situacions que suposen viure moments intensos. L\u2019escola, basada en la comunicaci\u00f3 i el respecte, i en aquest afany de compartir el projecte pedag\u00f2gic, ha de tenir tamb\u00e9 present com fem l\u2019acollida de les fam\u00edlies. Una acollida que no nom\u00e9s es resumeix en els primers dies d\u2019escola, sin\u00f3 que comen\u00e7a molt abans que l\u2019escola obri les portes al setembre.<\/span><\/p>\n<p style=\"text-align: justify;\"><span style=\"color: #808080;\">Qu\u00e8 proposem?<\/span><\/p>\n<ul>\n<li style=\"text-align: justify;\"><span style=\"color: #808080;\">Una trobada amb les fam\u00edlies del grup al juny. Per moltes fam\u00edlies \u00e9s potser el primer moment d\u2019entrar a l\u2019escola o potser tenen el record lluny\u00e0 d\u2019unes portes obertes plenes de neguits. \u00c9s el primer contacte amb l\u2019equip pedag\u00f2gic i l\u2019escola . Moment d\u2019acollida c\u00e0lida, de tramar confian\u00e7a respecte on portaran els seus fills\/es, resoldre incerteses o dubtes, explicar com seran els primers dies de curs al comen\u00e7ar el curs\u2026.<\/span><\/li>\n<li style=\"text-align: justify;\"><span style=\"color: #808080;\">Una conversa individual\u00a0 del tutor amb cada fam\u00edlia un cop iniciat el curs al llarg de les tardes. Aqu\u00ed b\u00e0sicament escoltarem, respondrem dubtes, compartirem expectatives, il\u00b7lusions, i sobretot ser\u00e0 el primer contacte per iniciar un vincle basat en la confian\u00e7a i el respecte. \u00a0 Aquesta trobada es dur\u00e0 a terme la primera setmana de curs a les tardes.<\/span><\/li>\n<\/ul>\n<p><iframe loading=\"lazy\" src=\"\/\/www.youtube.com\/embed\/y6SsmGG2hXQ\" width=\"560\" height=\"314\" allowfullscreen=\"allowfullscreen\"><\/iframe><\/p>\n<p>&nbsp;<\/p>\n","protected":false},"excerpt":{"rendered":"<p>Els primers dies a l\u2019escola i sobretot en l\u2019edat de 3 anys \u00e9s l\u2019inici d\u2019un llarg per\u00edode d\u2019escolaritzaci\u00f3 pels infants i les fam\u00edlies. Per aix\u00f2 procurem i vetllem perqu\u00e8 sigui un proc\u00e9s tranquil i suau. Per una banda contemplem la possibilitat que les fam\u00edlies puguin&hellip;  <a href=\"https:\/\/agora.xtec.cat\/escaldana\/sites\/temps-unics-i-especials\/temps-dacollida-i-comiat\/\" title=\"Read Temps d&#8217;acollida i comiat\">Llegeix m\u00e9s\u00bb<\/a><\/p>\n","protected":false},"author":1,"featured_media":0,"parent":1143,"menu_order":36,"comment_status":"closed","ping_status":"closed","template":"page-templates\/side-menu.php","meta":{"_bbp_topic_count":0,"_bbp_reply_count":0,"_bbp_total_topic_count":0,"_bbp_total_reply_count":0,"_bbp_voice_count":0,"_bbp_anonymous_reply_count":0,"_bbp_topic_count_hidden":0,"_bbp_reply_count_hidden":0,"_bbp_forum_subforum_count":0,"footnotes":""},"class_list":["post-1264","page","type-page","status-publish","hentry"],"post_mailing_queue_ids":[],"_links":{"self":[{"href":"https:\/\/agora.xtec.cat\/escaldana\/wp-json\/wp\/v2\/pages\/1264","targetHints":{"allow":["GET"]}}],"collection":[{"href":"https:\/\/agora.xtec.cat\/escaldana\/wp-json\/wp\/v2\/pages"}],"about":[{"href":"https:\/\/agora.xtec.cat\/escaldana\/wp-json\/wp\/v2\/types\/page"}],"author":[{"embeddable":true,"href":"https:\/\/agora.xtec.cat\/escaldana\/wp-json\/wp\/v2\/users\/1"}],"replies":[{"embeddable":true,"href":"https:\/\/agora.xtec.cat\/escaldana\/wp-json\/wp\/v2\/comments?post=1264"}],"version-history":[{"count":5,"href":"https:\/\/agora.xtec.cat\/escaldana\/wp-json\/wp\/v2\/pages\/1264\/revisions"}],"predecessor-version":[{"id":1976,"href":"https:\/\/agora.xtec.cat\/escaldana\/wp-json\/wp\/v2\/pages\/1264\/revisions\/1976"}],"up":[{"embeddable":true,"href":"https:\/\/agora.xtec.cat\/escaldana\/wp-json\/wp\/v2\/pages\/1143"}],"wp:attachment":[{"href":"https:\/\/agora.xtec.cat\/escaldana\/wp-json\/wp\/v2\/media?parent=1264"}],"curies":[{"name":"wp","href":"https:\/\/api.w.org\/{rel}","templated":true}]}}