{"id":545,"date":"2021-12-06T10:18:43","date_gmt":"2021-12-06T09:18:43","guid":{"rendered":"https:\/\/agora.xtec.cat\/esc-unamuno\/?page_id=545"},"modified":"2026-04-07T10:01:43","modified_gmt":"2026-04-07T08:01:43","slug":"afa","status":"publish","type":"page","link":"https:\/\/agora.xtec.cat\/esc-unamuno\/lescola\/afa\/","title":{"rendered":"AFA"},"content":{"rendered":"<p><a href=\"https:\/\/agora.xtec.cat\/esc-unamuno\/wp-content\/uploads\/usu2206\/2023\/11\/AFA_LOGO-1.png\"><img loading=\"lazy\" decoding=\"async\" class=\"alignnone wp-image-4499\" src=\"https:\/\/agora.xtec.cat\/esc-unamuno\/wp-content\/uploads\/usu2206\/2023\/11\/AFA_LOGO-1.png\" alt=\"\" width=\"161\" height=\"112\" srcset=\"https:\/\/agora.xtec.cat\/esc-unamuno\/wp-content\/uploads\/usu2206\/2023\/11\/AFA_LOGO-1.png 1238w, https:\/\/agora.xtec.cat\/esc-unamuno\/wp-content\/uploads\/usu2206\/2023\/11\/AFA_LOGO-1-300x209.png 300w, https:\/\/agora.xtec.cat\/esc-unamuno\/wp-content\/uploads\/usu2206\/2023\/11\/AFA_LOGO-1-1024x715.png 1024w, https:\/\/agora.xtec.cat\/esc-unamuno\/wp-content\/uploads\/usu2206\/2023\/11\/AFA_LOGO-1-768x536.png 768w\" sizes=\"auto, (max-width: 161px) 100vw, 161px\" \/><\/a><\/p>\n<p style=\"text-align: center;\"><span style=\"font-family: 'arial black', sans-serif;\"><strong>FESTA DE LA PRIMAVERA<\/strong><\/span><\/p>\n<p>El passat divendres 27 de mar\u00e7, quan el rellotge marcava les 17:00 h, el pati de l&#8217;escola es va omplir de colors, rialles i molta energia. L&#8217;AFA va organitzar la Festa de la Primavera per a tot l&#8217;alumnat, i va ser tot un \u00e8xit! Voleu veure com va anar? Cliqueu damunt de la foto seg\u00fcent per accedir a l&#8217;\u00e0lbum de fotografies:<\/p>\n<p><strong><a href=\"https:\/\/photos.app.goo.gl\/PY5PhDcLTFR9tXRx9\"><img loading=\"lazy\" decoding=\"async\" class=\"wp-image-6539 aligncenter\" src=\"https:\/\/agora.xtec.cat\/esc-unamuno\/wp-content\/uploads\/usu2206\/2026\/04\/IMG-20260328-WA0083-1-768x1024.jpg\" alt=\"\" width=\"336\" height=\"448\" srcset=\"https:\/\/agora.xtec.cat\/esc-unamuno\/wp-content\/uploads\/usu2206\/2026\/04\/IMG-20260328-WA0083-1-768x1024.jpg 768w, https:\/\/agora.xtec.cat\/esc-unamuno\/wp-content\/uploads\/usu2206\/2026\/04\/IMG-20260328-WA0083-1-225x300.jpg 225w, https:\/\/agora.xtec.cat\/esc-unamuno\/wp-content\/uploads\/usu2206\/2026\/04\/IMG-20260328-WA0083-1-1152x1536.jpg 1152w, https:\/\/agora.xtec.cat\/esc-unamuno\/wp-content\/uploads\/usu2206\/2026\/04\/IMG-20260328-WA0083-1.jpg 1536w\" sizes=\"auto, (max-width: 336px) 100vw, 336px\" \/><\/a><\/strong><\/p>\n<p style=\"text-align: center;\"><strong>RAVALEANDO<\/strong><\/p>\n<p data-pm-slice=\"1 1 []\">El passat 15 de novembre vam prendre part en una de les celebracions del nostre barri, el Ravaleando.<\/p>\n<p>Com a AFA, vam muntar diverses activitats molt ben rebudes: tallers de trenes, pintacares i tatuatges temporals inspirats en el tema de la pau.<\/p>\n<p>Va ser una jornada d&#8217;enorme \u00e8xit de p\u00fablic. Volem expressar el nostre m\u00e9s sincer agra\u00efment a totes les fam\u00edlies volunt\u00e0ries que van dedicar tot el mat\u00ed a col\u00b7laborar i fer gaudir tant els infants com els adults.<\/p>\n<p>&nbsp;<\/p>\n<p><a href=\"https:\/\/photos.app.goo.gl\/4FQDZMeKLxGj6MPu8\"><img loading=\"lazy\" decoding=\"async\" class=\"wp-image-6137 aligncenter\" src=\"https:\/\/agora.xtec.cat\/esc-unamuno\/wp-content\/uploads\/usu2206\/2025\/11\/Screenshot_20251116-092243_Instagram-2.jpg\" alt=\"\" width=\"215\" height=\"354\" srcset=\"https:\/\/agora.xtec.cat\/esc-unamuno\/wp-content\/uploads\/usu2206\/2025\/11\/Screenshot_20251116-092243_Instagram-2.jpg 525w, https:\/\/agora.xtec.cat\/esc-unamuno\/wp-content\/uploads\/usu2206\/2025\/11\/Screenshot_20251116-092243_Instagram-2-182x300.jpg 182w\" sizes=\"auto, (max-width: 215px) 100vw, 215px\" \/><\/a><\/p>\n<p>&nbsp;<\/p>\n<p style=\"text-align: center;\"><strong>CASTALLOWEEN<\/strong><\/p>\n<p data-pm-slice=\"1 1 []\">El passat 30 d&#8217;octubre vam celebrar el <strong>Castalloween<\/strong>, la festa comunit\u00e0ria que fusiona la Castanyada i Halloween per a infants i fam\u00edlies, i <strong>va ser un \u00e8xit!<\/strong><\/p>\n<p>Els m\u00e9s petits van gaudir molt amb el taller de <strong>tatuatges i pintacares<\/strong> organitzat per l&#8217;AFA.<\/p>\n<p>&nbsp;<\/p>\n<p>&nbsp;<\/p>\n<table style=\"border-collapse: collapse; width: 100%;\">\n<tbody>\n<tr>\n<td style=\"width: 50%;\">&nbsp;<\/p>\n<p>&nbsp;<\/p>\n<p><a style=\"color: #2795b6; font-size: 16px;\" href=\"https:\/\/agora.xtec.cat\/esc-unamuno\/wp-content\/uploads\/usu2206\/2025\/11\/IMG-20251030-WA0072.jpg\">\u00a0 \u00a0 \u00a0 \u00a0 \u00a0 \u00a0 \u00a0 \u00a0<img loading=\"lazy\" decoding=\"async\" class=\"alignnone wp-image-6007\" src=\"https:\/\/agora.xtec.cat\/esc-unamuno\/wp-content\/uploads\/usu2206\/2025\/11\/IMG-20251030-WA0072-1024x576.jpg\" alt=\"\" width=\"469\" height=\"264\" srcset=\"https:\/\/agora.xtec.cat\/esc-unamuno\/wp-content\/uploads\/usu2206\/2025\/11\/IMG-20251030-WA0072-1024x576.jpg 1024w, https:\/\/agora.xtec.cat\/esc-unamuno\/wp-content\/uploads\/usu2206\/2025\/11\/IMG-20251030-WA0072-300x169.jpg 300w, https:\/\/agora.xtec.cat\/esc-unamuno\/wp-content\/uploads\/usu2206\/2025\/11\/IMG-20251030-WA0072-768x432.jpg 768w, https:\/\/agora.xtec.cat\/esc-unamuno\/wp-content\/uploads\/usu2206\/2025\/11\/IMG-20251030-WA0072-1536x864.jpg 1536w, https:\/\/agora.xtec.cat\/esc-unamuno\/wp-content\/uploads\/usu2206\/2025\/11\/IMG-20251030-WA0072.jpg 1599w\" sizes=\"auto, (max-width: 469px) 100vw, 469px\" \/><\/a><\/p>\n<p>&nbsp;<\/td>\n<td style=\"width: 50%;\"><a href=\"https:\/\/agora.xtec.cat\/esc-unamuno\/wp-content\/uploads\/usu2206\/2025\/11\/IMG-20251030-WA0039.jpg\">\u00a0 \u00a0 \u00a0 \u00a0 \u00a0 \u00a0 \u00a0 \u00a0 \u00a0 \u00a0 \u00a0 \u00a0 \u00a0 \u00a0 \u00a0 \u00a0 \u00a0 \u00a0 \u00a0 \u00a0 \u00a0 \u00a0 \u00a0 \u00a0 <img loading=\"lazy\" decoding=\"async\" class=\"alignnone wp-image-6008\" src=\"https:\/\/agora.xtec.cat\/esc-unamuno\/wp-content\/uploads\/usu2206\/2025\/11\/IMG-20251030-WA0039-576x1024.jpg\" alt=\"\" width=\"234\" height=\"416\" srcset=\"https:\/\/agora.xtec.cat\/esc-unamuno\/wp-content\/uploads\/usu2206\/2025\/11\/IMG-20251030-WA0039-576x1024.jpg 576w, https:\/\/agora.xtec.cat\/esc-unamuno\/wp-content\/uploads\/usu2206\/2025\/11\/IMG-20251030-WA0039-169x300.jpg 169w, https:\/\/agora.xtec.cat\/esc-unamuno\/wp-content\/uploads\/usu2206\/2025\/11\/IMG-20251030-WA0039-768x1366.jpg 768w, https:\/\/agora.xtec.cat\/esc-unamuno\/wp-content\/uploads\/usu2206\/2025\/11\/IMG-20251030-WA0039-864x1536.jpg 864w, https:\/\/agora.xtec.cat\/esc-unamuno\/wp-content\/uploads\/usu2206\/2025\/11\/IMG-20251030-WA0039.jpg 899w\" sizes=\"auto, (max-width: 234px) 100vw, 234px\" \/><\/a><\/td>\n<\/tr>\n<\/tbody>\n<\/table>\n<p>&nbsp;<\/p>\n<p>&nbsp;<\/p>\n<p style=\"text-align: center;\"><strong>FESTA FI DE CURS<\/strong><\/p>\n<p>Ahir, dijous 19 de juny, l&#8217;AFA va celebrar la Festa de Fi de Curs de la nostra escola i va ser tot un \u00e8xit! Els nens i les nenes van gaudir al m\u00e0xim de totes les activitats.<\/p>\n<p>Des de l&#8217;AFA us volen agrair de cor la vostra col\u00b7laboraci\u00f3 i suport. Sense la vostra implicaci\u00f3, aquestes celebracions no serien possibles.<\/p>\n<p>Us animem a continuar participant activament i formant part de l&#8217;AFA. La vostra aportaci\u00f3 \u00e9s fonamental per a la vida de l&#8217;escola i per al benestar dels vostres fills i filles.<\/p>\n<p>Moltes gr\u00e0cies de nou per ser-hi!<\/p>\n<p><strong>CLIQUEU DAMUNT LA FOTO!<\/strong><\/p>\n<p>&nbsp;<\/p>\n<p><a href=\"https:\/\/photos.app.goo.gl\/nk8MKhKgMUF8t53BA\"><img loading=\"lazy\" decoding=\"async\" class=\"wp-image-5923 aligncenter\" src=\"https:\/\/agora.xtec.cat\/esc-unamuno\/wp-content\/uploads\/usu2206\/2025\/06\/IMG-20250619-WA0080-1-1024x768.jpg\" alt=\"\" width=\"452\" height=\"339\" srcset=\"https:\/\/agora.xtec.cat\/esc-unamuno\/wp-content\/uploads\/usu2206\/2025\/06\/IMG-20250619-WA0080-1-1024x768.jpg 1024w, https:\/\/agora.xtec.cat\/esc-unamuno\/wp-content\/uploads\/usu2206\/2025\/06\/IMG-20250619-WA0080-1-300x225.jpg 300w, https:\/\/agora.xtec.cat\/esc-unamuno\/wp-content\/uploads\/usu2206\/2025\/06\/IMG-20250619-WA0080-1-768x576.jpg 768w, https:\/\/agora.xtec.cat\/esc-unamuno\/wp-content\/uploads\/usu2206\/2025\/06\/IMG-20250619-WA0080-1-1536x1152.jpg 1536w, https:\/\/agora.xtec.cat\/esc-unamuno\/wp-content\/uploads\/usu2206\/2025\/06\/IMG-20250619-WA0080-1-2048x1536.jpg 2048w, https:\/\/agora.xtec.cat\/esc-unamuno\/wp-content\/uploads\/usu2206\/2025\/06\/IMG-20250619-WA0080-1-200x150.jpg 200w\" sizes=\"auto, (max-width: 452px) 100vw, 452px\" \/><\/a><\/p>\n<p>&nbsp;<\/p>\n<p>&nbsp;<\/p>\n<p>&nbsp;<\/p>\n<p style=\"text-align: center;\"><span style=\"font-family: 'comic sans ms', sans-serif;\"><strong>FESTA PRIMAVERA<\/strong><\/span><\/p>\n<p data-sourcepos=\"9:1-9:311\">El passat <strong>divendres 23 de maig<\/strong> vam tenir una tarda fant\u00e0stica celebrant la primavera amb un berenar familiar que va ser tot un \u00e8xit! Volem donar-vos les gr\u00e0cies a totes les fam\u00edlies que vau venir i vau compartir els vostres deliciosos \u00e0pats. Va ser un plaer veure la quantitat de coses bones que vau portar!<\/p>\n<p data-sourcepos=\"11:1-11:317\">Des de l&#8217;<strong>AFA<\/strong> vam voler que el berenar fos tamb\u00e9 molt saludable, per aix\u00f2 vam aportar una gran varietat de <strong>fruites i verdures<\/strong> per complementar tots els \u00e0pats que vau preparar. Creiem que \u00e9s important fomentar els h\u00e0bits saludables des de petits, i quina millor manera que fent-ho tots junts en un dia de festa!<\/p>\n<p data-sourcepos=\"11:1-11:317\">El moment m\u00e9s esperat de la tarda, i el veritable cor de la festa, van ser les <strong>exhibicions<\/strong> dels nostres alumnes de les activitats extraescolars. Aquest any, gr\u00e0cies a l&#8217;AFA, hem pogut oferir:<\/p>\n<ul data-sourcepos=\"19:1-24:0\">\n<li data-sourcepos=\"19:1-19:12\">Karate<\/li>\n<li data-sourcepos=\"20:1-20:15\">Patinatge<\/li>\n<li data-sourcepos=\"21:1-21:12\">Futbol<\/li>\n<li data-sourcepos=\"22:1-22:10\">Ball<\/li>\n<li data-sourcepos=\"23:1-24:0\">Angl\u00e8s<\/li>\n<\/ul>\n<p data-sourcepos=\"25:1-25:171\">Va ser emocionant veure tot el que han apr\u00e8s els nens i nenes al llarg del curs! Un aplaudiment gegant per a tots ells i elles per l&#8217;esfor\u00e7 i la dedicaci\u00f3 que van mostrar.<\/p>\n<p><strong>CLIQUEU DAMUNT LA FOTO.<\/strong><\/p>\n<p><a href=\"https:\/\/photos.app.goo.gl\/hKeegy6FkTtmNGMX9\"><img loading=\"lazy\" decoding=\"async\" class=\"wp-image-5874 aligncenter\" src=\"https:\/\/agora.xtec.cat\/esc-unamuno\/wp-content\/uploads\/usu2206\/2025\/05\/IMG-20250523-WA0038-1-1024x1024.jpg\" alt=\"\" width=\"488\" height=\"488\" srcset=\"https:\/\/agora.xtec.cat\/esc-unamuno\/wp-content\/uploads\/usu2206\/2025\/05\/IMG-20250523-WA0038-1-1024x1024.jpg 1024w, https:\/\/agora.xtec.cat\/esc-unamuno\/wp-content\/uploads\/usu2206\/2025\/05\/IMG-20250523-WA0038-1-300x300.jpg 300w, https:\/\/agora.xtec.cat\/esc-unamuno\/wp-content\/uploads\/usu2206\/2025\/05\/IMG-20250523-WA0038-1-150x150.jpg 150w, https:\/\/agora.xtec.cat\/esc-unamuno\/wp-content\/uploads\/usu2206\/2025\/05\/IMG-20250523-WA0038-1-768x768.jpg 768w, https:\/\/agora.xtec.cat\/esc-unamuno\/wp-content\/uploads\/usu2206\/2025\/05\/IMG-20250523-WA0038-1-1536x1536.jpg 1536w, https:\/\/agora.xtec.cat\/esc-unamuno\/wp-content\/uploads\/usu2206\/2025\/05\/IMG-20250523-WA0038-1.jpg 2048w\" sizes=\"auto, (max-width: 488px) 100vw, 488px\" \/><\/a><\/p>\n<p>&nbsp;<\/p>\n<p>&nbsp;<\/p>\n<p>&nbsp;<\/p>\n<p>&nbsp;<\/p>\n<p>&nbsp;<\/p>\n<p style=\"text-align: center;\"><strong>FESTIVAL DE BALL<\/strong><\/p>\n<div dir=\"auto\">La setmana passada les alumnes de l&#8217;extraescolar de ball van fer el Festival de final de curs al Teatre Blas Infante de Badalona. Us deixem un v\u00eddeo i fotos on podreu veure com van gaudir! Cliqueu damunt la foto.<\/div>\n<div dir=\"auto\"><\/div>\n<div dir=\"auto\"><\/div>\n<div dir=\"auto\"><\/div>\n<div dir=\"auto\"><\/div>\n<div dir=\"auto\"><a href=\"https:\/\/photos.app.goo.gl\/Lv72K8msTmFD8txZ7\"><img loading=\"lazy\" decoding=\"async\" class=\"wp-image-5794 aligncenter\" src=\"https:\/\/agora.xtec.cat\/esc-unamuno\/wp-content\/uploads\/usu2206\/2025\/05\/IMG-20250428-WA0002-1024x576.jpg\" alt=\"\" width=\"413\" height=\"232\" srcset=\"https:\/\/agora.xtec.cat\/esc-unamuno\/wp-content\/uploads\/usu2206\/2025\/05\/IMG-20250428-WA0002-1024x576.jpg 1024w, https:\/\/agora.xtec.cat\/esc-unamuno\/wp-content\/uploads\/usu2206\/2025\/05\/IMG-20250428-WA0002-300x169.jpg 300w, https:\/\/agora.xtec.cat\/esc-unamuno\/wp-content\/uploads\/usu2206\/2025\/05\/IMG-20250428-WA0002-768x432.jpg 768w, https:\/\/agora.xtec.cat\/esc-unamuno\/wp-content\/uploads\/usu2206\/2025\/05\/IMG-20250428-WA0002-1536x864.jpg 1536w, https:\/\/agora.xtec.cat\/esc-unamuno\/wp-content\/uploads\/usu2206\/2025\/05\/IMG-20250428-WA0002.jpg 2048w\" sizes=\"auto, (max-width: 413px) 100vw, 413px\" \/><\/a><\/div>\n<p>&nbsp;<\/p>\n<p style=\"text-align: center;\"><strong>TORNEIG DE FUTBOL<\/strong><\/p>\n<p data-pm-slice=\"1 1 []\">El passat divendres 4 d&#8217;abril vam celebrar un torneig de futbol al nostre pati. Va ser en definitiva una gran tarda,petits i grans ho vam viure amb gran il\u00b7lusi\u00f3.<\/p>\n<p data-pm-slice=\"1 1 []\">Us deixem unes imatges! <strong>Cliqueu a la foto!<\/strong><\/p>\n<p data-pm-slice=\"1 1 []\"><a href=\"https:\/\/photos.app.goo.gl\/mK9yzgiYBrgakws66\"><img loading=\"lazy\" decoding=\"async\" class=\"wp-image-5686 aligncenter\" src=\"https:\/\/agora.xtec.cat\/esc-unamuno\/wp-content\/uploads\/usu2206\/2025\/04\/IMG-20250409-WA0050-1024x768.jpg\" alt=\"\" width=\"530\" height=\"398\" srcset=\"https:\/\/agora.xtec.cat\/esc-unamuno\/wp-content\/uploads\/usu2206\/2025\/04\/IMG-20250409-WA0050-1024x768.jpg 1024w, https:\/\/agora.xtec.cat\/esc-unamuno\/wp-content\/uploads\/usu2206\/2025\/04\/IMG-20250409-WA0050-300x225.jpg 300w, https:\/\/agora.xtec.cat\/esc-unamuno\/wp-content\/uploads\/usu2206\/2025\/04\/IMG-20250409-WA0050-768x576.jpg 768w, https:\/\/agora.xtec.cat\/esc-unamuno\/wp-content\/uploads\/usu2206\/2025\/04\/IMG-20250409-WA0050-1536x1152.jpg 1536w, https:\/\/agora.xtec.cat\/esc-unamuno\/wp-content\/uploads\/usu2206\/2025\/04\/IMG-20250409-WA0050-200x150.jpg 200w, https:\/\/agora.xtec.cat\/esc-unamuno\/wp-content\/uploads\/usu2206\/2025\/04\/IMG-20250409-WA0050.jpg 2048w\" sizes=\"auto, (max-width: 530px) 100vw, 530px\" \/><\/a><\/p>\n<p style=\"text-align: center;\"><span style=\"background-color: #ffffff;\"><strong>JA HA ARRIBAT LA PRIMAVERA!<\/strong><\/span><\/p>\n<p>Ja fa dies que l&#8217;AFA ha estat preparant la decoraci\u00f3 del vest\u00edbul. Ha arribat la primavera i les fam\u00edlies han gaudit de decorar l&#8217;escola amb flors i colors. Quin goig que fa! Est\u00e0 tot ben maco! Cliqueu damunt la foto!<\/p>\n<p><a href=\"https:\/\/photos.app.goo.gl\/ChhNgjgtkXp8bbc1A\"><img loading=\"lazy\" decoding=\"async\" class=\"wp-image-5663 aligncenter\" src=\"https:\/\/agora.xtec.cat\/esc-unamuno\/wp-content\/uploads\/usu2206\/2025\/04\/IMG-20250404-WA0035.jpg\" alt=\"\" width=\"576\" height=\"432\" srcset=\"https:\/\/agora.xtec.cat\/esc-unamuno\/wp-content\/uploads\/usu2206\/2025\/04\/IMG-20250404-WA0035.jpg 2048w, https:\/\/agora.xtec.cat\/esc-unamuno\/wp-content\/uploads\/usu2206\/2025\/04\/IMG-20250404-WA0035-300x225.jpg 300w, https:\/\/agora.xtec.cat\/esc-unamuno\/wp-content\/uploads\/usu2206\/2025\/04\/IMG-20250404-WA0035-1024x768.jpg 1024w, https:\/\/agora.xtec.cat\/esc-unamuno\/wp-content\/uploads\/usu2206\/2025\/04\/IMG-20250404-WA0035-768x576.jpg 768w, https:\/\/agora.xtec.cat\/esc-unamuno\/wp-content\/uploads\/usu2206\/2025\/04\/IMG-20250404-WA0035-1536x1152.jpg 1536w, https:\/\/agora.xtec.cat\/esc-unamuno\/wp-content\/uploads\/usu2206\/2025\/04\/IMG-20250404-WA0035-200x150.jpg 200w\" sizes=\"auto, (max-width: 576px) 100vw, 576px\" \/><\/a><\/p>\n<p>&nbsp;<\/p>\n<p style=\"text-align: center;\"><strong>CARNAVAL 2025<\/strong><\/p>\n<p>Dissabte 1 de mar\u00e7 l&#8217;AFA de la nostra escola va celebrar el CARNAVAL afegint-se a la rua de la ciutat.<\/p>\n<p>CLIQUEU PER VEURE LES FOTOS!<\/p>\n<p><a href=\"https:\/\/photos.app.goo.gl\/SdJs7LjhcTah9RSv8\"><img loading=\"lazy\" decoding=\"async\" class=\"wp-image-5610 aligncenter\" src=\"https:\/\/agora.xtec.cat\/esc-unamuno\/wp-content\/uploads\/usu2206\/2025\/03\/PHOTO-2025-03-05-12-22-29-2-1024x768.jpg\" alt=\"\" width=\"639\" height=\"479\" srcset=\"https:\/\/agora.xtec.cat\/esc-unamuno\/wp-content\/uploads\/usu2206\/2025\/03\/PHOTO-2025-03-05-12-22-29-2-1024x768.jpg 1024w, https:\/\/agora.xtec.cat\/esc-unamuno\/wp-content\/uploads\/usu2206\/2025\/03\/PHOTO-2025-03-05-12-22-29-2-300x225.jpg 300w, https:\/\/agora.xtec.cat\/esc-unamuno\/wp-content\/uploads\/usu2206\/2025\/03\/PHOTO-2025-03-05-12-22-29-2-768x576.jpg 768w, https:\/\/agora.xtec.cat\/esc-unamuno\/wp-content\/uploads\/usu2206\/2025\/03\/PHOTO-2025-03-05-12-22-29-2-1536x1152.jpg 1536w, https:\/\/agora.xtec.cat\/esc-unamuno\/wp-content\/uploads\/usu2206\/2025\/03\/PHOTO-2025-03-05-12-22-29-2-200x150.jpg 200w, https:\/\/agora.xtec.cat\/esc-unamuno\/wp-content\/uploads\/usu2206\/2025\/03\/PHOTO-2025-03-05-12-22-29-2.jpg 1600w\" sizes=\"auto, (max-width: 639px) 100vw, 639px\" \/><\/a><\/p>\n<p>&nbsp;<\/p>\n<p style=\"text-align: center;\"><strong>FESTA DE FI DE CURS ORGANITZADA PER L&#8217;AFA<\/strong><\/p>\n<div dir=\"auto\"><\/div>\n<div dir=\"auto\"><\/div>\n<div dir=\"auto\"><\/div>\n<div dir=\"auto\"><\/div>\n<div dir=\"auto\"><span style=\"font-family: verdana, geneva, sans-serif;\">Divendres 14 de juny es va realitzar la darrera trobada de fam\u00edlies. Des de l&#8217; AFA es va organitzar un berenar de germanor, on les fam\u00edlies porten diferents plats per berenar i compartir-los en una gran taula. Moltes fam\u00edlies aprofiten per donar a con\u00e8ixer plats t\u00edpics dels seus pa\u00efsos d&#8217;origen. L&#8217; AFA garanteix fruites variades i beguda, per promoure els bons h\u00e0bits alimentaris. <\/span><\/div>\n<div dir=\"auto\"><span style=\"font-family: verdana, geneva, sans-serif;\">Ha estat un gran \u00e8xit la participaci\u00f3 de les fam\u00edlies en aquests berenars i en un tres i no res el menjar desapareix! Senyal que tot ha estat bon\u00edssim!<\/span><\/div>\n<div dir=\"auto\"><\/div>\n<div dir=\"auto\"><span style=\"font-family: verdana, geneva, sans-serif;\">Per fer la cloenda de curs m\u00e9s especial, els nostres nens i nenes van gaudir d&#8217; un inflable molt entretingut, durant tota la tarda. Tot un \u00e8xit!\u00a0<\/span><\/div>\n<div dir=\"auto\"><span style=\"font-family: verdana, geneva, sans-serif;\">Tamb\u00e9 van poder realitzar altres propostes com: futbol, pinta cares, pentinar-se amb trenes i pintar.<\/span><\/div>\n<div dir=\"auto\"><span style=\"font-family: verdana, geneva, sans-serif;\">Tot aix\u00f2 amenitzat amb m\u00fasica que les fam\u00edlies podien anar triant. Aix\u00ed vam aconseguir gaudir d&#8217; una tarda familiar i participativa. Es va fer alguna foto, cliqueu la foto.<\/span><\/div>\n<div dir=\"auto\"><\/div>\n<div dir=\"auto\"><span style=\"font-family: verdana, geneva, sans-serif;\">FINS EL PROPER CURS FAM\u00cdLIES!<\/span><\/div>\n<div dir=\"auto\"><\/div>\n<p><a href=\"https:\/\/photos.app.goo.gl\/3B6hXK1MvyP7R5sP7\"><img loading=\"lazy\" decoding=\"async\" class=\"wp-image-5193 aligncenter\" src=\"https:\/\/agora.xtec.cat\/esc-unamuno\/wp-content\/uploads\/usu2206\/2024\/06\/IMG-20240614-WA0041.jpg\" alt=\"\" width=\"306\" height=\"408\" srcset=\"https:\/\/agora.xtec.cat\/esc-unamuno\/wp-content\/uploads\/usu2206\/2024\/06\/IMG-20240614-WA0041.jpg 1200w, https:\/\/agora.xtec.cat\/esc-unamuno\/wp-content\/uploads\/usu2206\/2024\/06\/IMG-20240614-WA0041-225x300.jpg 225w, https:\/\/agora.xtec.cat\/esc-unamuno\/wp-content\/uploads\/usu2206\/2024\/06\/IMG-20240614-WA0041-768x1023.jpg 768w, https:\/\/agora.xtec.cat\/esc-unamuno\/wp-content\/uploads\/usu2206\/2024\/06\/IMG-20240614-WA0041-1153x1536.jpg 1153w\" sizes=\"auto, (max-width: 306px) 100vw, 306px\" \/><\/a><\/p>\n<p style=\"text-align: center;\"><strong>FESTA DE LA PRIMAVERA<\/strong><\/p>\n<div dir=\"auto\" style=\"text-align: center;\">El passat 10 de Maig l&#8217; AFA va organitzar un berenar de germanor amb show de m\u00e0gia, bombolles i joc lliure.<\/div>\n<div dir=\"auto\" style=\"text-align: center;\">Va ser una tarda molt agradable. Tant nens com adults van participar i gaudir, visiblement. Es van sumar bastants fam\u00edlies de l&#8217; escola que van portar menjars diversos per compartir. Vam poder comentar diferents temes d&#8217; inter\u00e8s actual de l&#8217; escola i del nostre barri, i emprendre iniciatives per millorar la situaci\u00f3 actual.<\/div>\n<div dir=\"auto\" style=\"text-align: center;\">Des de l&#8217; AFA agra\u00efm la participaci\u00f3 i implicaci\u00f3 de les fam\u00edlies per\u00f2 volem sumar m\u00e9s i us animem a participar en les properes festes.<\/div>\n<div dir=\"auto\"><\/div>\n<div dir=\"auto\"><\/div>\n<div dir=\"auto\"><a href=\"https:\/\/photos.google.com\/u\/1\/album\/AF1QipOft_0PB4QuSOWYYUsaBsjUZZYYfX1NJVY8YgUe\"><img loading=\"lazy\" decoding=\"async\" class=\"wp-image-5094 aligncenter\" src=\"https:\/\/agora.xtec.cat\/esc-unamuno\/wp-content\/uploads\/usu2206\/2024\/05\/IMG-20240518-WA0006.jpg\" alt=\"\" width=\"615\" height=\"461\" srcset=\"https:\/\/agora.xtec.cat\/esc-unamuno\/wp-content\/uploads\/usu2206\/2024\/05\/IMG-20240518-WA0006.jpg 1600w, https:\/\/agora.xtec.cat\/esc-unamuno\/wp-content\/uploads\/usu2206\/2024\/05\/IMG-20240518-WA0006-300x225.jpg 300w, https:\/\/agora.xtec.cat\/esc-unamuno\/wp-content\/uploads\/usu2206\/2024\/05\/IMG-20240518-WA0006-1024x768.jpg 1024w, https:\/\/agora.xtec.cat\/esc-unamuno\/wp-content\/uploads\/usu2206\/2024\/05\/IMG-20240518-WA0006-768x576.jpg 768w, https:\/\/agora.xtec.cat\/esc-unamuno\/wp-content\/uploads\/usu2206\/2024\/05\/IMG-20240518-WA0006-1536x1152.jpg 1536w, https:\/\/agora.xtec.cat\/esc-unamuno\/wp-content\/uploads\/usu2206\/2024\/05\/IMG-20240518-WA0006-200x150.jpg 200w\" sizes=\"auto, (max-width: 615px) 100vw, 615px\" \/><\/a><\/div>\n<div class=\"yj6qo\"><\/div>\n<div class=\"adL\" dir=\"auto\"><\/div>\n<p>&nbsp;<\/p>\n<p style=\"text-align: center;\"><strong>L&#8217;AFA REALITZA ACTIVITATS PELS INFANTS EN EL 8M<\/strong><\/p>\n<p>&nbsp;<\/p>\n<div dir=\"auto\">Aquest any hem fet protagonista a la dona en el seu dia internacional. Vam trobar-nos amb les fam\u00edlies\u00a0 al pat\u00ed central. Temps per saludar-nos, muntar els tallers i preparar-nos per l&#8217; activitat.<\/div>\n<div dir=\"auto\">Com a novetat els infants van poder jugar lliurement amb els companys i companyes.<\/div>\n<div dir=\"auto\">La Masterclass de zumba la van gaudir varies generacions de dones.<\/div>\n<div dir=\"auto\"><\/div>\n<div dir=\"auto\">Valorem molt gratament l&#8217; aproximaci\u00f3 de noves cares en les celebracions de l&#8217;AFA. Convidar als que encara no us heu apropat que ho feu en la seg\u00fcent activitat per les fam\u00edlies.<\/div>\n<div dir=\"auto\"><\/div>\n<div dir=\"auto\"><a href=\"https:\/\/photos.app.goo.gl\/aGGpohSKp7uCn9H77\"><img loading=\"lazy\" decoding=\"async\" class=\"wp-image-4900 aligncenter\" src=\"https:\/\/agora.xtec.cat\/esc-unamuno\/wp-content\/uploads\/usu2206\/2024\/03\/1000032912.jpg\" alt=\"\" width=\"648\" height=\"292\" srcset=\"https:\/\/agora.xtec.cat\/esc-unamuno\/wp-content\/uploads\/usu2206\/2024\/03\/1000032912.jpg 2000w, https:\/\/agora.xtec.cat\/esc-unamuno\/wp-content\/uploads\/usu2206\/2024\/03\/1000032912-300x135.jpg 300w, https:\/\/agora.xtec.cat\/esc-unamuno\/wp-content\/uploads\/usu2206\/2024\/03\/1000032912-1024x461.jpg 1024w, https:\/\/agora.xtec.cat\/esc-unamuno\/wp-content\/uploads\/usu2206\/2024\/03\/1000032912-768x346.jpg 768w, https:\/\/agora.xtec.cat\/esc-unamuno\/wp-content\/uploads\/usu2206\/2024\/03\/1000032912-1536x691.jpg 1536w\" sizes=\"auto, (max-width: 648px) 100vw, 648px\" \/><\/a><\/div>\n<p>&nbsp;<\/p>\n<p>&nbsp;<\/p>\n<p style=\"text-align: center;\"><strong>L&#8217;ENTERRAMENT DE LA SARDINA<\/strong><\/p>\n<p>&nbsp;<\/p>\n<div dir=\"auto\">El passat 16\/02 vam estar a la festa del barri amb motiu de l&#8217;enterrament de la sardina i donar per finalitzat el Carnaval. Aquest any diferents associacions hem ofert propostes familiars al Parc dels Pin l&#8217;alumnat a proposta comen\u00e7ava amb l&#8217; ajuda de l&#8217; escola per distribuir a tot l&#8217;alumnat una sardina de paper, per decorar-la en fam\u00edlia i portar-la a l&#8217; enterrament. All\u00e0 al parc vam portar una sardina gegant on tothom va poder escriure el seu pensament negatiu per tal d&#8217; enterrar-ho al final de la festa. Tamb\u00e9 vam oferir pinta cares i trenetes divertides. Agra\u00efm a les fam\u00edlies que han passat una bona estona amb nosaltres i recordar a aquells infants que es van quedar amb ganes de m\u00e9s que aviat tornem a fer alguna proposta per passar temps en com\u00fa amb vosaltres i les vostres fam\u00edlies.<\/div>\n<p>&nbsp;<\/p>\n<p><a href=\"https:\/\/photos.app.goo.gl\/XUx9ANXUoeLiHSVX8\"><img loading=\"lazy\" decoding=\"async\" class=\"wp-image-4852 aligncenter\" src=\"https:\/\/agora.xtec.cat\/esc-unamuno\/wp-content\/uploads\/usu2206\/2024\/02\/1000031089-1.jpg\" alt=\"\" width=\"556\" height=\"313\" srcset=\"https:\/\/agora.xtec.cat\/esc-unamuno\/wp-content\/uploads\/usu2206\/2024\/02\/1000031089-1.jpg 1920w, https:\/\/agora.xtec.cat\/esc-unamuno\/wp-content\/uploads\/usu2206\/2024\/02\/1000031089-1-300x169.jpg 300w, https:\/\/agora.xtec.cat\/esc-unamuno\/wp-content\/uploads\/usu2206\/2024\/02\/1000031089-1-1024x576.jpg 1024w, https:\/\/agora.xtec.cat\/esc-unamuno\/wp-content\/uploads\/usu2206\/2024\/02\/1000031089-1-768x432.jpg 768w, https:\/\/agora.xtec.cat\/esc-unamuno\/wp-content\/uploads\/usu2206\/2024\/02\/1000031089-1-1536x864.jpg 1536w\" sizes=\"auto, (max-width: 556px) 100vw, 556px\" \/><\/a><\/p>\n<p>&nbsp;<\/p>\n<p style=\"text-align: center;\"><strong>L&#8217;AFA TAMB\u00c9 HA CELEBRAT EL CARNAVAL<\/strong><\/p>\n<p>Per Carnestoltes l&#8217;AFA ha ofert tallers i m\u00fasica per a totes les fam\u00edlies.<\/p>\n<p>Es van fer quatre tallers diferents:<\/p>\n<ul>\n<li>Decoraci\u00f3 d&#8217;antifa\u00e7os amb material divers.<\/li>\n<li>Pintar mascares per convertir-nos en animals divertits.<\/li>\n<li>Pintar cares amb varietat de models.<\/li>\n<li>Fer trenes de colors pels infants m\u00e9s atrevits.<\/li>\n<\/ul>\n<p>Les fam\u00edlies ens vam disfressat de papallones que ha estat la tem\u00e0tica d&#8217;aquest curs.<\/p>\n<p>Agra\u00efm a totes les fam\u00edlies la seva participaci\u00f3 i col\u00b7laboraci\u00f3.<\/p>\n<p><a href=\"https:\/\/photos.app.goo.gl\/9ozmd6Zdd8vhwnJSA\"><img loading=\"lazy\" decoding=\"async\" class=\"wp-image-4783 aligncenter\" src=\"https:\/\/agora.xtec.cat\/esc-unamuno\/wp-content\/uploads\/usu2206\/2024\/02\/1000030270-1.jpg\" alt=\"\" width=\"330\" height=\"587\" srcset=\"https:\/\/agora.xtec.cat\/esc-unamuno\/wp-content\/uploads\/usu2206\/2024\/02\/1000030270-1.jpg 1080w, https:\/\/agora.xtec.cat\/esc-unamuno\/wp-content\/uploads\/usu2206\/2024\/02\/1000030270-1-169x300.jpg 169w, https:\/\/agora.xtec.cat\/esc-unamuno\/wp-content\/uploads\/usu2206\/2024\/02\/1000030270-1-576x1024.jpg 576w, https:\/\/agora.xtec.cat\/esc-unamuno\/wp-content\/uploads\/usu2206\/2024\/02\/1000030270-1-768x1365.jpg 768w, https:\/\/agora.xtec.cat\/esc-unamuno\/wp-content\/uploads\/usu2206\/2024\/02\/1000030270-1-864x1536.jpg 864w\" sizes=\"auto, (max-width: 330px) 100vw, 330px\" \/><\/a><\/p>\n<p>&nbsp;<\/p>\n<p style=\"text-align: center;\"><strong>LA CELEBRACI\u00d3 DEL NADAL PER L&#8217;AFA<\/strong><\/p>\n<div dir=\"auto\"><span style=\"font-family: arial, helvetica, sans-serif;\">Per Nadal vam oferir uns tallers al gimn\u00e0s de l&#8217; escola:<\/span><\/div>\n<div dir=\"auto\"><span style=\"font-family: arial, helvetica, sans-serif;\">Photocall dissenyat i realitzat per AFA, especialment per Arantza. <\/span><\/div>\n<div dir=\"auto\"><span style=\"font-family: arial, helvetica, sans-serif;\">Les fam\u00edlies es van poder fer fotos en un decorat Nadalenc i AFA va regalar la foto instant\u00e0nia a qui volgu\u00e9s fer-se-la. <\/span><\/div>\n<div dir=\"auto\"><span style=\"font-family: arial, helvetica, sans-serif;\">Tamb\u00e9 es va fer un taller per crear un guarniment de Nadal amb materials diversos i les fam\u00edlies s&#8217; ho enduien per guarnir casa seva. <\/span><\/div>\n<div dir=\"auto\"><span style=\"font-family: arial, helvetica, sans-serif;\">L&#8217; altre taller, que va tenir gran \u00e8xit entre els m\u00e9s menuts va ser crear un arbre de nadal amb llaminadures, per menjar-s&#8217;ho despr\u00e9s.. Agrair a les fam\u00edlies la seva participaci\u00f3.<\/span><\/div>\n<div dir=\"auto\"><span style=\"font-family: arial, helvetica, sans-serif;\">Fer menci\u00f3 que vam col\u2022laborar econ\u00f2micament en fer les butlletes per la rifa de Nadal per recaptar fons per les col\u00f2nies dels alumnes de 6\u00e8.<\/span><\/div>\n<div dir=\"auto\"><span style=\"font-family: arial, helvetica, sans-serif;\">Mostrem unes imatges.\u00a0<\/span><\/div>\n<p>&nbsp;<\/p>\n<p><a href=\"https:\/\/photos.app.goo.gl\/tnoXqSXhspkTLnZg8\"><img loading=\"lazy\" decoding=\"async\" class=\"wp-image-4580 aligncenter\" src=\"https:\/\/agora.xtec.cat\/esc-unamuno\/wp-content\/uploads\/usu2206\/2023\/12\/Tallers-nadal-AFA.jpg\" alt=\"\" width=\"471\" height=\"666\" srcset=\"https:\/\/agora.xtec.cat\/esc-unamuno\/wp-content\/uploads\/usu2206\/2023\/12\/Tallers-nadal-AFA.jpg 1414w, https:\/\/agora.xtec.cat\/esc-unamuno\/wp-content\/uploads\/usu2206\/2023\/12\/Tallers-nadal-AFA-212x300.jpg 212w, https:\/\/agora.xtec.cat\/esc-unamuno\/wp-content\/uploads\/usu2206\/2023\/12\/Tallers-nadal-AFA-724x1024.jpg 724w, https:\/\/agora.xtec.cat\/esc-unamuno\/wp-content\/uploads\/usu2206\/2023\/12\/Tallers-nadal-AFA-768x1086.jpg 768w, https:\/\/agora.xtec.cat\/esc-unamuno\/wp-content\/uploads\/usu2206\/2023\/12\/Tallers-nadal-AFA-1086x1536.jpg 1086w\" sizes=\"auto, (max-width: 471px) 100vw, 471px\" \/><\/a><\/p>\n<p><a href=\"https:\/\/agora.xtec.cat\/esc-unamuno\/wp-content\/uploads\/usu2206\/2023\/09\/IMG-20230908-WA0001.jpg\"><img loading=\"lazy\" decoding=\"async\" class=\"wp-image-4354 aligncenter\" src=\"https:\/\/agora.xtec.cat\/esc-unamuno\/wp-content\/uploads\/usu2206\/2023\/09\/IMG-20230908-WA0001.jpg\" alt=\"\" width=\"404\" height=\"571\" srcset=\"https:\/\/agora.xtec.cat\/esc-unamuno\/wp-content\/uploads\/usu2206\/2023\/09\/IMG-20230908-WA0001.jpg 1131w, https:\/\/agora.xtec.cat\/esc-unamuno\/wp-content\/uploads\/usu2206\/2023\/09\/IMG-20230908-WA0001-212x300.jpg 212w, https:\/\/agora.xtec.cat\/esc-unamuno\/wp-content\/uploads\/usu2206\/2023\/09\/IMG-20230908-WA0001-724x1024.jpg 724w, https:\/\/agora.xtec.cat\/esc-unamuno\/wp-content\/uploads\/usu2206\/2023\/09\/IMG-20230908-WA0001-768x1086.jpg 768w, https:\/\/agora.xtec.cat\/esc-unamuno\/wp-content\/uploads\/usu2206\/2023\/09\/IMG-20230908-WA0001-1086x1536.jpg 1086w\" sizes=\"auto, (max-width: 404px) 100vw, 404px\" \/><\/a><\/p>\n<p>&nbsp;<\/p>\n<p>&nbsp;<\/p>\n<p style=\"text-align: center;\"><a href=\"https:\/\/agora.xtec.cat\/esc-unamuno\/wp-content\/uploads\/usu2206\/2021\/12\/que-es-afa.jpg\"><img loading=\"lazy\" decoding=\"async\" class=\"alignnone wp-image-962\" src=\"https:\/\/agora.xtec.cat\/esc-unamuno\/wp-content\/uploads\/usu2206\/2021\/12\/que-es-afa-1024x768.jpg\" alt=\"\" width=\"569\" height=\"427\" srcset=\"https:\/\/agora.xtec.cat\/esc-unamuno\/wp-content\/uploads\/usu2206\/2021\/12\/que-es-afa-1024x768.jpg 1024w, https:\/\/agora.xtec.cat\/esc-unamuno\/wp-content\/uploads\/usu2206\/2021\/12\/que-es-afa-300x225.jpg 300w, https:\/\/agora.xtec.cat\/esc-unamuno\/wp-content\/uploads\/usu2206\/2021\/12\/que-es-afa-768x576.jpg 768w, https:\/\/agora.xtec.cat\/esc-unamuno\/wp-content\/uploads\/usu2206\/2021\/12\/que-es-afa-1536x1152.jpg 1536w, https:\/\/agora.xtec.cat\/esc-unamuno\/wp-content\/uploads\/usu2206\/2021\/12\/que-es-afa-200x150.jpg 200w, https:\/\/agora.xtec.cat\/esc-unamuno\/wp-content\/uploads\/usu2206\/2021\/12\/que-es-afa.jpg 1600w\" sizes=\"auto, (max-width: 569px) 100vw, 569px\" \/><\/a><\/p>\n<p><a href=\"https:\/\/agora.xtec.cat\/esc-unamuno\/wp-content\/uploads\/usu2206\/2021\/12\/afa-2-1.jpg\"><img loading=\"lazy\" decoding=\"async\" class=\"wp-image-964 aligncenter\" src=\"https:\/\/agora.xtec.cat\/esc-unamuno\/wp-content\/uploads\/usu2206\/2021\/12\/afa-2-1-1024x483.jpg\" alt=\"\" width=\"556\" height=\"262\" srcset=\"https:\/\/agora.xtec.cat\/esc-unamuno\/wp-content\/uploads\/usu2206\/2021\/12\/afa-2-1-1024x483.jpg 1024w, https:\/\/agora.xtec.cat\/esc-unamuno\/wp-content\/uploads\/usu2206\/2021\/12\/afa-2-1-300x142.jpg 300w, https:\/\/agora.xtec.cat\/esc-unamuno\/wp-content\/uploads\/usu2206\/2021\/12\/afa-2-1-768x362.jpg 768w, https:\/\/agora.xtec.cat\/esc-unamuno\/wp-content\/uploads\/usu2206\/2021\/12\/afa-2-1-1536x725.jpg 1536w, https:\/\/agora.xtec.cat\/esc-unamuno\/wp-content\/uploads\/usu2206\/2021\/12\/afa-2-1.jpg 1590w\" sizes=\"auto, (max-width: 556px) 100vw, 556px\" \/><\/a><\/p>\n<p><a href=\"https:\/\/agora.xtec.cat\/esc-unamuno\/wp-content\/uploads\/usu2206\/2021\/12\/participacio-afa-1.jpg\"><img loading=\"lazy\" decoding=\"async\" class=\"wp-image-975 aligncenter\" src=\"https:\/\/agora.xtec.cat\/esc-unamuno\/wp-content\/uploads\/usu2206\/2021\/12\/participacio-afa-1-1024x487.jpg\" alt=\"\" width=\"554\" height=\"264\" srcset=\"https:\/\/agora.xtec.cat\/esc-unamuno\/wp-content\/uploads\/usu2206\/2021\/12\/participacio-afa-1-1024x487.jpg 1024w, https:\/\/agora.xtec.cat\/esc-unamuno\/wp-content\/uploads\/usu2206\/2021\/12\/participacio-afa-1-300x143.jpg 300w, https:\/\/agora.xtec.cat\/esc-unamuno\/wp-content\/uploads\/usu2206\/2021\/12\/participacio-afa-1-768x365.jpg 768w, https:\/\/agora.xtec.cat\/esc-unamuno\/wp-content\/uploads\/usu2206\/2021\/12\/participacio-afa-1-1536x731.jpg 1536w, https:\/\/agora.xtec.cat\/esc-unamuno\/wp-content\/uploads\/usu2206\/2021\/12\/participacio-afa-1.jpg 1576w\" sizes=\"auto, (max-width: 554px) 100vw, 554px\" \/><\/a><\/p>\n<p><a href=\"https:\/\/agora.xtec.cat\/esc-unamuno\/wp-content\/uploads\/usu2206\/2021\/12\/contacte.jpg\"><img loading=\"lazy\" decoding=\"async\" class=\"wp-image-972 aligncenter\" src=\"https:\/\/agora.xtec.cat\/esc-unamuno\/wp-content\/uploads\/usu2206\/2021\/12\/contacte-1024x768.jpg\" alt=\"\" width=\"435\" height=\"326\" srcset=\"https:\/\/agora.xtec.cat\/esc-unamuno\/wp-content\/uploads\/usu2206\/2021\/12\/contacte-1024x768.jpg 1024w, https:\/\/agora.xtec.cat\/esc-unamuno\/wp-content\/uploads\/usu2206\/2021\/12\/contacte-300x225.jpg 300w, https:\/\/agora.xtec.cat\/esc-unamuno\/wp-content\/uploads\/usu2206\/2021\/12\/contacte-768x576.jpg 768w, https:\/\/agora.xtec.cat\/esc-unamuno\/wp-content\/uploads\/usu2206\/2021\/12\/contacte-1536x1152.jpg 1536w, https:\/\/agora.xtec.cat\/esc-unamuno\/wp-content\/uploads\/usu2206\/2021\/12\/contacte-200x150.jpg 200w, https:\/\/agora.xtec.cat\/esc-unamuno\/wp-content\/uploads\/usu2206\/2021\/12\/contacte.jpg 1600w\" sizes=\"auto, (max-width: 435px) 100vw, 435px\" \/><\/a><\/p>\n<p style=\"text-align: center;\"><b>Horaris i dies d\u2019atenci\u00f3:<\/b><span style=\"font-weight: 400;\"> Primer dijous i \u00faltim divendres del mes de 15 a 16h.<\/span><\/p>\n<p style=\"text-align: center;\"><a href=\"https:\/\/agora.xtec.cat\/esc-unamuno\/wp-content\/uploads\/usu2206\/2021\/12\/que-es-afa.jpg\"><b>Contacte:<\/b><span style=\"font-weight: 400;\"> afaunamuno@unamuno.cat<\/span><\/a><\/p>\n","protected":false},"excerpt":{"rendered":"<p>FESTA DE LA PRIMAVERA El passat divendres 27 de mar\u00e7, quan el rellotge marcava les 17:00 h, el pati de l&#8217;escola es va omplir de colors, rialles i molta energia. L&#8217;AFA va organitzar la Festa de la Primavera per a tot l&#8217;alumnat, i va ser tot un \u00e8xit! Voleu veure com va anar? Cliqueu damunt [&hellip;]<\/p>\n","protected":false},"author":1,"featured_media":0,"parent":22,"menu_order":30,"comment_status":"closed","ping_status":"closed","template":"","meta":{"_bbp_topic_count":0,"_bbp_reply_count":0,"_bbp_total_topic_count":0,"_bbp_total_reply_count":0,"_bbp_voice_count":0,"_bbp_anonymous_reply_count":0,"_bbp_topic_count_hidden":0,"_bbp_reply_count_hidden":0,"_bbp_forum_subforum_count":0,"site-sidebar-layout":"default","site-content-layout":"","ast-site-content-layout":"default","site-content-style":"default","site-sidebar-style":"default","ast-global-header-display":"","ast-banner-title-visibility":"","ast-main-header-display":"","ast-hfb-above-header-display":"","ast-hfb-below-header-display":"","ast-hfb-mobile-header-display":"","site-post-title":"","ast-breadcrumbs-content":"","ast-featured-img":"","footer-sml-layout":"","theme-transparent-header-meta":"default","adv-header-id-meta":"","stick-header-meta":"","header-above-stick-meta":"","header-main-stick-meta":"","header-below-stick-meta":"","astra-migrate-meta-layouts":"set","ast-page-background-enabled":"default","ast-page-background-meta":{"desktop":{"background-color":"var(--ast-global-color-4)","background-image":"","background-repeat":"repeat","background-position":"center center","background-size":"auto","background-attachment":"scroll","background-type":"","background-media":"","overlay-type":"","overlay-color":"","overlay-opacity":"","overlay-gradient":""},"tablet":{"background-color":"","background-image":"","background-repeat":"repeat","background-position":"center center","background-size":"auto","background-attachment":"scroll","background-type":"","background-media":"","overlay-type":"","overlay-color":"","overlay-opacity":"","overlay-gradient":""},"mobile":{"background-color":"","background-image":"","background-repeat":"repeat","background-position":"center center","background-size":"auto","background-attachment":"scroll","background-type":"","background-media":"","overlay-type":"","overlay-color":"","overlay-opacity":"","overlay-gradient":""}},"ast-content-background-meta":{"desktop":{"background-color":"var(--ast-global-color-5)","background-image":"","background-repeat":"repeat","background-position":"center center","background-size":"auto","background-attachment":"scroll","background-type":"","background-media":"","overlay-type":"","overlay-color":"","overlay-opacity":"","overlay-gradient":""},"tablet":{"background-color":"var(--ast-global-color-5)","background-image":"","background-repeat":"repeat","background-position":"center center","background-size":"auto","background-attachment":"scroll","background-type":"","background-media":"","overlay-type":"","overlay-color":"","overlay-opacity":"","overlay-gradient":""},"mobile":{"background-color":"var(--ast-global-color-5)","background-image":"","background-repeat":"repeat","background-position":"center center","background-size":"auto","background-attachment":"scroll","background-type":"","background-media":"","overlay-type":"","overlay-color":"","overlay-opacity":"","overlay-gradient":""}},"footnotes":""},"class_list":["post-545","page","type-page","status-publish","hentry"],"post_mailing_queue_ids":[],"_links":{"self":[{"href":"https:\/\/agora.xtec.cat\/esc-unamuno\/wp-json\/wp\/v2\/pages\/545","targetHints":{"allow":["GET"]}}],"collection":[{"href":"https:\/\/agora.xtec.cat\/esc-unamuno\/wp-json\/wp\/v2\/pages"}],"about":[{"href":"https:\/\/agora.xtec.cat\/esc-unamuno\/wp-json\/wp\/v2\/types\/page"}],"author":[{"embeddable":true,"href":"https:\/\/agora.xtec.cat\/esc-unamuno\/wp-json\/wp\/v2\/users\/1"}],"replies":[{"embeddable":true,"href":"https:\/\/agora.xtec.cat\/esc-unamuno\/wp-json\/wp\/v2\/comments?post=545"}],"version-history":[{"count":7,"href":"https:\/\/agora.xtec.cat\/esc-unamuno\/wp-json\/wp\/v2\/pages\/545\/revisions"}],"predecessor-version":[{"id":6540,"href":"https:\/\/agora.xtec.cat\/esc-unamuno\/wp-json\/wp\/v2\/pages\/545\/revisions\/6540"}],"up":[{"embeddable":true,"href":"https:\/\/agora.xtec.cat\/esc-unamuno\/wp-json\/wp\/v2\/pages\/22"}],"wp:attachment":[{"href":"https:\/\/agora.xtec.cat\/esc-unamuno\/wp-json\/wp\/v2\/media?parent=545"}],"curies":[{"name":"wp","href":"https:\/\/api.w.org\/{rel}","templated":true}]}}