{"id":32,"date":"2014-09-18T12:31:33","date_gmt":"2014-09-18T11:31:33","guid":{"rendered":"http:\/\/agora.xtec.cat\/esc-teresabergada\/?page_id=32"},"modified":"2026-02-09T12:50:32","modified_gmt":"2026-02-09T11:50:32","slug":"calendari-del-curs","status":"publish","type":"page","link":"https:\/\/agora.xtec.cat\/esc-teresabergada\/lescola\/calendari-del-curs\/","title":{"rendered":"Calendari del curs"},"content":{"rendered":"<p><strong>\u00a0<\/strong><\/p>\n<p><strong>HORARIS I CALENDARI ESCOLAR<\/strong><\/p>\n<table style=\"width: 63.5915%; height: 784px;\">\n<tbody>\n<tr style=\"height: 199px;\">\n<td style=\"height: 199px;\" width=\"290\"><strong><u>CALENDARI:<\/u><\/strong><\/p>\n<p>Les classes s&#8217;inicien el 8 de setembre de 2025 i s\u2019acaben el 19 de juny de 2026.<\/p>\n<p>Jornada intensiva: el 19 de desembre de 2025 i del 8 al 19 de juny de 2026.<\/td>\n<td style=\"height: 199px;\" width=\"292\"><strong><u>HORARI DE LES CLASSES:<\/u><\/strong><\/p>\n<p><strong>Horari Educaci\u00f3 Infantil i Prim\u00e0ria<\/strong><\/p>\n<p>De 9:00 a les 12:30 h. al mat\u00ed\u00a0 i de les 15:00 a les 16:30 h. de la tarda.<\/p>\n<p>Jornada intensiva: de 9:00 a les 13:00 h.<\/td>\n<\/tr>\n<tr style=\"height: 182px;\">\n<td style=\"height: 182px;\" width=\"290\"><strong><u>VACANCES:<\/u><\/strong><\/p>\n<p>Nadal: del 20 de desembre de 2025 al 7 de gener de 2025 (ambd\u00f3s inclosos)<\/p>\n<p>Setmana Santa: del 28 de mar\u00e7 al 6 d&#8217;abril de 2026 (ambd\u00f3s inclosos)<\/td>\n<td style=\"height: 585px;\" rowspan=\"3\" width=\"292\"><strong><u>Dies FESTIUS de lliure disposici\u00f3:<\/u><\/strong> (aprovats pel Consell Escolar)<\/p>\n<p>&#8211; 31 d&#8217;octubre de 2025<\/p>\n<p>&#8211; 3 de novembre de 2025<\/p>\n<p>&#8211; 16 de febrer de 2026<\/p>\n<p>&#8211; 4 de maig de 2026<\/p>\n<p><strong><u>DIES\u00a0 FESTIUS:<\/u><\/strong><\/p>\n<p>&#8211; 11 de setembre de 2024<\/p>\n<p><span style=\"font-family: inherit; font-size: 1em;\">&#8211; 8 de desembre de 2024<\/span><\/p>\n<p>&#8211; 1 de maig de 2025<\/p>\n<p><strong>\u00a0<\/strong><\/td>\n<\/tr>\n<tr style=\"height: 159px;\">\n<td style=\"height: 159px;\" width=\"290\"><strong><u>DIES\u00a0 FESTIUS LOCALS:<\/u><\/strong> (aprovats per l\u2019Ajuntament)<\/p>\n<p>-26 de setembre de 2024<\/p>\n<p>-29 de maig de 2025<\/td>\n<\/tr>\n<tr style=\"height: 244px;\">\n<td style=\"height: 244px;\" width=\"290\"><strong><u>HORARIS DE VISITA I TUTORIES:<\/u><\/strong><\/p>\n<p>Horari de tutoria: dilluns de 12:30 a 13:30h.<\/p>\n<p>Secretaria: de 9:00 a 13:00 h de dilluns a divendres<\/p>\n<p>La Direcci\u00f3 atendr\u00e0, pr\u00e8via sol\u00b7licitud, di\u00e0riament.<\/td>\n<\/tr>\n<\/tbody>\n<\/table>\n<p>&nbsp;<\/p>\n","protected":false},"excerpt":{"rendered":"<p>\u00a0<br \/>\nHORARIS I CALENDARI ESCOLAR<\/p>\n<p>CALENDARI:<br \/>\nLes classes s&#8217;inicien el 8 de setembre de 2025 i s\u2019acaben el 19 de juny de 2026.<br \/>\nJornada intensiva: el 19 de desembre de 2025 i del 8 al 19 de juny de 2026.<br \/>\nHORARI DE LES CLASSES:<br \/>\nHorari Educaci\u00f3 Infantil i Prim\u00e0ria<br \/>\nDe 9:00 a&hellip;  <a href=\"https:\/\/agora.xtec.cat\/esc-teresabergada\/lescola\/calendari-del-curs\/\" title=\"Read Calendari del curs\">Llegeix m\u00e9s\u00bb<\/a><\/p>\n","protected":false},"author":1,"featured_media":0,"parent":22,"menu_order":60,"comment_status":"closed","ping_status":"closed","template":"page-templates\/side-menu.php","meta":{"_bbp_topic_count":0,"_bbp_reply_count":0,"_bbp_total_topic_count":0,"_bbp_total_reply_count":0,"_bbp_voice_count":0,"_bbp_anonymous_reply_count":0,"_bbp_topic_count_hidden":0,"_bbp_reply_count_hidden":0,"_bbp_forum_subforum_count":0,"footnotes":""},"class_list":["post-32","page","type-page","status-publish","hentry"],"post_mailing_queue_ids":[],"_links":{"self":[{"href":"https:\/\/agora.xtec.cat\/esc-teresabergada\/wp-json\/wp\/v2\/pages\/32","targetHints":{"allow":["GET"]}}],"collection":[{"href":"https:\/\/agora.xtec.cat\/esc-teresabergada\/wp-json\/wp\/v2\/pages"}],"about":[{"href":"https:\/\/agora.xtec.cat\/esc-teresabergada\/wp-json\/wp\/v2\/types\/page"}],"author":[{"embeddable":true,"href":"https:\/\/agora.xtec.cat\/esc-teresabergada\/wp-json\/wp\/v2\/users\/1"}],"replies":[{"embeddable":true,"href":"https:\/\/agora.xtec.cat\/esc-teresabergada\/wp-json\/wp\/v2\/comments?post=32"}],"version-history":[{"count":7,"href":"https:\/\/agora.xtec.cat\/esc-teresabergada\/wp-json\/wp\/v2\/pages\/32\/revisions"}],"predecessor-version":[{"id":12765,"href":"https:\/\/agora.xtec.cat\/esc-teresabergada\/wp-json\/wp\/v2\/pages\/32\/revisions\/12765"}],"up":[{"embeddable":true,"href":"https:\/\/agora.xtec.cat\/esc-teresabergada\/wp-json\/wp\/v2\/pages\/22"}],"wp:attachment":[{"href":"https:\/\/agora.xtec.cat\/esc-teresabergada\/wp-json\/wp\/v2\/media?parent=32"}],"curies":[{"name":"wp","href":"https:\/\/api.w.org\/{rel}","templated":true}]}}