{"id":28,"date":"2014-09-18T12:29:35","date_gmt":"2014-09-18T11:29:35","guid":{"rendered":"http:\/\/agora.xtec.cat\/esc-teresabergada\/?page_id=28"},"modified":"2026-02-09T14:03:01","modified_gmt":"2026-02-09T13:03:01","slug":"consell-escolar","status":"publish","type":"page","link":"https:\/\/agora.xtec.cat\/esc-teresabergada\/lescola\/consell-escolar\/","title":{"rendered":"Consell escolar"},"content":{"rendered":"<table style=\"width: 59.0239%;\">\n<tbody>\n<tr>\n<td style=\"width: 98.8095%;\" colspan=\"2\" width=\"581\">\n<h1><a name=\"_Toc412125160\"><\/a><strong>Composici\u00f3 Consell Escolar del centre<\/strong><\/h1>\n<\/td>\n<\/tr>\n<tr>\n<td style=\"width: 39.1156%;\" width=\"159\"><strong>\u00d2rgans unipersonals de govern<\/strong><\/td>\n<td style=\"width: 59.6939%;\" width=\"422\"><strong>Directora<\/strong>: M. Teresa D.<\/p>\n<p><strong>Cap d\u2019Estudis<\/strong>: Gisela G.<\/p>\n<p><strong>Secret\u00e0ria<\/strong>: Anna M.<\/td>\n<\/tr>\n<tr>\n<td style=\"width: 39.1156%;\" width=\"159\"><strong>Representants de mestres<\/strong><\/td>\n<td style=\"width: 59.6939%;\" width=\"422\">N\u00faria G.<\/p>\n<p>Xavier R.<\/p>\n<p>Susanna V.<\/p>\n<p>Roser G.<\/p>\n<p>Montse B.<\/p>\n<p>Maria F.<\/td>\n<\/tr>\n<tr>\n<td style=\"width: 39.1156%;\" width=\"159\"><strong>Representants de pares i mares<\/strong><\/td>\n<td style=\"width: 59.6939%;\" width=\"422\">Alba G.<\/p>\n<p>Laura P.<\/p>\n<p>Lorena L.<\/p>\n<p>Jennifer N.<\/p>\n<p>Anna Isabel N.<\/td>\n<\/tr>\n<tr>\n<td style=\"width: 39.1156%;\" width=\"159\"><strong>Representant de l&#8217; AFA<\/strong><\/td>\n<td style=\"width: 59.6939%;\" width=\"422\">Montse R.<\/td>\n<\/tr>\n<tr>\n<td style=\"width: 39.1156%;\" width=\"159\"><strong>Representant de l\u2019Ajuntament<\/strong><\/td>\n<td style=\"width: 59.6939%;\" width=\"422\">Ferran N.<\/td>\n<\/tr>\n<tr>\n<td style=\"width: 39.1156%;\" width=\"159\"><strong>Representant\u00a0 del PAS<\/strong><\/td>\n<td style=\"width: 59.6939%;\" width=\"422\">M. Isabel B.<\/td>\n<\/tr>\n<tr>\n<td style=\"width: 39.1156%;\"><strong>Representant\u00a0 del PAE<\/strong><\/td>\n<td style=\"width: 59.6939%;\">Raquel M.<\/td>\n<\/tr>\n<\/tbody>\n<\/table>\n<h5><strong>Acords de CONSELL ESCOLAR:<\/strong><\/h5>\n<p>D\u2019acord amb la Llei 19\/2014, del 29 de desembre, de transpar\u00e8ncia, acc\u00e9s a la informaci\u00f3 p\u00fablica i bon govern, els centres educatius han de publicar al seu web, entre d\u2019altra documentaci\u00f3, els acords presos en les reunions del consell escolar.<\/p>\n<p><span style=\"color: #0000ff;\"><strong>Curs Escolar 2022-2023<\/strong><\/span><\/p>\n<p><u>Acords de l&#8217;acta n\u00fam. 1 del Consell Escolar del 26 -10-2022<\/u><\/p>\n<ul>\n<li style=\"font-weight: 400;\" aria-level=\"1\"><span style=\"font-weight: 400;\">S\u2019aprova per unanimitat l\u2019acta de la sessi\u00f3 anterior.<\/span><\/li>\n<li style=\"font-weight: 400;\" aria-level=\"1\"><span style=\"font-weight: 400;\">S\u2019aprova per unanimitat la Mem\u00f2ria 2021-2022.<\/span><\/li>\n<li style=\"font-weight: 400;\" aria-level=\"1\"><span style=\"font-weight: 400;\">S\u2019aprova per unanimitat la PGA 2022-2023.<\/span><\/li>\n<\/ul>\n<p><u>Acords de l&#8217;acta n\u00fam. 2 del Consell Escolar del 31-01-2023<\/u><\/p>\n<ul>\n<li style=\"font-weight: 400;\" aria-level=\"1\"><span style=\"font-weight: 400;\">S\u2019aprova per unanimitat l\u2019acta de la sessi\u00f3 anterior.<\/span><\/li>\n<li style=\"font-weight: 400;\" aria-level=\"1\"><span style=\"font-weight: 400;\">S\u2019aprova per unanimitat el Pressupost 2023.<\/span><\/li>\n<li style=\"font-weight: 400;\" aria-level=\"1\"><span style=\"font-weight: 400;\">S\u2019aprova per unanimitat el Pla de Menjador.<\/span><\/li>\n<li style=\"font-weight: 400;\" aria-level=\"1\"><span style=\"font-weight: 400;\">S\u2019aproven per unanimitat les possibles modificacions del Pressupost 2022.<\/span><\/li>\n<\/ul>\n<p><u>Acords de l&#8217;acta n\u00fam. 3 del Consell Escolar del 28-03-2023<\/u><\/p>\n<ul>\n<li style=\"font-weight: 400;\" aria-level=\"1\"><span style=\"font-weight: 400;\">S\u2019aprova per unanimitat l\u2019acta de la sessi\u00f3 anterior.<\/span><\/li>\n<li style=\"font-weight: 400;\" aria-level=\"1\"><span style=\"font-weight: 400;\">S\u2019aprova per unanimitat la Liquidaci\u00f3 de l\u2019exercici comptable 2022.<\/span><\/li>\n<\/ul>\n<p><u>Acords de l&#8217;acta extraordin\u00e0ria del Consell Escolar del 27-04-2023<\/u><\/p>\n<ul>\n<li style=\"font-weight: 400;\" aria-level=\"1\"><span style=\"font-weight: 400;\">S\u2019acorda la constituci\u00f3 de la Comissi\u00f3 d\u2019avaluaci\u00f3 de Fi de Mandat de Directora.<\/span><\/li>\n<\/ul>\n<p><u>Acords de l&#8217;acta n\u00fam. 4 del Consell Escolar del 20-06-2023<\/u><\/p>\n<ul>\n<li style=\"font-weight: 400;\" aria-level=\"1\"><span style=\"font-weight: 400;\">S\u2019aprova per unanimitat l\u2019acta de la sessi\u00f3 anterior.<\/span><\/li>\n<li style=\"font-weight: 400;\" aria-level=\"1\"><span style=\"font-weight: 400;\">S\u2019aprova el Calendari escolar 2023-2024.<\/span><\/li>\n<\/ul>\n<p><span style=\"color: #0000ff;\"><strong>Curs Escolar 2023-2024<\/strong><\/span><\/p>\n<p><u>Acords de l&#8217;acta n\u00fam.1 del Consell Escolar del 26 -10-2023<\/u><\/p>\n<ul>\n<li>S\u2019aprova per unanimitat l\u2019acta de la sessi\u00f3 anterior.<\/li>\n<li>S\u2019aprova per unanimitat la Mem\u00f2ria 2022-2023.<\/li>\n<li>S\u2019aprova per unanimitat la PGA 2023-2024.<\/li>\n<\/ul>\n<p><u>Acords de l&#8217;acta n\u00fam. 2\u00a0 del Consell Escolar del 30-01-2024<\/u><\/p>\n<ul>\n<li style=\"font-weight: 400;\" aria-level=\"1\"><span style=\"font-weight: 400;\">S\u2019aprova per unanimitat l\u2019acta de la sessi\u00f3 anterior.<\/span><\/li>\n<li style=\"font-weight: 400;\" aria-level=\"1\"><span style=\"font-weight: 400;\">S\u2019aprova per unanimitat les modificacions del pressupost del 2023.<\/span><\/li>\n<li style=\"font-weight: 400;\" aria-level=\"1\"><span style=\"font-weight: 400;\">S\u2019aprova per unanimitat el pressupost del 2024.<\/span><\/li>\n<li style=\"font-weight: 400;\" aria-level=\"1\"><span style=\"font-weight: 400;\">S\u2019aprova per unanimitat la revisi\u00f3 de les NOFC.<\/span><\/li>\n<\/ul>\n<p><span style=\"text-decoration: underline;\"><span style=\"font-weight: 400;\">Acords de l\u2019acta n\u00fam. 3\u00a0 del Consell Escolar del 30-01-2024<\/span><\/span><\/p>\n<ul>\n<li style=\"font-weight: 400;\" aria-level=\"1\"><span style=\"font-weight: 400;\">S\u2019aprova per unanimitat la liquidaci\u00f3 del 2023<\/span><\/li>\n<\/ul>\n<p><span style=\"text-decoration: underline;\"><span style=\"font-weight: 400;\">Acords de l\u2019acta n\u00fam. 4\u00a0 del Consell Escolar del 11-06-02024<\/span><\/span><\/p>\n<ul>\n<li style=\"font-weight: 400;\" aria-level=\"1\"><span style=\"font-weight: 400;\">S\u2019aprova per unanimitat l\u2019acta de la sessi\u00f3 anterior.<\/span><\/li>\n<li style=\"font-weight: 400;\" aria-level=\"1\"><span style=\"font-weight: 400;\">S\u2019aprova el Calendari escolar pel proper curs 2024-2025.<\/span><\/li>\n<li style=\"font-weight: 400;\" aria-level=\"1\"><span style=\"font-weight: 400;\">S\u2019aprova les modificacions de pressupost.\u00a0<\/span><\/li>\n<\/ul>\n<p><span style=\"color: #0000ff;\"><strong>Curs Escolar 2024-2025<\/strong><\/span><\/p>\n<p><span style=\"font-weight: 400;\"> <span style=\"text-decoration: underline;\">Acords de l\u2019acta n\u00fam. 1\u00a0 del Consell Escolar del 29-10-2024<\/span><\/span><\/p>\n<ul>\n<li style=\"font-weight: 400;\" aria-level=\"1\"><span style=\"font-weight: 400;\">S\u2019aprova per unanimitat l\u2019acta de la sessi\u00f3 anterior.<\/span><\/li>\n<li style=\"font-weight: 400;\" aria-level=\"1\"><span style=\"font-weight: 400;\">S\u2019aprova per unanimitat la Mem\u00f2ria del curs 2023-2024.<\/span><\/li>\n<li style=\"font-weight: 400;\" aria-level=\"1\"><span style=\"font-weight: 400;\">S\u2019aprova per unanimitat la PGA del curs 2024-2025.<\/span><\/li>\n<li style=\"font-weight: 400;\" aria-level=\"1\"><span style=\"font-weight: 400;\">S\u2019aprova per unanimitat el Pla de menjador.<\/span><\/li>\n<\/ul>\n<p><span style=\"font-weight: 400;\"><span style=\"text-decoration: underline;\">Acords de l\u2019acta n\u00fam. 2\u00a0 del Consell Escolar del 28-01-2025<\/span><\/span><\/p>\n<ul style=\"list-style-type: disc;\">\n<li style=\"font-weight: 400;\" aria-level=\"1\"><span style=\"font-weight: 400;\">S\u2019aprova per unanimitat l\u2019acta de la sessi\u00f3 anterior.<\/span><\/li>\n<li style=\"font-weight: 400;\" aria-level=\"1\"><span style=\"font-weight: 400;\">S\u2019aprova per unanimitat les modificacions de pressupost.<\/span><\/li>\n<li style=\"font-weight: 400;\" aria-level=\"1\"><span style=\"font-weight: 400;\">S\u2019aprova per unanimitat el Pressupost del 2025.<\/span><\/li>\n<li style=\"font-weight: 400;\" aria-level=\"1\"><span style=\"font-weight: 400;\">S\u2019aprova per unanimitat la Carta de Comprom\u00eds.\u00a0<\/span><\/li>\n<li style=\"font-weight: 400;\" aria-level=\"1\"><span style=\"font-weight: 400;\">S\u2019aprova per unanimitat l\u2019actualitzaci\u00f3 del Pla de Menjador.<\/span><\/li>\n<\/ul>\n<p><span style=\"text-decoration: underline;\"><span style=\"font-weight: 400;\">Acords de l\u2019acta n\u00fam. 3\u00a0 del Consell Escolar del 25-02-2025\u00a0<\/span><\/span><\/p>\n<ul>\n<li style=\"font-weight: 400;\" aria-level=\"1\"><span style=\"font-weight: 400;\">S\u2019aprova per unanimitat l\u2019acta de la sessi\u00f3 anterior.<\/span><\/li>\n<li style=\"font-weight: 400;\" aria-level=\"1\"><span style=\"font-weight: 400;\">S\u2019aprova per unanimitat la Liquidaci\u00f3 pressupost\u00e0ria de l\u2019exercici 2024.<\/span><\/li>\n<li style=\"font-weight: 400;\" aria-level=\"1\"><span style=\"font-weight: 400;\">S\u2019aprova per unanimitat la sortida del dia 21 de mar\u00e7 de 2025 a la Partida de Rufea.<\/span><\/li>\n<\/ul>\n<p><span style=\"text-decoration: underline;\"><span style=\"font-weight: 400;\">Acords de l\u2019acta n\u00fam. 5\u00a0 del Consell Escolar del 17-06-2025<\/span><\/span><\/p>\n<ul>\n<li style=\"font-weight: 400;\" aria-level=\"1\"><span style=\"font-weight: 400;\">\u00a0<\/span><span style=\"font-weight: 400;\">S\u2019aprova per unanimitat l\u2019acta de la sessi\u00f3 anterior.<\/span><\/li>\n<li style=\"font-weight: 400;\" aria-level=\"1\"><span style=\"font-weight: 400;\">S\u2019aproven les modificacions per incloure a les NOFC.<\/span><\/li>\n<li style=\"font-weight: 400;\" aria-level=\"1\"><span style=\"font-weight: 400;\">S\u2019aprova el Calendari escolar pel curs 25-26.<\/span><\/li>\n<li style=\"font-weight: 400;\" aria-level=\"1\"><span style=\"font-weight: 400;\">S\u2019aprova per unanimitat la quota del proper curs.\u00a0<\/span><\/li>\n<\/ul>\n<p><span style=\"color: #0000ff;\"><strong>Curs Escolar 2025-2026<\/strong><\/span><\/p>\n<p><span style=\"text-decoration: underline;\"><span style=\"font-weight: 400;\">Acords de l\u2019acta n\u00fam. 1\u00a0 del Consell Escolar del 4\/11\/2025<\/span><\/span><\/p>\n<ul>\n<li style=\"font-weight: 400;\" aria-level=\"1\"><span style=\"font-weight: 400;\">S\u2019aprova per unanimitat l\u2019acta de la sessi\u00f3 anterior.<\/span><\/li>\n<li style=\"font-weight: 400;\" aria-level=\"1\"><span style=\"font-weight: 400;\">S\u2019aprova per unanimitat la Mem\u00f2ria del curs 2024-2025.<\/span><\/li>\n<li style=\"font-weight: 400;\" aria-level=\"1\"><span style=\"font-weight: 400;\">S\u2019aprova per unanimitat la PGA del curs 2025-2026.<\/span><\/li>\n<\/ul>\n<p><span style=\"text-decoration: underline;\"><span style=\"font-weight: 400;\">Acords de l\u2019acta n\u00fam. 2\u00a0 del Consell Escolar del 11\/12\/2025<\/span><\/span><\/p>\n<ul>\n<li style=\"font-weight: 400;\" aria-level=\"1\"><span style=\"font-weight: 400;\">\u00a0S\u2019aprova per unanimitat l\u2019acta de la sessi\u00f3 anterior.<\/span><\/li>\n<\/ul>\n<p><span style=\"text-decoration: underline;\"><span style=\"font-weight: 400;\">Acords de l\u2019acta n\u00fam. 3\u00a0 del Consell Escolar del 29\/01\/2026<\/span><\/span><\/p>\n<ul>\n<li style=\"font-weight: 400;\" aria-level=\"1\"><span style=\"font-weight: 400;\">S\u2019aprova per unanimitat l\u2019acta de la sessi\u00f3 anterior.<\/span><\/li>\n<li style=\"font-weight: 400;\" aria-level=\"1\"><span style=\"font-weight: 400;\">S\u2019aprova per unanimitat les modificacions del pressupost del 2025.<\/span><\/li>\n<li style=\"font-weight: 400;\" aria-level=\"1\"><span style=\"font-weight: 400;\">S\u2019aprova per unanimitat el pressupost del 2026.\u00a0\u00a0\u00a0\u00a0\u00a0\u00a0\u00a0<\/span><\/li>\n<\/ul>\n<p><span style=\"text-decoration: underline;\"><span style=\"font-weight: 400;\">Acords de l\u2019acta n\u00fam. 4\u00a0 del Consell Escolar del 29\/01\/2026<\/span><\/span><\/p>\n<ul>\n<li style=\"font-weight: 400;\" aria-level=\"1\"><span style=\"font-weight: 400;\">S\u2019aprova per unanimitat l\u2019acta de la sessi\u00f3 anterior.<\/span><\/li>\n<li style=\"font-weight: 400;\" aria-level=\"1\"><span style=\"font-weight: 400;\">S\u2019aprova per unanimitat la liquidaci\u00f3 del pressupost del 2025.<\/span><\/li>\n<\/ul>\n<p>&nbsp;<\/p>\n","protected":false},"excerpt":{"rendered":"<p><a name=\"_Toc412125160\"><\/a>Composici\u00f3 Consell Escolar del centre<\/p>\n<p>\u00d2rgans unipersonals de govern<br \/>\nDirectora: M. Teresa D.<br \/>\nCap d\u2019Estudis: Gisela G.<br \/>\nSecret\u00e0ria: Anna M.<\/p>\n<p>Representants de mestres<br \/>\nN\u00faria G.<br \/>\nXavier R.<br \/>\nSusanna V.<br \/>\nRoser G.<br \/>\nMontse B.<br \/>\nMaria F.<\/p>\n<p>Representants de pares i mares<br \/>\nAlba G.<br \/>\nLaura P.<br \/>\nLorena L.<br \/>\nJennifer N.<br \/>\nAnna Isabel N.<\/p>\n<p>Representant de l&#8217; AFA<br \/>\nMontse R.<\/p>\n<p>Representant de l\u2019Ajuntament<br \/>\nFerran N.<\/p>\n<p>Representant\u00a0 del PAS<br \/>\nM. Isabel&hellip;  <a href=\"https:\/\/agora.xtec.cat\/esc-teresabergada\/lescola\/consell-escolar\/\" title=\"Read Consell escolar\">Llegeix m\u00e9s\u00bb<\/a><\/p>\n","protected":false},"author":1,"featured_media":0,"parent":22,"menu_order":40,"comment_status":"closed","ping_status":"closed","template":"page-templates\/side-menu.php","meta":{"_bbp_topic_count":0,"_bbp_reply_count":0,"_bbp_total_topic_count":0,"_bbp_total_reply_count":0,"_bbp_voice_count":0,"_bbp_anonymous_reply_count":0,"_bbp_topic_count_hidden":0,"_bbp_reply_count_hidden":0,"_bbp_forum_subforum_count":0,"footnotes":""},"class_list":["post-28","page","type-page","status-publish","hentry"],"post_mailing_queue_ids":[],"_links":{"self":[{"href":"https:\/\/agora.xtec.cat\/esc-teresabergada\/wp-json\/wp\/v2\/pages\/28","targetHints":{"allow":["GET"]}}],"collection":[{"href":"https:\/\/agora.xtec.cat\/esc-teresabergada\/wp-json\/wp\/v2\/pages"}],"about":[{"href":"https:\/\/agora.xtec.cat\/esc-teresabergada\/wp-json\/wp\/v2\/types\/page"}],"author":[{"embeddable":true,"href":"https:\/\/agora.xtec.cat\/esc-teresabergada\/wp-json\/wp\/v2\/users\/1"}],"replies":[{"embeddable":true,"href":"https:\/\/agora.xtec.cat\/esc-teresabergada\/wp-json\/wp\/v2\/comments?post=28"}],"version-history":[{"count":6,"href":"https:\/\/agora.xtec.cat\/esc-teresabergada\/wp-json\/wp\/v2\/pages\/28\/revisions"}],"predecessor-version":[{"id":12768,"href":"https:\/\/agora.xtec.cat\/esc-teresabergada\/wp-json\/wp\/v2\/pages\/28\/revisions\/12768"}],"up":[{"embeddable":true,"href":"https:\/\/agora.xtec.cat\/esc-teresabergada\/wp-json\/wp\/v2\/pages\/22"}],"wp:attachment":[{"href":"https:\/\/agora.xtec.cat\/esc-teresabergada\/wp-json\/wp\/v2\/media?parent=28"}],"curies":[{"name":"wp","href":"https:\/\/api.w.org\/{rel}","templated":true}]}}