{"id":645,"date":"2021-07-03T17:11:32","date_gmt":"2021-07-03T15:11:32","guid":{"rendered":"http:\/\/agora.xtec.cat\/esc-tarragona\/?page_id=645"},"modified":"2022-08-01T22:41:26","modified_gmt":"2022-08-01T20:41:26","slug":"gep","status":"publish","type":"page","link":"https:\/\/agora.xtec.cat\/esc-tarragona\/projectes\/gep\/","title":{"rendered":"GEP"},"content":{"rendered":"<p>El GEP \u00e9s el programa d\u2019innovaci\u00f3 pedag\u00f2gica <strong>Generaci\u00f3 Pluriling\u00fce (GEP) <\/strong>del Departament d&#8217;Educaci\u00f3. La finalitat d\u2019aquest \u00e9s millorar la compet\u00e8ncia en lleng\u00fces estrangeres de l\u2019alumnat, afavorint el seu creixement acad\u00e8mic i posterior inserci\u00f3 laboral, i capacitant-lo per interactuar de manera cr\u00edtica amb el m\u00f3n en diverses lleng\u00fces.<\/p>\n<p>A la nostra escola hem desplegat aquest programa duent a terme els seg\u00fcents projectes:<\/p>\n<ul>\n<li><strong>ART&amp;GLISH:<\/strong> Implementat a l\u2019\u00e0rea de pl\u00e0stica a 1r, 2n i 3r de Prim\u00e0ria.<\/li>\n<li><strong>PHYSICAL EDUCATION: <\/strong>Dut a terme a una \u00e0rea totalment pr\u00e0ctica com \u00e9s l\u2019Educaci\u00f3 F\u00edsica a 3r, 4t, 5\u00e8 i 6\u00e8 de Prim\u00e0ria.<\/li>\n<li><strong>TAC&amp;GLISH: <\/strong>Desenvolupat amb els\/les alumnes de 3r, 4t, 5\u00e8 i 6\u00e8, en el qual es combina l&#8217;aprenentatge d&#8217;una llengua estrangera amb el desenvolupament i adquisici\u00f3 d\u2019habilitats tecnol\u00f2giques.<\/li>\n<li><strong>SCIENCE PROJECTS:<\/strong> Projecte a trav\u00e9s del qual es realitzen diverses unitats did\u00e0ctiques en angl\u00e8s de diferents temes de Medi\u00a0 Social i\/o Natural en diferents cursos de Prim\u00e0ria.<\/li>\n<\/ul>\n<p><a href=\"https:\/\/agora.xtec.cat\/esc-tarragona\/wp-content\/uploads\/usu827\/2021\/07\/gep.png\"><img loading=\"lazy\" decoding=\"async\" class=\"size-full wp-image-1318 aligncenter\" src=\"https:\/\/agora.xtec.cat\/esc-tarragona\/wp-content\/uploads\/usu827\/2021\/07\/gep.png\" alt=\"\" width=\"296\" height=\"109\" \/><\/a><\/p>\n","protected":false},"excerpt":{"rendered":"<p>El GEP \u00e9s el programa d\u2019innovaci\u00f3 pedag\u00f2gica Generaci\u00f3 Pluriling\u00fce (GEP) del Departament d&#8217;Educaci\u00f3. La finalitat d\u2019aquest \u00e9s millorar la compet\u00e8ncia en lleng\u00fces estrangeres de l\u2019alumnat, afavorint el seu creixement acad\u00e8mic i posterior inserci\u00f3 laboral, i capacitant-lo per interactuar de manera cr\u00edtica amb el m\u00f3n en&hellip;  <a href=\"https:\/\/agora.xtec.cat\/esc-tarragona\/projectes\/gep\/\" title=\"Read GEP\">Llegeix m\u00e9s\u00bb<\/a><\/p>\n","protected":false},"author":1,"featured_media":0,"parent":605,"menu_order":0,"comment_status":"closed","ping_status":"closed","template":"page-templates\/side-menu.php","meta":{"_bbp_topic_count":0,"_bbp_reply_count":0,"_bbp_total_topic_count":0,"_bbp_total_reply_count":0,"_bbp_voice_count":0,"_bbp_anonymous_reply_count":0,"_bbp_topic_count_hidden":0,"_bbp_reply_count_hidden":0,"_bbp_forum_subforum_count":0,"footnotes":""},"class_list":["post-645","page","type-page","status-publish","hentry"],"post_mailing_queue_ids":[],"_links":{"self":[{"href":"https:\/\/agora.xtec.cat\/esc-tarragona\/wp-json\/wp\/v2\/pages\/645","targetHints":{"allow":["GET"]}}],"collection":[{"href":"https:\/\/agora.xtec.cat\/esc-tarragona\/wp-json\/wp\/v2\/pages"}],"about":[{"href":"https:\/\/agora.xtec.cat\/esc-tarragona\/wp-json\/wp\/v2\/types\/page"}],"author":[{"embeddable":true,"href":"https:\/\/agora.xtec.cat\/esc-tarragona\/wp-json\/wp\/v2\/users\/1"}],"replies":[{"embeddable":true,"href":"https:\/\/agora.xtec.cat\/esc-tarragona\/wp-json\/wp\/v2\/comments?post=645"}],"version-history":[{"count":4,"href":"https:\/\/agora.xtec.cat\/esc-tarragona\/wp-json\/wp\/v2\/pages\/645\/revisions"}],"predecessor-version":[{"id":4571,"href":"https:\/\/agora.xtec.cat\/esc-tarragona\/wp-json\/wp\/v2\/pages\/645\/revisions\/4571"}],"up":[{"embeddable":true,"href":"https:\/\/agora.xtec.cat\/esc-tarragona\/wp-json\/wp\/v2\/pages\/605"}],"wp:attachment":[{"href":"https:\/\/agora.xtec.cat\/esc-tarragona\/wp-json\/wp\/v2\/media?parent=645"}],"curies":[{"name":"wp","href":"https:\/\/api.w.org\/{rel}","templated":true}]}}