{"id":622,"date":"2025-09-03T09:36:14","date_gmt":"2025-09-03T07:36:14","guid":{"rendered":"http:\/\/agora.xtec.cat\/esc-tarragona\/?page_id=622"},"modified":"2025-09-03T09:44:50","modified_gmt":"2025-09-03T07:44:50","slug":"equip-docent","status":"publish","type":"page","link":"https:\/\/agora.xtec.cat\/esc-tarragona\/escola\/equip-docent\/","title":{"rendered":"Equip Docent"},"content":{"rendered":"<p><strong>Equip Directiu<\/strong><\/p>\n<table style=\"width: 728px;\">\n<tbody>\n<tr>\n<td style=\"width: 123.156px; background-color: #e9d0f2;\"><strong>Directora<\/strong><\/td>\n<td style=\"width: 596.844px;\">Rosa Bonachera Ribas<\/td>\n<\/tr>\n<tr>\n<td style=\"width: 123.156px; background-color: #f7beee;\"><strong>Cap d&#8217;Estudis<\/strong><\/td>\n<td style=\"width: 596.844px;\">Georgina Pinyol Rivero<\/td>\n<\/tr>\n<tr>\n<td style=\"width: 123.156px; background-color: #bcdef7;\"><strong>Secretari<\/strong><\/td>\n<td style=\"width: 596.844px;\">Nacho Giralt Eroles<\/td>\n<\/tr>\n<\/tbody>\n<\/table>\n<p><strong>Educaci\u00f3 Infantil<\/strong><\/p>\n<table style=\"width: 77.8343%;\">\n<tbody>\n<tr>\n<td style=\"width: 15.7591%; background-color: #c7f5b5; text-align: center;\"><strong>I3 A<\/strong><\/td>\n<td style=\"width: 18.2272%; background-color: #f5d7f1; text-align: center;\"><strong>I3 B<\/strong><\/td>\n<td style=\"width: 15.513%; background-color: #f5f3bc; text-align: center;\"><strong>I4 A<\/strong><\/td>\n<td style=\"width: 17.6165%; background-color: #f2b749; text-align: center;\"><strong>I4 B<\/strong><\/td>\n<td style=\"width: 15.5208%; background-color: #bcdcf5; text-align: center;\"><strong>I5 A<\/strong><\/td>\n<td style=\"width: 73.6598%; background-color: #f59595; text-align: center;\"><strong>I5 B<\/strong><\/td>\n<\/tr>\n<tr>\n<td style=\"width: 15.7591%; text-align: center;\">Cristina Dols<\/td>\n<td style=\"width: 18.2272%; text-align: center;\">Meritxell Carrasco<\/td>\n<td style=\"width: 15.513%; text-align: center;\">Eliane Jardim<\/td>\n<td style=\"width: 17.6165%; text-align: center;\">Carme Gas<\/td>\n<td style=\"width: 15.5208%; text-align: center;\">Eva Ausensi<\/td>\n<td style=\"width: 73.6598%; text-align: center;\">Raquel Viso<\/td>\n<\/tr>\n<tr>\n<td style=\"width: 33.9863%; background-color: #e0d7f7; text-align: left;\" colspan=\"2\"><strong>TEI<\/strong><\/td>\n<td style=\"width: 122.31%; text-align: center;\" colspan=\"4\">Anna Honrubia<\/td>\n<\/tr>\n<tr>\n<td style=\"width: 33.9863%; background-color: #d0f5ef; text-align: left;\" colspan=\"2\"><strong>Suport EI<\/strong><\/td>\n<td style=\"width: 122.31%; text-align: center;\" colspan=\"4\">N\u00faria Iglesias<\/td>\n<\/tr>\n<\/tbody>\n<\/table>\n<p><strong>Educaci\u00f3 Prim\u00e0ria<\/strong><\/p>\n<table style=\"width: 57.4493%; height: 192px;\">\n<tbody>\n<tr style=\"height: 32px;\">\n<td style=\"width: 34.3075%; height: 32px; background-color: #f7ad9c; text-align: center;\" colspan=\"2\"><strong>Cicle Inicial<\/strong><\/td>\n<td style=\"width: 32.0204%; height: 32px; background-color: #ceecf5; text-align: center;\" colspan=\"2\"><strong>Cicle Mitj\u00e0<\/strong><\/td>\n<td style=\"width: 31.6392%; height: 32px; background-color: #d9f5a6; text-align: center;\" colspan=\"2\"><strong>Cicle Superior<\/strong><\/td>\n<\/tr>\n<tr style=\"height: 32px;\">\n<td style=\"width: 9.27573%; height: 32px; background-color: #f7ad9c;\"><strong>1r A<\/strong><\/td>\n<td style=\"width: 25.0318%; height: 32px;\">Llu\u00efsa Galindo<\/td>\n<td style=\"width: 6.22618%; height: 32px; background-color: #ceecf5;\"><strong>3r A<\/strong><\/td>\n<td style=\"width: 25.7942%; height: 32px;\">N\u00faria Bueno<\/td>\n<td style=\"width: 10.1652%; height: 32px; text-align: center; background-color: #d9f5a6;\"><strong>5\u00e8 A<\/strong><\/td>\n<td style=\"width: 21.474%; height: 32px;\">David Folqu\u00e9<\/td>\n<\/tr>\n<tr style=\"height: 32px;\">\n<td style=\"width: 9.27573%; height: 32px; background-color: #f7ad9c;\"><strong>1r B<\/strong><\/td>\n<td style=\"width: 25.0318%; height: 32px; text-align: left;\">Laura Ruf\u00ed<\/td>\n<td style=\"width: 6.22618%; height: 32px; background-color: #ceecf5;\"><strong>3r B<\/strong><\/td>\n<td style=\"width: 25.7942%; height: 32px;\"><span style=\"background-color: #ffffff;\">Meritxell Boronat<\/span><\/td>\n<td style=\"width: 10.1652%; height: 32px; text-align: center; background-color: #d9f5a6;\"><strong>5\u00e8 B<\/strong><\/td>\n<td style=\"width: 21.474%; height: 32px;\">M\u00edriam Gonz\u00e1lez<\/td>\n<\/tr>\n<tr style=\"height: 32px;\">\n<td style=\"width: 9.27573%; height: 32px; background-color: #f7ad9c;\"><strong>2n A<\/strong><\/td>\n<td style=\"width: 25.0318%; height: 32px;\">Yolanda Su\u00e1rez<\/td>\n<td style=\"width: 6.22618%; height: 32px; background-color: #ceecf5;\"><strong>4t A<\/strong><\/td>\n<td style=\"width: 25.7942%; height: 32px;\">Roger Card\u00f3<\/td>\n<td style=\"width: 10.1652%; height: 32px; text-align: center; background-color: #d9f5a6;\"><strong>6\u00e8 A<\/strong><\/td>\n<td style=\"width: 21.474%; height: 32px;\">Tere Recasens<\/td>\n<\/tr>\n<tr style=\"height: 32px;\">\n<td style=\"width: 9.27573%; height: 32px; background-color: #f7ad9c;\"><strong>2n B<\/strong><\/td>\n<td style=\"width: 25.0318%; height: 32px;\">Gerard Moreso<\/td>\n<td style=\"width: 6.22618%; height: 32px; background-color: #ceecf5;\"><strong>4t B<\/strong><\/td>\n<td style=\"width: 25.7942%; height: 32px;\">Sandra Armora<\/td>\n<td style=\"width: 10.1652%; height: 32px; text-align: center; background-color: #d9f5a6;\"><strong>6\u00e8 B<\/strong><\/td>\n<td style=\"width: 21.474%; height: 32px;\">David Jim\u00e9nez<\/td>\n<\/tr>\n<tr>\n<td style=\"width: 34.3075%; background-color: #f7ad9c;\" colspan=\"2\"><strong>Suport EP i TIS<\/strong><\/td>\n<td style=\"width: 63.6596%; background-color: #fcfcfc;\" colspan=\"4\">Mar\u00eda Jim\u00e9nez, Naiara Ma\u00f1as,Laura Dom\u00ednguez i Mari Fern\u00e1ndez<\/td>\n<\/tr>\n<\/tbody>\n<\/table>\n<p><strong>Especialistes<\/strong><\/p>\n<table style=\"width: 37.7482%; height: 369.688px;\">\n<tbody>\n<tr style=\"height: 33px;\">\n<td style=\"width: 139.828px; background-color: #c7f5b5; text-align: center; height: 99px;\" rowspan=\"3\"><strong>Angl\u00e8s<\/strong><br \/>\n<strong><br \/>\n<\/strong><strong>\u00a0<\/strong><\/td>\n<td style=\"width: 233.172px; text-align: center; height: 33px;\">Josep Cunillera<\/td>\n<\/tr>\n<tr style=\"height: 33px;\">\n<td style=\"width: 233.172px; text-align: center; height: 33px;\">Daniel Higuera<\/td>\n<\/tr>\n<tr style=\"height: 33px;\">\n<td style=\"width: 233.172px; text-align: center; height: 33px;\">Alba Piqu\u00e9<\/td>\n<\/tr>\n<tr style=\"height: 0px;\">\n<td style=\"width: 139.828px; background-color: #f5d7f1; text-align: center; height: 90.6875px;\" rowspan=\"2\"><strong><br \/>\n<\/strong><strong>M\u00fasica<\/strong><\/td>\n<td style=\"width: 233.172px; text-align: center; height: 90.6875px;\" rowspan=\"2\">Ana Belen L\u00f3pez<\/td>\n<\/tr>\n<tr style=\"height: 33px;\">\n<td style=\"width: 139.828px; background-color: #d7dff5; text-align: center; height: 33px;\"><strong>Aula Acollida<\/strong><\/td>\n<td style=\"width: 233.172px; text-align: center; height: 33px;\">Ana L\u00e1zaro<\/td>\n<\/tr>\n<tr style=\"height: 48px;\">\n<td style=\"width: 139.828px; background-color: #f7d279; text-align: center; height: 48px;\"><strong>Educaci\u00f3 Especial<\/strong><\/td>\n<td style=\"width: 233.172px; text-align: center; height: 48px;\">M. Carme Pellis\u00e9\/ Ana Rodr\u00edguez<\/td>\n<\/tr>\n<tr style=\"height: 33px;\">\n<td style=\"width: 139.828px; background-color: #c9d8f5; text-align: center; height: 33px;\"><strong>Religi\u00f3<\/strong><\/td>\n<td style=\"width: 233.172px; text-align: center; height: 33px;\">Carme Garcia<\/td>\n<\/tr>\n<tr style=\"height: 33px;\">\n<td style=\"width: 139.828px; background-color: #f7c3e9; text-align: center; height: 99px;\" rowspan=\"3\"><strong>Educaci\u00f3 F\u00edsica<\/strong><br \/>\n<strong><br \/>\n<\/strong><\/td>\n<td style=\"width: 233.172px; text-align: center; height: 33px;\">Nacho Giralt<\/td>\n<\/tr>\n<tr style=\"height: 33px;\">\n<td style=\"width: 233.172px; text-align: center; height: 33px;\">L\u00eddia Gri\u00f1\u00f3 \/Roger Perell\u00f3<\/td>\n<\/tr>\n<tr style=\"height: 33px;\">\n<td style=\"width: 233.172px; text-align: center; height: 33px;\">David Folqu\u00e9<\/td>\n<\/tr>\n<\/tbody>\n<\/table>\n<p><strong>Personal d&#8217;Administraci\u00f3 i Serveis<\/strong><\/p>\n<table>\n<tbody>\n<tr>\n<td style=\"background-color: #f7c8b7; text-align: left;\"><strong>Conserges<\/strong><\/td>\n<td style=\"text-align: center;\">Pere i Gl\u00f2ria<\/td>\n<\/tr>\n<tr>\n<td style=\"background-color: #c7f5c1; text-align: left;\"><strong>Administrativa<\/strong><\/td>\n<td style=\"text-align: center;\">Eva Feij\u00f3o<\/td>\n<\/tr>\n<tr>\n<td style=\"background-color: #c8e3fa; text-align: left;\"><strong>Encarregada de Menjador<\/strong><\/td>\n<td style=\"text-align: center;\">\u00c1ngeles Garc\u00eda<\/td>\n<\/tr>\n<tr>\n<td style=\"background-color: #e9dff5; text-align: left;\"><strong>Monitor\/a d&#8217;acollida<\/strong><\/td>\n<td style=\"text-align: center;\">Laura \u00c1lvarez<\/td>\n<\/tr>\n<\/tbody>\n<\/table>\n","protected":false},"excerpt":{"rendered":"<p>Equip Directiu<\/p>\n<p>Directora<br \/>\nRosa Bonachera Ribas<\/p>\n<p>Cap d&#8217;Estudis<br \/>\nGeorgina Pinyol Rivero<\/p>\n<p>Secretari<br \/>\nNacho Giralt Eroles<\/p>\n<p>Educaci\u00f3 Infantil<\/p>\n<p>I3 A<br \/>\nI3 B<br \/>\nI4 A<br \/>\nI4 B<br \/>\nI5 A<br \/>\nI5 B<\/p>\n<p>Cristina Dols<br \/>\nMeritxell Carrasco<br \/>\nEliane Jardim<br \/>\nCarme Gas<br \/>\nEva Ausensi<br \/>\nRaquel Viso<\/p>\n<p>TEI<br \/>\nAnna Honrubia<\/p>\n<p>Suport EI<br \/>\nN\u00faria Iglesias<\/p>\n<p>Educaci\u00f3 Prim\u00e0ria<\/p>\n<p>Cicle Inicial<br \/>\nCicle Mitj\u00e0<br \/>\nCicle Superior<\/p>\n<p>1r A<br \/>\nLlu\u00efsa Galindo<br \/>\n3r A<br \/>\nN\u00faria Bueno<br \/>\n5\u00e8 A<br \/>\nDavid Folqu\u00e9<\/p>\n<p>1r B<br \/>\nLaura Ruf\u00ed<br \/>\n3r B<br \/>\nMeritxell Boronat<br \/>\n5\u00e8 B<br \/>\nM\u00edriam Gonz\u00e1lez<\/p>\n<p>2n A<br \/>\nYolanda Su\u00e1rez<br \/>\n4t A<br \/>\nRoger Card\u00f3<br \/>\n6\u00e8&hellip;  <a href=\"https:\/\/agora.xtec.cat\/esc-tarragona\/escola\/equip-docent\/\" title=\"Read Equip Docent\">Llegeix m\u00e9s\u00bb<\/a><\/p>\n","protected":false},"author":1,"featured_media":0,"parent":603,"menu_order":0,"comment_status":"closed","ping_status":"closed","template":"page-templates\/side-menu.php","meta":{"_bbp_topic_count":0,"_bbp_reply_count":0,"_bbp_total_topic_count":0,"_bbp_total_reply_count":0,"_bbp_voice_count":0,"_bbp_anonymous_reply_count":0,"_bbp_topic_count_hidden":0,"_bbp_reply_count_hidden":0,"_bbp_forum_subforum_count":0,"footnotes":""},"class_list":["post-622","page","type-page","status-publish","hentry"],"post_mailing_queue_ids":[],"_links":{"self":[{"href":"https:\/\/agora.xtec.cat\/esc-tarragona\/wp-json\/wp\/v2\/pages\/622","targetHints":{"allow":["GET"]}}],"collection":[{"href":"https:\/\/agora.xtec.cat\/esc-tarragona\/wp-json\/wp\/v2\/pages"}],"about":[{"href":"https:\/\/agora.xtec.cat\/esc-tarragona\/wp-json\/wp\/v2\/types\/page"}],"author":[{"embeddable":true,"href":"https:\/\/agora.xtec.cat\/esc-tarragona\/wp-json\/wp\/v2\/users\/1"}],"replies":[{"embeddable":true,"href":"https:\/\/agora.xtec.cat\/esc-tarragona\/wp-json\/wp\/v2\/comments?post=622"}],"version-history":[{"count":6,"href":"https:\/\/agora.xtec.cat\/esc-tarragona\/wp-json\/wp\/v2\/pages\/622\/revisions"}],"predecessor-version":[{"id":9699,"href":"https:\/\/agora.xtec.cat\/esc-tarragona\/wp-json\/wp\/v2\/pages\/622\/revisions\/9699"}],"up":[{"embeddable":true,"href":"https:\/\/agora.xtec.cat\/esc-tarragona\/wp-json\/wp\/v2\/pages\/603"}],"wp:attachment":[{"href":"https:\/\/agora.xtec.cat\/esc-tarragona\/wp-json\/wp\/v2\/media?parent=622"}],"curies":[{"name":"wp","href":"https:\/\/api.w.org\/{rel}","templated":true}]}}