{"id":1127,"date":"2021-07-12T17:33:54","date_gmt":"2021-07-12T15:33:54","guid":{"rendered":"http:\/\/agora.xtec.cat\/esc-tarragona\/?page_id=1127"},"modified":"2022-11-21T11:19:23","modified_gmt":"2022-11-21T10:19:23","slug":"intranet-docents","status":"publish","type":"page","link":"https:\/\/agora.xtec.cat\/esc-tarragona\/intranet-docents\/","title":{"rendered":"Estrat\u00e8gia Digital de Centre"},"content":{"rendered":"<h2 style=\"text-align: center;\"><strong><span style=\"color: #ff6600;\"><span style=\"color: #ff0000;\">Estrat\u00e8gia Digital de Centre (EDC)<\/span>\u00a0 <a href=\"https:\/\/educacio.gencat.cat\/web\/.content\/home\/departament\/publicacions\/colleccions\/pla-educacio-digital\/estrategia-digital-centre\/estrategia-digital-centre.pdf\" target=\"_blank\" rel=\"noopener\"><img loading=\"lazy\" decoding=\"async\" class=\"alignnone\" src=\"https:\/\/encrypted-tbn0.gstatic.com\/images?q=tbn:ANd9GcQshf5-mMXPOHIiq_9x05NR6eF9qXJuKw_IjA9MttR-h_1_x7DdIfhSZsgYJR16tc7UE0g&amp;usqp=CAU\" alt=\"Projecte d'acceleraci\u00f3: Inventari, desplegament, canvi d'usuaris, MIFIs, portal INDIC. | Servei Educatiu Nou Barris\" width=\"78\" height=\"107\" \/><\/a><\/span><\/strong><\/h2>\n<p><span style=\"font-weight: 400;\">L\u2019Estrat\u00e8gia Digital de Centre (EDC) t\u00e9 com a referent el <\/span><a href=\"https:\/\/educacio.gencat.cat\/ca\/departament\/linies-estrategiques\/pla-educacio-digital\/\"><span style=\"font-weight: 400;\">Pla d\u2019educaci\u00f3 digital de Catalunya (PEDC).<\/span><\/a> \u00c9<span style=\"font-weight: 400;\">s un document que recull les accions que s&#8217;estan duent a terme actualment i en un futur immediat per aconseguir la compet\u00e8ncia digital de l\u2019alumnat, del professorat i del centre educatiu.<\/span><\/p>\n<p><span style=\"font-weight: 400;\">Aquest document cont\u00e9:<\/span><\/p>\n<ul>\n<li><span style=\"font-weight: 400;\">Una <\/span><b style=\"font-family: inherit; font-size: 1em;\">Part Estrat\u00e8gica<\/b><span style=\"font-weight: 400;\">, que inclou la <\/span><b style=\"font-family: inherit; font-size: 1em;\">Diagnosi<\/b><span style=\"font-weight: 400;\"> de l\u2019estat digital del centre i, en funci\u00f3 d\u2019aquest an\u00e0lisi, una part <\/span><b style=\"font-family: inherit; font-size: 1em;\">d\u2019objectius i actuacions<\/b><span style=\"font-weight: 400;\"> que inclou els aspectes de millora que caldria potenciar.<\/span><\/li>\n<li style=\"font-weight: 400;\" aria-level=\"1\"><span style=\"font-weight: 400;\">Una altra part de <strong>Cultura Digital <\/strong>que s\u00f3n el conjunt d&#8217;accions, procediments, protocols i acords relacionats amb tots els \u00e0mbits digitals del centre organitzats en forma de recull i posats a disposici\u00f3 de la comunitat educativa.<\/span><\/li>\n<\/ul>\n<p style=\"padding-left: 360px;\"><iframe loading=\"lazy\" src=\"\/\/www.youtube.com\/embed\/uS5UUZIYLPQ\" width=\"560\" height=\"314\" allowfullscreen=\"allowfullscreen\"><\/iframe><\/p>\n<p>&nbsp;<\/p>\n<table style=\"border-collapse: collapse; width: 93.3803%; height: 134px;\">\n<tbody>\n<tr>\n<td style=\"width: 50%; background-color: #c1d0f7; text-align: center;\">\n<h2><a href=\"https:\/\/agora.xtec.cat\/esc-tarragona\/diagnosi\/\"><span style=\"color: #3366ff;\"><strong>Part Estrat\u00e8gica<\/strong><\/span><\/a><\/h2>\n<\/td>\n<td style=\"width: 50%; background-color: #f7b2d0; text-align: center;\">\n<h2><span style=\"color: #993300;\"><a style=\"color: #993300;\" href=\"https:\/\/agora.xtec.cat\/esc-tarragona\/cultura-digital\/\" target=\"_blank\" rel=\"noopener\"><strong>Cultura Digital<\/strong><\/a><\/span><\/h2>\n<\/td>\n<\/tr>\n<\/tbody>\n<\/table>\n<p>&nbsp;<\/p>\n<p>&nbsp;<\/p>\n","protected":false},"excerpt":{"rendered":"<p>Estrat\u00e8gia Digital de Centre (EDC)\u00a0 <a href=\"https:\/\/educacio.gencat.cat\/web\/.content\/home\/departament\/publicacions\/colleccions\/pla-educacio-digital\/estrategia-digital-centre\/estrategia-digital-centre.pdf\" target=\"_blank\" rel=\"noopener\"><\/a><br \/>\nL\u2019Estrat\u00e8gia Digital de Centre (EDC) t\u00e9 com a referent el <a href=\"https:\/\/educacio.gencat.cat\/ca\/departament\/linies-estrategiques\/pla-educacio-digital\/\">Pla d\u2019educaci\u00f3 digital de Catalunya (PEDC).<\/a> \u00c9s un document que recull les accions que s&#8217;estan duent a terme actualment i en un futur immediat per aconseguir&hellip;  <a href=\"https:\/\/agora.xtec.cat\/esc-tarragona\/intranet-docents\/\" title=\"Read Estrat\u00e8gia Digital de Centre\">Llegeix m\u00e9s\u00bb<\/a><\/p>\n","protected":false},"author":1,"featured_media":0,"parent":0,"menu_order":0,"comment_status":"closed","ping_status":"closed","template":"","meta":{"_bbp_topic_count":0,"_bbp_reply_count":0,"_bbp_total_topic_count":0,"_bbp_total_reply_count":0,"_bbp_voice_count":0,"_bbp_anonymous_reply_count":0,"_bbp_topic_count_hidden":0,"_bbp_reply_count_hidden":0,"_bbp_forum_subforum_count":0,"footnotes":""},"class_list":["post-1127","page","type-page","status-publish","hentry"],"post_mailing_queue_ids":[],"_links":{"self":[{"href":"https:\/\/agora.xtec.cat\/esc-tarragona\/wp-json\/wp\/v2\/pages\/1127","targetHints":{"allow":["GET"]}}],"collection":[{"href":"https:\/\/agora.xtec.cat\/esc-tarragona\/wp-json\/wp\/v2\/pages"}],"about":[{"href":"https:\/\/agora.xtec.cat\/esc-tarragona\/wp-json\/wp\/v2\/types\/page"}],"author":[{"embeddable":true,"href":"https:\/\/agora.xtec.cat\/esc-tarragona\/wp-json\/wp\/v2\/users\/1"}],"replies":[{"embeddable":true,"href":"https:\/\/agora.xtec.cat\/esc-tarragona\/wp-json\/wp\/v2\/comments?post=1127"}],"version-history":[{"count":3,"href":"https:\/\/agora.xtec.cat\/esc-tarragona\/wp-json\/wp\/v2\/pages\/1127\/revisions"}],"predecessor-version":[{"id":5022,"href":"https:\/\/agora.xtec.cat\/esc-tarragona\/wp-json\/wp\/v2\/pages\/1127\/revisions\/5022"}],"wp:attachment":[{"href":"https:\/\/agora.xtec.cat\/esc-tarragona\/wp-json\/wp\/v2\/media?parent=1127"}],"curies":[{"name":"wp","href":"https:\/\/api.w.org\/{rel}","templated":true}]}}