{"id":762,"date":"2017-12-19T15:25:56","date_gmt":"2017-12-19T14:25:56","guid":{"rendered":"http:\/\/agora.xtec.cat\/esc-santjordi-svmontalt\/?page_id=762"},"modified":"2022-08-30T16:18:37","modified_gmt":"2022-08-30T14:18:37","slug":"ampa","status":"publish","type":"page","link":"https:\/\/agora.xtec.cat\/esc-santjordi-svmontalt\/ampa\/","title":{"rendered":"AFA"},"content":{"rendered":"<h4>Us deixem l&#8217;enlla\u00e7 a la seva p\u00e0gina web on podeu trobar tota la informaci\u00f3:<\/h4>\n<p style=\"text-align: center;\"><a href=\"https:\/\/escolasantjordiampa.com\/\" target=\"_blank\" rel=\"noopener noreferrer\">https:\/\/escolasantjordiampa.com\/<\/a><\/p>\n<table style=\"border-color: #fcfcfc; height: 324px; width: 840px;\">\n<tbody>\n<tr style=\"height: 301px;\">\n<td style=\"width: 834px; height: 301px;\" colspan=\"2\">\n<h4>L&#8217;AFA de l&#8217;escola col\u00b7labora amb diferents activitats del centre:<\/h4>\n<ul>\n<li>\n<h4>Participa comprant i coent castanyes a la castanyada de l&#8217;escola.<\/h4>\n<\/li>\n<li>\n<h4>Paga la xocolatada per Carnestoltes.<\/h4>\n<\/li>\n<li>\n<h4>Col\u00b7labora amb la festa de Sant Jordi.<\/h4>\n<\/li>\n<li>\n<h4>Ha comprat diverses PDIs i IPADs per l&#8217;escola.<\/h4>\n<\/li>\n<li>\n<h4>Paga alguns projectes de centre com el projecte ATTA de 6\u00e8, un taller de l&#8217;aigua a 2n&#8230;<\/h4>\n<\/li>\n<li>\n<h4>Aporta diners per material d&#8217;Educaci\u00f3 Infantil.<\/h4>\n<\/li>\n<li>\n<h4>D\u00f3na a cada alumne una fotografia de\u00a0classe per Nadal.<\/h4>\n<\/li>\n<\/ul>\n<h4>Tamb\u00e9 \u00e9s l&#8217;encarregada de gestionar serveis com el de menjador, perman\u00e8ncies i extraescolars.<\/h4>\n<\/td>\n<\/tr>\n<\/tbody>\n<\/table>\n<h4 style=\"text-align: center;\"><\/h4>\n","protected":false},"excerpt":{"rendered":"<p>Us deixem l&#8217;enlla\u00e7 a la seva p\u00e0gina web on podeu trobar tota la informaci\u00f3:<br \/>\n<a href=\"https:\/\/escolasantjordiampa.com\/\" target=\"_blank\" rel=\"noopener noreferrer\">https:\/\/escolasantjordiampa.com\/<\/a><\/p>\n<p>L&#8217;AFA de l&#8217;escola col\u00b7labora amb diferents activitats del centre:<\/p>\n<ul>\n<li>\nParticipa comprant i coent castanyes a la castanyada de l&#8217;escola.\n<\/li>\n<li>\nPaga la xocolatada per Carnestoltes.\n<\/li>\n<li>\nCol\u00b7labora amb la festa de Sant Jordi.\n<\/li>\n<li>\nHa&hellip;  <a href=\"https:\/\/agora.xtec.cat\/esc-santjordi-svmontalt\/ampa\/\" title=\"Read AFA\">Llegeix m\u00e9s\u00bb<\/a><\/p>\n","protected":false},"author":1,"featured_media":0,"parent":0,"menu_order":0,"comment_status":"closed","ping_status":"closed","template":"","meta":{"_bbp_topic_count":0,"_bbp_reply_count":0,"_bbp_total_topic_count":0,"_bbp_total_reply_count":0,"_bbp_voice_count":0,"_bbp_anonymous_reply_count":0,"_bbp_topic_count_hidden":0,"_bbp_reply_count_hidden":0,"_bbp_forum_subforum_count":0,"footnotes":""},"class_list":["post-762","page","type-page","status-publish","hentry"],"post_mailing_queue_ids":[],"_links":{"self":[{"href":"https:\/\/agora.xtec.cat\/esc-santjordi-svmontalt\/wp-json\/wp\/v2\/pages\/762","targetHints":{"allow":["GET"]}}],"collection":[{"href":"https:\/\/agora.xtec.cat\/esc-santjordi-svmontalt\/wp-json\/wp\/v2\/pages"}],"about":[{"href":"https:\/\/agora.xtec.cat\/esc-santjordi-svmontalt\/wp-json\/wp\/v2\/types\/page"}],"author":[{"embeddable":true,"href":"https:\/\/agora.xtec.cat\/esc-santjordi-svmontalt\/wp-json\/wp\/v2\/users\/1"}],"replies":[{"embeddable":true,"href":"https:\/\/agora.xtec.cat\/esc-santjordi-svmontalt\/wp-json\/wp\/v2\/comments?post=762"}],"version-history":[{"count":3,"href":"https:\/\/agora.xtec.cat\/esc-santjordi-svmontalt\/wp-json\/wp\/v2\/pages\/762\/revisions"}],"predecessor-version":[{"id":10424,"href":"https:\/\/agora.xtec.cat\/esc-santjordi-svmontalt\/wp-json\/wp\/v2\/pages\/762\/revisions\/10424"}],"wp:attachment":[{"href":"https:\/\/agora.xtec.cat\/esc-santjordi-svmontalt\/wp-json\/wp\/v2\/media?parent=762"}],"curies":[{"name":"wp","href":"https:\/\/api.w.org\/{rel}","templated":true}]}}