{"id":566,"date":"2017-11-25T01:03:33","date_gmt":"2017-11-25T00:03:33","guid":{"rendered":"http:\/\/agora.xtec.cat\/esc-santjordi-svmontalt\/?page_id=566"},"modified":"2026-01-22T11:33:25","modified_gmt":"2026-01-22T10:33:25","slug":"projectes-escola","status":"publish","type":"page","link":"https:\/\/agora.xtec.cat\/esc-santjordi-svmontalt\/lescola\/projectes-escola\/","title":{"rendered":"Projecte Educatiu de Centre"},"content":{"rendered":"<p>&nbsp;<\/p>\n<table style=\"border-collapse: collapse; width: 100%; height: 1634px;\">\n<tbody>\n<tr style=\"height: 49px;\">\n<td style=\"width: 99.8787%; height: 49px;\" colspan=\"3\">\n<h5 style=\"text-align: center;\">DOCUMENTS INSTITUCIONALS DE L&#8217;ESCOLA<\/h5>\n<\/td>\n<\/tr>\n<tr style=\"height: 86px;\">\n<td style=\"width: 10.4242%; height: 86px;\"><img loading=\"lazy\" decoding=\"async\" class=\"aligncenter wp-image-590\" src=\"http:\/\/agora.xtec.cat\/esc-santjordi-svmontalt\/wp-content\/uploads\/usu1728\/2017\/11\/PEC.jpg\" alt=\"\" width=\"124\" height=\"127\" \/><\/td>\n<td style=\"width: 19.0303%; height: 86px;\"><a href=\"https:\/\/agora.xtec.cat\/esc-santjordi-svmontalt\/wp-content\/uploads\/usu1728\/2018\/12\/PEC-EN-REVISI\u00d3.pdf\">Projecte Educatiu de Centre (PEC)<\/a><\/td>\n<td style=\"text-align: justify; width: 70.4242%; height: 86px;\">El Projecte Educatiu, que \u00e9s la m\u00e0xima expressi\u00f3 de l&#8217;autonomia dels centres, recull la identitat del centre, n&#8217;explicita els objectius, n&#8217;orienta l&#8217;activitat i hi dona sentit amb la finalitat que l&#8217;alumnat assoleixi les compet\u00e8ncies b\u00e0siques i el m\u00e0xim aprofitament educatiu.<\/td>\n<\/tr>\n<tr style=\"height: 32px;\">\n<td style=\"width: 99.8787%; height: 32px;\" colspan=\"3\"><strong>Febrer 2023: Pendent d&#8217;actualitzaci\u00f3<\/strong><\/td>\n<\/tr>\n<tr style=\"height: 48px;\">\n<td style=\"width: 10.4242%; height: 48px;\"><span style=\"color: #0000ff;\"><img loading=\"lazy\" decoding=\"async\" class=\"aligncenter size-full wp-image-12424\" src=\"https:\/\/agora.xtec.cat\/esc-santjordi-svmontalt\/wp-content\/uploads\/usu1728\/2024\/10\/PGA.png\" alt=\"\" width=\"583\" height=\"760\" srcset=\"https:\/\/agora.xtec.cat\/esc-santjordi-svmontalt\/wp-content\/uploads\/usu1728\/2024\/10\/PGA.png 583w, https:\/\/agora.xtec.cat\/esc-santjordi-svmontalt\/wp-content\/uploads\/usu1728\/2024\/10\/PGA-230x300.png 230w\" sizes=\"auto, (max-width: 583px) 100vw, 583px\" \/><\/span><\/td>\n<td style=\"width: 19.0303%; height: 48px;\"><a href=\"https:\/\/drive.google.com\/file\/d\/1lcdIt1AfKqfbgdfauIBITqEsPe2Gyzem\/view?usp=drive_link\" target=\"_blank\" rel=\"noopener\">Programaci\u00f3 General Anual (PGA)<\/a><\/td>\n<td style=\"width: 70.4242%; height: 48px;\">La Programaci\u00f3 General Anual \u00e9s el document normatiu que concreta\u00a0les actuacions per a cada curs a partir del\u00a0Projecte Educatiu de Centre.<\/td>\n<\/tr>\n<tr style=\"height: 32px;\">\n<td style=\"width: 99.8787%; height: 32px;\" colspan=\"3\"><span style=\"color: #000000;\"><strong>Data d&#8217;actualitzaci\u00f3: 2025\/2026<\/strong><\/span><\/td>\n<\/tr>\n<tr style=\"height: 96px;\">\n<td style=\"width: 10.4242%; height: 96px;\"><img loading=\"lazy\" decoding=\"async\" class=\"aligncenter wp-image-12423\" src=\"https:\/\/agora.xtec.cat\/esc-santjordi-svmontalt\/wp-content\/uploads\/usu1728\/2024\/10\/NOFC.png\" alt=\"\" width=\"104\" height=\"129\" srcset=\"https:\/\/agora.xtec.cat\/esc-santjordi-svmontalt\/wp-content\/uploads\/usu1728\/2024\/10\/NOFC.png 565w, https:\/\/agora.xtec.cat\/esc-santjordi-svmontalt\/wp-content\/uploads\/usu1728\/2024\/10\/NOFC-241x300.png 241w\" sizes=\"auto, (max-width: 104px) 100vw, 104px\" \/><\/td>\n<td style=\"width: 19.0303%; height: 96px;\"><a href=\"https:\/\/drive.google.com\/file\/d\/1oZ5hrTUvSko2bNMqPhNvPnMBAlm8sJ_U\/view?usp=sharing\">Normes d&#8217;Organitzaci\u00f3 i\u00a0 Funcionament de Centre (NOFC)<\/a><\/td>\n<td style=\"width: 70.4242%; height: 96px; text-align: justify;\">Aquest document, les NOFC estructura normes t\u00e8cniques, funcionals, pedag\u00f2giques i administratives per a portar a terme el proc\u00e9s educatiu i disposa de mecanismes adequats<br \/>\nper la seva difusi\u00f3, el seu coneixement, avaluaci\u00f3 i modificaci\u00f3 per adaptar-lo a les noves necessitats del centre, i aix\u00ed poder millorar aquells aspectes que es considerin convenients.<\/td>\n<\/tr>\n<tr style=\"height: 32px;\">\n<td style=\"width: 99.8787%; height: 32px;\" colspan=\"3\"><strong>Data d&#8217;actualitzaci\u00f3: octubre de 2024<\/strong><\/td>\n<\/tr>\n<tr style=\"height: 95px;\">\n<td style=\"width: 10.4242%; height: 95px;\"><img loading=\"lazy\" decoding=\"async\" class=\"aligncenter size-full wp-image-11180\" src=\"https:\/\/agora.xtec.cat\/esc-santjordi-svmontalt\/wp-content\/uploads\/usu1728\/2023\/03\/Portada-per-web.png\" alt=\"\" width=\"517\" height=\"687\" srcset=\"https:\/\/agora.xtec.cat\/esc-santjordi-svmontalt\/wp-content\/uploads\/usu1728\/2023\/03\/Portada-per-web.png 517w, https:\/\/agora.xtec.cat\/esc-santjordi-svmontalt\/wp-content\/uploads\/usu1728\/2023\/03\/Portada-per-web-226x300.png 226w\" sizes=\"auto, (max-width: 517px) 100vw, 517px\" \/><\/td>\n<td style=\"width: 19.0303%; height: 95px;\">Projecte de Direcci\u00f3 (PdD)<\/td>\n<td style=\"text-align: justify; width: 70.4242%; height: 95px;\">El Projecte de Direcci\u00f3 \u00e9s un instrument essencial de l&#8217;autonomia dels centres educatius perqu\u00e8 ordena el desplegament i l&#8217;aplicaci\u00f3 del projecte educatiu per al per\u00edode de mandat de la direcci\u00f3 del centre, en concreta l&#8217;estructura organitzativa i n&#8217;inclou uns indicadors, derivats del que estableix el projecte educatiu del centre, que han de servir per avaluar l&#8217;exercici de la direcci\u00f3.<\/td>\n<\/tr>\n<tr style=\"height: 32px;\">\n<td style=\"width: 99.8787%; height: 32px;\" colspan=\"3\"><strong>Data d&#8217;actualitzaci\u00f3: 2022\/2026<\/strong><\/td>\n<\/tr>\n<tr style=\"height: 95px;\">\n<td style=\"width: 10.4242%; height: 95px;\"><img loading=\"lazy\" decoding=\"async\" class=\"aligncenter size-full wp-image-13365\" src=\"https:\/\/agora.xtec.cat\/esc-santjordi-svmontalt\/wp-content\/uploads\/usu1728\/2026\/01\/1.jpg\" alt=\"\" width=\"235\" height=\"304\" srcset=\"https:\/\/agora.xtec.cat\/esc-santjordi-svmontalt\/wp-content\/uploads\/usu1728\/2026\/01\/1.jpg 235w, https:\/\/agora.xtec.cat\/esc-santjordi-svmontalt\/wp-content\/uploads\/usu1728\/2026\/01\/1-232x300.jpg 232w\" sizes=\"auto, (max-width: 235px) 100vw, 235px\" \/><\/td>\n<td style=\"width: 19.0303%; height: 95px;\"><a href=\"https:\/\/drive.google.com\/file\/d\/11IR4UFJXv8WZ6dMIKaRlF6z8Fpc6U714\/view?usp=sharing\">Projecte de Conviv\u00e8ncia<\/a><\/td>\n<td style=\"text-align: justify; width: 70.4242%; height: 95px;\">El Projecte de Conviv\u00e8ncia \u00e9s el document que engloba el conjunt d\u2019accions encaminades a la millora de la conviv\u00e8ncia en el centre educatiu. Recull les intervencions que el centre docent desenvolupa per tal de capacitar tot l\u2019alumnat, i la resta de la comunitat educativa, per a la conviv\u00e8ncia i la gesti\u00f3 positiva de conflictes, creant aix\u00ed, una atmosfera de treball i una conviv\u00e8ncia segura i saludable.<\/td>\n<\/tr>\n<tr style=\"height: 32px;\">\n<td style=\"width: 99.8787%; height: 32px;\" colspan=\"3\"><strong>Data d&#8217;actualitzaci\u00f3: juny de 2024<\/strong><\/td>\n<\/tr>\n<tr style=\"height: 92px;\">\n<td style=\"width: 10.4242%; height: 92px;\"><img loading=\"lazy\" decoding=\"async\" class=\"aligncenter wp-image-594\" src=\"http:\/\/agora.xtec.cat\/esc-santjordi-svmontalt\/wp-content\/uploads\/usu1728\/2017\/11\/Projecte-Ling\u00fc\u00edstic.jpg\" alt=\"\" width=\"116\" height=\"129\" srcset=\"https:\/\/agora.xtec.cat\/esc-santjordi-svmontalt\/wp-content\/uploads\/usu1728\/2017\/11\/Projecte-Ling\u00fc\u00edstic.jpg 377w, https:\/\/agora.xtec.cat\/esc-santjordi-svmontalt\/wp-content\/uploads\/usu1728\/2017\/11\/Projecte-Ling\u00fc\u00edstic-269x300.jpg 269w\" sizes=\"auto, (max-width: 116px) 100vw, 116px\" \/><\/td>\n<td style=\"width: 19.0303%; height: 92px;\"><a href=\"https:\/\/agora.xtec.cat\/esc-santjordi-svmontalt\/wp-content\/uploads\/usu1728\/2022\/07\/Projecte-Linguistic-de-Centre-2022.pdf\">Projecte Ling\u00fc\u00edstic<\/a><\/td>\n<td style=\"text-align: justify; width: 70.4242%; height: 92px;\">El Projecte Educatiu \u00e9s el document que recull de manera organitzada els acords presos sobre les propostes educatives per a l\u2019ensenyament i l\u2019aprenentatge de les lleng\u00fces i sobre els usos ling\u00fc\u00edstics de l\u2019escola.<\/td>\n<\/tr>\n<tr style=\"height: 32px;\">\n<td style=\"width: 99.8787%; height: 32px;\" colspan=\"3\"><strong>Data d&#8217;actualitzaci\u00f3: juny de 2022<\/strong><\/td>\n<\/tr>\n<tr style=\"height: 95px;\">\n<td style=\"width: 10.4242%; height: 95px;\">\n<h5 style=\"text-align: center;\"><img loading=\"lazy\" decoding=\"async\" class=\"aligncenter wp-image-2064\" style=\"font-size: 16px; font-weight: normal;\" src=\"http:\/\/agora.xtec.cat\/esc-santjordi-svmontalt\/wp-content\/uploads\/usu1728\/2018\/09\/GEP-150x150.png\" alt=\"\" width=\"122\" height=\"122\" \/><\/h5>\n<\/td>\n<td style=\"width: 19.0303%; height: 95px;\"><a href=\"https:\/\/drive.google.com\/file\/d\/1s-gwAwI1w-rVTSABO3H64ru3tsbnW9nT\/view?usp=share_link\">Pla d&#8217;Acci\u00f3 GEP<\/a><\/td>\n<td style=\"text-align: justify; width: 70.4242%; height: 95px;\">L&#8217;escola forma part del programa\u00a0d\u2019innovaci\u00f3 pedag\u00f2gica\u00a0Generaci\u00f3 Pluriling\u00fce (GEP). El nostre centre impulsa un model educatiu multicultural i pluriling\u00fce, amb una aproximaci\u00f3 constructivista i comunicativa als processos d\u2019ensenyament i aprenentatge de la llengua estrangera.<\/td>\n<\/tr>\n<tr style=\"height: 32px;\">\n<td style=\"width: 99.8787%; height: 32px;\" colspan=\"3\"><strong>Data d&#8217;actualitzaci\u00f3: juny de 2018<\/strong><\/td>\n<\/tr>\n<tr style=\"height: 103px;\">\n<td style=\"width: 10.4242%; height: 103px;\">\n<h5 style=\"text-align: center;\"><img loading=\"lazy\" decoding=\"async\" class=\"aligncenter size-large wp-image-11423\" src=\"https:\/\/agora.xtec.cat\/esc-santjordi-svmontalt\/wp-content\/uploads\/usu1728\/2023\/05\/PES.png\" alt=\"\" width=\"496\" height=\"598\" srcset=\"https:\/\/agora.xtec.cat\/esc-santjordi-svmontalt\/wp-content\/uploads\/usu1728\/2023\/05\/PES.png 496w, https:\/\/agora.xtec.cat\/esc-santjordi-svmontalt\/wp-content\/uploads\/usu1728\/2023\/05\/PES-249x300.png 249w\" sizes=\"auto, (max-width: 496px) 100vw, 496px\" \/><\/h5>\n<\/td>\n<td style=\"width: 19.0303%; height: 103px;\"><a href=\"https:\/\/agora.xtec.cat\/esc-santjordi-svmontalt\/wp-content\/uploads\/usu1728\/2023\/05\/PES-22-26.pdf\" target=\"_blank\" rel=\"noopener\">Pla d&#8217;Educaci\u00f3 per a la Sostenibilitat<\/a><\/td>\n<td style=\"text-align: justify; width: 70.4242%; height: 103px;\">L\u2019educaci\u00f3 per a la sostenibilitat \u00e9s un instrument imprescindible per implicar les persones en la construcci\u00f3 d\u2019una nova cultura de la sostenibilitat i per generar una transformaci\u00f3 social col\u00b7lectiva. El seu objectiu principal \u00e9s el de generar processos d\u2019ensenyament i aprenentatge que portin cap a experi\u00e8ncies aut\u00e8nticament transformadores.<\/td>\n<\/tr>\n<tr style=\"height: 32px;\">\n<td style=\"width: 99.8787%; height: 32px;\" colspan=\"3\"><strong>Data d&#8217;actualitzaci\u00f3: 2009\/2022<\/strong><\/td>\n<\/tr>\n<tr style=\"height: 111px;\">\n<td style=\"width: 10.4242%; height: 111px;\"><img loading=\"lazy\" decoding=\"async\" class=\"aligncenter wp-image-11159 size-medium\" src=\"https:\/\/agora.xtec.cat\/esc-santjordi-svmontalt\/wp-content\/uploads\/usu1728\/2023\/03\/EDC-300x130.png\" alt=\"\" width=\"300\" height=\"130\" srcset=\"https:\/\/agora.xtec.cat\/esc-santjordi-svmontalt\/wp-content\/uploads\/usu1728\/2023\/03\/EDC-300x130.png 300w, https:\/\/agora.xtec.cat\/esc-santjordi-svmontalt\/wp-content\/uploads\/usu1728\/2023\/03\/EDC-1024x444.png 1024w, https:\/\/agora.xtec.cat\/esc-santjordi-svmontalt\/wp-content\/uploads\/usu1728\/2023\/03\/EDC-768x333.png 768w, https:\/\/agora.xtec.cat\/esc-santjordi-svmontalt\/wp-content\/uploads\/usu1728\/2023\/03\/EDC-1536x666.png 1536w, https:\/\/agora.xtec.cat\/esc-santjordi-svmontalt\/wp-content\/uploads\/usu1728\/2023\/03\/EDC.png 1861w\" sizes=\"auto, (max-width: 300px) 100vw, 300px\" \/><\/td>\n<td style=\"text-align: justify; width: 19.0303%; height: 111px;\"><a href=\"https:\/\/sites.google.com\/santjordiescola.cat\/edc-escola-sant-jordi\/presentaci%C3%B3-de-ledc\">Estrat\u00e8gia Digital de Centre (EDC)<\/a><\/td>\n<td style=\"text-align: justify; width: 70.4242%; height: 111px;\">L\u2019EDC defineix i concreta les l\u00ednies d\u2019actuaci\u00f3 d\u2019un centre que fan possible que docents, alumnat i centre assoleixin la compet\u00e8ncia digital. Per aconseguir aquesta compet\u00e8ncia digital, l\u2019EDC compr\u00e8n tots els \u00e0mbits del centre: organitzatius, metodol\u00f2gics, curriculars i comunicatius, els quals s\u2019han de veure necess\u00e0riament implicats i, si escau, transformats, des d\u2019una perspectiva d\u2019innovaci\u00f3 i<br \/>\nde millora cont\u00ednua.<\/td>\n<\/tr>\n<tr style=\"height: 32px;\">\n<td style=\"width: 99.8787%; height: 32px;\" colspan=\"3\"><strong>Abril 2023: juny de 2023<\/strong><\/td>\n<\/tr>\n<tr style=\"height: 105px;\">\n<td style=\"width: 10.4242%; height: 105px;\">\n<h5 style=\"text-align: center;\"><img loading=\"lazy\" decoding=\"async\" class=\"aligncenter wp-image-11253\" src=\"https:\/\/agora.xtec.cat\/esc-santjordi-svmontalt\/wp-content\/uploads\/usu1728\/2023\/03\/Captura-1.png\" alt=\"\" width=\"85\" height=\"109\" srcset=\"https:\/\/agora.xtec.cat\/esc-santjordi-svmontalt\/wp-content\/uploads\/usu1728\/2023\/03\/Captura-1.png 388w, https:\/\/agora.xtec.cat\/esc-santjordi-svmontalt\/wp-content\/uploads\/usu1728\/2023\/03\/Captura-1-234x300.png 234w\" sizes=\"auto, (max-width: 85px) 100vw, 85px\" \/><\/h5>\n<\/td>\n<td style=\"width: 19.0303%; height: 105px;\"><a href=\"https:\/\/drive.google.com\/file\/d\/1tIMSGNNS_bEEtuCwCz2eDfo7_FlqmJQ1\/view?usp=share_link\">Pla de Comunicaci\u00f3<\/a><\/td>\n<td style=\"text-align: justify; width: 70.4242%; height: 105px;\">El Pla de Comunicaci\u00f3 \u00e9s un document que recull l&#8217;organitzaci\u00f3 de les comunicacions entre els membres de la nostra comunitat escolar, marcant els canals i accions a desenvolupar per generar una comunicaci\u00f3 eficient, aix\u00ed com tamb\u00e9, el de crear un clima escolar positiu que fomenti l\u2019aprenentatge i la comunicaci\u00f3 entre les diferents parts implicades en el proc\u00e9s d\u2019ensenyament-aprenentatge.<\/td>\n<\/tr>\n<tr style=\"height: 32px;\">\n<td style=\"width: 99.8787%; height: 32px;\" colspan=\"3\"><strong>Data d&#8217;actualitzaci\u00f3: 2021\/2022<\/strong><\/td>\n<\/tr>\n<tr style=\"height: 137px;\">\n<td style=\"width: 10.4242%; height: 137px;\">\n<h5 style=\"text-align: center;\"><img loading=\"lazy\" decoding=\"async\" class=\"aligncenter wp-image-11332\" src=\"https:\/\/agora.xtec.cat\/esc-santjordi-svmontalt\/wp-content\/uploads\/usu1728\/2023\/04\/Captura.png\" alt=\"\" width=\"77\" height=\"110\" srcset=\"https:\/\/agora.xtec.cat\/esc-santjordi-svmontalt\/wp-content\/uploads\/usu1728\/2023\/04\/Captura.png 416w, https:\/\/agora.xtec.cat\/esc-santjordi-svmontalt\/wp-content\/uploads\/usu1728\/2023\/04\/Captura-211x300.png 211w\" sizes=\"auto, (max-width: 77px) 100vw, 77px\" \/><\/h5>\n<\/td>\n<td style=\"width: 19.0303%; height: 137px;\"><a href=\"https:\/\/drive.google.com\/file\/d\/1dyZpaYP8emZo9W3vpNrT8kVp9Bw0stPP\/view?usp=sharing\">Pla d&#8217;Acollida<\/a><\/td>\n<td style=\"text-align: justify; width: 70.4242%; height: 137px;\">El Pla d\u2019Acollida \u00e9s el conjunt d\u2019actuacions que el centre educatiu posa en marxa per tal de facilitar l\u2019adaptaci\u00f3 de l\u2019alumnat que s\u2019incorpora de nou al centre. S\u2019acostuma a referir a l&#8217;alumnat que prov\u00e9 d\u2019altres pa\u00efsos i que han de portat a terme un proc\u00e9s d\u2019adaptaci\u00f3 escolar i d\u2019aprenentatge de la llengua.<br \/>\nEntenem el pla d\u2019acollida d\u2019una manera m\u00e9s amplia, referit a tot l&#8217;alumnat, i les seves fam\u00edlies, que inicien l\u2019escolaritzaci\u00f3 al centre en qualsevol circumst\u00e0ncia. Tanmateix volem incloure en aquest pla, l\u2019acollida als\/les docents que s&#8217;incorporen al centre.<\/td>\n<\/tr>\n<tr style=\"height: 32px;\">\n<td style=\"height: 32px; width: 99.8787%;\" colspan=\"3\"><strong>Data d&#8217;actualitzaci\u00f3: abril de 2023<\/strong><\/td>\n<\/tr>\n<tr>\n<td style=\"width: 10.4242%;\"><img loading=\"lazy\" decoding=\"async\" class=\"aligncenter wp-image-12425\" src=\"https:\/\/agora.xtec.cat\/esc-santjordi-svmontalt\/wp-content\/uploads\/usu1728\/2024\/10\/1-1.png\" alt=\"\" width=\"111\" height=\"127\" srcset=\"https:\/\/agora.xtec.cat\/esc-santjordi-svmontalt\/wp-content\/uploads\/usu1728\/2024\/10\/1-1.png 560w, https:\/\/agora.xtec.cat\/esc-santjordi-svmontalt\/wp-content\/uploads\/usu1728\/2024\/10\/1-1-263x300.png 263w\" sizes=\"auto, (max-width: 111px) 100vw, 111px\" \/><\/td>\n<td style=\"width: 19.0303%;\"><a href=\"https:\/\/drive.google.com\/file\/d\/1jehl5a2hv6zqFRJ9huU4YiRFWqgEG_cm\/view?usp=sharing\">Pla d&#8217;Atenci\u00f3 a la Diversitat (PAD)<\/a><\/td>\n<td style=\"width: 70.4242%;\">El pla d&#8217;atenci\u00f3 a la diversitat (PAD) \u00e9s el marc en qu\u00e8 es recullen les actuacions que el centre educatiu preveu per ajustar l&#8217;atenci\u00f3 educativa a les caracter\u00edstiques i necessitats de tot l&#8217;alumnat. Aquest document especifica el cam\u00ed a seguir per a la correcta detecci\u00f3 de les Necessitats Espec\u00edfiques de Suport Educatiu (NESE), establir criteris per donar resposta a les necessitats, i valorar, planificar i organitzar les mesures i suports necessaris.<\/td>\n<\/tr>\n<tr>\n<td style=\"width: 99.8787%;\" colspan=\"3\"><strong>Data d&#8217;actualitzaci\u00f3: octubre de 2024<\/strong><\/td>\n<\/tr>\n<tr>\n<td style=\"width: 10.4242%;\"><strong><img loading=\"lazy\" decoding=\"async\" class=\"aligncenter wp-image-12426\" src=\"https:\/\/agora.xtec.cat\/esc-santjordi-svmontalt\/wp-content\/uploads\/usu1728\/2024\/10\/1-2.png\" alt=\"\" width=\"102\" height=\"131\" srcset=\"https:\/\/agora.xtec.cat\/esc-santjordi-svmontalt\/wp-content\/uploads\/usu1728\/2024\/10\/1-2.png 552w, https:\/\/agora.xtec.cat\/esc-santjordi-svmontalt\/wp-content\/uploads\/usu1728\/2024\/10\/1-2-236x300.png 236w\" sizes=\"auto, (max-width: 102px) 100vw, 102px\" \/><\/strong><\/td>\n<td style=\"width: 19.0303%;\"><a href=\"https:\/\/drive.google.com\/file\/d\/1I78Z1DCF3-Ke8dTppHmm8es4Kildyp6o\/view?usp=sharing\">Pla de Menjador<\/a><\/td>\n<td style=\"width: 70.4242%;\">El servei de menjador en els centres docents p\u00fablics del Departament d\u2019Educaci\u00f3 \u00e9s una prestaci\u00f3 complement\u00e0ria d\u00b4ajuda a l&#8217;escolaritzaci\u00f3. El servei de menjador t\u00e9 car\u00e0cter no obligatori i s\u2019ofereix a tots l\u2019alumnat del centre. El Pla de Menjador \u00e9s el document de centre que regula tot all\u00f2 que fa refer\u00e8ncia a aquest espai educatiu, en els dos \u00e0mbits: el temps de dinar i el temps d&#8217;esbarjo.<\/td>\n<\/tr>\n<tr>\n<td style=\"width: 99.8787%;\" colspan=\"3\"><strong>Data d&#8217;actualitzaci\u00f3: octubre de 2024<\/strong><\/td>\n<\/tr>\n<tr style=\"height: 138px;\">\n<td style=\"width: 10.4242%; height: 138px;\">\n<h5 style=\"text-align: center;\"><img loading=\"lazy\" decoding=\"async\" class=\"alignnone wp-image-2531\" src=\"https:\/\/agora.xtec.cat\/esc-santjordi-svmontalt\/wp-content\/uploads\/usu1728\/2018\/11\/C.Comprom\u00eds.jpg\" alt=\"\" width=\"98\" height=\"104\" \/><\/h5>\n<\/td>\n<td style=\"width: 19.0303%; height: 138px;\"><a href=\"https:\/\/agora.xtec.cat\/esc-santjordi-svmontalt\/wp-content\/uploads\/usu1728\/2022\/03\/Carta-compromis-educatiu.pdf\">Carta de Comprom\u00eds<\/a><\/td>\n<td style=\"text-align: justify; width: 70.4242%; height: 138px;\">La Carta de Comprom\u00eds Educatiu \u00e9s un document que situa, facilita i afavoreix la cooperaci\u00f3 entre les accions educatives de les fam\u00edlies i la del centre educatiu.<\/td>\n<\/tr>\n<tr style=\"height: 32px;\">\n<td style=\"height: 32px; width: 99.8787%;\" colspan=\"3\"><strong>Data d&#8217;actualitzaci\u00f3: octubre de 2021<\/strong><\/td>\n<\/tr>\n<tr>\n<td style=\"width: 10.4242%;\"><a href=\"https:\/\/drive.google.com\/file\/d\/1HwkdO8V2wEFgd71NdI2UBL-wCSfS5Pfz\/view?usp=drive_link\" target=\"_blank\" rel=\"noopener\"><img loading=\"lazy\" decoding=\"async\" class=\"aligncenter size-full wp-image-13195\" src=\"https:\/\/agora.xtec.cat\/esc-santjordi-svmontalt\/wp-content\/uploads\/usu1728\/2025\/11\/Sense-titol.png\" alt=\"\" width=\"387\" height=\"488\" srcset=\"https:\/\/agora.xtec.cat\/esc-santjordi-svmontalt\/wp-content\/uploads\/usu1728\/2025\/11\/Sense-titol.png 387w, https:\/\/agora.xtec.cat\/esc-santjordi-svmontalt\/wp-content\/uploads\/usu1728\/2025\/11\/Sense-titol-238x300.png 238w\" sizes=\"auto, (max-width: 387px) 100vw, 387px\" \/><\/a><\/td>\n<td style=\"width: 19.0303%;\"><a href=\"https:\/\/drive.google.com\/file\/d\/1HwkdO8V2wEFgd71NdI2UBL-wCSfS5Pfz\/view?usp=drive_link\" target=\"_blank\" rel=\"noopener\">PLEC (Pla de Lectura de Centre)<\/a><\/td>\n<td style=\"width: 70.4242%;\">En aquest document es concreta el pla lector de centre en les diferents etapes i cicles.<\/td>\n<\/tr>\n<tr>\n<td style=\"width: 99.8787%;\" colspan=\"3\"><strong>Data d&#8217;aprovaci\u00f3: 30 de setembre de 2025<\/strong><\/td>\n<\/tr>\n<\/tbody>\n<\/table>\n<p>&nbsp;<\/p>\n<h5 style=\"text-align: center;\"><\/h5>\n<h5 style=\"text-align: center;\"><\/h5>\n","protected":false},"excerpt":{"rendered":"<p>&nbsp;<\/p>\n<p>DOCUMENTS INSTITUCIONALS DE L&#8217;ESCOLA<\/p>\n<p><a href=\"https:\/\/agora.xtec.cat\/esc-santjordi-svmontalt\/wp-content\/uploads\/usu1728\/2018\/12\/PEC-EN-REVISI\u00d3.pdf\">Projecte Educatiu de Centre (PEC)<\/a><br \/>\nEl Projecte Educatiu, que \u00e9s la m\u00e0xima expressi\u00f3 de l&#8217;autonomia dels centres, recull la identitat del centre, n&#8217;explicita els objectius, n&#8217;orienta l&#8217;activitat i hi dona sentit amb la finalitat que l&#8217;alumnat assoleixi les compet\u00e8ncies b\u00e0siques i el&hellip;  <a href=\"https:\/\/agora.xtec.cat\/esc-santjordi-svmontalt\/lescola\/projectes-escola\/\" title=\"Read Projecte Educatiu de Centre\">Llegeix m\u00e9s\u00bb<\/a><\/p>\n","protected":false},"author":1,"featured_media":0,"parent":22,"menu_order":0,"comment_status":"closed","ping_status":"closed","template":"","meta":{"_bbp_topic_count":0,"_bbp_reply_count":0,"_bbp_total_topic_count":0,"_bbp_total_reply_count":0,"_bbp_voice_count":0,"_bbp_anonymous_reply_count":0,"_bbp_topic_count_hidden":0,"_bbp_reply_count_hidden":0,"_bbp_forum_subforum_count":0,"footnotes":""},"class_list":["post-566","page","type-page","status-publish","hentry"],"post_mailing_queue_ids":[],"_links":{"self":[{"href":"https:\/\/agora.xtec.cat\/esc-santjordi-svmontalt\/wp-json\/wp\/v2\/pages\/566","targetHints":{"allow":["GET"]}}],"collection":[{"href":"https:\/\/agora.xtec.cat\/esc-santjordi-svmontalt\/wp-json\/wp\/v2\/pages"}],"about":[{"href":"https:\/\/agora.xtec.cat\/esc-santjordi-svmontalt\/wp-json\/wp\/v2\/types\/page"}],"author":[{"embeddable":true,"href":"https:\/\/agora.xtec.cat\/esc-santjordi-svmontalt\/wp-json\/wp\/v2\/users\/1"}],"replies":[{"embeddable":true,"href":"https:\/\/agora.xtec.cat\/esc-santjordi-svmontalt\/wp-json\/wp\/v2\/comments?post=566"}],"version-history":[{"count":6,"href":"https:\/\/agora.xtec.cat\/esc-santjordi-svmontalt\/wp-json\/wp\/v2\/pages\/566\/revisions"}],"predecessor-version":[{"id":13366,"href":"https:\/\/agora.xtec.cat\/esc-santjordi-svmontalt\/wp-json\/wp\/v2\/pages\/566\/revisions\/13366"}],"up":[{"embeddable":true,"href":"https:\/\/agora.xtec.cat\/esc-santjordi-svmontalt\/wp-json\/wp\/v2\/pages\/22"}],"wp:attachment":[{"href":"https:\/\/agora.xtec.cat\/esc-santjordi-svmontalt\/wp-json\/wp\/v2\/media?parent=566"}],"curies":[{"name":"wp","href":"https:\/\/api.w.org\/{rel}","templated":true}]}}