{"id":546,"date":"2017-11-25T00:52:37","date_gmt":"2017-11-24T23:52:37","guid":{"rendered":"http:\/\/agora.xtec.cat\/esc-santjordi-svmontalt\/?page_id=546"},"modified":"2025-09-01T17:47:07","modified_gmt":"2025-09-01T15:47:07","slug":"equip-directiu","status":"publish","type":"page","link":"https:\/\/agora.xtec.cat\/esc-santjordi-svmontalt\/lescola\/equip-directiu\/","title":{"rendered":"Equip docent"},"content":{"rendered":"<p><strong>TUTORIES<\/strong><\/p>\n<table style=\"height: 320px; width: 100%; border-collapse: collapse; border-style: solid; border-color: #224a8f;\">\n<tbody>\n<tr style=\"height: 32px;\">\n<td style=\"width: 18.4655%; text-align: center; height: 32px;\">I3<\/td>\n<td style=\"width: 20.9291%; height: 32px;\">Noem\u00ed Linares<\/td>\n<td style=\"width: 25.7775%; height: 32px;\">noemi@santjordiescola.cat<\/td>\n<\/tr>\n<tr style=\"height: 32px;\">\n<td style=\"width: 18.4655%; text-align: center; height: 32px;\">I4<\/td>\n<td style=\"width: 20.9291%; height: 32px;\">Raquel Oliver<\/td>\n<td style=\"width: 25.7775%; height: 32px;\">raquel@santjordiescola.cat<\/td>\n<\/tr>\n<tr style=\"height: 32px;\">\n<td style=\"width: 18.4655%; text-align: center; height: 32px;\">I5<\/td>\n<td style=\"width: 20.9291%; height: 32px;\">N\u00faria Baeza<\/td>\n<td style=\"width: 25.7775%; height: 32px;\">nuriabaeza@santjordiescola.cat<\/td>\n<\/tr>\n<tr style=\"height: 32px;\">\n<td style=\"width: 18.4655%; text-align: center; height: 32px;\">Refor\u00e7 Infantil<\/td>\n<td style=\"width: 20.9291%; height: 32px;\">J\u00falia Mars\u00e0<\/p>\n<p>Laia Estrada<\/td>\n<td style=\"width: 25.7775%; height: 32px;\">juliamarsa@santjordiescola.cat<\/p>\n<p>laiaestrada@santjordiescola.cat<\/td>\n<\/tr>\n<tr style=\"height: 32px;\">\n<td style=\"width: 18.4655%; text-align: center; height: 32px;\">1r<\/td>\n<td style=\"width: 20.9291%; height: 32px;\">Laia Albiol<\/td>\n<td style=\"width: 25.7775%; height: 32px;\">laiaalbiol@santjordiescola.cat<\/td>\n<\/tr>\n<tr style=\"height: 32px;\">\n<td style=\"width: 18.4655%; text-align: center; height: 32px;\">2n<\/td>\n<td style=\"width: 20.9291%; height: 32px;\">Marina F\u00e1bregas<\/td>\n<td style=\"width: 25.7775%; height: 32px;\">marinafabregas@santjordiescola.cat<\/td>\n<\/tr>\n<tr style=\"height: 32px;\">\n<td style=\"width: 18.4655%; text-align: center; height: 32px;\">3r<\/td>\n<td style=\"width: 20.9291%; height: 32px;\">Anna Codina<\/td>\n<td style=\"width: 25.7775%; height: 32px;\">annacodina@santjordiescola.cat<\/td>\n<\/tr>\n<tr style=\"height: 32px;\">\n<td style=\"width: 18.4655%; text-align: center; height: 32px;\">4t A<\/td>\n<td style=\"width: 20.9291%; height: 32px;\">Cristina Malagelada<\/td>\n<td style=\"width: 25.7775%; height: 32px;\">cristinam@santjordiescola.cat<\/td>\n<\/tr>\n<tr>\n<td style=\"width: 18.4655%; text-align: center;\">4t B<\/td>\n<td style=\"width: 20.9291%;\">Mireia Ruiz<\/td>\n<td style=\"width: 25.7775%;\">mireiaruiz@santjordiescola.cat<\/td>\n<\/tr>\n<tr style=\"height: 32px;\">\n<td style=\"width: 18.4655%; text-align: center; height: 32px;\">5\u00e8<\/td>\n<td style=\"width: 20.9291%; height: 32px;\">Maria Miguel<\/td>\n<td style=\"width: 25.7775%; height: 32px;\">mariamiguel@santjordiescola.cat<\/td>\n<\/tr>\n<tr style=\"height: 32px;\">\n<td style=\"width: 18.4655%; text-align: center; height: 32px;\">6\u00e8<\/td>\n<td style=\"width: 20.9291%; height: 32px;\">Laura Laiz<\/td>\n<td style=\"width: 25.7775%; height: 32px;\">lauralaiz@santjordiescola.cat<\/td>\n<\/tr>\n<\/tbody>\n<\/table>\n<p><strong>ESPECIALITATS<\/strong><\/p>\n<table style=\"width: 100%; border-collapse: collapse; border-color: #a81818; border-style: solid; height: 148px;\">\n<tbody>\n<tr style=\"height: 32px;\">\n<td style=\"width: 33.3333%; height: 32px; text-align: center;\">M\u00daSICA<\/td>\n<td style=\"width: 33.3333%; height: 32px;\">Montse Rovira<\/td>\n<td style=\"width: 33.3333%; height: 32px;\">montse@santjordiescola.cat<\/td>\n<\/tr>\n<tr style=\"height: 32px;\">\n<td style=\"width: 33.3333%; height: 32px; text-align: center;\">MATEM\u00c0TIQUES I EDUCACI\u00d3 F\u00cdSICA<\/td>\n<td style=\"width: 33.3333%; height: 32px;\">N\u00faria Blasco<\/td>\n<td style=\"width: 33.3333%; height: 32px;\">\u00a0nuria@santjordiescola.cat<\/td>\n<\/tr>\n<tr style=\"height: 32px;\">\n<td style=\"width: 33.3333%; text-align: center; height: 32px;\">MATEM\u00c0TIQUES<\/td>\n<td style=\"width: 33.3333%; height: 32px;\">D\u00fania Vil\u00e0<\/td>\n<td style=\"width: 33.3333%; height: 32px;\">dunia@santjordiescola.cat<\/td>\n<\/tr>\n<tr style=\"height: 10px;\">\n<td style=\"width: 33.3333%; text-align: center; height: 10px;\">Refor\u00e7 Prim\u00e0ria<\/td>\n<td style=\"width: 33.3333%; height: 10px;\">J\u00falia Mars\u00e0<\/p>\n<p>Laia Estrada<\/td>\n<td style=\"width: 33.3333%; height: 10px;\">juliamarsa@santjordiescola.cat<\/p>\n<p>laiaestrada@santjordiescola.cat<\/td>\n<\/tr>\n<tr style=\"height: 11px;\">\n<td style=\"width: 33.3333%; text-align: center; height: 10px;\">SUPORT A LA INCLUSI\u00d3<\/td>\n<td style=\"width: 33.3333%; height: 10px;\">Cristina Garcia<\/p>\n<p>Roser Matavacas<\/td>\n<td style=\"width: 33.3333%; height: 10px;\">cristinag@santjordiescola.cat<\/p>\n<p>roser@santjordiescola.cat<\/td>\n<\/tr>\n<tr style=\"height: 32px;\">\n<td style=\"width: 33.3333%; height: 32px; text-align: center;\">RELIGI\u00d3<\/td>\n<td style=\"width: 33.3333%; height: 32px;\">Elisenda Suari<\/td>\n<td style=\"width: 33.3333%; height: 32px;\">elisenda@santjordiescola.cat<\/td>\n<\/tr>\n<\/tbody>\n<\/table>\n<p><strong>EQUIP DIRECTIU<\/strong><\/p>\n<table style=\"height: 96px; width: 100%; border-collapse: collapse; border-color: #228f36; border-style: solid;\">\n<tbody>\n<tr style=\"height: 32px;\">\n<td style=\"width: 27.9992%; height: 32px; text-align: center;\">DIRECTORA<\/td>\n<td style=\"width: 32.364%; height: 32px;\"><a href=\"https:\/\/agora.xtec.cat\/esc-santjordi-svmontalt\/wp-content\/uploads\/usu1728\/2022\/07\/CV-Roser.pdf\" target=\"_blank\" rel=\"noopener\">Roser Matavacas<\/a><\/td>\n<td style=\"width: 39.6368%;\">roser@santjordiescola.cat<\/td>\n<\/tr>\n<tr style=\"height: 32px;\">\n<td style=\"width: 27.9992%; height: 32px; text-align: center;\">CAP D&#8217;ESTUDIS<\/td>\n<td style=\"width: 32.364%; height: 32px;\"><a href=\"https:\/\/agora.xtec.cat\/esc-santjordi-svmontalt\/wp-content\/uploads\/usu1728\/2022\/07\/CV-Nuria.pdf\" target=\"_blank\" rel=\"noopener\">N\u00faria Blasco<\/a><\/td>\n<td style=\"width: 39.6368%;\">nuria@santjordiescola.cat<\/td>\n<\/tr>\n<tr style=\"height: 32px;\">\n<td style=\"width: 27.9992%; height: 32px; text-align: center;\">SECRET\u00c0RIA<\/td>\n<td style=\"width: 32.364%; height: 32px;\"><a href=\"https:\/\/agora.xtec.cat\/esc-santjordi-svmontalt\/wp-content\/uploads\/usu1728\/2022\/07\/CV-Dunia.pdf\" target=\"_blank\" rel=\"noopener\">D\u00fania Vil\u00e0<\/a><\/td>\n<td style=\"width: 39.6368%;\">dunia@santjordiescola.cat<\/td>\n<\/tr>\n<\/tbody>\n<\/table>\n<p><strong>PAS<\/strong><\/p>\n<table style=\"width: 100%; border-collapse: collapse; border-style: solid; border-color: #db4b35;\">\n<tbody>\n<tr>\n<td style=\"width: 32.4297%; text-align: center;\">CONSERGE<\/td>\n<td style=\"width: 27.7851%;\">Laura Campuzano<\/td>\n<\/tr>\n<tr>\n<td style=\"width: 32.4297%; text-align: center;\">ADMINISTRATIU<\/td>\n<td style=\"width: 27.7851%;\">Cesar Vi\u00f1as<\/td>\n<\/tr>\n<tr>\n<td style=\"width: 32.4297%; text-align: center;\">VETLLADORA<\/td>\n<td style=\"width: 27.7851%;\">L\u00eddia Oriol<\/td>\n<\/tr>\n<tr>\n<td style=\"width: 32.4297%; text-align: center;\">COORDINADORA DE MENJADOR<\/td>\n<td style=\"width: 27.7851%;\">Bego\u00f1a Herraiz<\/td>\n<\/tr>\n<\/tbody>\n<\/table>\n<p>&nbsp;<\/p>\n<p><strong>ORGANIGRAMA<\/strong><\/p>\n<p><img loading=\"lazy\" decoding=\"async\" class=\"aligncenter size-full wp-image-9001\" src=\"https:\/\/agora.xtec.cat\/esc-santjordi-svmontalt\/wp-content\/uploads\/usu1728\/2022\/01\/ORGANIGRAMA.png\" alt=\"\" width=\"1024\" height=\"768\" srcset=\"https:\/\/agora.xtec.cat\/esc-santjordi-svmontalt\/wp-content\/uploads\/usu1728\/2022\/01\/ORGANIGRAMA.png 1024w, https:\/\/agora.xtec.cat\/esc-santjordi-svmontalt\/wp-content\/uploads\/usu1728\/2022\/01\/ORGANIGRAMA-300x225.png 300w, https:\/\/agora.xtec.cat\/esc-santjordi-svmontalt\/wp-content\/uploads\/usu1728\/2022\/01\/ORGANIGRAMA-768x576.png 768w, https:\/\/agora.xtec.cat\/esc-santjordi-svmontalt\/wp-content\/uploads\/usu1728\/2022\/01\/ORGANIGRAMA-200x150.png 200w\" sizes=\"auto, (max-width: 1024px) 100vw, 1024px\" \/><\/p>\n","protected":false},"excerpt":{"rendered":"<p>TUTORIES<\/p>\n<p>I3<br \/>\nNoem\u00ed Linares<br \/>\nnoemi@santjordiescola.cat<\/p>\n<p>I4<br \/>\nRaquel Oliver<br \/>\nraquel@santjordiescola.cat<\/p>\n<p>I5<br \/>\nN\u00faria Baeza<br \/>\nnuriabaeza@santjordiescola.cat<\/p>\n<p>Refor\u00e7 Infantil<br \/>\nJ\u00falia Mars\u00e0<br \/>\nLaia Estrada<br \/>\njuliamarsa@santjordiescola.cat<br \/>\nlaiaestrada@santjordiescola.cat<\/p>\n<p>1r<br \/>\nLaia Albiol<br \/>\nlaiaalbiol@santjordiescola.cat<\/p>\n<p>2n<br \/>\nMarina F\u00e1bregas<br \/>\nmarinafabregas@santjordiescola.cat<\/p>\n<p>3r<br \/>\nAnna Codina<br \/>\nannacodina@santjordiescola.cat<\/p>\n<p>4t A<br \/>\nCristina Malagelada<br \/>\ncristinam@santjordiescola.cat<\/p>\n<p>4t B<br \/>\nMireia Ruiz<br \/>\nmireiaruiz@santjordiescola.cat<\/p>\n<p>5\u00e8<br \/>\nMaria Miguel<br \/>\nmariamiguel@santjordiescola.cat<\/p>\n<p>6\u00e8<br \/>\nLaura Laiz<br \/>\nlauralaiz@santjordiescola.cat<\/p>\n<p>ESPECIALITATS<\/p>\n<p>M\u00daSICA<br \/>\nMontse Rovira<br \/>\nmontse@santjordiescola.cat<\/p>\n<p>MATEM\u00c0TIQUES I EDUCACI\u00d3 F\u00cdSICA<br \/>\nN\u00faria Blasco<br \/>\n\u00a0nuria@santjordiescola.cat<\/p>\n<p>MATEM\u00c0TIQUES<br \/>\nD\u00fania Vil\u00e0<br \/>\ndunia@santjordiescola.cat<\/p>\n<p>Refor\u00e7 Prim\u00e0ria<br \/>\nJ\u00falia Mars\u00e0<br \/>\nLaia Estrada<br \/>\njuliamarsa@santjordiescola.cat<br \/>\nlaiaestrada@santjordiescola.cat<\/p>\n<p>SUPORT A LA INCLUSI\u00d3<br \/>\nCristina Garcia<br \/>\nRoser Matavacas<br \/>\ncristinag@santjordiescola.cat<br \/>\nroser@santjordiescola.cat<\/p>\n<p>RELIGI\u00d3<br \/>\nElisenda Suari<br \/>\nelisenda@santjordiescola.cat<\/p>\n<p>EQUIP DIRECTIU<\/p>\n<p>DIRECTORA<br \/>\n<a href=\"https:\/\/agora.xtec.cat\/esc-santjordi-svmontalt\/wp-content\/uploads\/usu1728\/2022\/07\/CV-Roser.pdf\" target=\"_blank\" rel=\"noopener\">Roser Matavacas<\/a><br \/>\nroser@santjordiescola.cat<\/p>\n<p>CAP D&#8217;ESTUDIS<br \/>\n<a href=\"https:\/\/agora.xtec.cat\/esc-santjordi-svmontalt\/wp-content\/uploads\/usu1728\/2022\/07\/CV-Nuria.pdf\" target=\"_blank\" rel=\"noopener\">N\u00faria Blasco<\/a><br \/>\nnuria@santjordiescola.cat<\/p>\n<p>SECRET\u00c0RIA<br \/>\n<a href=\"https:\/\/agora.xtec.cat\/esc-santjordi-svmontalt\/wp-content\/uploads\/usu1728\/2022\/07\/CV-Dunia.pdf\" target=\"_blank\" rel=\"noopener\">D\u00fania Vil\u00e0<\/a><br \/>\ndunia@santjordiescola.cat<\/p>\n<p>PAS<\/p>\n<p>CONSERGE<br \/>\nLaura&hellip;  <a href=\"https:\/\/agora.xtec.cat\/esc-santjordi-svmontalt\/lescola\/equip-directiu\/\" title=\"Read Equip docent\">Llegeix m\u00e9s\u00bb<\/a><\/p>\n","protected":false},"author":1,"featured_media":0,"parent":22,"menu_order":0,"comment_status":"closed","ping_status":"closed","template":"page-templates\/side-menu.php","meta":{"_bbp_topic_count":0,"_bbp_reply_count":0,"_bbp_total_topic_count":0,"_bbp_total_reply_count":0,"_bbp_voice_count":0,"_bbp_anonymous_reply_count":0,"_bbp_topic_count_hidden":0,"_bbp_reply_count_hidden":0,"_bbp_forum_subforum_count":0,"footnotes":""},"class_list":["post-546","page","type-page","status-publish","hentry"],"post_mailing_queue_ids":[],"_links":{"self":[{"href":"https:\/\/agora.xtec.cat\/esc-santjordi-svmontalt\/wp-json\/wp\/v2\/pages\/546","targetHints":{"allow":["GET"]}}],"collection":[{"href":"https:\/\/agora.xtec.cat\/esc-santjordi-svmontalt\/wp-json\/wp\/v2\/pages"}],"about":[{"href":"https:\/\/agora.xtec.cat\/esc-santjordi-svmontalt\/wp-json\/wp\/v2\/types\/page"}],"author":[{"embeddable":true,"href":"https:\/\/agora.xtec.cat\/esc-santjordi-svmontalt\/wp-json\/wp\/v2\/users\/1"}],"replies":[{"embeddable":true,"href":"https:\/\/agora.xtec.cat\/esc-santjordi-svmontalt\/wp-json\/wp\/v2\/comments?post=546"}],"version-history":[{"count":6,"href":"https:\/\/agora.xtec.cat\/esc-santjordi-svmontalt\/wp-json\/wp\/v2\/pages\/546\/revisions"}],"predecessor-version":[{"id":13039,"href":"https:\/\/agora.xtec.cat\/esc-santjordi-svmontalt\/wp-json\/wp\/v2\/pages\/546\/revisions\/13039"}],"up":[{"embeddable":true,"href":"https:\/\/agora.xtec.cat\/esc-santjordi-svmontalt\/wp-json\/wp\/v2\/pages\/22"}],"wp:attachment":[{"href":"https:\/\/agora.xtec.cat\/esc-santjordi-svmontalt\/wp-json\/wp\/v2\/media?parent=546"}],"curies":[{"name":"wp","href":"https:\/\/api.w.org\/{rel}","templated":true}]}}