{"id":649,"date":"2018-05-19T22:13:10","date_gmt":"2018-05-19T20:13:10","guid":{"rendered":"http:\/\/agora.xtec.cat\/esc-sant-esteve-de-guialbes\/?page_id=649"},"modified":"2024-03-03T17:24:25","modified_gmt":"2024-03-03T16:24:25","slug":"educacioinfantil","status":"publish","type":"page","link":"https:\/\/agora.xtec.cat\/esc-sant-esteve-de-guialbes\/projecte-educatiu\/educacioinfantil\/","title":{"rendered":"Racons barrejats"},"content":{"rendered":"<p><span style=\"font-family: inherit; font-size: 1em;\">Anomenem Racons barrejats a aquelles sessions en que compartim les propostes de racons de les dues aules d\u2019educaci\u00f3 infantil com si es tract\u00e9s d\u2019un sol espai, compartit per l&#8217;alumnat dels dos grups.<\/span><\/p>\n<p>Aquesta proposta es duu a terme tres matins a la setmana despr\u00e9s de la rutina del Bon dia fins l&#8217;estona d&#8217;esbarjo.<\/p>\n<p><u>ORGANITZACI\u00d3 I FUNCIONAMENT:<\/u><\/p>\n<ul>\n<li>L&#8217;alumnat poden disposar de les quatre \u00e0rees tem\u00e0tiques pertanyents a les dues aules: joc simb\u00f2lic, jocs, blocs i \u00e0rea gr\u00e0fica. Puntualment s\u2019hi pot incorporar si cal, l\u2019\u00e0rea d\u2019aigua, sorra i llum (o alguna de les seves propostes).<\/li>\n<li><u>Organitzaci\u00f3:<\/u> L\u2019activitat dels alumnes s\u2019organitza segons un proc\u00e9s de Planificaci\u00f3 &#8211; Treball &#8211; Recollida i record. Algunes propostes s\u00f3n d\u2019acc\u00e9s lliure i altres formen part d\u2019un <strong style=\"font-family: inherit; font-size: 1em;\">Pla de treball<\/strong><span style=\"font-family: inherit; font-size: 1em;\"> que cal completar obligat\u00f2riament.<\/span><\/li>\n<\/ul>\n<p><strong>Planificaci\u00f3<\/strong>: en el moment d\u2019acollida dels alumnes a l\u2019aula plantejarem estrat\u00e8gies per tal que els alumnes vagin prenent consci\u00e8ncia dels espais dels que disposen i del que hi poden fer, per tal que amb el temps s\u2019hi dirigeixin amb un objectiu concret del que hi volen fer. \u00c9s un proc\u00e9s lent, que requereix d\u2019un aprenentatge i un entrenament, que potser no es pot fer tampoc cada dia amb tots els alumnes. Intentem evitar llargues sessions asseguts en rotllana on els nens parlen d\u2019un en un, provem de planificar en petits grups, encara que no ho puguin fer tots cada dia, amb la implicaci\u00f3 de la mestra de suport.<\/p>\n<p>En aquesta fase es presenta o es fa un recordatori de les activitats obligat\u00f2ries que formen part del Pla de Treball<strong>.<\/strong><\/p>\n<p><strong>Treball: <\/strong>estona en que els alumnes juguen en les diverses propostes de les diferents \u00e0rees o realitzen les activitats del Pla de treball.<\/p>\n<p><strong>Recollida i record:<\/strong> temps dedicat a la recollida dels materials que s\u2019han utilitzat. L\u2019ordre i la presentaci\u00f3 a l\u2019aula d\u2019aquests materials ha de facilitar-ne la recollida. Temps tamb\u00e9 per al retorn a la calma i per a fer un proc\u00e9s de record del treball que s\u2019ha fet en aquesta estona. Aquest proc\u00e9s de record requereix tamb\u00e9 el treball en petits grups, i es pot fer gr\u00e0cies a la participaci\u00f3 de la mestra de suport. Potser no \u00e9s possible fer cada dia el proc\u00e9s de record amb tots els alumnes, algun petit grup pot fer-ho, per exemple, mentre altres comencen a esmorzar, es tracta d\u2019anar poc a poc adquirint un h\u00e0bit.<\/p>\n\r\n\t<div class=\"slideshow_container slideshow_container_style-light\" style=\"height: 400px; \" data-slideshow-id=\"3008\" data-style-name=\"style-light\" data-style-version=\"2.3.1\" >\r\n\r\n\t\t\t\t\t<div class=\"slideshow_loading_icon\"><\/div>\r\n\t\t\r\n\t\t<div class=\"slideshow_content\" style=\"display: none;\">\r\n\r\n\t\t\t<div class=\"slideshow_view\">\r\n\t\t\t\t<div class=\"slideshow_slide slideshow_slide_image\">\r\n\t\t\t\t\t\t\t\t\t\t\t<img src=\"https:\/\/agora.xtec.cat\/esc-sant-esteve-de-guialbes\/wp-content\/uploads\/usu1805\/2019\/11\/FormatFactoryconstruccions-web.jpg\" alt=\"FormatFactoryconstruccions web\" width=\"576\" height=\"768\" \/>\r\n\t\t\t\t\t\t\t\t\t\t<div class=\"slideshow_description_box slideshow_transparent\">\r\n\t\t\t\t\t\t<div class=\"slideshow_title\">FormatFactoryconstruccions web<\/div>\t\t\t\t\t\t\t\t\t\t\t<\/div>\r\n\t\t\t\t<\/div>\r\n\r\n\t\t\t\t\t\t\r\n\t\t\t\t<div class=\"slideshow_slide slideshow_slide_image\">\r\n\t\t\t\t\t\t\t\t\t\t\t<img src=\"https:\/\/agora.xtec.cat\/esc-sant-esteve-de-guialbes\/wp-content\/uploads\/usu1805\/2020\/05\/rac\u00f3-metges.jpg\" alt=\"rac\u00f3 metges\" width=\"1481\" height=\"2590\" \/>\r\n\t\t\t\t\t\t\t\t\t\t<div class=\"slideshow_description_box slideshow_transparent\">\r\n\t\t\t\t\t\t<div class=\"slideshow_title\">rac\u00f3 metges<\/div>\t\t\t\t\t\t\t\t\t\t\t<\/div>\r\n\t\t\t\t<\/div>\r\n\r\n\t\t\t\t\t\t\r\n\t\t\t\t<div class=\"slideshow_slide slideshow_slide_image\">\r\n\t\t\t\t\t\t\t\t\t\t\t<img src=\"https:\/\/agora.xtec.cat\/esc-sant-esteve-de-guialbes\/wp-content\/uploads\/usu1805\/2020\/05\/rac\u00f3-mates.jpg\" alt=\"rac\u00f3 mates\" width=\"2117\" height=\"2823\" \/>\r\n\t\t\t\t\t\t\t\t\t\t<div class=\"slideshow_description_box slideshow_transparent\">\r\n\t\t\t\t\t\t<div class=\"slideshow_title\">rac\u00f3 mates<\/div>\t\t\t\t\t\t\t\t\t\t\t<\/div>\r\n\t\t\t\t<\/div>\r\n\r\n\t\t\t\t\t\t<div style=\"clear: both;\"><\/div><\/div>\r\n\t\t<\/div>\r\n\r\n\t\t<div class=\"slideshow_controlPanel slideshow_transparent\" style=\"display: none;\"><ul><li class=\"slideshow_togglePlay\" data-play-text=\"Visualitza\" data-pause-text=\"Pausa\"><\/li><\/ul><\/div>\r\n\r\n\t\t<div class=\"slideshow_button slideshow_previous slideshow_transparent\" role=\"button\" data-previous-text=\"Anterior\" style=\"display: none;\"><\/div>\r\n\t\t<div class=\"slideshow_button slideshow_next slideshow_transparent\" role=\"button\" data-next-text=\"Seg\u00fcent\" style=\"display: none;\"><\/div>\r\n\r\n\t\t<div class=\"slideshow_pagination\" style=\"display: none;\" data-go-to-text=\"V\u00e9s a la diapositiva\"><div class=\"slideshow_pagination_center\"><\/div><\/div>\r\n\r\n\t\t<!-- WordPress Slideshow Version 2.3.1 -->\r\n\r\n\t\t\t<\/div>\r\n\r\n\n<p><u>Adaptaci\u00f3 del grup de P3:<\/u> en les primeres sessions del curs i durant el temps que es consideri necessari, el grup d\u2019alumnes de P3 es dirigeix cada dia a una \u00e0rea diferent acompanyat de la seva tutora, per tal de familiaritzar-se amb els espais i les propostes de materials.<\/p>\n","protected":false},"excerpt":{"rendered":"<p>Anomenem Racons barrejats a aquelles sessions en que compartim les propostes de racons de les dues aules d\u2019educaci\u00f3 infantil com [&hellip;]<\/p>\n","protected":false},"author":1,"featured_media":0,"parent":64,"menu_order":6,"comment_status":"closed","ping_status":"closed","template":"page-templates\/side-menu.php","meta":{"_bbp_topic_count":0,"_bbp_reply_count":0,"_bbp_total_topic_count":0,"_bbp_total_reply_count":0,"_bbp_voice_count":0,"_bbp_anonymous_reply_count":0,"_bbp_topic_count_hidden":0,"_bbp_reply_count_hidden":0,"_bbp_forum_subforum_count":0,"site-sidebar-layout":"default","site-content-layout":"","ast-site-content-layout":"","site-content-style":"default","site-sidebar-style":"default","ast-global-header-display":"","ast-banner-title-visibility":"","ast-main-header-display":"","ast-hfb-above-header-display":"","ast-hfb-below-header-display":"","ast-hfb-mobile-header-display":"","site-post-title":"","ast-breadcrumbs-content":"","ast-featured-img":"","footer-sml-layout":"","theme-transparent-header-meta":"","adv-header-id-meta":"","stick-header-meta":"","header-above-stick-meta":"","header-main-stick-meta":"","header-below-stick-meta":"","astra-migrate-meta-layouts":"default","ast-page-background-enabled":"default","ast-page-background-meta":{"desktop":{"background-color":"var(--ast-global-color-4)","background-image":"","background-repeat":"repeat","background-position":"center center","background-size":"auto","background-attachment":"scroll","background-type":"","background-media":"","overlay-type":"","overlay-color":"","overlay-opacity":"","overlay-gradient":""},"tablet":{"background-color":"","background-image":"","background-repeat":"repeat","background-position":"center center","background-size":"auto","background-attachment":"scroll","background-type":"","background-media":"","overlay-type":"","overlay-color":"","overlay-opacity":"","overlay-gradient":""},"mobile":{"background-color":"","background-image":"","background-repeat":"repeat","background-position":"center center","background-size":"auto","background-attachment":"scroll","background-type":"","background-media":"","overlay-type":"","overlay-color":"","overlay-opacity":"","overlay-gradient":""}},"ast-content-background-meta":{"desktop":{"background-color":"var(--ast-global-color-5)","background-image":"","background-repeat":"repeat","background-position":"center center","background-size":"auto","background-attachment":"scroll","background-type":"","background-media":"","overlay-type":"","overlay-color":"","overlay-opacity":"","overlay-gradient":""},"tablet":{"background-color":"var(--ast-global-color-5)","background-image":"","background-repeat":"repeat","background-position":"center center","background-size":"auto","background-attachment":"scroll","background-type":"","background-media":"","overlay-type":"","overlay-color":"","overlay-opacity":"","overlay-gradient":""},"mobile":{"background-color":"var(--ast-global-color-5)","background-image":"","background-repeat":"repeat","background-position":"center center","background-size":"auto","background-attachment":"scroll","background-type":"","background-media":"","overlay-type":"","overlay-color":"","overlay-opacity":"","overlay-gradient":""}},"footnotes":""},"class_list":["post-649","page","type-page","status-publish","hentry"],"post_mailing_queue_ids":[],"_links":{"self":[{"href":"https:\/\/agora.xtec.cat\/esc-sant-esteve-de-guialbes\/wp-json\/wp\/v2\/pages\/649","targetHints":{"allow":["GET"]}}],"collection":[{"href":"https:\/\/agora.xtec.cat\/esc-sant-esteve-de-guialbes\/wp-json\/wp\/v2\/pages"}],"about":[{"href":"https:\/\/agora.xtec.cat\/esc-sant-esteve-de-guialbes\/wp-json\/wp\/v2\/types\/page"}],"author":[{"embeddable":true,"href":"https:\/\/agora.xtec.cat\/esc-sant-esteve-de-guialbes\/wp-json\/wp\/v2\/users\/1"}],"replies":[{"embeddable":true,"href":"https:\/\/agora.xtec.cat\/esc-sant-esteve-de-guialbes\/wp-json\/wp\/v2\/comments?post=649"}],"version-history":[{"count":6,"href":"https:\/\/agora.xtec.cat\/esc-sant-esteve-de-guialbes\/wp-json\/wp\/v2\/pages\/649\/revisions"}],"predecessor-version":[{"id":3845,"href":"https:\/\/agora.xtec.cat\/esc-sant-esteve-de-guialbes\/wp-json\/wp\/v2\/pages\/649\/revisions\/3845"}],"up":[{"embeddable":true,"href":"https:\/\/agora.xtec.cat\/esc-sant-esteve-de-guialbes\/wp-json\/wp\/v2\/pages\/64"}],"wp:attachment":[{"href":"https:\/\/agora.xtec.cat\/esc-sant-esteve-de-guialbes\/wp-json\/wp\/v2\/media?parent=649"}],"curies":[{"name":"wp","href":"https:\/\/api.w.org\/{rel}","templated":true}]}}