{"id":590,"date":"2018-05-17T10:26:57","date_gmt":"2018-05-17T08:26:57","guid":{"rendered":"http:\/\/agora.xtec.cat\/esc-sant-esteve-de-guialbes\/?page_id=590"},"modified":"2024-02-26T15:57:19","modified_gmt":"2024-02-26T14:57:19","slug":"musica","status":"publish","type":"page","link":"https:\/\/agora.xtec.cat\/esc-sant-esteve-de-guialbes\/projecte-educatiu\/musica\/","title":{"rendered":"Educaci\u00f3 art\u00edstica &#8211; m\u00fasica"},"content":{"rendered":"<p align=\"left\"><span style=\"font-family: Tahoma, sans-serif;\">L\u2019Educaci\u00f3 Musical incideix en el desenvolupament dels infants d\u2019una manera \u00fanica i insubstitu\u00efble.<\/span><\/p>\n<blockquote>\n<p align=\"left\"><span style=\"font-family: Tahoma, sans-serif;\">Segons Edgar Willems, <em>\u201cL\u2019educaci\u00f3 ben entesa no \u00e9s sols una preparaci\u00f3 per a la vida; \u00e9s en ella mateixa una manifestaci\u00f3 permanent i harmoniosa de la vida. Hauria de ser aix\u00ed per a l\u2019educaci\u00f3 musical que apel.la a la majoria de les facultats rectores de l\u2019\u00e9sser hum\u00e0.\u201d<\/em><\/span><\/p>\n<\/blockquote>\n<p align=\"left\"><span style=\"font-family: Tahoma, sans-serif;\">La m\u00fasica \u00e9s l\u2019art ef\u00edmer. S\u00f3n solament els sons els que expressen el seu llenguatge i quan acaben de sonar ja no existeixen.<\/span><\/p>\n<p align=\"left\"><span style=\"font-family: Tahoma, sans-serif;\">La m\u00fasica ens d\u00f3na un tipus determinat de viv\u00e8ncies diferents de les que pot donar qualsevol altre est\u00edmul.<\/span><\/p>\n<p align=\"left\"><span style=\"font-family: Tahoma, sans-serif;\">Amb la m\u00fasica estem educant la veu, l\u2019o\u00efda, el riltme, el gust est\u00e8tic, la imaginaci\u00f3, l\u2019expressi\u00f3 i la representaci\u00f3.<\/span><\/p>\n<p align=\"left\"><span style=\"font-family: Tahoma, sans-serif;\">Aprenem llenguatge, comunicaci\u00f3. Aprenem a con\u00e8ixer i a estimar una mica m\u00e9s les tradicions i a valorar tot all\u00f2 que no \u00e9s material.<\/span><\/p>\n<p align=\"left\"><span style=\"font-family: Tahoma, sans-serif;\">Treballem l\u2019adquisici\u00f3 de la capacitat d\u2019atenci\u00f3 i mem\u00f2ria, sentit de grup, de disciplina i de responsabilitat, tamb\u00e9 esperit cr\u00edtic i a millorar el nostre gust est\u00e8tic.<br \/>\n<\/span><\/p>\n<p align=\"left\">A partir de 4t aprenem a tocar l&#8217;ukelele.<\/p>\n<p align=\"left\">\r\n\t<div class=\"slideshow_container slideshow_container_style-light\" style=\"height: 300px; \" data-slideshow-id=\"3003\" data-style-name=\"style-light\" data-style-version=\"2.3.1\" >\r\n\r\n\t\t\t\t\t<div class=\"slideshow_loading_icon\"><\/div>\r\n\t\t\r\n\t\t<div class=\"slideshow_content\" style=\"display: none;\">\r\n\r\n\t\t\t<div class=\"slideshow_view\">\r\n\t\t\t\t<div class=\"slideshow_slide slideshow_slide_image\">\r\n\t\t\t\t\t\t\t\t\t\t\t<img src=\"https:\/\/agora.xtec.cat\/esc-sant-esteve-de-guialbes\/wp-content\/uploads\/usu1805\/2021\/12\/IMG_20211223_115707.jpg\" alt=\"Carrill\u00f3\" width=\"1080\" height=\"872\" \/>\r\n\t\t\t\t\t\t\t\t\t\t<div class=\"slideshow_description_box slideshow_transparent\">\r\n\t\t\t\t\t\t<div class=\"slideshow_title\">Carrill\u00f3<\/div>\t\t\t\t\t\t\t\t\t\t\t<\/div>\r\n\t\t\t\t<\/div>\r\n\r\n\t\t\t\t\t\t\r\n\t\t\t\t<div class=\"slideshow_slide slideshow_slide_image\">\r\n\t\t\t\t\t\t\t\t\t\t\t<img src=\"https:\/\/agora.xtec.cat\/esc-sant-esteve-de-guialbes\/wp-content\/uploads\/usu1805\/2021\/12\/IMG_20211223_115723.jpg\" alt=\"Ukelele\" width=\"1080\" height=\"903\" \/>\r\n\t\t\t\t\t\t\t\t\t\t<div class=\"slideshow_description_box slideshow_transparent\">\r\n\t\t\t\t\t\t<div class=\"slideshow_title\">Ukelele<\/div>\t\t\t\t\t\t\t\t\t\t\t<\/div>\r\n\t\t\t\t<\/div>\r\n\r\n\t\t\t\t\t\t<div style=\"clear: both;\"><\/div><\/div>\r\n\t\t<\/div>\r\n\r\n\t\t<div class=\"slideshow_controlPanel slideshow_transparent\" style=\"display: none;\"><ul><li class=\"slideshow_togglePlay\" data-play-text=\"Visualitza\" data-pause-text=\"Pausa\"><\/li><\/ul><\/div>\r\n\r\n\t\t<div class=\"slideshow_button slideshow_previous slideshow_transparent\" role=\"button\" data-previous-text=\"Anterior\" style=\"display: none;\"><\/div>\r\n\t\t<div class=\"slideshow_button slideshow_next slideshow_transparent\" role=\"button\" data-next-text=\"Seg\u00fcent\" style=\"display: none;\"><\/div>\r\n\r\n\t\t<div class=\"slideshow_pagination\" style=\"display: none;\" data-go-to-text=\"V\u00e9s a la diapositiva\"><div class=\"slideshow_pagination_center\"><\/div><\/div>\r\n\r\n\t\t<!-- WordPress Slideshow Version 2.3.1 -->\r\n\r\n\t\t\t<\/div>\r\n\r\n<\/p>\n","protected":false},"excerpt":{"rendered":"<p>L\u2019Educaci\u00f3 Musical incideix en el desenvolupament dels infants d\u2019una manera \u00fanica i insubstitu\u00efble. Segons Edgar Willems, \u201cL\u2019educaci\u00f3 ben entesa no [&hellip;]<\/p>\n","protected":false},"author":1,"featured_media":0,"parent":64,"menu_order":11,"comment_status":"closed","ping_status":"closed","template":"page-templates\/side-menu.php","meta":{"_bbp_topic_count":0,"_bbp_reply_count":0,"_bbp_total_topic_count":0,"_bbp_total_reply_count":0,"_bbp_voice_count":0,"_bbp_anonymous_reply_count":0,"_bbp_topic_count_hidden":0,"_bbp_reply_count_hidden":0,"_bbp_forum_subforum_count":0,"site-sidebar-layout":"default","site-content-layout":"","ast-site-content-layout":"","site-content-style":"default","site-sidebar-style":"default","ast-global-header-display":"","ast-banner-title-visibility":"","ast-main-header-display":"","ast-hfb-above-header-display":"","ast-hfb-below-header-display":"","ast-hfb-mobile-header-display":"","site-post-title":"","ast-breadcrumbs-content":"","ast-featured-img":"","footer-sml-layout":"","theme-transparent-header-meta":"","adv-header-id-meta":"","stick-header-meta":"","header-above-stick-meta":"","header-main-stick-meta":"","header-below-stick-meta":"","astra-migrate-meta-layouts":"default","ast-page-background-enabled":"default","ast-page-background-meta":{"desktop":{"background-color":"var(--ast-global-color-4)","background-image":"","background-repeat":"repeat","background-position":"center center","background-size":"auto","background-attachment":"scroll","background-type":"","background-media":"","overlay-type":"","overlay-color":"","overlay-opacity":"","overlay-gradient":""},"tablet":{"background-color":"","background-image":"","background-repeat":"repeat","background-position":"center center","background-size":"auto","background-attachment":"scroll","background-type":"","background-media":"","overlay-type":"","overlay-color":"","overlay-opacity":"","overlay-gradient":""},"mobile":{"background-color":"","background-image":"","background-repeat":"repeat","background-position":"center center","background-size":"auto","background-attachment":"scroll","background-type":"","background-media":"","overlay-type":"","overlay-color":"","overlay-opacity":"","overlay-gradient":""}},"ast-content-background-meta":{"desktop":{"background-color":"var(--ast-global-color-5)","background-image":"","background-repeat":"repeat","background-position":"center center","background-size":"auto","background-attachment":"scroll","background-type":"","background-media":"","overlay-type":"","overlay-color":"","overlay-opacity":"","overlay-gradient":""},"tablet":{"background-color":"var(--ast-global-color-5)","background-image":"","background-repeat":"repeat","background-position":"center center","background-size":"auto","background-attachment":"scroll","background-type":"","background-media":"","overlay-type":"","overlay-color":"","overlay-opacity":"","overlay-gradient":""},"mobile":{"background-color":"var(--ast-global-color-5)","background-image":"","background-repeat":"repeat","background-position":"center center","background-size":"auto","background-attachment":"scroll","background-type":"","background-media":"","overlay-type":"","overlay-color":"","overlay-opacity":"","overlay-gradient":""}},"footnotes":""},"class_list":["post-590","page","type-page","status-publish","hentry"],"post_mailing_queue_ids":[],"_links":{"self":[{"href":"https:\/\/agora.xtec.cat\/esc-sant-esteve-de-guialbes\/wp-json\/wp\/v2\/pages\/590","targetHints":{"allow":["GET"]}}],"collection":[{"href":"https:\/\/agora.xtec.cat\/esc-sant-esteve-de-guialbes\/wp-json\/wp\/v2\/pages"}],"about":[{"href":"https:\/\/agora.xtec.cat\/esc-sant-esteve-de-guialbes\/wp-json\/wp\/v2\/types\/page"}],"author":[{"embeddable":true,"href":"https:\/\/agora.xtec.cat\/esc-sant-esteve-de-guialbes\/wp-json\/wp\/v2\/users\/1"}],"replies":[{"embeddable":true,"href":"https:\/\/agora.xtec.cat\/esc-sant-esteve-de-guialbes\/wp-json\/wp\/v2\/comments?post=590"}],"version-history":[{"count":5,"href":"https:\/\/agora.xtec.cat\/esc-sant-esteve-de-guialbes\/wp-json\/wp\/v2\/pages\/590\/revisions"}],"predecessor-version":[{"id":3828,"href":"https:\/\/agora.xtec.cat\/esc-sant-esteve-de-guialbes\/wp-json\/wp\/v2\/pages\/590\/revisions\/3828"}],"up":[{"embeddable":true,"href":"https:\/\/agora.xtec.cat\/esc-sant-esteve-de-guialbes\/wp-json\/wp\/v2\/pages\/64"}],"wp:attachment":[{"href":"https:\/\/agora.xtec.cat\/esc-sant-esteve-de-guialbes\/wp-json\/wp\/v2\/media?parent=590"}],"curies":[{"name":"wp","href":"https:\/\/api.w.org\/{rel}","templated":true}]}}