{"id":10097,"date":"2026-09-02T18:15:34","date_gmt":"2026-09-02T16:15:34","guid":{"rendered":"https:\/\/agora.xtec.cat\/esc-rmuntanerlh\/?page_id=10097"},"modified":"2026-09-02T18:15:52","modified_gmt":"2026-09-02T16:15:52","slug":"hort-i-jardineria","status":"publish","type":"page","link":"https:\/\/agora.xtec.cat\/esc-rmuntanerlh\/projecte-educatiu\/projectes-escolars\/hort-i-jardineria\/","title":{"rendered":"Hort i jardineria"},"content":{"rendered":"\n<p>L\u2019hort escolar i la jardineria del centre \u00e9s un espai d\u2019aprenentatge viu on l\u2019alumnat observa, experimenta i participa activament en el cultiu de plantes i hortalisses i en la cura de les plantes i arbres que tenim a l&#8217;escola. A trav\u00e9s del treball a l\u2019hort i als espais exteriors de l&#8217;escola, els infants aprenen a respectar la natura, con\u00e8ixer els cicles de les plantes i valorar la import\u00e0ncia d\u2019una alimentaci\u00f3 saludable i sostenible.<\/p>\n\n\n\n<p>Aquest espai permet treballar de manera pr\u00e0ctica continguts relacionats amb les ci\u00e8ncies, el medi ambient i els h\u00e0bits saludables, alhora que fomenta valors com la responsabilitat, la paci\u00e8ncia, el treball en equip i la cura de l\u2019entorn. L\u2019hort i la jardineria es converteixen aix\u00ed en una eina educativa que connecta l\u2019aprenentatge amb experi\u00e8ncies reals i significatives.<\/p>\n\n\n\n        <div class=\"wp-block-getwid-post-carousel custom-post-type-post has-slides-gap-small is-carousel has-arrows-inside has-dots-outside\">\n            <div data-slider-option=\"{&quot;sliderSlidesToShowDesktop&quot;:&quot;2&quot;,&quot;getwid_slidesToShowLaptop&quot;:&quot;1&quot;,&quot;getwid_slidesToShowTablet&quot;:&quot;1&quot;,&quot;getwid_slidesToShowMobile&quot;:&quot;1&quot;,&quot;getwid_autoplay_speed&quot;:6000,&quot;getwid_animation_speed&quot;:800,&quot;getwid_slidesToScroll&quot;:&quot;1&quot;,&quot;getwid_autoplay&quot;:false,&quot;getwid_pause_on_hover&quot;:false,&quot;getwid_infinite&quot;:true,&quot;getwid_center_mode&quot;:false,&quot;getwid_arrows&quot;:&quot;inside&quot;,&quot;getwid_dots&quot;:&quot;outside&quot;}\" class=\"wp-block-getwid-post-carousel__wrapper\">\n                \t\t\t\t\t\t\t<div class=\"wp-block-getwid-post-carousel__slide\">\n\t\t\t\t\t\t\t\t\n<div class=\"wp-block-getwid-post-carousel__post\">\n            <div class=\"wp-block-getwid-post-carousel__post-thumbnail\">\n            <a href=\"https:\/\/agora.xtec.cat\/esc-rmuntanerlh\/primaria\/3r\/recollim-la-nostra-collita\/\"><img loading=\"lazy\" decoding=\"async\" width=\"1210\" height=\"720\" src=\"https:\/\/agora.xtec.cat\/esc-rmuntanerlh\/wp-content\/uploads\/usu2174\/2026\/06\/Captura-de-pantalla-2026-06-17-a-las-10.29.22.png\" class=\"attachment-post-thumbnail size-post-thumbnail wp-post-image\" alt=\"\" srcset=\"https:\/\/agora.xtec.cat\/esc-rmuntanerlh\/wp-content\/uploads\/usu2174\/2026\/06\/Captura-de-pantalla-2026-06-17-a-las-10.29.22.png 1210w, https:\/\/agora.xtec.cat\/esc-rmuntanerlh\/wp-content\/uploads\/usu2174\/2026\/06\/Captura-de-pantalla-2026-06-17-a-las-10.29.22-300x179.png 300w, https:\/\/agora.xtec.cat\/esc-rmuntanerlh\/wp-content\/uploads\/usu2174\/2026\/06\/Captura-de-pantalla-2026-06-17-a-las-10.29.22-1024x609.png 1024w, https:\/\/agora.xtec.cat\/esc-rmuntanerlh\/wp-content\/uploads\/usu2174\/2026\/06\/Captura-de-pantalla-2026-06-17-a-las-10.29.22-768x457.png 768w\" sizes=\"auto, (max-width: 1210px) 100vw, 1210px\" \/><\/a>\n        <\/div>\n        <div class=\"wp-block-getwid-post-carousel__post-content-wrapper\">\n        <div class=\"wp-block-getwid-post-carousel__post-header\">\n            <h3 class=\"wp-block-getwid-post-carousel__post-title\"><a href=\"https:\/\/agora.xtec.cat\/esc-rmuntanerlh\/primaria\/3r\/recollim-la-nostra-collita\/\">Recollim la nostra collita<\/a><\/h3>        <\/div>\n        <div class=\"wp-block-getwid-post-carousel__post-excerpt\"><p>Els i les alumnes de Cicle Mitj\u00e0, despr\u00e9s de moltes setmanes cuidant de les nostres hortalisses, hem pogut recollir la nostra collita de l&#8217;hort de l&#8217;escola. Els nens i les nenes de 3r van recollir bledes i l&#8217;alumnat de 4t, els alls. Aqu\u00ed teniu algunes imatges:<\/p>\n<\/div>\n    <\/div>\n<\/div>\n\n\t\t\t\t\t\t\t<\/div>\n\t\t\t\t\t\t\t\t\t\t\t\t\t<div class=\"wp-block-getwid-post-carousel__slide\">\n\t\t\t\t\t\t\t\t\n<div class=\"wp-block-getwid-post-carousel__post\">\n            <div class=\"wp-block-getwid-post-carousel__post-thumbnail\">\n            <a href=\"https:\/\/agora.xtec.cat\/esc-rmuntanerlh\/primaria\/3r\/lhort-a-cm\/\"><img loading=\"lazy\" decoding=\"async\" width=\"708\" height=\"976\" src=\"https:\/\/agora.xtec.cat\/esc-rmuntanerlh\/wp-content\/uploads\/usu2174\/2026\/03\/Captura-de-pantalla-2026-03-31-a-las-11.37.20.png\" class=\"attachment-post-thumbnail size-post-thumbnail wp-post-image\" alt=\"\" srcset=\"https:\/\/agora.xtec.cat\/esc-rmuntanerlh\/wp-content\/uploads\/usu2174\/2026\/03\/Captura-de-pantalla-2026-03-31-a-las-11.37.20.png 708w, https:\/\/agora.xtec.cat\/esc-rmuntanerlh\/wp-content\/uploads\/usu2174\/2026\/03\/Captura-de-pantalla-2026-03-31-a-las-11.37.20-218x300.png 218w\" sizes=\"auto, (max-width: 708px) 100vw, 708px\" \/><\/a>\n        <\/div>\n        <div class=\"wp-block-getwid-post-carousel__post-content-wrapper\">\n        <div class=\"wp-block-getwid-post-carousel__post-header\">\n            <h3 class=\"wp-block-getwid-post-carousel__post-title\"><a href=\"https:\/\/agora.xtec.cat\/esc-rmuntanerlh\/primaria\/3r\/lhort-a-cm\/\">L&#8217;Hort a Cicle Mitj\u00e0<\/a><\/h3>        <\/div>\n        <div class=\"wp-block-getwid-post-carousel__post-excerpt\"><p>Aquest trimestre, l&#8217;alumnat de Cicle Mitj\u00e0 hem continuat gaudint i aprenent a l\u2019hort escolar amb activitats molt enriquidores per a tots nosaltres. D\u2019una banda, els nens i nenes de 3r de prim\u00e0ria hem tancat el trimestre amb una tasca molt especial: la plantaci\u00f3 de les nostres bledes. Amb molta il\u00b7lusi\u00f3, hem preparat la terra, hem [&hellip;]<\/p>\n<\/div>\n    <\/div>\n<\/div>\n\n\t\t\t\t\t\t\t<\/div>\n\t\t\t\t\t\t\t\t\t\t\t\t\t<div class=\"wp-block-getwid-post-carousel__slide\">\n\t\t\t\t\t\t\t\t\n<div class=\"wp-block-getwid-post-carousel__post\">\n            <div class=\"wp-block-getwid-post-carousel__post-thumbnail\">\n            <a href=\"https:\/\/agora.xtec.cat\/esc-rmuntanerlh\/primaria\/6e\/a-cicle-superior-fem-jardineria\/\"><img loading=\"lazy\" decoding=\"async\" width=\"1153\" height=\"2048\" src=\"https:\/\/agora.xtec.cat\/esc-rmuntanerlh\/wp-content\/uploads\/usu2174\/2026\/06\/IMG-20260618-WA0017.jpg\" class=\"attachment-post-thumbnail size-post-thumbnail wp-post-image\" alt=\"\" srcset=\"https:\/\/agora.xtec.cat\/esc-rmuntanerlh\/wp-content\/uploads\/usu2174\/2026\/06\/IMG-20260618-WA0017.jpg 1153w, https:\/\/agora.xtec.cat\/esc-rmuntanerlh\/wp-content\/uploads\/usu2174\/2026\/06\/IMG-20260618-WA0017-169x300.jpg 169w, https:\/\/agora.xtec.cat\/esc-rmuntanerlh\/wp-content\/uploads\/usu2174\/2026\/06\/IMG-20260618-WA0017-577x1024.jpg 577w, https:\/\/agora.xtec.cat\/esc-rmuntanerlh\/wp-content\/uploads\/usu2174\/2026\/06\/IMG-20260618-WA0017-768x1364.jpg 768w, https:\/\/agora.xtec.cat\/esc-rmuntanerlh\/wp-content\/uploads\/usu2174\/2026\/06\/IMG-20260618-WA0017-865x1536.jpg 865w\" sizes=\"auto, (max-width: 1153px) 100vw, 1153px\" \/><\/a>\n        <\/div>\n        <div class=\"wp-block-getwid-post-carousel__post-content-wrapper\">\n        <div class=\"wp-block-getwid-post-carousel__post-header\">\n            <h3 class=\"wp-block-getwid-post-carousel__post-title\"><a href=\"https:\/\/agora.xtec.cat\/esc-rmuntanerlh\/primaria\/6e\/a-cicle-superior-fem-jardineria\/\">A Cicle Superior fem jardineria<\/a><\/h3>        <\/div>\n        <div class=\"wp-block-getwid-post-carousel__post-excerpt\"><p>L\u2019alumnat de cicle superior participa en tasques de jardineria per mantenir els espais verds de l\u2019escola. Durant aquestes activitats, reguen les plantes, retiren les males herbes i tenen cura dels jardins. Aquesta experi\u00e8ncia els ajuda a desenvolupar la responsabilitat, el treball en equip i el respecte pel medi ambient, alhora que contribueixen a fer de [&hellip;]<\/p>\n<\/div>\n    <\/div>\n<\/div>\n\n\t\t\t\t\t\t\t<\/div>\n\t\t\t\t\t\t\t\t\t\t\t\t\t<div class=\"wp-block-getwid-post-carousel__slide\">\n\t\t\t\t\t\t\t\t\n<div class=\"wp-block-getwid-post-carousel__post\">\n            <div class=\"wp-block-getwid-post-carousel__post-thumbnail\">\n            <a href=\"https:\/\/agora.xtec.cat\/esc-rmuntanerlh\/primaria\/3r\/lhort-de-cicle-mitja\/\"><img loading=\"lazy\" decoding=\"async\" width=\"1062\" height=\"366\" src=\"https:\/\/agora.xtec.cat\/esc-rmuntanerlh\/wp-content\/uploads\/usu2174\/2025\/11\/Captura-de-pantalla-2025-11-28-a-las-16.25.48.png\" class=\"attachment-post-thumbnail size-post-thumbnail wp-post-image\" alt=\"\" srcset=\"https:\/\/agora.xtec.cat\/esc-rmuntanerlh\/wp-content\/uploads\/usu2174\/2025\/11\/Captura-de-pantalla-2025-11-28-a-las-16.25.48.png 1062w, https:\/\/agora.xtec.cat\/esc-rmuntanerlh\/wp-content\/uploads\/usu2174\/2025\/11\/Captura-de-pantalla-2025-11-28-a-las-16.25.48-300x103.png 300w, https:\/\/agora.xtec.cat\/esc-rmuntanerlh\/wp-content\/uploads\/usu2174\/2025\/11\/Captura-de-pantalla-2025-11-28-a-las-16.25.48-1024x353.png 1024w, https:\/\/agora.xtec.cat\/esc-rmuntanerlh\/wp-content\/uploads\/usu2174\/2025\/11\/Captura-de-pantalla-2025-11-28-a-las-16.25.48-768x265.png 768w\" sizes=\"auto, (max-width: 1062px) 100vw, 1062px\" \/><\/a>\n        <\/div>\n        <div class=\"wp-block-getwid-post-carousel__post-content-wrapper\">\n        <div class=\"wp-block-getwid-post-carousel__post-header\">\n            <h3 class=\"wp-block-getwid-post-carousel__post-title\"><a href=\"https:\/\/agora.xtec.cat\/esc-rmuntanerlh\/primaria\/3r\/lhort-de-cicle-mitja\/\">L&#8217;Hort de Cicle Mitj\u00e0<\/a><\/h3>        <\/div>\n        <div class=\"wp-block-getwid-post-carousel__post-excerpt\"><p>A Cicle Mitj\u00e0 hem donat el tret de sortida a l&#8217;activitat de l&#8217;hort escolar. En aquestes primeres sessions hem repassat les tasques que haurem de dur a terme al llarg del projecte per poder plantar, cuidar i, finalment, recollir la nostra collita. Primer de tot, hem observat les nostres jardineres i hem descobert que, abans [&hellip;]<\/p>\n<\/div>\n    <\/div>\n<\/div>\n\n\t\t\t\t\t\t\t<\/div>\n\t\t\t\t\t\t\t\t\t\t\t\t\t<div class=\"wp-block-getwid-post-carousel__slide\">\n\t\t\t\t\t\t\t\t\n<div class=\"wp-block-getwid-post-carousel__post\">\n            <div class=\"wp-block-getwid-post-carousel__post-thumbnail\">\n            <a href=\"https:\/\/agora.xtec.cat\/esc-rmuntanerlh\/portada\/les-pastanagues-de-2n-el-fruit-del-nostre-esforc-%f0%9f%a5%95\/\"><img loading=\"lazy\" decoding=\"async\" width=\"1200\" height=\"1600\" src=\"https:\/\/agora.xtec.cat\/esc-rmuntanerlh\/wp-content\/uploads\/usu2174\/2025\/06\/WhatsApp-Image-2025-06-08-at-15.48.36-2.jpeg\" class=\"attachment-post-thumbnail size-post-thumbnail wp-post-image\" alt=\"\" srcset=\"https:\/\/agora.xtec.cat\/esc-rmuntanerlh\/wp-content\/uploads\/usu2174\/2025\/06\/WhatsApp-Image-2025-06-08-at-15.48.36-2.jpeg 1200w, https:\/\/agora.xtec.cat\/esc-rmuntanerlh\/wp-content\/uploads\/usu2174\/2025\/06\/WhatsApp-Image-2025-06-08-at-15.48.36-2-225x300.jpeg 225w, https:\/\/agora.xtec.cat\/esc-rmuntanerlh\/wp-content\/uploads\/usu2174\/2025\/06\/WhatsApp-Image-2025-06-08-at-15.48.36-2-768x1024.jpeg 768w, https:\/\/agora.xtec.cat\/esc-rmuntanerlh\/wp-content\/uploads\/usu2174\/2025\/06\/WhatsApp-Image-2025-06-08-at-15.48.36-2-1152x1536.jpeg 1152w\" sizes=\"auto, (max-width: 1200px) 100vw, 1200px\" \/><\/a>\n        <\/div>\n        <div class=\"wp-block-getwid-post-carousel__post-content-wrapper\">\n        <div class=\"wp-block-getwid-post-carousel__post-header\">\n            <h3 class=\"wp-block-getwid-post-carousel__post-title\"><a href=\"https:\/\/agora.xtec.cat\/esc-rmuntanerlh\/portada\/les-pastanagues-de-2n-el-fruit-del-nostre-esforc-%f0%9f%a5%95\/\">Les pastanagues de 2n: El fruit del nostre esfor\u00e7! \ud83e\udd55<\/a><\/h3>        <\/div>\n        <div class=\"wp-block-getwid-post-carousel__post-excerpt\"><p>A la nostra escola, cada temporada \u00e9s una aventura, i aquest cop els\/les alumnes de 2n han collit els fruits del seu treball a l\u2019hort escolar. Les pastanagues han crescut fortes i saboroses, gr\u00e0cies a la cura i dedicaci\u00f3 de les petites i els petits hortolans\/es! Des de plantar les llavors fins a veure com [&hellip;]<\/p>\n<\/div>\n    <\/div>\n<\/div>\n\n\t\t\t\t\t\t\t<\/div>\n\t\t\t\t\t\t            <\/div>\n        <\/div>\n        ","protected":false},"excerpt":{"rendered":"<p>L\u2019hort escolar i la jardineria del centre \u00e9s un espai d\u2019aprenentatge viu on l\u2019alumnat observa, experimenta i participa activament en el cultiu de plantes i hortalisses i en la cura de les plantes i arbres que tenim a l&#8217;escola. A trav\u00e9s del treball a l\u2019hort i als espais exteriors de l&#8217;escola, els infants aprenen a [&hellip;]<\/p>\n","protected":false},"author":1,"featured_media":0,"parent":9344,"menu_order":0,"comment_status":"closed","ping_status":"closed","template":"","meta":{"_bbp_topic_count":0,"_bbp_reply_count":0,"_bbp_total_topic_count":0,"_bbp_total_reply_count":0,"_bbp_voice_count":0,"_bbp_anonymous_reply_count":0,"_bbp_topic_count_hidden":0,"_bbp_reply_count_hidden":0,"_bbp_forum_subforum_count":0,"site-sidebar-layout":"default","site-content-layout":"","ast-site-content-layout":"default","site-content-style":"default","site-sidebar-style":"default","ast-global-header-display":"","ast-banner-title-visibility":"","ast-main-header-display":"","ast-hfb-above-header-display":"","ast-hfb-below-header-display":"","ast-hfb-mobile-header-display":"","site-post-title":"","ast-breadcrumbs-content":"","ast-featured-img":"","footer-sml-layout":"","theme-transparent-header-meta":"","adv-header-id-meta":"","stick-header-meta":"","header-above-stick-meta":"","header-main-stick-meta":"","header-below-stick-meta":"","astra-migrate-meta-layouts":"set","ast-page-background-enabled":"default","ast-page-background-meta":{"desktop":{"background-color":"var(--ast-global-color-4)","background-image":"","background-repeat":"repeat","background-position":"center center","background-size":"auto","background-attachment":"scroll","background-type":"","background-media":"","overlay-type":"","overlay-color":"","overlay-opacity":"","overlay-gradient":""},"tablet":{"background-color":"","background-image":"","background-repeat":"repeat","background-position":"center center","background-size":"auto","background-attachment":"scroll","background-type":"","background-media":"","overlay-type":"","overlay-color":"","overlay-opacity":"","overlay-gradient":""},"mobile":{"background-color":"","background-image":"","background-repeat":"repeat","background-position":"center center","background-size":"auto","background-attachment":"scroll","background-type":"","background-media":"","overlay-type":"","overlay-color":"","overlay-opacity":"","overlay-gradient":""}},"ast-content-background-meta":{"desktop":{"background-color":"var(--ast-global-color-5)","background-image":"","background-repeat":"repeat","background-position":"center center","background-size":"auto","background-attachment":"scroll","background-type":"","background-media":"","overlay-type":"","overlay-color":"","overlay-opacity":"","overlay-gradient":""},"tablet":{"background-color":"var(--ast-global-color-5)","background-image":"","background-repeat":"repeat","background-position":"center center","background-size":"auto","background-attachment":"scroll","background-type":"","background-media":"","overlay-type":"","overlay-color":"","overlay-opacity":"","overlay-gradient":""},"mobile":{"background-color":"var(--ast-global-color-5)","background-image":"","background-repeat":"repeat","background-position":"center center","background-size":"auto","background-attachment":"scroll","background-type":"","background-media":"","overlay-type":"","overlay-color":"","overlay-opacity":"","overlay-gradient":""}},"footnotes":""},"class_list":["post-10097","page","type-page","status-publish","hentry"],"post_mailing_queue_ids":[],"_links":{"self":[{"href":"https:\/\/agora.xtec.cat\/esc-rmuntanerlh\/wp-json\/wp\/v2\/pages\/10097","targetHints":{"allow":["GET"]}}],"collection":[{"href":"https:\/\/agora.xtec.cat\/esc-rmuntanerlh\/wp-json\/wp\/v2\/pages"}],"about":[{"href":"https:\/\/agora.xtec.cat\/esc-rmuntanerlh\/wp-json\/wp\/v2\/types\/page"}],"author":[{"embeddable":true,"href":"https:\/\/agora.xtec.cat\/esc-rmuntanerlh\/wp-json\/wp\/v2\/users\/1"}],"replies":[{"embeddable":true,"href":"https:\/\/agora.xtec.cat\/esc-rmuntanerlh\/wp-json\/wp\/v2\/comments?post=10097"}],"version-history":[{"count":1,"href":"https:\/\/agora.xtec.cat\/esc-rmuntanerlh\/wp-json\/wp\/v2\/pages\/10097\/revisions"}],"predecessor-version":[{"id":10098,"href":"https:\/\/agora.xtec.cat\/esc-rmuntanerlh\/wp-json\/wp\/v2\/pages\/10097\/revisions\/10098"}],"up":[{"embeddable":true,"href":"https:\/\/agora.xtec.cat\/esc-rmuntanerlh\/wp-json\/wp\/v2\/pages\/9344"}],"wp:attachment":[{"href":"https:\/\/agora.xtec.cat\/esc-rmuntanerlh\/wp-json\/wp\/v2\/media?parent=10097"}],"curies":[{"name":"wp","href":"https:\/\/api.w.org\/{rel}","templated":true}]}}