{"id":3883,"date":"2018-05-17T12:49:03","date_gmt":"2018-05-17T10:49:03","guid":{"rendered":"http:\/\/agora.xtec.cat\/esc-renaixencahostalets\/?page_id=3883"},"modified":"2021-06-09T18:30:35","modified_gmt":"2021-06-09T16:30:35","slug":"preinscripcions","status":"publish","type":"page","link":"https:\/\/agora.xtec.cat\/esc-renaixencahostalets\/preinscripcions\/","title":{"rendered":"Preinscripcions"},"content":{"rendered":"<table>\n<tbody>\n<tr>\n<td><\/td>\n<\/tr>\n<\/tbody>\n<\/table>\n<p><img loading=\"lazy\" decoding=\"async\" class=\"aligncenter\" src=\"http:\/\/www.jvedrunaterrassa.cat\/wp-content\/uploads\/2018\/04\/0_1_Preinscripcio_TITOL.jpg\" alt=\"Resultat d'imatges de preinscripcions escoles\" width=\"593\" height=\"149\" \/><\/p>\n<h3><\/h3>\n<h3><\/h3>\n<h3>ALUMNES NO ADMESOS<\/h3>\n<p>En cas de voler fer una reclamaci\u00f3 de pla\u00e7a, cal que adreceu una inst\u00e0ncia a la secretaria del centre amb els motius pels quals reclameu revisi\u00f3 de la vostra preinscripci\u00f3 al nostre centre. .<\/p>\n<h3><\/h3>\n<h3>MATR\u00cdCULA ALUMNES ADMESOS<\/h3>\n<p>Durant la propera setmana, del 14 al 18 de juny, les fam\u00edlies podeu passar a buscar per la secretaria del centre un sobre nominal amb les autoritzacions que cal que signeu. Tamb\u00e9 s&#8217;inclou un full amb la documentaci\u00f3 que heu d&#8217;aportar.<\/p>\n<p>Un cop tot signat cal que ho torneu dins el sobre, al centre (es pot entregar a consergeria). El termini \u00e9s el divendres 18 de juny.<\/p>\n<p>A finals de juny rebreu un mail amb tota la informaci\u00f3 necess\u00e0ria per a l&#8217;inici de curs: import quota material, equipaci\u00f3\u00a0 esportiva, activitats extraescolars, reunions inici de curs, entrevistes personals..<\/p>\n<h6><\/h6>\n<h3>LLISTA D&#8217;ALUMNES ADMESOS I LLISTA D&#8217;ESPERA<\/h3>\n<p>&nbsp;<\/p>\n<p><a href=\"https:\/\/agora.xtec.cat\/esc-renaixencahostalets\/wp-content\/uploads\/usu1823\/2021\/06\/assignaci\u00f3-eso.pdf\">assignaci\u00f3 eso<\/a><\/p>\n<p><a href=\"https:\/\/agora.xtec.cat\/esc-renaixencahostalets\/wp-content\/uploads\/usu1823\/2021\/06\/assignaci\u00f3-inf-i-pri.pdf\">assignaci\u00f3 inf i pri<\/a><\/p>\n<h3>OFERTA FINAL DE PLACES ESCOLARS<\/h3>\n<p><a href=\"https:\/\/agora.xtec.cat\/esc-renaixencahostalets\/wp-content\/uploads\/usu1823\/2021\/06\/oferta-definitiva-infantil-i-prim\u00e0ria.pdf\">oferta definitiva infantil i prim\u00e0ria<\/a><\/p>\n<p><a href=\"https:\/\/agora.xtec.cat\/esc-renaixencahostalets\/wp-content\/uploads\/usu1823\/2021\/06\/oferta-definitiva-secundaria.pdf\">oferta definitiva secundaria<\/a><\/p>\n<p>&nbsp;<\/p>\n<h3>LLISTA ORDENADA DE SOL.LICITUDS<\/h3>\n<p><a href=\"https:\/\/agora.xtec.cat\/esc-renaixencahostalets\/wp-content\/uploads\/usu1823\/2021\/05\/llista-ordenada-barems-infantil-i-prim\u00e0ria.pdf\" target=\"_blank\" rel=\"noopener noreferrer\">llista ordenada barems infantil i prim\u00e0ria<\/a><\/p>\n<p><a href=\"https:\/\/agora.xtec.cat\/esc-renaixencahostalets\/wp-content\/uploads\/usu1823\/2021\/05\/llista-ordenada-barems-ESO.pdf\" target=\"_blank\" rel=\"noopener noreferrer\">llista ordenada barems ESO<\/a><\/p>\n<h3><\/h3>\n<h3>LLISTAT AMB BAREMS DEFINITIUS I N\u00daMERO DE DESEMPAT<\/h3>\n<p><a href=\"https:\/\/agora.xtec.cat\/esc-renaixencahostalets\/wp-content\/uploads\/usu1823\/2021\/04\/barems-defitius-infantil-i-primaria.pdf\" target=\"_blank\" rel=\"noopener noreferrer\">barems definitius Educaci\u00f3 Infantil i Prim\u00e0ria<\/a><\/p>\n<p><a href=\"https:\/\/agora.xtec.cat\/esc-renaixencahostalets\/wp-content\/uploads\/usu1823\/2021\/04\/barems-definitius-secundaria.pdf\" target=\"_blank\" rel=\"noopener noreferrer\">barems definitius ESO<\/a><\/p>\n<p>&nbsp;<\/p>\n<p>&nbsp;<\/p>\n<h3><strong>LLISTAT SOL.LICITUDS AMB BAREMS PROVISIONALS<\/strong><\/h3>\n<h4><a href=\"https:\/\/agora.xtec.cat\/esc-renaixencahostalets\/wp-content\/uploads\/usu1823\/2021\/04\/barems-provisionals-ESO.pdf\">barems provisionals ESO<\/a><\/h4>\n<h4><a href=\"https:\/\/agora.xtec.cat\/esc-renaixencahostalets\/wp-content\/uploads\/usu1823\/2021\/04\/barems-provisionals-infantil-i-prim\u00e0ria.pdf\">barems provisionals infantil i prim\u00e0ria<\/a><\/h4>\n<h3><strong>CALENDARI DE LA PREINSCRIPCI\u00d3<\/strong><\/h3>\n<p>Educaci\u00f3 Infantil i Prim\u00e0ria: del 15 al 24 de mar\u00e7 de 2021<\/p>\n<p>ESO: del 17 al 24 de mar\u00e7 de 2021<\/p>\n<p>M\u00e9s informaci\u00f3 aqu\u00ed:<\/p>\n<p><a href=\"https:\/\/preinscripcio.gencat.cat\/ca\/estudis\/infantil-3-6\/informat\/calendari\/\">https:\/\/preinscripcio.gencat.cat\/ca\/estudis\/infantil-3-6\/informat\/calendari\/<\/a><\/p>\n<p>&nbsp;<\/p>\n<h3><strong>COM FER LA PREINSCRIPCI\u00d3???<\/strong><\/h3>\n<p>A continuaci\u00f3 us poso un video explicatiu<\/p>\n<p><a href=\"https:\/\/youtu.be\/OuhbC06EQSs\"><img loading=\"lazy\" decoding=\"async\" class=\"alignnone wp-image-19671\" src=\"https:\/\/agora.xtec.cat\/esc-renaixencahostalets\/wp-content\/uploads\/usu1823\/2021\/03\/foto-video-preinscripci\u00f3-1.jpg\" alt=\"\" width=\"369\" height=\"210\" srcset=\"https:\/\/agora.xtec.cat\/esc-renaixencahostalets\/wp-content\/uploads\/usu1823\/2021\/03\/foto-video-preinscripci\u00f3-1.jpg 818w, https:\/\/agora.xtec.cat\/esc-renaixencahostalets\/wp-content\/uploads\/usu1823\/2021\/03\/foto-video-preinscripci\u00f3-1-300x171.jpg 300w, https:\/\/agora.xtec.cat\/esc-renaixencahostalets\/wp-content\/uploads\/usu1823\/2021\/03\/foto-video-preinscripci\u00f3-1-768x437.jpg 768w\" sizes=\"auto, (max-width: 369px) 100vw, 369px\" \/><\/a><\/p>\n<p><strong>IMPORTANT!!!!! Feu 1 sol PDF amb tots els DNI (pare\/mare\/tutor\/tutora\/alumne\/a -si en t\u00e9) i 1 sol PDF amb tot el llibre de fam\u00edlia escanejat. El programa nom\u00e9s permet penjar un sol arxiu per cada document que demana.<\/strong><\/p>\n<h3>INFORMACI\u00d3 SOBRE LA PREINSCRIPCI\u00d3<\/h3>\n<p>Tota la informaci\u00f3 sobre documentaci\u00f3, calendari i barems la trobareu als enlla\u00e7os de sota.<\/p>\n<p>Cliqueu sobre la imatge de l&#8217;etapa que us interessi.<\/p>\n<figure class=\"figure wp-caption alignleft\"><a href=\"https:\/\/preinscripcio.gencat.cat\/ca\/estudis\/infantil-3-6\/inici\/\"><img loading=\"lazy\" decoding=\"async\" class=\"wp-image-19586\" src=\"https:\/\/agora.xtec.cat\/esc-renaixencahostalets\/wp-content\/uploads\/usu1823\/2021\/02\/infantil-3-6..jpg\" alt=\"\" width=\"169\" height=\"169\" srcset=\"https:\/\/agora.xtec.cat\/esc-renaixencahostalets\/wp-content\/uploads\/usu1823\/2021\/02\/infantil-3-6..jpg 271w, https:\/\/agora.xtec.cat\/esc-renaixencahostalets\/wp-content\/uploads\/usu1823\/2021\/02\/infantil-3-6.-150x150.jpg 150w\" sizes=\"auto, (max-width: 169px) 100vw, 169px\" \/><\/a><figcaption class=\"wp-caption-text\">Preinscripci\u00f3 de P3 a P5<\/figcaption><\/figure>\n<figure class=\"figure wp-caption alignleft\"><a href=\"https:\/\/preinscripcio.gencat.cat\/ca\/estudis\/primaria\/inici\/\"><img loading=\"lazy\" decoding=\"async\" class=\"wp-image-19587\" src=\"https:\/\/agora.xtec.cat\/esc-renaixencahostalets\/wp-content\/uploads\/usu1823\/2021\/02\/primaria.jpg\" alt=\"\" width=\"170\" height=\"170\" srcset=\"https:\/\/agora.xtec.cat\/esc-renaixencahostalets\/wp-content\/uploads\/usu1823\/2021\/02\/primaria.jpg 271w, https:\/\/agora.xtec.cat\/esc-renaixencahostalets\/wp-content\/uploads\/usu1823\/2021\/02\/primaria-150x150.jpg 150w\" sizes=\"auto, (max-width: 170px) 100vw, 170px\" \/><\/a><figcaption class=\"wp-caption-text\">Preinscripci\u00f3 de 1r a 6\u00e8 d&#8217;E.Prim\u00e0ria<\/figcaption><\/figure>\n<figure class=\"figure wp-caption alignleft\"><a href=\"https:\/\/preinscripcio.gencat.cat\/ca\/estudis\/eso\/inici\/\"><img loading=\"lazy\" decoding=\"async\" class=\"wp-image-19585\" src=\"https:\/\/agora.xtec.cat\/esc-renaixencahostalets\/wp-content\/uploads\/usu1823\/2021\/02\/eso.jpg\" alt=\"\" width=\"168\" height=\"168\" srcset=\"https:\/\/agora.xtec.cat\/esc-renaixencahostalets\/wp-content\/uploads\/usu1823\/2021\/02\/eso.jpg 271w, https:\/\/agora.xtec.cat\/esc-renaixencahostalets\/wp-content\/uploads\/usu1823\/2021\/02\/eso-150x150.jpg 150w\" sizes=\"auto, (max-width: 168px) 100vw, 168px\" \/><\/a><figcaption class=\"wp-caption-text\">Preinscripci\u00f3 per 1r i 2n ESO<\/figcaption><\/figure>\n<p>&nbsp;<\/p>\n<p>&nbsp;<\/p>\n<p>&nbsp;<\/p>\n<p>&nbsp;<\/p>\n<p>&nbsp;<\/p>\n<p>&nbsp;<\/p>\n<h3>PORTES OBERTES Curs 2021\/22<\/h3>\n<p><strong>Enguany les portes obertes de l\u2019Institut Escola Renaixen\u00e7a seran una mica diferents i excepcionals degut a la situaci\u00f3 que estem vivint.<\/strong><\/p>\n<p><a href=\"https:\/\/agora.xtec.cat\/esc-renaixencahostalets\/wp-content\/uploads\/usu1823\/2021\/01\/cartell2.png\"><img loading=\"lazy\" decoding=\"async\" class=\"alignnone size-large wp-image-19573\" src=\"https:\/\/agora.xtec.cat\/esc-renaixencahostalets\/wp-content\/uploads\/usu1823\/2021\/01\/cartell2-1024x518.png\" alt=\"\" width=\"1024\" height=\"518\" srcset=\"https:\/\/agora.xtec.cat\/esc-renaixencahostalets\/wp-content\/uploads\/usu1823\/2021\/01\/cartell2-1024x518.png 1024w, https:\/\/agora.xtec.cat\/esc-renaixencahostalets\/wp-content\/uploads\/usu1823\/2021\/01\/cartell2-300x152.png 300w, https:\/\/agora.xtec.cat\/esc-renaixencahostalets\/wp-content\/uploads\/usu1823\/2021\/01\/cartell2-768x389.png 768w, https:\/\/agora.xtec.cat\/esc-renaixencahostalets\/wp-content\/uploads\/usu1823\/2021\/01\/cartell2.png 1515w\" sizes=\"auto, (max-width: 1024px) 100vw, 1024px\" \/><\/a><\/p>\n<h4>NOVES FAMILIES<\/h4>\n<p>Podeu demanar hora mitjan\u00e7ant trucada a l\u2019Institut Escola (93 771 21 35) per venir a la reuni\u00f3 presencial que farem amb l\u2019equip directiu. Es\u00a0faran\u00a0 grups de 10 persones, caldr\u00e0 que\u00a0nom\u00e9s vingui un representant de cada fam\u00edlia. Els alumnes no poden assistir-hi.<\/p>\n<p><a href=\"https:\/\/meet.google.com\/jxy-dryt-kty?hs=122&amp;authuser=0\">Enlla\u00e7 per a la reuni\u00f3 virtual<\/a><\/p>\n<h4>FAMILIES DE 6\u00e8<\/h4>\n<p>Benvolgudes fam\u00edlies de sis\u00e8,<\/p>\n<div>\n<div dir=\"ltr\">\n<div>Per tal de donar-vos a con\u00e8ixer el funcionament i l\u2019organitzaci\u00f3 de 1r d\u2019ESO de cara al curs 2021\/22 us convoquem a una reuni\u00f3 virtual el dijous 25 de febrer a les 18h.<\/div>\n<div><\/div>\n<div><\/div>\n<div>L\u2019enlla\u00e7 \u00e9s\u00a0<a href=\"https:\/\/meet.google.com\/xbc-iowi-sxp\">aquest<\/a><\/div>\n<\/div>\n<\/div>\n","protected":false},"excerpt":{"rendered":"<p>ALUMNES NO ADMESOS<br \/>\nEn cas de voler fer una reclamaci\u00f3 de pla\u00e7a, cal que adreceu una inst\u00e0ncia a la secretaria del centre amb els motius pels quals reclameu revisi\u00f3 de la vostra preinscripci\u00f3 al nostre centre. .<\/p>\n<p>MATR\u00cdCULA ALUMNES ADMESOS<br \/>\nDurant la propera setmana, del 14 al 18&hellip;  <a href=\"https:\/\/agora.xtec.cat\/esc-renaixencahostalets\/preinscripcions\/\" title=\"Read Preinscripcions\">Llegeix m\u00e9s\u00bb<\/a><\/p>\n","protected":false},"author":1,"featured_media":0,"parent":0,"menu_order":0,"comment_status":"closed","ping_status":"closed","template":"page-templates\/side-menu.php","meta":{"_bbp_topic_count":0,"_bbp_reply_count":0,"_bbp_total_topic_count":0,"_bbp_total_reply_count":0,"_bbp_voice_count":0,"_bbp_anonymous_reply_count":0,"_bbp_topic_count_hidden":0,"_bbp_reply_count_hidden":0,"_bbp_forum_subforum_count":0,"footnotes":""},"class_list":["post-3883","page","type-page","status-publish","hentry"],"post_mailing_queue_ids":[],"_links":{"self":[{"href":"https:\/\/agora.xtec.cat\/esc-renaixencahostalets\/wp-json\/wp\/v2\/pages\/3883","targetHints":{"allow":["GET"]}}],"collection":[{"href":"https:\/\/agora.xtec.cat\/esc-renaixencahostalets\/wp-json\/wp\/v2\/pages"}],"about":[{"href":"https:\/\/agora.xtec.cat\/esc-renaixencahostalets\/wp-json\/wp\/v2\/types\/page"}],"author":[{"embeddable":true,"href":"https:\/\/agora.xtec.cat\/esc-renaixencahostalets\/wp-json\/wp\/v2\/users\/1"}],"replies":[{"embeddable":true,"href":"https:\/\/agora.xtec.cat\/esc-renaixencahostalets\/wp-json\/wp\/v2\/comments?post=3883"}],"version-history":[{"count":4,"href":"https:\/\/agora.xtec.cat\/esc-renaixencahostalets\/wp-json\/wp\/v2\/pages\/3883\/revisions"}],"predecessor-version":[{"id":20064,"href":"https:\/\/agora.xtec.cat\/esc-renaixencahostalets\/wp-json\/wp\/v2\/pages\/3883\/revisions\/20064"}],"wp:attachment":[{"href":"https:\/\/agora.xtec.cat\/esc-renaixencahostalets\/wp-json\/wp\/v2\/media?parent=3883"}],"curies":[{"name":"wp","href":"https:\/\/api.w.org\/{rel}","templated":true}]}}