{"id":3859,"date":"2018-05-17T12:37:06","date_gmt":"2018-05-17T10:37:06","guid":{"rendered":"http:\/\/agora.xtec.cat\/esc-renaixencahostalets\/?page_id=3859"},"modified":"2018-10-19T08:09:35","modified_gmt":"2018-10-19T06:09:35","slug":"racons","status":"publish","type":"page","link":"https:\/\/agora.xtec.cat\/esc-renaixencahostalets\/projecte-educatiu\/racons\/","title":{"rendered":"Racons"},"content":{"rendered":"\r\n\t<div class=\"slideshow_container slideshow_container_style-light\" style=\"height: 300px; \" data-slideshow-id=\"4088\" data-style-name=\"style-light\" data-style-version=\"2.3.1\" >\r\n\r\n\t\t\t\t\t<div class=\"slideshow_loading_icon\"><\/div>\r\n\t\t\r\n\t\t<div class=\"slideshow_content\" style=\"display: none;\">\r\n\r\n\t\t\t<div class=\"slideshow_view\">\t<div style=\"clear: both;\"><\/div><\/div><div class=\"slideshow_view\">\t<div style=\"clear: both;\"><\/div><\/div><div class=\"slideshow_view\">\t<div style=\"clear: both;\"><\/div><\/div><div class=\"slideshow_view\">\t<div style=\"clear: both;\"><\/div><\/div><div class=\"slideshow_view\">\t<div style=\"clear: both;\"><\/div><\/div><div class=\"slideshow_view\">\t<div style=\"clear: both;\"><\/div><\/div><div class=\"slideshow_view\">\t<div style=\"clear: both;\"><\/div><\/div>\r\n\t\t<\/div>\r\n\r\n\t\t<div class=\"slideshow_controlPanel slideshow_transparent\" style=\"display: none;\"><ul><li class=\"slideshow_togglePlay\" data-play-text=\"Visualitza\" data-pause-text=\"Pausa\"><\/li><\/ul><\/div>\r\n\r\n\t\t<div class=\"slideshow_button slideshow_previous slideshow_transparent\" role=\"button\" data-previous-text=\"Anterior\" style=\"display: none;\"><\/div>\r\n\t\t<div class=\"slideshow_button slideshow_next slideshow_transparent\" role=\"button\" data-next-text=\"Seg\u00fcent\" style=\"display: none;\"><\/div>\r\n\r\n\t\t<div class=\"slideshow_pagination\" style=\"display: none;\" data-go-to-text=\"V\u00e9s a la diapositiva\"><div class=\"slideshow_pagination_center\"><\/div><\/div>\r\n\r\n\t\t<!-- WordPress Slideshow Version 2.3.1 -->\r\n\r\n\t\t\t<\/div>\r\n\r\n\n<h5 style=\"text-align: center;\"><strong>Racons: contingut clau per atendre la diversitat dins l\u2019aula.<br \/>\n<\/strong><\/h5>\n<p><b>Per qu\u00e8?<\/b><\/p>\n<ul>\n<li>\n<div>Potencia la necessitat i les ganes d\u2019aprendre dels infants, aix\u00ed com la seva autonomia.<\/div>\n<\/li>\n<li>\n<div>Els ajuda a ser conscients de les seves possibilitats.<\/div>\n<\/li>\n<li>\n<div>Respecta els diferents nivells i ritmes d\u2019aprenentatge.<\/div>\n<\/li>\n<li>\n<div>Permet flexibilitat en el treball dels nens\/es, a partir de les propostes d\u2019activitats: aprenen a observar,\u00a0explorar, manipular&#8230;<\/div>\n<\/li>\n<li>\n<div>D\u00f3na als alumnes la possibilitat de refer el treball tantes vegades com sigui necessari, ja que els materials s\u00f3n manipulables.<\/div>\n<\/li>\n<\/ul>\n<p><b>Com?<br \/>\n<\/b><span style=\"font-weight: 400;\">L\u2019aula s\u2019organitza en petits espais delimitats (<strong>racons<\/strong>) on els infants -individualment, per parelles o en petits grups-realitzen alhora diferents activitats d\u2019aprenentatge.<br \/>\n<\/span><span style=\"font-weight: 400;\">Ells trien el <strong>rac\u00f3<\/strong> al qual volen anar a treballar, es responsabilitzen d\u2019anar a buscar el material que necessiten, de realitzar l\u2019activitat i d\u2019endre\u00e7ar-ho tot un cop han acabat.<br \/>\n<\/span><span style=\"font-weight: 400;\">En finalitzar la sessi\u00f3, es fa una valoraci\u00f3 col\u00b7lectiva de com ha anat.<\/span><\/p>\n<p><b>Qui?<br \/>\n<\/b><span style=\"font-weight: 400;\">Els racons de treball \u00e9s la metodologia d\u2019aprenentatge que es fa servir a Educaci\u00f3 Infantil des de P-3 a P-5 \u00a0i a 2n de Prim\u00e0ria de manera globalitzada. <\/span><span style=\"font-weight: 400;\">A Educaci\u00f3 Prim\u00e0ria es porta a terme des de 3r fins a 6\u00e8 a les \u00e0rees de matem\u00e0tiques i llengua.<br \/>\n<\/span><\/p>\n<blockquote>\n<p style=\"text-align: center;\"><i><span style=\"font-weight: 400;\">&#8220;El treball per racons \u00e9s la metodologia que fem servir<br \/>\nperqu\u00e8 permet atendre la diversitat d\u2019alumnat donant cabuda<br \/>\nals diferents nivells i ritmes d\u2019aprenentatge de l\u2019aula\u201d.<br \/>\n<\/span><\/i><b>Meli del Pino i S\u00f2nia Vique<\/b> (Mestres de P4)<b><br \/>\n<\/b><b>Junts fem l\u2019escola!<\/b><\/p>\n<\/blockquote>\n","protected":false},"excerpt":{"rendered":"<ul>\n<li class=\"slideshow_togglePlay\" data-play-text=\"Visualitza\" data-pause-text=\"Pausa\"><\/li>\n<\/ul>\n<p>Racons: contingut clau per atendre la diversitat dins l\u2019aula.<\/p>\n<p>Per qu\u00e8?<\/p>\n<ul>\n<li>\nPotencia la necessitat i les ganes d\u2019aprendre dels infants, aix\u00ed com la seva autonomia.\n<\/li>\n<li>\nEls ajuda a ser conscients de les seves possibilitats.\n<\/li>\n<li>\nRespecta els diferents nivells i ritmes d\u2019aprenentatge.\n<\/li>\n<li>\nPermet flexibilitat en el treball dels&hellip;  <a href=\"https:\/\/agora.xtec.cat\/esc-renaixencahostalets\/projecte-educatiu\/racons\/\" title=\"Read Racons\">Llegeix m\u00e9s\u00bb<\/a><\/p>\n","protected":false},"author":1,"featured_media":0,"parent":4009,"menu_order":0,"comment_status":"closed","ping_status":"closed","template":"","meta":{"_bbp_topic_count":0,"_bbp_reply_count":0,"_bbp_total_topic_count":0,"_bbp_total_reply_count":0,"_bbp_voice_count":0,"_bbp_anonymous_reply_count":0,"_bbp_topic_count_hidden":0,"_bbp_reply_count_hidden":0,"_bbp_forum_subforum_count":0,"footnotes":""},"class_list":["post-3859","page","type-page","status-publish","hentry"],"post_mailing_queue_ids":[],"_links":{"self":[{"href":"https:\/\/agora.xtec.cat\/esc-renaixencahostalets\/wp-json\/wp\/v2\/pages\/3859","targetHints":{"allow":["GET"]}}],"collection":[{"href":"https:\/\/agora.xtec.cat\/esc-renaixencahostalets\/wp-json\/wp\/v2\/pages"}],"about":[{"href":"https:\/\/agora.xtec.cat\/esc-renaixencahostalets\/wp-json\/wp\/v2\/types\/page"}],"author":[{"embeddable":true,"href":"https:\/\/agora.xtec.cat\/esc-renaixencahostalets\/wp-json\/wp\/v2\/users\/1"}],"replies":[{"embeddable":true,"href":"https:\/\/agora.xtec.cat\/esc-renaixencahostalets\/wp-json\/wp\/v2\/comments?post=3859"}],"version-history":[{"count":4,"href":"https:\/\/agora.xtec.cat\/esc-renaixencahostalets\/wp-json\/wp\/v2\/pages\/3859\/revisions"}],"predecessor-version":[{"id":4312,"href":"https:\/\/agora.xtec.cat\/esc-renaixencahostalets\/wp-json\/wp\/v2\/pages\/3859\/revisions\/4312"}],"up":[{"embeddable":true,"href":"https:\/\/agora.xtec.cat\/esc-renaixencahostalets\/wp-json\/wp\/v2\/pages\/4009"}],"wp:attachment":[{"href":"https:\/\/agora.xtec.cat\/esc-renaixencahostalets\/wp-json\/wp\/v2\/media?parent=3859"}],"curies":[{"name":"wp","href":"https:\/\/api.w.org\/{rel}","templated":true}]}}