{"id":20688,"date":"2023-04-19T16:52:51","date_gmt":"2023-04-19T14:52:51","guid":{"rendered":"https:\/\/agora.xtec.cat\/esc-renaixencahostalets\/?page_id=20688"},"modified":"2026-02-11T11:13:10","modified_gmt":"2026-02-11T10:13:10","slug":"menjador","status":"publish","type":"page","link":"https:\/\/agora.xtec.cat\/esc-renaixencahostalets\/lescola\/serveis\/menjador\/","title":{"rendered":"Menjador"},"content":{"rendered":"<p><b>MENJADOR:<\/b><\/p>\n<p><span style=\"font-weight: 400;\">L\u2019escola compta amb un servei de menjador amb cuina pr\u00f2pia i monitores que acompanyen els infants en l\u2019estona del migdia. Si voleu m\u00e9s infomarci\u00f3 del servei, el preu i els men\u00fas, podeu consultar el web de <\/span><a href=\"https:\/\/www.lamariona.cat\/\"><span style=\"font-weight: 400;\">La Mariona<\/span><\/a><span style=\"font-weight: 400;\">, menjador d\u2019escola.<\/span><span style=\"font-weight: 400;\"><br \/>\n<\/span><span style=\"font-weight: 400;\">Tamb\u00e9 disposeu d\u2019un tel\u00e8fon directe de contacte: 93 7797197.<\/span><\/p>\n<p><a href=\"https:\/\/agora.xtec.cat\/esc-renaixencahostalets\/wp-content\/uploads\/usu1823\/2026\/02\/Captura-de-pantalla-2026-02-11-a-les-11.11.58.png\"><img loading=\"lazy\" decoding=\"async\" class=\"alignnone size-large wp-image-21924\" src=\"https:\/\/agora.xtec.cat\/esc-renaixencahostalets\/wp-content\/uploads\/usu1823\/2026\/02\/Captura-de-pantalla-2026-02-11-a-les-11.11.58-1024x712.png\" alt=\"\" width=\"1024\" height=\"712\" srcset=\"https:\/\/agora.xtec.cat\/esc-renaixencahostalets\/wp-content\/uploads\/usu1823\/2026\/02\/Captura-de-pantalla-2026-02-11-a-les-11.11.58-1024x712.png 1024w, https:\/\/agora.xtec.cat\/esc-renaixencahostalets\/wp-content\/uploads\/usu1823\/2026\/02\/Captura-de-pantalla-2026-02-11-a-les-11.11.58-300x209.png 300w, https:\/\/agora.xtec.cat\/esc-renaixencahostalets\/wp-content\/uploads\/usu1823\/2026\/02\/Captura-de-pantalla-2026-02-11-a-les-11.11.58-768x534.png 768w, https:\/\/agora.xtec.cat\/esc-renaixencahostalets\/wp-content\/uploads\/usu1823\/2026\/02\/Captura-de-pantalla-2026-02-11-a-les-11.11.58-1536x1069.png 1536w, https:\/\/agora.xtec.cat\/esc-renaixencahostalets\/wp-content\/uploads\/usu1823\/2026\/02\/Captura-de-pantalla-2026-02-11-a-les-11.11.58-2048x1425.png 2048w\" sizes=\"auto, (max-width: 1024px) 100vw, 1024px\" \/><\/a><\/p>\n<p><a href=\"https:\/\/agora.xtec.cat\/esc-renaixencahostalets\/wp-content\/uploads\/usu1823\/2026\/02\/Captura-de-pantalla-2026-02-11-a-les-11.12.12.png\"><img loading=\"lazy\" decoding=\"async\" class=\"alignnone size-large wp-image-21925\" src=\"https:\/\/agora.xtec.cat\/esc-renaixencahostalets\/wp-content\/uploads\/usu1823\/2026\/02\/Captura-de-pantalla-2026-02-11-a-les-11.12.12-1024x712.png\" alt=\"\" width=\"1024\" height=\"712\" srcset=\"https:\/\/agora.xtec.cat\/esc-renaixencahostalets\/wp-content\/uploads\/usu1823\/2026\/02\/Captura-de-pantalla-2026-02-11-a-les-11.12.12-1024x712.png 1024w, https:\/\/agora.xtec.cat\/esc-renaixencahostalets\/wp-content\/uploads\/usu1823\/2026\/02\/Captura-de-pantalla-2026-02-11-a-les-11.12.12-300x209.png 300w, https:\/\/agora.xtec.cat\/esc-renaixencahostalets\/wp-content\/uploads\/usu1823\/2026\/02\/Captura-de-pantalla-2026-02-11-a-les-11.12.12-768x534.png 768w, https:\/\/agora.xtec.cat\/esc-renaixencahostalets\/wp-content\/uploads\/usu1823\/2026\/02\/Captura-de-pantalla-2026-02-11-a-les-11.12.12-1536x1069.png 1536w, https:\/\/agora.xtec.cat\/esc-renaixencahostalets\/wp-content\/uploads\/usu1823\/2026\/02\/Captura-de-pantalla-2026-02-11-a-les-11.12.12-2048x1425.png 2048w\" sizes=\"auto, (max-width: 1024px) 100vw, 1024px\" \/><\/a><\/p>\n<p>&nbsp;<\/p>\n<p>&nbsp;<\/p>\n","protected":false},"excerpt":{"rendered":"<p>MENJADOR:<br \/>\nL\u2019escola compta amb un servei de menjador amb cuina pr\u00f2pia i monitores que acompanyen els infants en l\u2019estona del migdia. Si voleu m\u00e9s infomarci\u00f3 del servei, el preu i els men\u00fas, podeu consultar el web de <a href=\"https:\/\/www.lamariona.cat\/\">La Mariona<\/a>, menjador d\u2019escola.<br \/>\nTamb\u00e9 disposeu d\u2019un tel\u00e8fon directe&hellip;  <a href=\"https:\/\/agora.xtec.cat\/esc-renaixencahostalets\/lescola\/serveis\/menjador\/\" title=\"Read Menjador\">Llegeix m\u00e9s\u00bb<\/a><\/p>\n","protected":false},"author":1,"featured_media":0,"parent":3923,"menu_order":0,"comment_status":"closed","ping_status":"closed","template":"","meta":{"_bbp_topic_count":0,"_bbp_reply_count":0,"_bbp_total_topic_count":0,"_bbp_total_reply_count":0,"_bbp_voice_count":0,"_bbp_anonymous_reply_count":0,"_bbp_topic_count_hidden":0,"_bbp_reply_count_hidden":0,"_bbp_forum_subforum_count":0,"footnotes":""},"class_list":["post-20688","page","type-page","status-publish","hentry"],"post_mailing_queue_ids":[],"_links":{"self":[{"href":"https:\/\/agora.xtec.cat\/esc-renaixencahostalets\/wp-json\/wp\/v2\/pages\/20688","targetHints":{"allow":["GET"]}}],"collection":[{"href":"https:\/\/agora.xtec.cat\/esc-renaixencahostalets\/wp-json\/wp\/v2\/pages"}],"about":[{"href":"https:\/\/agora.xtec.cat\/esc-renaixencahostalets\/wp-json\/wp\/v2\/types\/page"}],"author":[{"embeddable":true,"href":"https:\/\/agora.xtec.cat\/esc-renaixencahostalets\/wp-json\/wp\/v2\/users\/1"}],"replies":[{"embeddable":true,"href":"https:\/\/agora.xtec.cat\/esc-renaixencahostalets\/wp-json\/wp\/v2\/comments?post=20688"}],"version-history":[{"count":6,"href":"https:\/\/agora.xtec.cat\/esc-renaixencahostalets\/wp-json\/wp\/v2\/pages\/20688\/revisions"}],"predecessor-version":[{"id":21926,"href":"https:\/\/agora.xtec.cat\/esc-renaixencahostalets\/wp-json\/wp\/v2\/pages\/20688\/revisions\/21926"}],"up":[{"embeddable":true,"href":"https:\/\/agora.xtec.cat\/esc-renaixencahostalets\/wp-json\/wp\/v2\/pages\/3923"}],"wp:attachment":[{"href":"https:\/\/agora.xtec.cat\/esc-renaixencahostalets\/wp-json\/wp\/v2\/media?parent=20688"}],"curies":[{"name":"wp","href":"https:\/\/api.w.org\/{rel}","templated":true}]}}